{"id":422,"date":"2021-08-18T13:15:12","date_gmt":"2021-08-18T11:15:12","guid":{"rendered":"https:\/\/www.chu-tours.fr\/vieillissement\/?page_id=422"},"modified":"2025-12-12T15:27:16","modified_gmt":"2025-12-12T14:27:16","slug":"pole-vieillissement-lassociation","status":"publish","type":"page","link":"https:\/\/www.chu-tours.fr\/vieillissement\/pole-vieillissement-lassociation\/","title":{"rendered":"P\u00f4le Vieillissement &#8211; L&#8217;association"},"content":{"rendered":"\t\t<div data-elementor-type=\"wp-page\" data-elementor-id=\"422\" class=\"elementor elementor-422\" data-elementor-post-type=\"page\">\n\t\t\t\t\t\t<section class=\"elementor-section elementor-top-section elementor-element elementor-element-ccb435f elementor-section-boxed elementor-section-height-default elementor-section-height-default\" data-id=\"ccb435f\" data-element_type=\"section\">\n\t\t\t\t\t\t<div class=\"elementor-container elementor-column-gap-default\">\n\t\t\t\t\t<div class=\"elementor-column elementor-col-100 elementor-top-column elementor-element elementor-element-2085889\" data-id=\"2085889\" data-element_type=\"column\">\n\t\t\t<div class=\"elementor-widget-wrap elementor-element-populated\">\n\t\t\t\t\t\t<div class=\"elementor-element elementor-element-96b2486 elementor-widget elementor-widget-text-editor\" data-id=\"96b2486\" data-element_type=\"widget\" data-widget_type=\"text-editor.default\">\n\t\t\t\t<div class=\"elementor-widget-container\">\n\t\t\t\t\t\t\t<h1>L\u2019association G\u00e9riatrie Tours \u2013 Formation M\u00e9dicale<\/h1>\t\t\t\t\t\t<\/div>\n\t\t\t\t<\/div>\n\t\t\t\t\t<\/div>\n\t\t<\/div>\n\t\t\t\t\t<\/div>\n\t\t<\/section>\n\t\t\t\t<section class=\"elementor-section elementor-top-section elementor-element elementor-element-45c6183 elementor-section-boxed elementor-section-height-default elementor-section-height-default\" data-id=\"45c6183\" data-element_type=\"section\">\n\t\t\t\t\t\t<div class=\"elementor-container elementor-column-gap-default\">\n\t\t\t\t\t<div class=\"elementor-column elementor-col-100 elementor-top-column elementor-element elementor-element-1c864b2\" data-id=\"1c864b2\" data-element_type=\"column\">\n\t\t\t<div class=\"elementor-widget-wrap elementor-element-populated\">\n\t\t\t\t\t\t<section class=\"elementor-section elementor-inner-section elementor-element elementor-element-7e616c9 elementor-section-boxed elementor-section-height-default elementor-section-height-default\" data-id=\"7e616c9\" data-element_type=\"section\">\n\t\t\t\t\t\t<div class=\"elementor-container elementor-column-gap-default\">\n\t\t\t\t\t<div class=\"elementor-column elementor-col-50 elementor-inner-column elementor-element elementor-element-b7289fc\" data-id=\"b7289fc\" data-element_type=\"column\">\n\t\t\t<div class=\"elementor-widget-wrap elementor-element-populated\">\n\t\t\t\t\t\t<div class=\"elementor-element elementor-element-e54f9ab elementor-widget elementor-widget-text-editor\" data-id=\"e54f9ab\" data-element_type=\"widget\" data-widget_type=\"text-editor.default\">\n\t\t\t\t<div class=\"elementor-widget-container\">\n\t\t\t\t\t\t\t<ul><li style=\"text-align: left;\"><span style=\"font-size: 14pt;\"><b>Organisme de formation certifi\u00e9<\/b>\u00a0<a href=\"https:\/\/www.chu-tours.fr\/vieillissement\/wp-content\/uploads\/sites\/11\/2023\/09\/Certificat-qualiopi.pdf\" target=\"_blank\" rel=\"noopener\"><span style=\"color: #ed1164;\"><strong>Qualiopi<\/strong><\/span><\/a>.<\/span><\/li><\/ul>\t\t\t\t\t\t<\/div>\n\t\t\t\t<\/div>\n\t\t\t\t\t<\/div>\n\t\t<\/div>\n\t\t\t\t<div class=\"elementor-column elementor-col-50 elementor-inner-column elementor-element elementor-element-bdbbdfb\" data-id=\"bdbbdfb\" data-element_type=\"column\">\n\t\t\t<div class=\"elementor-widget-wrap elementor-element-populated\">\n\t\t\t\t\t\t<div class=\"elementor-element elementor-element-a84ab98 elementor-widget elementor-widget-image\" data-id=\"a84ab98\" data-element_type=\"widget\" data-widget_type=\"image.default\">\n\t\t\t\t<div class=\"elementor-widget-container\">\n\t\t\t\t\t\t\t\t\t\t\t\t\t<img decoding=\"async\" width=\"300\" height=\"105\" src=\"https:\/\/www.chu-tours.fr\/vieillissement\/wp-content\/uploads\/sites\/11\/2022\/05\/Logo_Qualiopi_v2-300x105.png\" class=\"attachment-medium size-medium wp-image-1302\" alt=\"Qualiopi\" srcset=\"https:\/\/www.chu-tours.fr\/vieillissement\/wp-content\/uploads\/sites\/11\/2022\/05\/Logo_Qualiopi_v2-300x105.png 300w, https:\/\/www.chu-tours.fr\/vieillissement\/wp-content\/uploads\/sites\/11\/2022\/05\/Logo_Qualiopi_v2.png 629w\" sizes=\"(max-width: 300px) 100vw, 300px\" \/>\t\t\t\t\t\t\t\t\t\t\t\t\t<\/div>\n\t\t\t\t<\/div>\n\t\t\t\t\t<\/div>\n\t\t<\/div>\n\t\t\t\t\t<\/div>\n\t\t<\/section>\n\t\t\t\t<section class=\"elementor-section elementor-inner-section elementor-element elementor-element-0ed63e1 elementor-section-boxed elementor-section-height-default elementor-section-height-default\" data-id=\"0ed63e1\" data-element_type=\"section\">\n\t\t\t\t\t\t<div class=\"elementor-container elementor-column-gap-default\">\n\t\t\t\t\t<div class=\"elementor-column elementor-col-100 elementor-inner-column elementor-element elementor-element-b22fa96\" data-id=\"b22fa96\" data-element_type=\"column\">\n\t\t\t<div class=\"elementor-widget-wrap\">\n\t\t\t\t\t\t\t<\/div>\n\t\t<\/div>\n\t\t\t\t\t<\/div>\n\t\t<\/section>\n\t\t\t\t\t<\/div>\n\t\t<\/div>\n\t\t\t\t\t<\/div>\n\t\t<\/section>\n\t\t\t\t<section class=\"elementor-section elementor-top-section elementor-element elementor-element-813f637 elementor-section-boxed elementor-section-height-default elementor-section-height-default\" data-id=\"813f637\" data-element_type=\"section\">\n\t\t\t\t\t\t<div class=\"elementor-container elementor-column-gap-default\">\n\t\t\t\t\t<div class=\"elementor-column elementor-col-100 elementor-top-column elementor-element elementor-element-7904aa3\" data-id=\"7904aa3\" data-element_type=\"column\">\n\t\t\t<div class=\"elementor-widget-wrap elementor-element-populated\">\n\t\t\t\t\t\t<div class=\"elementor-element elementor-element-c09b134 elementor-widget elementor-widget-heading\" data-id=\"c09b134\" data-element_type=\"widget\" data-widget_type=\"heading.default\">\n\t\t\t\t<div class=\"elementor-widget-container\">\n\t\t\t<h3 class=\"elementor-heading-title elementor-size-default\">Pr\u00e9sentation de l'association<\/h3>\t\t<\/div>\n\t\t\t\t<\/div>\n\t\t\t\t<section class=\"elementor-section elementor-inner-section elementor-element elementor-element-a10ee86 elementor-section-boxed elementor-section-height-default elementor-section-height-default\" data-id=\"a10ee86\" data-element_type=\"section\">\n\t\t\t\t\t\t<div class=\"elementor-container elementor-column-gap-default\">\n\t\t\t\t\t<div class=\"elementor-column elementor-col-50 elementor-inner-column elementor-element elementor-element-31e2796\" data-id=\"31e2796\" data-element_type=\"column\">\n\t\t\t<div class=\"elementor-widget-wrap elementor-element-populated\">\n\t\t\t\t\t\t<div class=\"elementor-element elementor-element-0bb61b3 elementor-widget elementor-widget-text-editor\" data-id=\"0bb61b3\" data-element_type=\"widget\" data-widget_type=\"text-editor.default\">\n\t\t\t\t<div class=\"elementor-widget-container\">\n\t\t\t\t\t\t\t<p>Cr\u00e9\u00e9e \u00e0 l\u2019initiative des professionnels du p\u00f4le Vieillissement, l\u2019Association G\u00e9riatrie Tours \u2013Formation M\u00e9dicale est une association loi 1901 ayant pour but :<\/p><ul><li>de favoriser la formation dans le domaine de la G\u00e9rontologie\u00a0:<ul><li>pour la formation des jeunes m\u00e9decins, \u00e9tudiants en m\u00e9decine, et internes du service<\/li><li>en constituant une biblioth\u00e8que de travail<\/li><li>en participant \u00e0 des modules de formation ext\u00e9rieurs au service\u00a0<\/li><li>et en\u00a0 finan\u00e7ant du mat\u00e9riel d\u2019appoint au fonctionnement du service\u00a0<\/li><\/ul><\/li><\/ul><ul><li>de r\u00e9aliser des travaux de recherches biom\u00e9dicales, \u00e9pid\u00e9miologiques, pharmacologiques dans le domaine de la g\u00e9rontologie, notamment sous forme de prestations de services.<\/li><\/ul>\t\t\t\t\t\t<\/div>\n\t\t\t\t<\/div>\n\t\t\t\t\t<\/div>\n\t\t<\/div>\n\t\t\t\t<div class=\"elementor-column elementor-col-50 elementor-inner-column elementor-element elementor-element-ae78ac4\" data-id=\"ae78ac4\" data-element_type=\"column\">\n\t\t\t<div class=\"elementor-widget-wrap\">\n\t\t\t\t\t\t\t<\/div>\n\t\t<\/div>\n\t\t\t\t\t<\/div>\n\t\t<\/section>\n\t\t\t\t\t<\/div>\n\t\t<\/div>\n\t\t\t\t\t<\/div>\n\t\t<\/section>\n\t\t\t\t<section class=\"elementor-section elementor-top-section elementor-element elementor-element-cfbf081 elementor-section-boxed elementor-section-height-default elementor-section-height-default\" data-id=\"cfbf081\" data-element_type=\"section\">\n\t\t\t\t\t\t<div class=\"elementor-container elementor-column-gap-default\">\n\t\t\t\t\t<div class=\"elementor-column elementor-col-100 elementor-top-column elementor-element elementor-element-c54a731\" data-id=\"c54a731\" data-element_type=\"column\">\n\t\t\t<div class=\"elementor-widget-wrap elementor-element-populated\">\n\t\t\t\t\t\t<div class=\"elementor-element elementor-element-41ee3e9 elementor-widget elementor-widget-heading\" data-id=\"41ee3e9\" data-element_type=\"widget\" data-widget_type=\"heading.default\">\n\t\t\t\t<div class=\"elementor-widget-container\">\n\t\t\t<h3 class=\"elementor-heading-title elementor-size-default\">FORMATION : \u00ab La Sant\u00e9 Bucco-Dentaire en EHPAD \u00bb<\/h3>\t\t<\/div>\n\t\t\t\t<\/div>\n\t\t\t\t<section class=\"elementor-section elementor-inner-section elementor-element elementor-element-38dd817 elementor-section-boxed elementor-section-height-default elementor-section-height-default\" data-id=\"38dd817\" data-element_type=\"section\">\n\t\t\t\t\t\t<div class=\"elementor-container elementor-column-gap-default\">\n\t\t\t\t\t<div class=\"elementor-column elementor-col-50 elementor-inner-column elementor-element elementor-element-c3a6e37\" data-id=\"c3a6e37\" data-element_type=\"column\">\n\t\t\t<div class=\"elementor-widget-wrap elementor-element-populated\">\n\t\t\t\t\t\t<div class=\"elementor-element elementor-element-413b8d7 elementor-widget elementor-widget-text-editor\" data-id=\"413b8d7\" data-element_type=\"widget\" data-widget_type=\"text-editor.default\">\n\t\t\t\t<div class=\"elementor-widget-container\">\n\t\t\t\t\t\t\t<p>En collaboration avec le <strong>service d&#8217;odontologie du CHRU de Tours<\/strong>, l&#8217;association G\u00e9riatrie Tours &#8211; formation m\u00e9dicale, a cr\u00e9\u00e9 en septembre 2021 une <strong>formation d\u00e9di\u00e9e aux professionnels des EHPAD<\/strong> sur la sant\u00e9 bucco-dentaire.<\/p><p>Cette formation \u00e9mane d&#8217;une attente des professionnels des EHPAD de la r\u00e9gion Centre-Val de Loire, suite au T\u00e9l\u00e9staff de la semaine nationale d\u00e9nutrition 2020.<\/p><p><strong>Six th\u00e9matiques majeures sont \u00e9tudi\u00e9es au cours de la formation, \u00e0 savoir<\/strong> :<\/p><ul><li>Les pathologies de la bouche des dents et des tissus de soutiens<\/li><li>La Sant\u00e9 bucco-dentaire et sant\u00e9 g\u00e9n\u00e9rale<\/li><li>La senescence de la cavit\u00e9 buccale<\/li><li>La qualit\u00e9 de vie li\u00e9e \u00e0 la sant\u00e9 orale et son \u00e9valuation<\/li><li>Organisation\/planification de la sant\u00e9 orale dans les EHPAD<\/li><li>La t\u00e9l\u00e9m\u00e9decine bucco-dentaire<\/li><\/ul><p><strong>Pour toute demande d&#8217;inscription ou de renseignement compl\u00e9mentaire :<\/strong><\/p><ul><li>Vous pouvez envoyer un mail \u00e0 <span style=\"color: #ed1164;\"><a style=\"color: #ed1164;\" href=\"mailto:asso.geriatrietours@gmail.com\" target=\"_blank\" rel=\"noopener\">asso.geriatrietours@gmail.com<\/a><\/span><\/li><li>ou appeler le <strong><span style=\"color: #ed1164;\">02 47 47 74 30<\/span><\/strong><\/li><\/ul>\t\t\t\t\t\t<\/div>\n\t\t\t\t<\/div>\n\t\t\t\t\t<\/div>\n\t\t<\/div>\n\t\t\t\t<div class=\"elementor-column elementor-col-50 elementor-inner-column elementor-element elementor-element-682afbd\" data-id=\"682afbd\" data-element_type=\"column\">\n\t\t\t<div class=\"elementor-widget-wrap elementor-element-populated\">\n\t\t\t\t\t\t<div class=\"elementor-element elementor-element-561b2a2 elementor-widget elementor-widget-text-editor\" data-id=\"561b2a2\" data-element_type=\"widget\" data-widget_type=\"text-editor.default\">\n\t\t\t\t<div class=\"elementor-widget-container\">\n\t\t\t\t\t\t\t<p style=\"text-align: center;\"><strong>Documents<\/strong><\/p><ul><li><a href=\"https:\/\/www.chu-tours.fr\/vieillissement\/wp-content\/uploads\/sites\/11\/2024\/09\/Programme-de-formation-sante-bucco-dentaire-EHPAD-maj-2024-08.pdf\" target=\"_blank\" rel=\"noopener\">Programme<\/a><\/li><li><a href=\"https:\/\/www.chu-tours.fr\/vieillissement\/wp-content\/uploads\/sites\/11\/2024\/09\/Reglement-interieur-2024-08.pdf\" target=\"_blank\" rel=\"noopener\">R\u00e8glement int\u00e9rieur<\/a><\/li><li><a href=\"https:\/\/www.chu-tours.fr\/vieillissement\/wp-content\/uploads\/sites\/11\/2024\/09\/CGV-2024-08.pdf\" target=\"_blank\" rel=\"noopener\">CGV<\/a><\/li><\/ul>\t\t\t\t\t\t<\/div>\n\t\t\t\t<\/div>\n\t\t\t\t<div class=\"elementor-element elementor-element-73c9ad8 elementor-widget elementor-widget-heading\" data-id=\"73c9ad8\" data-element_type=\"widget\" data-widget_type=\"heading.default\">\n\t\t\t\t<div class=\"elementor-widget-container\">\n\t\t\t<h4 class=\"elementor-heading-title elementor-size-default\">Infos pratiques<\/h4>\t\t<\/div>\n\t\t\t\t<\/div>\n\t\t\t\t<div class=\"elementor-element elementor-element-dd7f3e9 elementor-widget elementor-widget-text-editor\" data-id=\"dd7f3e9\" data-element_type=\"widget\" data-widget_type=\"text-editor.default\">\n\t\t\t\t<div class=\"elementor-widget-container\">\n\t\t\t\t\t\t\t<ul><li>Tarif <strong>110 \u20ac TTC<\/strong> par professionnel<\/li><\/ul><p><strong>2 indicateurs (septembre 2021 \u00e0 ao\u00fbt 2024) :<\/strong><\/p><ul><li>Nombre de professionnels form\u00e9s en 2024 : <span style=\"color: #ed1164;\"><b>70<\/b> <\/span>personnes soit <span style=\"color: #ed1164;\"><strong>150<\/strong><\/span> personnes entre 2021 et 2024<\/li><li><span style=\"font-size: 1rem; font-weight: var( --e-global-typography-text-font-weight );\">taux de satisfaction : <\/span><strong style=\"font-size: 1rem;\"><span style=\"color: #ed1164;\">87,40 %<\/span> des participants tr\u00e8s satisfaits<\/strong><\/li><\/ul>\t\t\t\t\t\t<\/div>\n\t\t\t\t<\/div>\n\t\t\t\t\t<\/div>\n\t\t<\/div>\n\t\t\t\t\t<\/div>\n\t\t<\/section>\n\t\t\t\t\t<\/div>\n\t\t<\/div>\n\t\t\t\t\t<\/div>\n\t\t<\/section>\n\t\t\t\t<\/div>\n\t\t","protected":false},"excerpt":{"rendered":"<p>L\u2019association G\u00e9riatrie Tours \u2013 Formation M\u00e9dicale Organisme de formation certifi\u00e9\u00a0Qualiopi. Pr\u00e9sentation de l&#8217;association Cr\u00e9\u00e9e \u00e0 l\u2019initiative des professionnels du p\u00f4le Vieillissement, l\u2019Association G\u00e9riatrie Tours \u2013Formation M\u00e9dicale est une association loi 1901 ayant pour but : de favoriser la formation dans le domaine de la G\u00e9rontologie\u00a0: pour la formation des jeunes m\u00e9decins, \u00e9tudiants en m\u00e9decine, et [&hellip;]<\/p>\n","protected":false},"author":4,"featured_media":0,"parent":0,"menu_order":0,"comment_status":"closed","ping_status":"closed","template":"","meta":{"_seopress_robots_primary_cat":"","_seopress_titles_title":"CHRU de Tours. P\u00f4le Vieillissement - Enseignements et formations dispens\u00e9s.","_seopress_titles_desc":"Au sein du p\u00f4le Vieillissement diff\u00e9rents enseignements et formations sont dispens\u00e9s aussi bien aux \u00e9tudiants en m\u00e9decine, qu\u2019aux professionnels du CHRU de Tours  et de la r\u00e9gion Centre-Val de Loire.","_seopress_robots_index":"","_exactmetrics_skip_tracking":false,"_exactmetrics_sitenote_active":false,"_exactmetrics_sitenote_note":"","_exactmetrics_sitenote_category":0,"_genesis_hide_title":false,"_genesis_hide_breadcrumbs":false,"_genesis_hide_singular_image":false,"_genesis_hide_footer_widgets":false,"_genesis_custom_body_class":"","_genesis_custom_post_class":"","_genesis_layout":"","footnotes":""},"publishpress_future_action":{"enabled":false,"date":"2026-05-08 01:01:28","action":"change-status","newStatus":"draft","terms":[],"taxonomy":""},"_links":{"self":[{"href":"https:\/\/www.chu-tours.fr\/vieillissement\/wp-json\/wp\/v2\/pages\/422"}],"collection":[{"href":"https:\/\/www.chu-tours.fr\/vieillissement\/wp-json\/wp\/v2\/pages"}],"about":[{"href":"https:\/\/www.chu-tours.fr\/vieillissement\/wp-json\/wp\/v2\/types\/page"}],"author":[{"embeddable":true,"href":"https:\/\/www.chu-tours.fr\/vieillissement\/wp-json\/wp\/v2\/users\/4"}],"replies":[{"embeddable":true,"href":"https:\/\/www.chu-tours.fr\/vieillissement\/wp-json\/wp\/v2\/comments?post=422"}],"version-history":[{"count":20,"href":"https:\/\/www.chu-tours.fr\/vieillissement\/wp-json\/wp\/v2\/pages\/422\/revisions"}],"predecessor-version":[{"id":2741,"href":"https:\/\/www.chu-tours.fr\/vieillissement\/wp-json\/wp\/v2\/pages\/422\/revisions\/2741"}],"wp:attachment":[{"href":"https:\/\/www.chu-tours.fr\/vieillissement\/wp-json\/wp\/v2\/media?parent=422"}],"curies":[{"name":"wp","href":"https:\/\/api.w.org\/{rel}","templated":true}]}}