{"id":419,"date":"2021-08-18T13:13:03","date_gmt":"2021-08-18T11:13:03","guid":{"rendered":"https:\/\/www.chu-tours.fr\/vieillissement\/?page_id=419"},"modified":"2024-08-12T09:54:46","modified_gmt":"2024-08-12T07:54:46","slug":"pole-vieillissement-lenseignement-aux-etudiants","status":"publish","type":"page","link":"https:\/\/www.chu-tours.fr\/vieillissement\/pole-vieillissement-lenseignement-aux-etudiants\/","title":{"rendered":"P\u00f4le Vieillissement &#8211; L&#8217;enseignement aux \u00e9tudiants"},"content":{"rendered":"\t\t<div data-elementor-type=\"wp-page\" data-elementor-id=\"419\" class=\"elementor elementor-419\" data-elementor-post-type=\"page\">\n\t\t\t\t\t\t<section class=\"elementor-section elementor-top-section elementor-element elementor-element-ccb435f elementor-section-boxed elementor-section-height-default elementor-section-height-default\" data-id=\"ccb435f\" data-element_type=\"section\">\n\t\t\t\t\t\t<div class=\"elementor-container elementor-column-gap-default\">\n\t\t\t\t\t<div class=\"elementor-column elementor-col-100 elementor-top-column elementor-element elementor-element-2085889\" data-id=\"2085889\" data-element_type=\"column\">\n\t\t\t<div class=\"elementor-widget-wrap elementor-element-populated\">\n\t\t\t\t\t\t<div class=\"elementor-element elementor-element-96b2486 elementor-widget elementor-widget-text-editor\" data-id=\"96b2486\" data-element_type=\"widget\" data-widget_type=\"text-editor.default\">\n\t\t\t\t<div class=\"elementor-widget-container\">\n\t\t\t\t\t\t\t<h1><strong>L&#8217;enseignement aux \u00e9tudiants<\/strong><\/h1>\t\t\t\t\t\t<\/div>\n\t\t\t\t<\/div>\n\t\t\t\t<section class=\"elementor-section elementor-inner-section elementor-element elementor-element-b6ca231 elementor-section-boxed elementor-section-height-default elementor-section-height-default\" data-id=\"b6ca231\" data-element_type=\"section\">\n\t\t\t\t\t\t<div class=\"elementor-container elementor-column-gap-default\">\n\t\t\t\t\t<div class=\"elementor-column elementor-col-50 elementor-inner-column elementor-element elementor-element-b170fd2\" data-id=\"b170fd2\" data-element_type=\"column\">\n\t\t\t<div class=\"elementor-widget-wrap elementor-element-populated\">\n\t\t\t\t\t\t<div class=\"elementor-element elementor-element-2bcd29e elementor-widget elementor-widget-text-editor\" data-id=\"2bcd29e\" data-element_type=\"widget\" data-widget_type=\"text-editor.default\">\n\t\t\t\t<div class=\"elementor-widget-container\">\n\t\t\t\t\t\t\t<p style=\"text-align: center;\"><span style=\"font-size: 14pt;\"><strong>Nos formations sont r\u00e9f\u00e9renc\u00e9es<\/strong> <span style=\"color: #ed1164;\"><strong>DPC<\/strong> <\/span>et <span style=\"color: #ed1164;\"><strong>Datadock<\/strong><\/span>.<\/span><\/p>\t\t\t\t\t\t<\/div>\n\t\t\t\t<\/div>\n\t\t\t\t\t<\/div>\n\t\t<\/div>\n\t\t\t\t<div class=\"elementor-column elementor-col-50 elementor-inner-column elementor-element elementor-element-97e8fb2\" data-id=\"97e8fb2\" data-element_type=\"column\">\n\t\t\t<div class=\"elementor-widget-wrap elementor-element-populated\">\n\t\t\t\t\t\t<div class=\"elementor-element elementor-element-4ba3e0d elementor-widget elementor-widget-image\" data-id=\"4ba3e0d\" data-element_type=\"widget\" data-widget_type=\"image.default\">\n\t\t\t\t<div class=\"elementor-widget-container\">\n\t\t\t\t\t\t\t\t\t\t\t\t\t<img fetchpriority=\"high\" decoding=\"async\" width=\"413\" height=\"122\" src=\"https:\/\/www.chu-tours.fr\/vieillissement\/wp-content\/uploads\/sites\/11\/2021\/07\/Logo-datadock.jpg\" class=\"attachment-large size-large wp-image-412\" alt=\"\" srcset=\"https:\/\/www.chu-tours.fr\/vieillissement\/wp-content\/uploads\/sites\/11\/2021\/07\/Logo-datadock.jpg 413w, https:\/\/www.chu-tours.fr\/vieillissement\/wp-content\/uploads\/sites\/11\/2021\/07\/Logo-datadock-300x89.jpg 300w\" sizes=\"(max-width: 413px) 100vw, 413px\" \/>\t\t\t\t\t\t\t\t\t\t\t\t\t<\/div>\n\t\t\t\t<\/div>\n\t\t\t\t\t<\/div>\n\t\t<\/div>\n\t\t\t\t\t<\/div>\n\t\t<\/section>\n\t\t\t\t\t<\/div>\n\t\t<\/div>\n\t\t\t\t\t<\/div>\n\t\t<\/section>\n\t\t\t\t<section class=\"elementor-section elementor-top-section elementor-element elementor-element-813f637 elementor-section-boxed elementor-section-height-default elementor-section-height-default\" data-id=\"813f637\" data-element_type=\"section\">\n\t\t\t\t\t\t<div class=\"elementor-container elementor-column-gap-default\">\n\t\t\t\t\t<div class=\"elementor-column elementor-col-100 elementor-top-column elementor-element elementor-element-7904aa3\" data-id=\"7904aa3\" data-element_type=\"column\">\n\t\t\t<div class=\"elementor-widget-wrap elementor-element-populated\">\n\t\t\t\t\t\t<div class=\"elementor-element elementor-element-b73d599 elementor-widget elementor-widget-text-editor\" data-id=\"b73d599\" data-element_type=\"widget\" data-widget_type=\"text-editor.default\">\n\t\t\t\t<div class=\"elementor-widget-container\">\n\t\t\t\t\t\t\t<blockquote><p>Au sein du p\u00f4le Vieillissement diff\u00e9rents enseignements et formations sont dispens\u00e9s aussi bien aux \u00e9tudiants en m\u00e9decine, qu\u2019aux professionnels du CHRU de Tours\u00a0 et de la r\u00e9gion Centre-Val de Loire.<\/p><\/blockquote>\t\t\t\t\t\t<\/div>\n\t\t\t\t<\/div>\n\t\t\t\t<section class=\"elementor-section elementor-inner-section elementor-element elementor-element-3f26b3a elementor-section-boxed elementor-section-height-default elementor-section-height-default\" data-id=\"3f26b3a\" data-element_type=\"section\">\n\t\t\t\t\t\t<div class=\"elementor-container elementor-column-gap-default\">\n\t\t\t\t\t<div class=\"elementor-column elementor-col-50 elementor-inner-column elementor-element elementor-element-2cf3345\" data-id=\"2cf3345\" data-element_type=\"column\">\n\t\t\t<div class=\"elementor-widget-wrap elementor-element-populated\">\n\t\t\t\t\t\t<div class=\"elementor-element elementor-element-6460145 elementor-widget elementor-widget-text-editor\" data-id=\"6460145\" data-element_type=\"widget\" data-widget_type=\"text-editor.default\">\n\t\t\t\t<div class=\"elementor-widget-container\">\n\t\t\t\t\t\t\t<h2><strong>L\u2019enseignement aux \u00e9tudiants<\/strong><\/h2>\t\t\t\t\t\t<\/div>\n\t\t\t\t<\/div>\n\t\t\t\t<div class=\"elementor-element elementor-element-bd7a805 elementor-widget elementor-widget-text-editor\" data-id=\"bd7a805\" data-element_type=\"widget\" data-widget_type=\"text-editor.default\">\n\t\t\t\t<div class=\"elementor-widget-container\">\n\t\t\t\t\t\t\t<h3><u>Etre interne en G\u00e9riatrie<\/u><\/h3><p>A chaque d\u00e9but de semestre, \u00e0 l\u2019arriv\u00e9e des nouveaux internes, le p\u00f4le vieillissement organise trois soir\u00e9es de prop\u00e9deutique g\u00e9riatrique. L\u2019objectif est de donner aux \u00e9tudiants les bases pour d\u00e9buter leur premier stage de g\u00e9riatrie avec s\u00e9r\u00e9nit\u00e9.<\/p><p>Parall\u00e8lement, un cursus de formation th\u00e9orique est propos\u00e9 pour tous les internes de DES de g\u00e9riatrie. Tout d\u2019abord, les \u00e9tudiants b\u00e9n\u00e9ficient d\u2019une heure de r\u00e9tro-enseignement hebdomadaire autour d\u2019une th\u00e9matique mensuelle (nutrition, infectiologie, \u00e9thique\u2026). Nous avons construit ces enseignements dans l\u2019objectif de les pr\u00e9parer progressivement \u00e0 l\u2019exercice de l\u2019\u00e9loquence orale\u00a0: l\u2019interne de phase socle (1<sup>\u00e8re<\/sup> ann\u00e9e) doit pr\u00e9senter un cas clinique, suivi de l\u2019intervention d\u2019un sp\u00e9cialiste ; l\u2019interne de phase de consolidation ou m\u00e9decin junior (derni\u00e8re ann\u00e9e) pr\u00e9sente quant \u00e0 lui un cas clinique d\u00e9bouchant sur une probl\u00e9matique complexe, avec une revue de bibliographie pour y r\u00e9pondre.<\/p><p>A la suite de ce staff clinique, les internes de phase d\u2019approfondissement (2<sup>\u00e8me<\/sup> et 3<sup>\u00e8me<\/sup> ann\u00e9e), ont l\u2019opportunit\u00e9 d\u2019aborder leur travail de th\u00e8se, les avancements et probl\u00e9matiques rencontr\u00e9es. Ces temps d\u2019\u00e9change permettent d\u2019appr\u00e9hender leurs difficult\u00e9s dans ce qui est, pour la majorit\u00e9 d\u2019entre eux, leur premier travail de recherche.<\/p><p>Un parcours m\u00e9thodologique, un apr\u00e8s-midi par semestre sous un format progressif, est \u00e9galement propos\u00e9 tout au long de leur internat. Enfin, tous les mois, les internes se retrouvent \u00e9galement pour une demi-journ\u00e9e critique bibliographique.<\/p><ul><li><a href=\"https:\/\/www.chu-tours.fr\/vieillissement\/wp-content\/uploads\/sites\/11\/2024\/08\/Fiche-interne-DES-Geriatrie-Tours.pdf\">T\u00e9l\u00e9chargez la fiche interne DES G\u00e9riatrie<\/a>.<\/li><\/ul>\t\t\t\t\t\t<\/div>\n\t\t\t\t<\/div>\n\t\t\t\t\t<\/div>\n\t\t<\/div>\n\t\t\t\t<div class=\"elementor-column elementor-col-50 elementor-inner-column elementor-element elementor-element-c0f57b1\" data-id=\"c0f57b1\" data-element_type=\"column\">\n\t\t\t<div class=\"elementor-widget-wrap elementor-element-populated\">\n\t\t\t\t\t\t<div class=\"elementor-element elementor-element-aa7cee5 elementor-widget-divider--view-line_icon elementor-view-default elementor-widget-divider--element-align-center elementor-widget elementor-widget-divider\" data-id=\"aa7cee5\" data-element_type=\"widget\" data-widget_type=\"divider.default\">\n\t\t\t\t<div class=\"elementor-widget-container\">\n\t\t\t\t\t<div class=\"elementor-divider\">\n\t\t\t<span class=\"elementor-divider-separator\">\n\t\t\t\t\t\t\t<div class=\"elementor-icon elementor-divider__element\">\n\t\t\t\t\t<i aria-hidden=\"true\" class=\"far fa-file-alt\"><\/i><\/div>\n\t\t\t\t\t\t<\/span>\n\t\t<\/div>\n\t\t\t\t<\/div>\n\t\t\t\t<\/div>\n\t\t\t\t\t<\/div>\n\t\t<\/div>\n\t\t\t\t\t<\/div>\n\t\t<\/section>\n\t\t\t\t<section class=\"elementor-section elementor-inner-section elementor-element elementor-element-c14e3b3 elementor-section-boxed elementor-section-height-default elementor-section-height-default\" data-id=\"c14e3b3\" data-element_type=\"section\">\n\t\t\t\t\t\t<div class=\"elementor-container elementor-column-gap-default\">\n\t\t\t\t\t<div class=\"elementor-column elementor-col-50 elementor-inner-column elementor-element elementor-element-9808ab5\" data-id=\"9808ab5\" data-element_type=\"column\">\n\t\t\t<div class=\"elementor-widget-wrap elementor-element-populated\">\n\t\t\t\t\t\t<div class=\"elementor-element elementor-element-c4a6bb7 elementor-widget elementor-widget-text-editor\" data-id=\"c4a6bb7\" data-element_type=\"widget\" data-widget_type=\"text-editor.default\">\n\t\t\t\t<div class=\"elementor-widget-container\">\n\t\t\t\t\t\t\t<h3><u>Etre externe en G\u00e9riatrie<\/u><\/h3><p>Le service de <strong>M\u00e9decine Aigu\u00eb G\u00e9riatrique<\/strong> et le service de <strong>Soins de Suite et de R\u00e9adaptation<\/strong> accueillent \u00e9galement des externes en stage. Ces derniers participent \u00e0 des staffs dont le format a \u00e9t\u00e9 pens\u00e9 pour les soutenir dans leur pr\u00e9paration aux iECN. Ils pr\u00e9sentent des dossiers progressifs \u00e0 QCM, devant l\u2019ensemble de m\u00e9decins. Les r\u00e9ponses se font sur support informatis\u00e9, favorisant l\u2019interactivit\u00e9 en lib\u00e9rant les \u00e9changes.<\/p>\t\t\t\t\t\t<\/div>\n\t\t\t\t<\/div>\n\t\t\t\t\t<\/div>\n\t\t<\/div>\n\t\t\t\t<div class=\"elementor-column elementor-col-50 elementor-inner-column elementor-element elementor-element-ee21559\" data-id=\"ee21559\" data-element_type=\"column\">\n\t\t\t<div class=\"elementor-widget-wrap elementor-element-populated\">\n\t\t\t\t\t\t<div class=\"elementor-element elementor-element-72ad64b elementor-widget elementor-widget-image\" data-id=\"72ad64b\" data-element_type=\"widget\" data-widget_type=\"image.default\">\n\t\t\t\t<div class=\"elementor-widget-container\">\n\t\t\t\t\t\t\t\t\t\t\t\t\t<img decoding=\"async\" width=\"300\" height=\"225\" src=\"https:\/\/www.chu-tours.fr\/vieillissement\/wp-content\/uploads\/sites\/11\/2021\/06\/enseignement-formation1-300x225.jpg\" class=\"attachment-medium size-medium wp-image-277\" alt=\"\" srcset=\"https:\/\/www.chu-tours.fr\/vieillissement\/wp-content\/uploads\/sites\/11\/2021\/06\/enseignement-formation1-300x225.jpg 300w, https:\/\/www.chu-tours.fr\/vieillissement\/wp-content\/uploads\/sites\/11\/2021\/06\/enseignement-formation1-1024x768.jpg 1024w, https:\/\/www.chu-tours.fr\/vieillissement\/wp-content\/uploads\/sites\/11\/2021\/06\/enseignement-formation1-768x576.jpg 768w, https:\/\/www.chu-tours.fr\/vieillissement\/wp-content\/uploads\/sites\/11\/2021\/06\/enseignement-formation1-1536x1152.jpg 1536w, https:\/\/www.chu-tours.fr\/vieillissement\/wp-content\/uploads\/sites\/11\/2021\/06\/enseignement-formation1-70x52.jpg 70w, https:\/\/www.chu-tours.fr\/vieillissement\/wp-content\/uploads\/sites\/11\/2021\/06\/enseignement-formation1.jpg 2016w\" sizes=\"(max-width: 300px) 100vw, 300px\" \/>\t\t\t\t\t\t\t\t\t\t\t\t\t<\/div>\n\t\t\t\t<\/div>\n\t\t\t\t\t<\/div>\n\t\t<\/div>\n\t\t\t\t\t<\/div>\n\t\t<\/section>\n\t\t\t\t\t<\/div>\n\t\t<\/div>\n\t\t\t\t\t<\/div>\n\t\t<\/section>\n\t\t\t\t<section class=\"elementor-section elementor-top-section elementor-element elementor-element-73a3c05 elementor-section-boxed elementor-section-height-default elementor-section-height-default\" data-id=\"73a3c05\" data-element_type=\"section\">\n\t\t\t\t\t\t<div class=\"elementor-container elementor-column-gap-default\">\n\t\t\t\t\t<div class=\"elementor-column elementor-col-100 elementor-top-column elementor-element elementor-element-498af71\" data-id=\"498af71\" data-element_type=\"column\">\n\t\t\t<div class=\"elementor-widget-wrap elementor-element-populated\">\n\t\t\t\t\t\t<div class=\"elementor-element elementor-element-7cc3afd elementor-widget elementor-widget-text-editor\" data-id=\"7cc3afd\" data-element_type=\"widget\" data-widget_type=\"text-editor.default\">\n\t\t\t\t<div class=\"elementor-widget-container\">\n\t\t\t\t\t\t\t<p><strong><u>Contact secr\u00e9atariat universitaire<\/u>\u00a0:<\/strong><\/p><ul><li><i class=\"far fa-envelope\"><\/i> <a href=\"mailto:estelle.baillargeault@univ-tours.fr\" target=\"_blank\" rel=\"noopener\">estelle.baillargeault@univ-tours.fr<\/a><\/li><li><i class=\"fas fa-phone\"><\/i> <span style=\"color: #ed1164;\"><strong>02.47.47.97.68<\/strong><\/span><\/li><\/ul>\t\t\t\t\t\t<\/div>\n\t\t\t\t<\/div>\n\t\t\t\t\t<\/div>\n\t\t<\/div>\n\t\t\t\t\t<\/div>\n\t\t<\/section>\n\t\t\t\t<\/div>\n\t\t","protected":false},"excerpt":{"rendered":"<p>L&#8217;enseignement aux \u00e9tudiants Nos formations sont r\u00e9f\u00e9renc\u00e9es DPC et Datadock. Au sein du p\u00f4le Vieillissement diff\u00e9rents enseignements et formations sont dispens\u00e9s aussi bien aux \u00e9tudiants en m\u00e9decine, qu\u2019aux professionnels du CHRU de Tours\u00a0 et de la r\u00e9gion Centre-Val de Loire. L\u2019enseignement aux \u00e9tudiants Etre interne en G\u00e9riatrie A chaque d\u00e9but de semestre, \u00e0 l\u2019arriv\u00e9e des [&hellip;]<\/p>\n","protected":false},"author":4,"featured_media":0,"parent":0,"menu_order":0,"comment_status":"closed","ping_status":"closed","template":"","meta":{"_seopress_robots_primary_cat":"","_seopress_titles_title":"CHRU de Tours. P\u00f4le Vieillissement - Enseignements et formations dispens\u00e9s.","_seopress_titles_desc":"Au sein du p\u00f4le Vieillissement diff\u00e9rents enseignements et formations sont dispens\u00e9s aussi bien aux \u00e9tudiants en m\u00e9decine, qu\u2019aux professionnels du CHRU de Tours  et de la r\u00e9gion Centre-Val de Loire.","_seopress_robots_index":"","_exactmetrics_skip_tracking":false,"_exactmetrics_sitenote_active":false,"_exactmetrics_sitenote_note":"","_exactmetrics_sitenote_category":0,"_genesis_hide_title":false,"_genesis_hide_breadcrumbs":false,"_genesis_hide_singular_image":false,"_genesis_hide_footer_widgets":false,"_genesis_custom_body_class":"","_genesis_custom_post_class":"","_genesis_layout":"","footnotes":""},"publishpress_future_action":{"enabled":false,"date":"2026-05-08 01:00:11","action":"change-status","newStatus":"draft","terms":[],"taxonomy":""},"_links":{"self":[{"href":"https:\/\/www.chu-tours.fr\/vieillissement\/wp-json\/wp\/v2\/pages\/419"}],"collection":[{"href":"https:\/\/www.chu-tours.fr\/vieillissement\/wp-json\/wp\/v2\/pages"}],"about":[{"href":"https:\/\/www.chu-tours.fr\/vieillissement\/wp-json\/wp\/v2\/types\/page"}],"author":[{"embeddable":true,"href":"https:\/\/www.chu-tours.fr\/vieillissement\/wp-json\/wp\/v2\/users\/4"}],"replies":[{"embeddable":true,"href":"https:\/\/www.chu-tours.fr\/vieillissement\/wp-json\/wp\/v2\/comments?post=419"}],"version-history":[{"count":19,"href":"https:\/\/www.chu-tours.fr\/vieillissement\/wp-json\/wp\/v2\/pages\/419\/revisions"}],"predecessor-version":[{"id":2122,"href":"https:\/\/www.chu-tours.fr\/vieillissement\/wp-json\/wp\/v2\/pages\/419\/revisions\/2122"}],"wp:attachment":[{"href":"https:\/\/www.chu-tours.fr\/vieillissement\/wp-json\/wp\/v2\/media?parent=419"}],"curies":[{"name":"wp","href":"https:\/\/api.w.org\/{rel}","templated":true}]}}