{"id":254,"date":"2021-06-02T16:11:56","date_gmt":"2021-06-02T14:11:56","guid":{"rendered":"https:\/\/www.chu-tours.fr\/vieillissement\/?page_id=254"},"modified":"2025-09-08T12:43:39","modified_gmt":"2025-09-08T10:43:39","slug":"pole-vieillissement-recherche-en-geriatrie-et-gerontologie","status":"publish","type":"page","link":"https:\/\/www.chu-tours.fr\/vieillissement\/pole-vieillissement-recherche-en-geriatrie-et-gerontologie\/","title":{"rendered":"P\u00f4le Vieillissement &#8211; Recherche en g\u00e9riatrie et g\u00e9rontologie."},"content":{"rendered":"\t\t<div data-elementor-type=\"wp-page\" data-elementor-id=\"254\" class=\"elementor elementor-254\" data-elementor-post-type=\"page\">\n\t\t\t\t\t\t<section class=\"elementor-section elementor-top-section elementor-element elementor-element-ccb435f elementor-section-boxed elementor-section-height-default elementor-section-height-default\" data-id=\"ccb435f\" data-element_type=\"section\">\n\t\t\t\t\t\t<div class=\"elementor-container elementor-column-gap-default\">\n\t\t\t\t\t<div class=\"elementor-column elementor-col-100 elementor-top-column elementor-element elementor-element-2085889\" data-id=\"2085889\" data-element_type=\"column\">\n\t\t\t<div class=\"elementor-widget-wrap elementor-element-populated\">\n\t\t\t\t\t\t<div class=\"elementor-element elementor-element-96b2486 elementor-widget elementor-widget-text-editor\" data-id=\"96b2486\" data-element_type=\"widget\" data-widget_type=\"text-editor.default\">\n\t\t\t\t<div class=\"elementor-widget-container\">\n\t\t\t\t\t\t\t<h2><strong>La recherche en g\u00e9riatrie et g\u00e9rontologie : une dynamique pour am\u00e9liorer le soin\u00a0<\/strong><\/h2>\t\t\t\t\t\t<\/div>\n\t\t\t\t<\/div>\n\t\t\t\t\t<\/div>\n\t\t<\/div>\n\t\t\t\t\t<\/div>\n\t\t<\/section>\n\t\t\t\t<section class=\"elementor-section elementor-top-section elementor-element elementor-element-813f637 elementor-section-boxed elementor-section-height-default elementor-section-height-default\" data-id=\"813f637\" data-element_type=\"section\">\n\t\t\t\t\t\t<div class=\"elementor-container elementor-column-gap-default\">\n\t\t\t\t\t<div class=\"elementor-column elementor-col-100 elementor-top-column elementor-element elementor-element-7904aa3\" data-id=\"7904aa3\" data-element_type=\"column\">\n\t\t\t<div class=\"elementor-widget-wrap elementor-element-populated\">\n\t\t\t\t\t\t<div class=\"elementor-element elementor-element-b73d599 elementor-widget elementor-widget-text-editor\" data-id=\"b73d599\" data-element_type=\"widget\" data-widget_type=\"text-editor.default\">\n\t\t\t\t<div class=\"elementor-widget-container\">\n\t\t\t\t\t\t\t<blockquote><p>Con\u00e7ue pour am\u00e9liorer le vieillissement en sant\u00e9, la recherche en g\u00e9riatrie au CHRU de Tours est tr\u00e8s dynamique, tant sur le plan m\u00e9dical et que param\u00e9dical.<\/p><\/blockquote><p><strong>Cinq axes de recherches sont d\u00e9ploy\u00e9s au sein du p\u00f4le Vieillissement\u00a0:<\/strong><\/p><ol><li><strong>Le <span style=\"color: #ed1164;\">vieillissement en sant\u00e9<\/span>\u00a0: pr\u00e9vention de la d\u00e9pendance et maintien dans l\u2019autonomie, avec des projets portant sur la fragilit\u00e9, l\u2019activit\u00e9 physique ou encore la pr\u00e9vention des chutes<\/strong><\/li><li><strong>les <span style=\"color: #ed1164;\">pathologies cognitives<\/span>, au premier rang desquelles la maladie d\u2019Alzheimer, avec notamment une collaboration \u00e9troite avec le CMRR<\/strong><\/li><li><strong>La <span style=\"color: #ed1164;\">G\u00e9roscience\u00a0<\/span>: l\u2019\u00e9tude conjointe de la biologie du vieillissement et de la biologie des maladies li\u00e9es \u00e0 l\u2019\u00e2ge. Ces travaux sont men\u00e9es gr\u00e2ce \u00e0 des collaborations avec l\u2019INRAE Val de Loire et l\u2019\u00e9quipe EA4245 Transplantation\u00a0; Immunologie, Inflammation (T2I)<\/strong><\/li><li><strong>La <span style=\"color: #ed1164;\">d\u00e9pendance<\/span>, en lien avec les EHPAD<\/strong><\/li><li><strong>La <span style=\"color: #ed1164;\">m\u00e9thodologie<\/span> de la recherche en G\u00e9riatrie, avec des travaux men\u00e9s au sein de l\u2019\u00e9quipe UMR INSERM 1246-SPHERE<\/strong><\/li><\/ol><p>Les \u00e9quipes souhaitent renforcer les liens entre la recherche m\u00e9dicale et param\u00e9dicale, avec la volont\u00e9 que la recherche puisse contribuer \u00e0 l\u2019am\u00e9lioration des soins, et inversement.<\/p>\t\t\t\t\t\t<\/div>\n\t\t\t\t<\/div>\n\t\t\t\t\t<\/div>\n\t\t<\/div>\n\t\t\t\t\t<\/div>\n\t\t<\/section>\n\t\t\t\t<section class=\"elementor-section elementor-top-section elementor-element elementor-element-a841955 elementor-section-boxed elementor-section-height-default elementor-section-height-default\" data-id=\"a841955\" data-element_type=\"section\">\n\t\t\t\t\t\t<div class=\"elementor-container elementor-column-gap-default\">\n\t\t\t\t\t<div class=\"elementor-column elementor-col-100 elementor-top-column elementor-element elementor-element-777e5f9\" data-id=\"777e5f9\" data-element_type=\"column\">\n\t\t\t<div class=\"elementor-widget-wrap elementor-element-populated\">\n\t\t\t\t\t\t<div class=\"elementor-element elementor-element-74bdadf elementor-widget elementor-widget-text-editor\" data-id=\"74bdadf\" data-element_type=\"widget\" data-widget_type=\"text-editor.default\">\n\t\t\t\t<div class=\"elementor-widget-container\">\n\t\t\t\t\t\t\t<h3 style=\"text-align: justify;\"><strong>Plusieurs projets de recherche sont en cours dans notre service\u00a0:<\/strong><\/h3><ul><li style=\"text-align: justify;\"><strong>Etude Europ\u00e9enne SMART BEAR<\/strong><br \/>&#8221;\u00a0<em>Cr\u00e9ation d\u2019une plateforme intelligente de donn\u00e9es massives pour fournir un soutien personnalis\u00e9 bas\u00e9 sur des preuves pour une vie saine et ind\u00e9pendante \u00e0 domicile<\/em>\u00a0&#8220;<br \/><strong>Promoteur de l\u2019\u00e9tude<\/strong> : Centre Hospitalier Universitaire de Lille<br \/><strong>L&#8217;objectif principal<\/strong> est d\u2019\u00e9valuer l\u2019acceptabilit\u00e9 des dispositifs par les participants selon l\u2019observance de l\u2019utilisation de dispositifs m\u00e9dicaux (montre connect\u00e9e, tensiom\u00e8tre connect\u00e9e, balance connect\u00e9e etc.)<br \/><span style=\"color: #ed1164;\"><strong>Nous recherchons des volontaires \u00e2g\u00e9s de 65 \u00e0 79 ans.<\/strong><\/span><br \/><span style=\"color: #ed1164;\"><strong>Personne \u00e0 contacter : St\u00e9phanie BONTE au 02.47.47.75.19<\/strong><\/span><\/li><\/ul>\t\t\t\t\t\t<\/div>\n\t\t\t\t<\/div>\n\t\t\t\t<div class=\"elementor-element elementor-element-f505a5a elementor-widget elementor-widget-image\" data-id=\"f505a5a\" data-element_type=\"widget\" data-widget_type=\"image.default\">\n\t\t\t\t<div class=\"elementor-widget-container\">\n\t\t\t\t\t\t\t\t\t\t\t\t\t\t<a href=\"https:\/\/www.chu-tours.fr\/vieillissement\/wp-content\/uploads\/sites\/11\/2025\/03\/flyer-smartbear_Page_1.jpg\" data-elementor-open-lightbox=\"yes\" data-elementor-lightbox-title=\"flyer-smartbear_Page_1\" data-e-action-hash=\"#elementor-action%3Aaction%3Dlightbox%26settings%3DeyJpZCI6MjQ4OSwidXJsIjoiaHR0cHM6XC9cL3d3dy5jaHUtdG91cnMuZnJcL3ZpZWlsbGlzc2VtZW50XC93cC1jb250ZW50XC91cGxvYWRzXC9zaXRlc1wvMTFcLzIwMjVcLzAzXC9mbHllci1zbWFydGJlYXJfUGFnZV8xLmpwZyJ9\">\n\t\t\t\t\t\t\t<img fetchpriority=\"high\" decoding=\"async\" width=\"211\" height=\"300\" src=\"https:\/\/www.chu-tours.fr\/vieillissement\/wp-content\/uploads\/sites\/11\/2025\/03\/flyer-smartbear_Page_1-211x300.jpg\" class=\"attachment-medium size-medium wp-image-2489\" alt=\"Etude Europ\u00e9enne SMART BEAR\" srcset=\"https:\/\/www.chu-tours.fr\/vieillissement\/wp-content\/uploads\/sites\/11\/2025\/03\/flyer-smartbear_Page_1-211x300.jpg 211w, https:\/\/www.chu-tours.fr\/vieillissement\/wp-content\/uploads\/sites\/11\/2025\/03\/flyer-smartbear_Page_1-721x1024.jpg 721w, https:\/\/www.chu-tours.fr\/vieillissement\/wp-content\/uploads\/sites\/11\/2025\/03\/flyer-smartbear_Page_1-768x1091.jpg 768w, https:\/\/www.chu-tours.fr\/vieillissement\/wp-content\/uploads\/sites\/11\/2025\/03\/flyer-smartbear_Page_1-1082x1536.jpg 1082w, https:\/\/www.chu-tours.fr\/vieillissement\/wp-content\/uploads\/sites\/11\/2025\/03\/flyer-smartbear_Page_1-1442x2048.jpg 1442w, https:\/\/www.chu-tours.fr\/vieillissement\/wp-content\/uploads\/sites\/11\/2025\/03\/flyer-smartbear_Page_1.jpg 1747w\" sizes=\"(max-width: 211px) 100vw, 211px\" \/>\t\t\t\t\t\t\t\t<\/a>\n\t\t\t\t\t\t\t\t\t\t\t\t\t<\/div>\n\t\t\t\t<\/div>\n\t\t\t\t<div class=\"elementor-element elementor-element-7cabe52 elementor-widget elementor-widget-text-editor\" data-id=\"7cabe52\" data-element_type=\"widget\" data-widget_type=\"text-editor.default\">\n\t\t\t\t<div class=\"elementor-widget-container\">\n\t\t\t\t\t\t\t<ul><li style=\"text-align: justify;\"><strong>Etude EXPANXION<\/strong> <br \/>\u00ab <em>Evaluation de l\u2019efficacit\u00e9 et de la tol\u00e9rance des pansements URGO AWC_008 et URGO AWC_022 dans la prise en charge locale des plaies aigues et chroniques \u00e0 risque d\u2019infection locale ou pr\u00e9sentant des signes cliniques d\u2019infection locale<\/em> \u00bb<br \/><strong>Promoteur de l\u2019\u00e9tude<\/strong> : Laboratoires URGO<br \/><strong>L\u2019objectif principal<\/strong> est d\u2019\u00e9valuer l\u2019efficacit\u00e9, la tol\u00e9rance et l\u2019acceptabilit\u00e9 des nouveaux pansements jug\u00e9e par l\u2019\u00e9volution de la surface des plaies, apr\u00e8s 4 semaines de traitements.<\/li><li style=\"text-align: justify;\"><strong>Etude IVAMI<\/strong> <br \/>\u00ab <em>Effet de la vaccination antigrippale sur les marqueurs inflammatoires syst\u00e9miques globaux chez les patients atteints d\u2019une maladie coronarienne stable<\/em> \u00bb<br \/><strong>Promoteur de l\u2019\u00e9tude<\/strong> : CHRU de TOURS (P\u00f4le vieillissement)<br \/>L\u2019\u00e9tude consiste \u00e0 \u00e9valuer l\u2019impact de la vaccination antigrippale \u00e0 1 mois sur la r\u00e9ponse inflammatoire syst\u00e9mique (hsCRP) chez les patients atteints d\u2019une maladie coronarienne stable.<\/li><li style=\"text-align: justify;\"><strong>Etude BIOMIND<\/strong><br \/>\u00ab <em>Pr\u00e9dictions dynamiques des liens entre sant\u00e9 psychologique et sant\u00e9 physique des patients \u00e2g\u00e9s en EHPAD via l\u2019int\u00e9gration de donn\u00e9es \u00ab multi-omiques<\/em> \u00bb. <br \/>Vers l\u2019identification de biomarqueurs inflammatoires et m\u00e9taboliques.<br \/><strong>Promoteur de l\u2019\u00e9tude<\/strong> : CHRU de TOURS\/Universit\u00e9 de Tours (P\u00f4le vieillissement)<\/li><li style=\"text-align: justify;\"><strong>Etude Hospisenior<\/strong><br \/>\u00ab <em>Evaluation d\u2019un prototype de chambre innovante adapt\u00e9e au Grand Age<\/em> \u00bb<br \/><strong>L\u2019objectif principal<\/strong> est d\u2019\u00e9valuer l\u2019effet d\u2019une hospitalisation en chambre Hospi\u2019Senior sur la dur\u00e9e de s\u00e9jour des personnes \u00e2g\u00e9es par rapport \u00e0 une hospitalisation en chambre conventionnelle pour un motif d\u2019admission similaire.<br \/><strong>Promoteur de l\u2019\u00e9tude<\/strong> : CHU ANGERS<\/li><li style=\"text-align: justify;\"><strong>Projet param\u00e9dical PECHUS<\/strong> \u00ab <em>Pr\u00e9vention et Evaluation des chutes des S\u00e9niors<\/em> \u00bb<br \/><strong>Promoteur de l\u2019\u00e9tude<\/strong> : Universit\u00e9 de Toulouse en collaboration avec le CHRU de Tours (Coordonnateur)<br \/>Sur le plan scientifique, le projet P\u00c9CHuS a pour objectif la mise en forme d\u2019un protocole d\u2019\u00e9valuation multifactorielle de la fragilit\u00e9 des personnes \u00e2g\u00e9es (de + de 70 ans), bas\u00e9 sur une d\u00e9marche \u00ab d\u2019aller vers \u00bb les populations et appuy\u00e9 sur une analyse qualitative empirique croisant les facteurs moteurs, psychologiques, sociaux et environnementaux, agissant sur les parcours de vie des individus et influant sur le processus de productions de risques de chutes.<\/li><\/ul>\t\t\t\t\t\t<\/div>\n\t\t\t\t<\/div>\n\t\t\t\t<section class=\"elementor-section elementor-inner-section elementor-element elementor-element-31c6c32 elementor-section-boxed elementor-section-height-default elementor-section-height-default\" data-id=\"31c6c32\" data-element_type=\"section\">\n\t\t\t\t\t\t<div class=\"elementor-container elementor-column-gap-default\">\n\t\t\t\t\t<div class=\"elementor-column elementor-col-50 elementor-inner-column elementor-element elementor-element-9b0a35c\" data-id=\"9b0a35c\" data-element_type=\"column\">\n\t\t\t<div class=\"elementor-widget-wrap elementor-element-populated\">\n\t\t\t\t\t\t<div class=\"elementor-element elementor-element-c439b50 elementor-widget elementor-widget-image\" data-id=\"c439b50\" data-element_type=\"widget\" data-widget_type=\"image.default\">\n\t\t\t\t<div class=\"elementor-widget-container\">\n\t\t\t\t\t\t\t\t\t\t\t\t\t<img decoding=\"async\" width=\"768\" height=\"1024\" src=\"https:\/\/www.chu-tours.fr\/vieillissement\/wp-content\/uploads\/sites\/11\/2025\/03\/PECHUS1.jpg\" class=\"attachment-full size-full wp-image-2507\" alt=\"Projet param\u00e9dical PECHUS \u00ab Pr\u00e9vention et Evaluation des chutes des S\u00e9niors \u00bb\" srcset=\"https:\/\/www.chu-tours.fr\/vieillissement\/wp-content\/uploads\/sites\/11\/2025\/03\/PECHUS1.jpg 768w, https:\/\/www.chu-tours.fr\/vieillissement\/wp-content\/uploads\/sites\/11\/2025\/03\/PECHUS1-225x300.jpg 225w\" sizes=\"(max-width: 768px) 100vw, 768px\" \/>\t\t\t\t\t\t\t\t\t\t\t\t\t<\/div>\n\t\t\t\t<\/div>\n\t\t\t\t\t<\/div>\n\t\t<\/div>\n\t\t\t\t<div class=\"elementor-column elementor-col-50 elementor-inner-column elementor-element elementor-element-69a7c90\" data-id=\"69a7c90\" data-element_type=\"column\">\n\t\t\t<div class=\"elementor-widget-wrap elementor-element-populated\">\n\t\t\t\t\t\t<div class=\"elementor-element elementor-element-0a4ce4e elementor-widget elementor-widget-image\" data-id=\"0a4ce4e\" data-element_type=\"widget\" data-widget_type=\"image.default\">\n\t\t\t\t<div class=\"elementor-widget-container\">\n\t\t\t\t\t\t\t\t\t\t\t\t\t<img decoding=\"async\" width=\"768\" height=\"1024\" src=\"https:\/\/www.chu-tours.fr\/vieillissement\/wp-content\/uploads\/sites\/11\/2025\/03\/PECHUS2.jpg\" class=\"attachment-full size-full wp-image-2506\" alt=\"Projet param\u00e9dical PECHUS \u00ab Pr\u00e9vention et Evaluation des chutes des S\u00e9niors \u00bb\" srcset=\"https:\/\/www.chu-tours.fr\/vieillissement\/wp-content\/uploads\/sites\/11\/2025\/03\/PECHUS2.jpg 768w, https:\/\/www.chu-tours.fr\/vieillissement\/wp-content\/uploads\/sites\/11\/2025\/03\/PECHUS2-225x300.jpg 225w\" sizes=\"(max-width: 768px) 100vw, 768px\" \/>\t\t\t\t\t\t\t\t\t\t\t\t\t<\/div>\n\t\t\t\t<\/div>\n\t\t\t\t\t<\/div>\n\t\t<\/div>\n\t\t\t\t\t<\/div>\n\t\t<\/section>\n\t\t\t\t\t<\/div>\n\t\t<\/div>\n\t\t\t\t\t<\/div>\n\t\t<\/section>\n\t\t\t\t<section class=\"elementor-section elementor-top-section elementor-element elementor-element-281a554 elementor-section-boxed elementor-section-height-default elementor-section-height-default\" data-id=\"281a554\" data-element_type=\"section\">\n\t\t\t\t\t\t<div class=\"elementor-container elementor-column-gap-default\">\n\t\t\t\t\t<div class=\"elementor-column elementor-col-50 elementor-top-column elementor-element elementor-element-dafc04f\" data-id=\"dafc04f\" data-element_type=\"column\">\n\t\t\t<div class=\"elementor-widget-wrap elementor-element-populated\">\n\t\t\t\t\t\t<div class=\"elementor-element elementor-element-b2ee219 elementor-widget elementor-widget-text-editor\" data-id=\"b2ee219\" data-element_type=\"widget\" data-widget_type=\"text-editor.default\">\n\t\t\t\t<div class=\"elementor-widget-container\">\n\t\t\t\t\t\t\t<p style=\"text-align: justify;\"><strong>Communication aupr\u00e8s des \u00e9quipes soignantes<\/strong> :<\/p><p style=\"text-align: justify;\">Afin de faire connaitre nos diff\u00e9rents projets \u00e0 l\u2019ensemble des soignants (Aides soignantes, Infirmi\u00e8res, Kin\u00e9sith\u00e9rapeutes) du service d\u2019hospitalisation de m\u00e9decine aigue g\u00e9riatrique, nous organisons des r\u00e9unions d\u2019information tous les six mois.<\/p><p style=\"text-align: justify;\">Ces r\u00e9unions permettent aux soignants de d\u00e9couvrir les \u00e9tudes cliniques dans lesquelles nos patients hospitalis\u00e9s peuvent \u00eatre inclus. <\/p><p style=\"text-align: justify;\">Chaque mercredi, des r\u00e9unions de recherches m\u00e9dicales sont organis\u00e9es, ainsi\u00a0que des r\u00e9unions param\u00e9dicales, les 1<sup>er<\/sup> et 3<sup>\u00e8me<\/sup> vendredi de chaque mois.<\/p><p>Ces r\u00e9unions sont devenues des rendez-vous incontournables de la vie du p\u00f4le Vieillissement. Elles permettent aux \u00e9quipes m\u00e9dicales et param\u00e9dicales d\u2019\u00e9changer sur leurs projets en cours et \u00e0 venir.<\/p>\t\t\t\t\t\t<\/div>\n\t\t\t\t<\/div>\n\t\t\t\t\t<\/div>\n\t\t<\/div>\n\t\t\t\t<div class=\"elementor-column elementor-col-50 elementor-top-column elementor-element elementor-element-417bb0e\" data-id=\"417bb0e\" data-element_type=\"column\">\n\t\t\t<div class=\"elementor-widget-wrap elementor-element-populated\">\n\t\t\t\t\t\t<div class=\"elementor-element elementor-element-ee13cdd elementor-widget elementor-widget-image\" data-id=\"ee13cdd\" data-element_type=\"widget\" data-widget_type=\"image.default\">\n\t\t\t\t<div class=\"elementor-widget-container\">\n\t\t\t\t\t\t\t\t\t\t\t\t\t<img loading=\"lazy\" decoding=\"async\" width=\"300\" height=\"225\" src=\"https:\/\/www.chu-tours.fr\/vieillissement\/wp-content\/uploads\/sites\/11\/2025\/03\/photo-reunion-300x225.jpg\" class=\"attachment-medium size-medium wp-image-2488\" alt=\"r\u00e9unions de recherches m\u00e9dicales\" srcset=\"https:\/\/www.chu-tours.fr\/vieillissement\/wp-content\/uploads\/sites\/11\/2025\/03\/photo-reunion-300x225.jpg 300w, https:\/\/www.chu-tours.fr\/vieillissement\/wp-content\/uploads\/sites\/11\/2025\/03\/photo-reunion-768x576.jpg 768w, https:\/\/www.chu-tours.fr\/vieillissement\/wp-content\/uploads\/sites\/11\/2025\/03\/photo-reunion-70x52.jpg 70w, https:\/\/www.chu-tours.fr\/vieillissement\/wp-content\/uploads\/sites\/11\/2025\/03\/photo-reunion.jpg 1024w\" sizes=\"(max-width: 300px) 100vw, 300px\" \/>\t\t\t\t\t\t\t\t\t\t\t\t\t<\/div>\n\t\t\t\t<\/div>\n\t\t\t\t\t<\/div>\n\t\t<\/div>\n\t\t\t\t\t<\/div>\n\t\t<\/section>\n\t\t\t\t<section class=\"elementor-section elementor-top-section elementor-element elementor-element-3e0012a elementor-section-boxed elementor-section-height-default elementor-section-height-default\" data-id=\"3e0012a\" data-element_type=\"section\">\n\t\t\t\t\t\t<div class=\"elementor-container elementor-column-gap-default\">\n\t\t\t\t\t<div class=\"elementor-column elementor-col-100 elementor-top-column elementor-element elementor-element-373cb61\" data-id=\"373cb61\" data-element_type=\"column\">\n\t\t\t<div class=\"elementor-widget-wrap elementor-element-populated\">\n\t\t\t\t\t\t<div class=\"elementor-element elementor-element-3b41c65 elementor-widget elementor-widget-image\" data-id=\"3b41c65\" data-element_type=\"widget\" data-widget_type=\"image.default\">\n\t\t\t\t<div class=\"elementor-widget-container\">\n\t\t\t\t\t\t\t\t\t\t\t\t\t<img loading=\"lazy\" decoding=\"async\" width=\"768\" height=\"1086\" src=\"https:\/\/www.chu-tours.fr\/vieillissement\/wp-content\/uploads\/sites\/11\/2025\/03\/affiche-recherche-en-geriatrie-17052023-768x1086.png\" class=\"attachment-medium_large size-medium_large wp-image-2511\" alt=\"Communication aupr\u00e8s des \u00e9quipes soignantes\" srcset=\"https:\/\/www.chu-tours.fr\/vieillissement\/wp-content\/uploads\/sites\/11\/2025\/03\/affiche-recherche-en-geriatrie-17052023-768x1086.png 768w, https:\/\/www.chu-tours.fr\/vieillissement\/wp-content\/uploads\/sites\/11\/2025\/03\/affiche-recherche-en-geriatrie-17052023-212x300.png 212w, https:\/\/www.chu-tours.fr\/vieillissement\/wp-content\/uploads\/sites\/11\/2025\/03\/affiche-recherche-en-geriatrie-17052023-724x1024.png 724w, https:\/\/www.chu-tours.fr\/vieillissement\/wp-content\/uploads\/sites\/11\/2025\/03\/affiche-recherche-en-geriatrie-17052023-1086x1536.png 1086w, https:\/\/www.chu-tours.fr\/vieillissement\/wp-content\/uploads\/sites\/11\/2025\/03\/affiche-recherche-en-geriatrie-17052023.png 1448w\" sizes=\"(max-width: 768px) 100vw, 768px\" \/>\t\t\t\t\t\t\t\t\t\t\t\t\t<\/div>\n\t\t\t\t<\/div>\n\t\t\t\t\t<\/div>\n\t\t<\/div>\n\t\t\t\t\t<\/div>\n\t\t<\/section>\n\t\t\t\t<section class=\"elementor-section elementor-top-section elementor-element elementor-element-9321447 elementor-section-boxed elementor-section-height-default elementor-section-height-default\" data-id=\"9321447\" data-element_type=\"section\">\n\t\t\t\t\t\t<div class=\"elementor-container elementor-column-gap-default\">\n\t\t\t\t\t<div class=\"elementor-column elementor-col-100 elementor-top-column elementor-element elementor-element-7dc489e\" data-id=\"7dc489e\" data-element_type=\"column\">\n\t\t\t<div class=\"elementor-widget-wrap elementor-element-populated\">\n\t\t\t\t\t\t<div class=\"elementor-element elementor-element-ad48fa9 elementor-widget elementor-widget-text-editor\" data-id=\"ad48fa9\" data-element_type=\"widget\" data-widget_type=\"text-editor.default\">\n\t\t\t\t<div class=\"elementor-widget-container\">\n\t\t\t\t\t\t\t<p>Aussi, nous avons mis en place fin 2023 des r\u00e9unions \u00ab scientifiques \u00bb mensuelles accessibles aux professionnels du p\u00f4le vieillissement.<\/p><p>Afin d\u2019accro\u00eetre la fluidit\u00e9 du dispositif, une adresse mail d\u00e9di\u00e9e a \u00e9t\u00e9 cr\u00e9\u00e9e pour les projets param\u00e9dicaux :<\/p><ul><li><a href=\"mailto:rechercheparamed.geriatrie@chu-tours.fr\">rechercheparamed.geriatrie@chu-tours.fr<\/a>.<\/li><\/ul><p>Pour toute question concernant la recherche, quelle soit m\u00e9dicale ou param\u00e9dicale, vous pouvez joindre notre Attach\u00e9e de Recherche Clinique :<\/p>\t\t\t\t\t\t<\/div>\n\t\t\t\t<\/div>\n\t\t\t\t\t<\/div>\n\t\t<\/div>\n\t\t\t\t\t<\/div>\n\t\t<\/section>\n\t\t\t\t<section class=\"elementor-section elementor-top-section elementor-element elementor-element-73a3c05 elementor-section-boxed elementor-section-height-default elementor-section-height-default\" data-id=\"73a3c05\" data-element_type=\"section\">\n\t\t\t\t\t\t<div class=\"elementor-container elementor-column-gap-default\">\n\t\t\t\t\t<div class=\"elementor-column elementor-col-100 elementor-top-column elementor-element elementor-element-498af71\" data-id=\"498af71\" data-element_type=\"column\">\n\t\t\t<div class=\"elementor-widget-wrap elementor-element-populated\">\n\t\t\t\t\t\t<section class=\"elementor-section elementor-inner-section elementor-element elementor-element-3e46aee elementor-section-boxed elementor-section-height-default elementor-section-height-default\" data-id=\"3e46aee\" data-element_type=\"section\">\n\t\t\t\t\t\t<div class=\"elementor-container elementor-column-gap-default\">\n\t\t\t\t\t<div class=\"elementor-column elementor-col-50 elementor-inner-column elementor-element elementor-element-2a430c6\" data-id=\"2a430c6\" data-element_type=\"column\">\n\t\t\t<div class=\"elementor-widget-wrap elementor-element-populated\">\n\t\t\t\t\t\t<div class=\"elementor-element elementor-element-8f8a1be elementor-widget elementor-widget-image\" data-id=\"8f8a1be\" data-element_type=\"widget\" data-widget_type=\"image.default\">\n\t\t\t\t<div class=\"elementor-widget-container\">\n\t\t\t\t\t\t\t\t\t\t\t\t\t<img loading=\"lazy\" decoding=\"async\" width=\"150\" height=\"150\" src=\"https:\/\/www.chu-tours.fr\/vieillissement\/wp-content\/uploads\/sites\/11\/2022\/02\/SBonte-1-150x150.png\" class=\"attachment-thumbnail size-thumbnail wp-image-1045\" alt=\"St\u00e9phanie BONTE\" srcset=\"https:\/\/www.chu-tours.fr\/vieillissement\/wp-content\/uploads\/sites\/11\/2022\/02\/SBonte-1-150x150.png 150w, https:\/\/www.chu-tours.fr\/vieillissement\/wp-content\/uploads\/sites\/11\/2022\/02\/SBonte-1-40x40.png 40w\" sizes=\"(max-width: 150px) 100vw, 150px\" \/>\t\t\t\t\t\t\t\t\t\t\t\t\t<\/div>\n\t\t\t\t<\/div>\n\t\t\t\t\t<\/div>\n\t\t<\/div>\n\t\t\t\t<div class=\"elementor-column elementor-col-50 elementor-inner-column elementor-element elementor-element-f37df7f\" data-id=\"f37df7f\" data-element_type=\"column\">\n\t\t\t<div class=\"elementor-widget-wrap elementor-element-populated\">\n\t\t\t\t\t\t<div class=\"elementor-element elementor-element-7cc3afd elementor-widget elementor-widget-text-editor\" data-id=\"7cc3afd\" data-element_type=\"widget\" data-widget_type=\"text-editor.default\">\n\t\t\t\t<div class=\"elementor-widget-container\">\n\t\t\t\t\t\t\t<ul><li><strong>Mme St\u00e9phanie BONTE \u2013 Attach\u00e9e de Recherche Clinique<\/strong><\/li><li><i class=\"fas fa-phone\"><\/i> <span style=\"color: #ed1164;\"><strong>02.47.47.47.47 &#8211; poste 7519<\/strong><\/span><\/li><li><i class=\"far fa-envelope\"><\/i> <a href=\"mailto:s.bonte@chu-tours.fr\"><strong>s.bonte@chu-tours.fr<\/strong><\/a><\/li><\/ul>\t\t\t\t\t\t<\/div>\n\t\t\t\t<\/div>\n\t\t\t\t\t<\/div>\n\t\t<\/div>\n\t\t\t\t\t<\/div>\n\t\t<\/section>\n\t\t\t\t\t<\/div>\n\t\t<\/div>\n\t\t\t\t\t<\/div>\n\t\t<\/section>\n\t\t\t\t<section class=\"elementor-section elementor-top-section elementor-element elementor-element-70da33e elementor-section-boxed elementor-section-height-default elementor-section-height-default\" data-id=\"70da33e\" data-element_type=\"section\">\n\t\t\t\t\t\t<div class=\"elementor-container elementor-column-gap-default\">\n\t\t\t\t\t<div class=\"elementor-column elementor-col-100 elementor-top-column elementor-element elementor-element-866f3c1\" data-id=\"866f3c1\" data-element_type=\"column\">\n\t\t\t<div class=\"elementor-widget-wrap elementor-element-populated\">\n\t\t\t\t\t\t<div class=\"elementor-element elementor-element-033cb99 elementor-widget elementor-widget-heading\" data-id=\"033cb99\" data-element_type=\"widget\" data-widget_type=\"heading.default\">\n\t\t\t\t<div class=\"elementor-widget-container\">\n\t\t\t<h2 class=\"elementor-heading-title elementor-size-default\">Publications scientifiques des professionnels du p\u00f4le Vieillissement du CHRU de Tours de 2021 \u00e0 2025 :<\/h2>\t\t<\/div>\n\t\t\t\t<\/div>\n\t\t\t\t<div class=\"elementor-element elementor-element-a5f45aa elementor-widget elementor-widget-toggle\" data-id=\"a5f45aa\" data-element_type=\"widget\" data-widget_type=\"toggle.default\">\n\t\t\t\t<div class=\"elementor-widget-container\">\n\t\t\t\t\t<div class=\"elementor-toggle\">\n\t\t\t\t\t\t\t<div class=\"elementor-toggle-item\">\n\t\t\t\t\t<div id=\"elementor-tab-title-1741\" class=\"elementor-tab-title\" data-tab=\"1\" role=\"button\" aria-controls=\"elementor-tab-content-1741\" aria-expanded=\"false\">\n\t\t\t\t\t\t\t\t\t\t\t\t<span class=\"elementor-toggle-icon elementor-toggle-icon-left\" aria-hidden=\"true\">\n\t\t\t\t\t\t\t\t\t\t\t\t\t\t\t<span class=\"elementor-toggle-icon-closed\"><i class=\"fas fa-caret-right\"><\/i><\/span>\n\t\t\t\t\t\t\t\t<span class=\"elementor-toggle-icon-opened\"><i class=\"elementor-toggle-icon-opened fas fa-caret-up\"><\/i><\/span>\n\t\t\t\t\t\t\t\t\t\t\t\t\t<\/span>\n\t\t\t\t\t\t\t\t\t\t\t\t<a class=\"elementor-toggle-title\" tabindex=\"0\">2021 -> 2025<\/a>\n\t\t\t\t\t<\/div>\n\n\t\t\t\t\t<div id=\"elementor-tab-content-1741\" class=\"elementor-tab-content elementor-clearfix\" data-tab=\"1\" role=\"region\" aria-labelledby=\"elementor-tab-title-1741\"><ul><li style=\"text-align: justify;\">A\u00efdoud A, Nkodo JA, Gana W, Debacq C, Michel N, Deneau P, Tr\u00e9zy C, Guyot N, Coulongeat M, <strong><strong>Foug\u00e8re B.<\/strong><\/strong> A Comprehensive, Home-Based, Fall Prevention Initiative: Preliminary Data From the Raise&#8217;Age Program. <strong>J Am Geriatr Soc<\/strong>. 2025 (IF 4.3)<\/li><li style=\"text-align: justify;\">H\u00e9liette RIPAULT-CESBRON1, Calyssa TREZY1, Yann VENEL2, Philippe LANOTTE3, Marc LAMANDE1, Julie BIOGEAU1, V\u00e9ronique DARDAINE-GIRAUD1 \u201cBCG infection following intravesicular treatment of bladder cancer: a more serious complication in geriatrics\u201d<\/li><li style=\"text-align: justify;\">Leroy, Y.Chen, N.Demnitz, F.Pasquier, P.Krolak-Salmon, B.Foug\u00e8re, F.Puisieux. \u201cIs Fall Risk Systematically Evaluated in Memory Clinics? A National Survey of Practice in France\u201d. J Alzheimers Dis. 2021;81(4):1483-1491. 2021<\/li><li style=\"text-align: justify;\">V.Leroy, Y.Chen, V.Bouteloup, E.Skrobala, F.Puisieux, B.Foug\u00e8re. \u201cWhat tools can we use to Screen for Fall Risk in Older Patients with Mild Cognitive Impairment? Findings from the MEMENTO cohort\u201d J Am Med Dir Assoc. 2023 Jul;24(7):1028-1034.e18.<\/li><li style=\"text-align: justify;\">DARDAINE V, CANCEL M, INYAMBO K, BIOGEAU J, SAUGER S, LECOMTE T, DORVAL E. Geriatric factors associated with overall survival in older patients with metastatic colorectal cancer. Clinics and Research in Hepatology and Gastroenterology, 2024, 102280, ISSN 2210-7401.<\/li><li style=\"text-align: justify;\">RIPAULT-CESBRON H, TREZY C, VENEL Y, LANOTTE P, LAMANDE M, BIOGEAU J, DARDAINE-GIRAUD V. BCGite apr\u00e8s traitement endov\u00e9sical d&#8217;un cancer de la vessie : une complication plus grave en g\u00e9riatrie. La Revue de G\u00e9riatrie 2023 ;48(1) :47-52.<\/li><li style=\"text-align: justify;\">V.Leroy, V.Martinet, O.Nunkessore , C.Dentel , H.Durand, D.Mockler , F.Puisieux, B.Foug\u00e8re, Y.Chen. \u00ab The nebulous Association between Cognitive Impairment and Falls I Older Adults : A systematic review of the Literature\u201d Int J Environ Res Public Health. 2023 Feb 1;20(3):2628<\/li><li style=\"text-align: justify;\">V.Leroy, Y.Chen, E.Brocquet, J.Labreuche, C.Gaxatte, K.Cotton, J.Roche, D.Huvent-Grelle, F.Puisieux. \u201cIs the FAB test associated with fall occurrence in older adults? A retrospective analysis of outpatient fall risk assessment\u201d. Eur Geriatr Med. 2025 Jan 27.<\/li><li style=\"text-align: justify;\">V.Leroy, E.Ayers, D.Adhikari, J.Verghese. \u201cAssociation of Sleep Disturbances With Prevalent and Incident Motoric Cognitive Risk Syndrome in Community-Residing Older Adults\u201d. Neurology. 2024 Dec 10;103(11):e210054<\/li><li style=\"text-align: justify;\">Veronese N, Polidori MC, Maggi S, Zamora J, Ruiz-Calvo G, Bangert M, Bourron P, Bausch A, Avil\u00e9s-Hern\u00e1ndez JD, L\u00f3pez-Soto A, Padr\u00f3nguill\u00e9n D, Lanoix JP, Cruz-Jentoft AJ, Gavazzi G; AEQUI study group (k, Foug\u00e8re B). Measuring the impact of hospitalization for infectious diseases on the quality of life of older patients in four European countries: the AEQUI longitudinal matched cohort study (2020-2023). Clin Microbiol Infect. 2025 ; 20 : S1198-743 (IF 10.9)<\/li><li style=\"text-align: justify;\">Lemoine L, Buckinx F, Aidoud A, Leroy V, Foug\u00e8re B, Aubertin-Leheudre M. Relationships between obesity markers and bone parameters in community-dwelling older adults. Aging Clin Exp Res. 2024 ; 36 : 49 (IF 4.0)<\/li><li style=\"text-align: justify;\">Foug\u00e8re B, Puisieux F, Chevalet P, Annweiler C, Michel E, Joly L, Blanc F, Azouzi AE, Desr\u00e9-Follet V, Cacoub P; CARENFER PA study group. Prevalence of iron deficiency in patients admitted to a geriatric unit: a multicenter cross-sectional study. BMC Geriatr. 2024 ; 24 : 112 (IF 4.1)<\/li><li style=\"text-align: justify;\">Coulongeat M, Marlet J, Aidoud A, Donati F, Jamard S, Van Der Werf S, Debacq C, Leroy V, Lemaignen A, Munier S, <strong>Foug\u00e8re B.<\/strong> Impact of influenza immunity on the mortality among older adults hospitalized with COVID-19: a retrospective cohort study. Clin Exp Med. 2023 Dec ; 23 : 4955-965 (IF 4.6)<\/li><li style=\"text-align: justify;\">Pambet M, Gauvain JB, Valery A, Annweiler C, Mandigout S, Fougere B, Puisieux F. Use of a clustering method to describe the clinical profiles of older fallers: the value of a multidisciplinary consultation. Eur Geriatr Med. 2023 Oct ; 14 : 1097-104 (IF 3.8)<br \/>Coulongeat M, Polisset N, Poitau F, Laurent E, Foug\u00e8re B, Lemaignen A. Inter-expert agreement on indications for antibiotic therapy in older adults admitted to French hospital through an emergency department. Heliyon. 2022 ; 14 : 11630 (IF 2.85)<\/li><li style=\"text-align: justify;\">Dubnitskiy-Robin S, Laurent E, Herbert J, Foug\u00e8re B, Guillon-Grammatico L. Elderly Outcomes After Hospitalization: The Hospital Frailty Risk Score Applied on the French Health Data Hub. J Aging Health. 2022 (IF 3.213)<\/li><li style=\"text-align: justify;\">Wyplosz B, Fernandes J, Sultan A, Roche N, Roubille F, Loubet P, Foug\u00e8re B, Moulin B, Duhot D, Vainchtock A, Raguideau F, Lortet-Tieulent J, Blanc E, Mo\u00efsi J, Goussiaume G. Pneumococcal and influenza vaccination coverage among at-risk adults: A 5-year French national observational study. Vaccine. 2022 ; 40 : 4911-21. (IF 4.169)<\/li><li style=\"text-align: justify;\">Annweiler C, Beaudenon M, Gautier J, Gonsard J, Boucher S, Chapelet G, Darsonval A, Foug\u00e8re B, Gu\u00e9rin O, Houvet M, M\u00e9nager P, Roubaud-Baudron C, Tchalla A, Souberbielle JC, Riou J, Parot-Schinkel E, C\u00e9larier T ; COVIT-TRIAL study group. High-dose versus standard-dose vitamin D supplementation in older adults with COVID-19 (COVIT-TRIAL): A multicenter, open-label, randomized controlled superiority trial. PLoS Med. 2022 ; 19. (IF 13.585).<\/li><li style=\"text-align: justify;\">Poupin P, N&#8217;Diaye D, Chaumier F, Lemaignen A, Bernard L, <strong>Foug\u00e8re B.<\/strong> Management of COVID-19 in a French Nursing Home: Experiences from a Multidisciplinary Mobile Team. J Frailty Aging. 2021 ; 10 : 363-6. (IF 2.74)<\/li><li style=\"text-align: justify;\">Coulongeat M, A\u00efdoud A, Poupin P, Dubnitskiy-Robin S, <strong>Foug\u00e8re B.<\/strong> A Local COVID-19 Support Platform for Nursing Homes: Feedback and Perspectives. J Am Med Dir Assoc. 2021 ; 22 : 1599-601 (IF 4.669)<\/li><li style=\"text-align: justify;\">Takano E, Maltais M, Kondo I, Rolland Y; MAPT\/DSA group (k, Foug\u00e8re B). Bidirectional relationship between depressive symptoms and physical performance in community-dwelling older people with subjective memory complaints. Eur Geriatr Med. 2021. (IF 1.232)<\/li><li style=\"text-align: justify;\">Jyv\u00e4korpi SK, Ramel A, Strandberg TE, Piotrowicz K, B\u0142aszczyk-B\u0119benek E, Urtamo A, Rempe HM, Geirsd\u00f3ttir \u00d3, V\u00e1gnerov\u00e1 T, Billot M, Larreur A, Savera G, Soriano G, Picauron C, Tagliaferri S, Sanchez-Puelles C, Cadenas VS, Perl A, Tirrel L, \u00d6hman H, Weling-Scheepers C, Ambrosi S, Costantini A, Pavelkov\u00e1 K, Klimkova M, Freiberger E, Jonsson PV, Marzetti E, Pitk\u00e4l\u00e4 KH, Landi F, Calvani R; SPRINTT consortium (k, Foug\u00e8re B). The sarcopenia and physical frailty in older people: multi-component treatment strategies (SPRINTT) project: description and feasibility of a nutrition intervention in community-dwelling older Europeans. Eur Geriatr Med. 2021. (IF 1.232)<\/li><li style=\"text-align: justify;\">Nkodo JA, Gana W, Debacq C, A\u00efdoud A, Camus V, Leroy V, <strong>Foug\u00e8re B.<\/strong> Support for Nursing Home Caregivers During the COVID-19 Pandemic: A Review. <strong>J Gerontol Nurs<\/strong>. 2024 ; 50 : 24-33 (IF 1.1)<\/li><li style=\"text-align: justify;\">Rahuel C, Pautrat M, A\u00efdoud A, Foug\u00e8re B, Debacq C. Providing information about medication changes upon discharge from a geriatric unit: the community healthcare professionals&#8217; point of view. BMC Geriatr. 2024 Jan 9 ; 24 : 39 (IF 4.1)<\/li><li style=\"text-align: justify;\">Poupin P, Caille A, Gana W, Foug\u00e8re B, Giraudeau B. Cluster randomized trials in nursing homes should better be planned as open-cohort than as closed-cohort. J Clin Epidemiol. 2023. 161 : 1-7 (IF 7.4)<\/li><li style=\"text-align: justify;\">Leroy V, Gana W, A\u00efdoud A, N&#8217;kodo JA, Balageas AC, Blanc P, Bomia D, Debacq C, <strong>Foug\u00e8re B.<\/strong> Digital health technologies and Alzheimer&#8217;s disease clinical trials: might decentralized clinical trials increase participation by people with cognitive impairment? Alzheimers Res Ther. 2023 ; 15 : 87 (IF 9.2)<\/li><li style=\"text-align: justify;\">Leroy V, Martinet V, Nunkessore O, Dentel C, Durand H, Mockler D, Puisieux F, Foug\u00e8re B, Chen Y. The Nebulous Association between Cognitive Impairment and Falls in Older Adults: A Systematic Review of the Literature. Int J Environ Res Public Health. 2023 20 : 2628 (IF 2.849)<\/li><li style=\"text-align: justify;\">A\u00efdoud A, Gana W, Poitau F, Debacq C, Leroy V, Nkodo JA, Poupin P, Angoulvant D, <strong>Foug\u00e8re B.<\/strong> High Prevalence of Geriatric Conditions Among Older Adults With Cardiovascular Disease.<strong>J Am Heart Assoc<\/strong>. 2023 17; 12 : 026850. (IF 6.106)<br \/>Abdelnour C, Agosta F, Bozzali M, Foug\u00e8re B, Iwata A, Nilforooshan R, Takada LT, Vi\u00f1uela F, Traber M. Perspectives and challenges in patient stratification in Alzheimer&#8217;s disease. Alzheimers Res Ther. 2022 ; 14 : 112. (IF 8.823)<\/li><li style=\"text-align: justify;\">Poupin P, Ansoborlo M, Caille A, Dibao-Dina C, Foug\u00e8re B, Giraudeau B. Management of death-related non-completers in cluster randomized trials carried out in nursing homes: a methodological review. J Clin Epidemiol. 2022. (IF 7.407)<\/li><li style=\"text-align: justify;\">Moyse E, Krantic S, Djellouli N, Roger S, Angoulvant D, Debacq C, Leroy V, Foug\u00e8re B, Aidoud A. Neuroinflammation: A Possible Link Between Chronic Vascular Disorders and Neurodegenerative Diseases. Front Aging Neurosci. 2022 ; 14 : 827263. (IF 5.702)<\/li><li style=\"text-align: justify;\">Pothier K, Gana W, Bailly N, <strong>Foug\u00e8re B.<\/strong> Associations Between Frailty and Inflammation, Physical, and Psycho-Social Health in Older Adults: A Systematic Review. Front. Psychol. 2022 ; 13 : 805501. (IF 2.990)<\/li><li style=\"text-align: justify;\">Nkodo JA, Gana W, Debacq C, Aidoud A, Poupin P, Camus V, <strong>Foug\u00e8re B.<\/strong> The Role of Telemedicine in the Management of the Behavioral and Psychological Symptoms of Dementia: A Systematic Review. <strong>Am J Geriatr Psychiatry<\/strong>. 2022 ; S1064-7481. (IF 3.488)<\/li><li style=\"text-align: justify;\">Gana W, De Luca A, Debacq C, Poitau F, Poupin P, Aidoud A, <strong>Foug\u00e8re B.<\/strong> Analysis of the Impact of Selected Vitamins Deficiencies on the Risk of Disability in Older People. Nutrients. 2021 ; 13 : 3163. (IF 4.546)<\/li><li style=\"text-align: justify;\">Martin PJ, Billet S, Landkocz Y, <strong>Foug\u00e8re B.<\/strong> Inflammation at the Crossroads: the Combined Effects of COVID-19, Ageing, and Air Pollution. J Frailty Aging. 2021 ; 10 : 281-5. (IF 2.74)<\/li><li style=\"text-align: justify;\">Rangon CM, Krantic S, Moyse E, <strong>Foug\u00e8re B.<\/strong> The Vagal Autonomic Pathway of COVID-19 at the Crossroad of Alzheimer&#8217;s Disease and Aging: A Review of Knowledge. J Alzheimers Dis Rep. 2020 ; 4 :537-51. (IF 3.909)<\/li><li style=\"text-align: justify;\">Aidoud A, Marlet J, Angoulvant D, Debacq C, Gavazzi G, <strong>Foug\u00e8re B.<\/strong> Influenza vaccination as a novel means of preventing coronary heart disease: Effectiveness in older adults. Vaccine. 2020 (IF 3.269)<\/li><li style=\"text-align: justify;\">Maillet, C ; Wong So, J ; Ramdani, Y ; Bigot, A ; Ferreira-Maldent, N ; Chandenier, B &amp; al , [Scurvy mimicking vasculitis]., Rev Prat, 2023, 73, 65<\/li><li style=\"text-align: justify;\">A\u00efdoud, A ; Gana, W ; Poitau, F ; Debacq, C ; Leroy, V ; Nkodo, JA &amp; al , High Prevalence of Geriatric Conditions Among Older Adults With Cardiovascular Disease.,<strong>J Am Heart Assoc<\/strong>, 2023, 12, e026850<\/li><li style=\"text-align: justify;\">A\u00efdoud, A ; Nkodo, JA ; Gana, W ; Debacq, C ; Michel, N ; Deneau, P &amp; al , A Comprehensive, Home-Based, Fall Prevention Initiative: Preliminary Data From the Raise&#8221;Age Program., <strong>J Am Geriatr Soc<\/strong>, 2025, ,<\/li><li style=\"text-align: justify;\">Nkodo, JA ; Gana, W ; Debacq, C ; A\u00efdoud, A ; Camus, V ; Leroy, V &amp; al , Support for Nursing Home Caregivers During the COVID-19 Pandemic: A Review., <strong>J Gerontol Nurs<\/strong>, 2024, 50, 24-33<\/li><li style=\"text-align: justify;\">Naffrichoux, J ; Poupin, P ; Pouillot, W ; Linassier, C ; Rioux-Leclercq, N ; De Vries-Brilland, M &amp; al , PD-L1 expression and its prognostic value in metastatic papillary renal cell carcinoma: Results from a GETUG multicenter retrospective cohort., <strong>Eur J Cancer<\/strong>, 2024, 205, 114121<\/li><li style=\"text-align: justify;\">A\u00efdoud A, Gana W, Poitau F, Foug\u00e8re B, Angoulvant D. Does the influenza A vaccine have a direct atheroprotective effect? Arch Cardiovasc Dis. 2022 ; 21: 1875-2136 (IF 2.434)<\/li><li style=\"text-align: justify;\">Gana W, Nkodo JA, <strong>Foug\u00e8re B.<\/strong> Medical decision making during the COVID-19 epidemic: an opportunity to think how we think. Diagnosis 2021. (IF 0.78)<\/li><li style=\"text-align: justify;\">Coulongeat, M ; Marlet, J ; Aidoud, A ; Donati, F ; Jamard, S ; Van Der Werf, S &amp; al , Impact of influenza immunity on the mortality among older adults hospitalized with COVID-19: a retrospective cohort study., Clin Exp Med, 2023, 23, 4955-4965<\/li><li style=\"text-align: justify;\">Nkodo JA, Camus V, <strong>Foug\u00e8re B.<\/strong> Ethical issues in the management of patients with behavioral and psychological symptoms of dementia during COVID-19 containment: examples from institutions in France. <strong>Am J Geriatr Psychiatry<\/strong> 2020 (IF 3.393)<\/li><li style=\"text-align: justify;\">Leroy, V ; Gana, W ; A\u00efdoud, A ; N&#8221;&#8221;kodo, JA ; Balageas, AC ; Blanc, P &amp; al , Digital health technologies and Alzheimer&#8221;s disease clinical trials: might decentralized clinical trials increase participation by people with cognitive impairment?, Alzheimers Res Ther, 2023, 15, 87<\/li><li style=\"text-align: justify;\">Abdelnour, C ; Agosta, F ; Bozzali, M ; Foug\u00e8re, B ; Iwata, A ; Nilforooshan, R &amp; al , Perspectives and challenges in patient stratification in Alzheimer&#8221;s disease., Alzheimers Res Ther, 2022, 14, 112<\/li><li style=\"text-align: justify;\">Gana, W ; Acko, U ; Simionca, D ; Acko-Ohui, E ; Debacq, C ; Aidoud, A &amp; al , Fall with acute traumatic central cord syndrome in an older patient., <strong>Age Ageing<\/strong>, 2021, ,<\/li><li style=\"text-align: justify;\">Gana, W ; Acko, U ; Simionca, D ; Acko-Ohui, E ; Debacq, C ; Aidoud, A &amp; al , Fall with acute traumatic central cord syndrome., <strong>Age Ageing<\/strong>, 2021, ,<\/li><li style=\"text-align: justify;\">Debacq, C ; Bourgueil, J ; Aidoud, A ; Bleuet, J ; Mennecart, M ; Dardaine-Giraud, V &amp; al , Persistence of Effect of Medication Review on Potentially Inappropriate Prescriptions in Older Patients Following Hospital Discharge., Drugs Aging, 2021, 38, 243-252<\/li><li style=\"text-align: justify;\">Lacasse, M ; Inyambo, K ; Lemaignen, A ; Mennecart, M ; Gensburger, S ; Valentin, AS &amp; al , Erysipelas of the right arm due to Bordetella trematum: a case report., <strong>J Med Case Rep<\/strong>, 2021, 15, 365<\/li><li style=\"text-align: justify;\">Monmousseau, F ; Ramillon, J ; Dubnitskiy-Robin, S ; Faivre d&#8221;&#8221;Arcier, B ; Le Verger, M ; Le Fol, T &amp; al , Relevance of Adopting a Hybrid Strategy Mixing Single-Use and Reusable Ureteroscopes for Stones Management: An Economic Study to Support the Best Strategy., <strong>J Clin Med<\/strong>, 2021, 10,<\/li><li style=\"text-align: justify;\">Coulongeat, M ; A\u00efdoud, A ; Poupin, P ; Dubnitskiy-Robin, S ; Foug\u00e8re, B , A Local COVID-19 Support Platform for Nursing Homes: Feedback and Perspectives., J Am Med Dir Assoc, 2021, 22, 1599-1601<\/li><li style=\"text-align: justify;\">Nkodo, JA ; Gana, W ; Debacq, C ; A\u00efdoud, A ; Camus, V ; Leroy, V &amp; al , Support for Nursing Home Caregivers During the COVID-19 Pandemic: A Review., <strong>J Gerontol Nurs<\/strong>, 2024, 50, 24-33<\/li><li style=\"text-align: justify;\">Eyraud, N ; Poupin, P ; Legrand, M ; Caille, A ; Sauvaget, A ; Bulteau, S &amp; al , Combining trauma script exposure with tDCS to alleviate symptoms of posttraumatic stress disorder: A two-arm randomized sham-controlled multicenter trial.,<strong>Brain Stimul<\/strong>, 2024, 17, 591-593<\/li><li style=\"text-align: justify;\">Moyse, E ; Krantic, S ; Djellouli, N ; Roger, S ; Angoulvant, D ; Debacq, C &amp; al , Neuroinflammation: A Possible Link Between Chronic Vascular Disorders and Neurodegenerative Diseases., Front Aging Neurosci, 2022, 14, 827263<\/li><li style=\"text-align: justify;\">Nkodo, JA ; Gana, W ; Debacq, C ; Aidoud, A ; Poupin, P ; Camus, V &amp; al , The Role of Telemedicine in the Management of the Behavioral and Psychological Symptoms of Dementia: A Systematic Review., <strong>Am J Geriatr Psychiatry<\/strong>, 2022, 30, 1135-1150<\/li><li style=\"text-align: justify;\">Lemoine, L ; Le Brun, C ; Maillot, F ; Thorey, C ; Boucaud, A ; Lemaignen, A &amp; al , Dual Ureaplasma parvum arthritis: a case report of U. parvum septic arthritis following contralateral reactive arthritis in an immunosuppressed patient., <strong>BMC Infect Dis<\/strong>, 2021, 21, 1117<\/li><li style=\"text-align: justify;\">Lemoine, L ; Agier, MS ; Audemard-Verger, A ; Chouchana, L ; Michot, J ; Jonville-B\u00e9ra, AP &amp; al , Adverse effect of Pneumocystis Jirovecii infection associated with rituximab therapy for autoimmune disease are more frequently reported in older vs. younger patient., <strong>Therapie<\/strong>, 2023, 78, 409-417<\/li><li style=\"text-align: justify;\">Garcia, R ; Clouard, M ; Plank, F ; Degand, B ; Philibert, S ; Laurent, G &amp; al , Asymptomatic left circumflex artery stenosis is associated with higher arrhythmia recurrence after persistent atrial fibrillation ablation., <strong>Front Cardiovasc Med<\/strong>, 2022, 9, 873135<\/li><li style=\"text-align: justify;\">Gana, W ; Acko, U ; Simionca, D ; Acko-Ohui, E ; Debacq, C ; Aidoud, A &amp; al , Fall with acute traumatic central cord syndrome in an older patient., <strong>Age Ageing<\/strong>, 2021, ,<\/li><li style=\"text-align: justify;\">Lacasse M, Inyambo K, Lemaignen A, Mennecart M, Gensburger S, Valentin AS, Bernard L, <strong>Foug\u00e8re B.<\/strong> Erysipelas of the right arm due to Bordetella trematum: a case report. <strong>J Med Case Rep<\/strong>. 2021 ; 15 : 365. (IF 0.885)<\/li><li style=\"text-align: justify;\">Lemoine, L ; Agier, MS ; Audemard-Verger, A ; Chouchana, L ; Michot, J ; Jonville-B\u00e9ra, AP &amp; al , Adverse effect of Pneumocystis Jirovecii infection associated with rituximab therapy for autoimmune disease are more frequently reported in older vs. younger patient., <strong>Therapie<\/strong>, 2023, 78, 409-417<\/li><li style=\"text-align: justify;\">Gana W, Acko U, Simionca D, Acko-Ohui E, Debacq C, Aidoud A, <strong>Foug\u00e8re B.<\/strong> Fall with acute traumatic central cord syndrome in an older patient. <strong>Age Ageing<\/strong>. 2021 (IF 4.511)<\/li><li style=\"text-align: justify;\">Van Dendaele Elina, Bailly Nathalie, A\u00efdoud Amal, Gaze Christopher, Le Duoget Clara, Ferrec No\u00e9mie, <strong>Foug\u00e8re Bertrand<\/strong>, Pothier Kristell. De l\u2019h\u00f4pital au domicile, des exercices d\u2019activit\u00e9 physique adapt\u00e9e pour lutter contre la d\u00e9pendance des personnes \u00e2g\u00e9es : \u00e9tude de faisabilit\u00e9. Les Cahiers de Neuropsychologie Clinique, 9, 84-93.<\/li><li style=\"text-align: justify;\">Berrut G, de Decker L, Aquino JP, \u2026, Foug\u00e8re B, \u2026, Salles N, Gu\u00e9rin O. Geriatric Units at the Beginning of the 2020 COVID-19 Epidemic in France. Geriatr Psychol Neuropsychiatr Vieil. 2020 ;18 :125 &#8211; 33. (IF 0.505)<\/li><li style=\"text-align: justify;\">Hanon O, Foug\u00e8re B, Lafargue A, Putot S, Boureau AS, Roca F. Protocolisation de la prise en charge des patients insuffisants cardiaques g\u00e9riatriques. Rev Geriatr. 2022 Octobre ; 47 (8).<\/li><li style=\"text-align: justify;\">Nkodo JA, Dubnitskiy-Robin S, Debacq C, Desmidt T, Mennecart M, Camus V, <strong>Foug\u00e8re B.<\/strong> The Role of the Old Age Psychiatrist in a Mobile Geriatric Team: An Example in Tours City Area. Geriatr Psychol Neuropsychiatr Vieil. 2020 ; 18 : 223 &#8211; 31. (IF 0.505)<\/li><li style=\"text-align: justify;\">Debacq C, <strong>Foug\u00e8re B.<\/strong> Fragilit\u00e9 et Maladies Neurod\u00e9g\u00e9n\u00e9ratives. Vieillir et Alors ?<\/li><\/ul><\/div>\n\t\t\t\t<\/div>\n\t\t\t\t\t\t\t\t<\/div>\n\t\t\t\t<\/div>\n\t\t\t\t<\/div>\n\t\t\t\t\t<\/div>\n\t\t<\/div>\n\t\t\t\t\t<\/div>\n\t\t<\/section>\n\t\t\t\t<section class=\"elementor-section elementor-top-section elementor-element elementor-element-46beb4e elementor-section-boxed elementor-section-height-default elementor-section-height-default\" data-id=\"46beb4e\" data-element_type=\"section\">\n\t\t\t\t\t\t<div class=\"elementor-container elementor-column-gap-default\">\n\t\t\t\t\t<div class=\"elementor-column elementor-col-100 elementor-top-column elementor-element elementor-element-19faef2\" data-id=\"19faef2\" data-element_type=\"column\">\n\t\t\t<div class=\"elementor-widget-wrap elementor-element-populated\">\n\t\t\t\t\t\t<div class=\"elementor-element elementor-element-ebdbcf6 elementor-widget elementor-widget-heading\" data-id=\"ebdbcf6\" data-element_type=\"widget\" data-widget_type=\"heading.default\">\n\t\t\t\t<div class=\"elementor-widget-container\">\n\t\t\t<h2 class=\"elementor-heading-title elementor-size-default\">Veille \u00e0 appel \u00e0 projet en recherche g\u00e9riatrique et g\u00e9rontologique :<\/h2>\t\t<\/div>\n\t\t\t\t<\/div>\n\t\t\t\t<div class=\"elementor-element elementor-element-6e927e0 elementor-widget elementor-widget-text-editor\" data-id=\"6e927e0\" data-element_type=\"widget\" data-widget_type=\"text-editor.default\">\n\t\t\t\t<div class=\"elementor-widget-container\">\n\t\t\t\t\t\t\t<ul><li><i class=\"fas fa-download fa-2x\"><\/i> <span style=\"font-size: 14pt;\"><a href=\"https:\/\/www.chu-tours.fr\/vieillissement\/wp-content\/uploads\/sites\/11\/2025\/03\/2024-11-Veille-AAP.pdf\" target=\"_blank\" rel=\"noopener\">T\u00e9l\u00e9chargez le document<\/a><\/span><\/li><\/ul>\t\t\t\t\t\t<\/div>\n\t\t\t\t<\/div>\n\t\t\t\t\t<\/div>\n\t\t<\/div>\n\t\t\t\t\t<\/div>\n\t\t<\/section>\n\t\t\t\t<\/div>\n\t\t","protected":false},"excerpt":{"rendered":"<p>La recherche en g\u00e9riatrie et g\u00e9rontologie : une dynamique pour am\u00e9liorer le soin\u00a0 Con\u00e7ue pour am\u00e9liorer le vieillissement en sant\u00e9, la recherche en g\u00e9riatrie au CHRU de Tours est tr\u00e8s dynamique, tant sur le plan m\u00e9dical et que param\u00e9dical. Cinq axes de recherches sont d\u00e9ploy\u00e9s au sein du p\u00f4le Vieillissement\u00a0: Le vieillissement en sant\u00e9\u00a0: pr\u00e9vention [&hellip;]<\/p>\n","protected":false},"author":4,"featured_media":0,"parent":0,"menu_order":0,"comment_status":"closed","ping_status":"closed","template":"","meta":{"_seopress_robots_primary_cat":"","_seopress_titles_title":"CHRU de Tours. P\u00f4le Vieillissement - Recherche en g\u00e9riatrie et g\u00e9rontologie.","_seopress_titles_desc":"Con\u00e7ue pour am\u00e9liorer le vieillissement en sant\u00e9, la recherche en g\u00e9riatrie au CHRU de Tours est tr\u00e8s dynamique, tant sur le plan m\u00e9dical et que param\u00e9dical.","_seopress_robots_index":"","_exactmetrics_skip_tracking":false,"_exactmetrics_sitenote_active":false,"_exactmetrics_sitenote_note":"","_exactmetrics_sitenote_category":0,"_genesis_hide_title":false,"_genesis_hide_breadcrumbs":false,"_genesis_hide_singular_image":false,"_genesis_hide_footer_widgets":false,"_genesis_custom_body_class":"","_genesis_custom_post_class":"","_genesis_layout":"","footnotes":""},"publishpress_future_action":{"enabled":false,"date":"2026-05-08 01:02:29","action":"change-status","newStatus":"draft","terms":[],"taxonomy":""},"_links":{"self":[{"href":"https:\/\/www.chu-tours.fr\/vieillissement\/wp-json\/wp\/v2\/pages\/254"}],"collection":[{"href":"https:\/\/www.chu-tours.fr\/vieillissement\/wp-json\/wp\/v2\/pages"}],"about":[{"href":"https:\/\/www.chu-tours.fr\/vieillissement\/wp-json\/wp\/v2\/types\/page"}],"author":[{"embeddable":true,"href":"https:\/\/www.chu-tours.fr\/vieillissement\/wp-json\/wp\/v2\/users\/4"}],"replies":[{"embeddable":true,"href":"https:\/\/www.chu-tours.fr\/vieillissement\/wp-json\/wp\/v2\/comments?post=254"}],"version-history":[{"count":20,"href":"https:\/\/www.chu-tours.fr\/vieillissement\/wp-json\/wp\/v2\/pages\/254\/revisions"}],"predecessor-version":[{"id":2651,"href":"https:\/\/www.chu-tours.fr\/vieillissement\/wp-json\/wp\/v2\/pages\/254\/revisions\/2651"}],"wp:attachment":[{"href":"https:\/\/www.chu-tours.fr\/vieillissement\/wp-json\/wp\/v2\/media?parent=254"}],"curies":[{"name":"wp","href":"https:\/\/api.w.org\/{rel}","templated":true}]}}