{"id":171,"date":"2021-06-02T12:49:59","date_gmt":"2021-06-02T10:49:59","guid":{"rendered":"https:\/\/www.chu-tours.fr\/vieillissement\/?page_id=171"},"modified":"2024-11-05T12:16:44","modified_gmt":"2024-11-05T11:16:44","slug":"pole-vieillissement-plateforme-ambulatoire-du-vieillissement-les-equipes-mobiles-geriatriques-intra-et-extra-hospitaliere-emg","status":"publish","type":"page","link":"https:\/\/www.chu-tours.fr\/vieillissement\/pole-vieillissement-plateforme-ambulatoire-du-vieillissement-les-equipes-mobiles-geriatriques-intra-et-extra-hospitaliere-emg\/","title":{"rendered":"P\u00f4le Vieillissement &#8211; Plateforme Ambulatoire du Vieillissement &#8211; Les \u00c9quipes Mobiles G\u00e9riatriques intra et extra-hospitali\u00e8re (EMG)"},"content":{"rendered":"\t\t<div data-elementor-type=\"wp-page\" data-elementor-id=\"171\" class=\"elementor elementor-171\" data-elementor-post-type=\"page\">\n\t\t\t\t\t\t<section class=\"elementor-section elementor-top-section elementor-element elementor-element-dce284b elementor-section-boxed elementor-section-height-default elementor-section-height-default\" data-id=\"dce284b\" data-element_type=\"section\">\n\t\t\t\t\t\t<div class=\"elementor-container elementor-column-gap-default\">\n\t\t\t\t\t<div class=\"elementor-column elementor-col-100 elementor-top-column elementor-element elementor-element-fb3c47d\" data-id=\"fb3c47d\" data-element_type=\"column\">\n\t\t\t<div class=\"elementor-widget-wrap elementor-element-populated\">\n\t\t\t\t\t\t<div class=\"elementor-element elementor-element-3633242 elementor-widget elementor-widget-image\" data-id=\"3633242\" data-element_type=\"widget\" data-widget_type=\"image.default\">\n\t\t\t\t<div class=\"elementor-widget-container\">\n\t\t\t\t\t\t\t\t\t\t\t\t\t<img decoding=\"async\" width=\"300\" height=\"116\" src=\"https:\/\/www.chu-tours.fr\/vieillissement\/wp-content\/uploads\/sites\/11\/2021\/08\/logo_pavie-300x116.png\" class=\"attachment-medium size-medium wp-image-635\" alt=\"Plateforme Ambulatoire du Vieillissement\" srcset=\"https:\/\/www.chu-tours.fr\/vieillissement\/wp-content\/uploads\/sites\/11\/2021\/08\/logo_pavie-300x116.png 300w, https:\/\/www.chu-tours.fr\/vieillissement\/wp-content\/uploads\/sites\/11\/2021\/08\/logo_pavie-1024x397.png 1024w, https:\/\/www.chu-tours.fr\/vieillissement\/wp-content\/uploads\/sites\/11\/2021\/08\/logo_pavie-768x298.png 768w, https:\/\/www.chu-tours.fr\/vieillissement\/wp-content\/uploads\/sites\/11\/2021\/08\/logo_pavie.png 1052w\" sizes=\"(max-width: 300px) 100vw, 300px\" \/>\t\t\t\t\t\t\t\t\t\t\t\t\t<\/div>\n\t\t\t\t<\/div>\n\t\t\t\t\t<\/div>\n\t\t<\/div>\n\t\t\t\t\t<\/div>\n\t\t<\/section>\n\t\t\t\t<section class=\"elementor-section elementor-top-section elementor-element elementor-element-ccb435f elementor-section-boxed elementor-section-height-default elementor-section-height-default\" data-id=\"ccb435f\" data-element_type=\"section\">\n\t\t\t\t\t\t<div class=\"elementor-container elementor-column-gap-default\">\n\t\t\t\t\t<div class=\"elementor-column elementor-col-100 elementor-top-column elementor-element elementor-element-2085889\" data-id=\"2085889\" data-element_type=\"column\">\n\t\t\t<div class=\"elementor-widget-wrap elementor-element-populated\">\n\t\t\t\t\t\t<div class=\"elementor-element elementor-element-96b2486 elementor-widget elementor-widget-text-editor\" data-id=\"96b2486\" data-element_type=\"widget\" data-widget_type=\"text-editor.default\">\n\t\t\t\t<div class=\"elementor-widget-container\">\n\t\t\t\t\t\t\t<blockquote><p>Les \u00e9quipes mobiles g\u00e9riatrique intra extrahospitali\u00e8re du CHRU de Tours interviennent au domicile des patients, ainsi qu&#8217;\u00e0 la demande des services de l&#8217;h\u00f4pital, en particulier celui des urgences, dans le cadre de la prise en charge des personnes \u00e2g\u00e9es de 75 ans et plus.<\/p><p>Elle propose une expertise g\u00e9riatrique pour les patients prise en charge dans les services de sp\u00e9cialit\u00e9 et \u00e0 leur domicile. Elles insufflent \u00e9galement une dynamique de r\u00e9seau locor\u00e9gional.<\/p><\/blockquote>\t\t\t\t\t\t<\/div>\n\t\t\t\t<\/div>\n\t\t\t\t<div class=\"elementor-element elementor-element-e9c8481 elementor-widget-divider--view-line_icon elementor-view-default elementor-widget-divider--element-align-center elementor-widget elementor-widget-divider\" data-id=\"e9c8481\" data-element_type=\"widget\" data-widget_type=\"divider.default\">\n\t\t\t\t<div class=\"elementor-widget-container\">\n\t\t\t\t\t<div class=\"elementor-divider\">\n\t\t\t<span class=\"elementor-divider-separator\">\n\t\t\t\t\t\t\t<div class=\"elementor-icon elementor-divider__element\">\n\t\t\t\t\t<i aria-hidden=\"true\" class=\"fas fa-users\"><\/i><\/div>\n\t\t\t\t\t\t<\/span>\n\t\t<\/div>\n\t\t\t\t<\/div>\n\t\t\t\t<\/div>\n\t\t\t\t<section class=\"elementor-section elementor-inner-section elementor-element elementor-element-d2741b6 elementor-section-boxed elementor-section-height-default elementor-section-height-default\" data-id=\"d2741b6\" data-element_type=\"section\">\n\t\t\t\t\t\t<div class=\"elementor-container elementor-column-gap-default\">\n\t\t\t\t\t<div class=\"elementor-column elementor-col-50 elementor-inner-column elementor-element elementor-element-5a44993\" data-id=\"5a44993\" data-element_type=\"column\">\n\t\t\t<div class=\"elementor-widget-wrap elementor-element-populated\">\n\t\t\t\t\t\t<div class=\"elementor-element elementor-element-4a8fd85 elementor-button-success elementor-align-justify elementor-widget elementor-widget-button\" data-id=\"4a8fd85\" data-element_type=\"widget\" data-widget_type=\"button.default\">\n\t\t\t\t<div class=\"elementor-widget-container\">\n\t\t\t\t\t<div class=\"elementor-button-wrapper\">\n\t\t\t<a class=\"elementor-button elementor-button-link elementor-size-xl\" href=\"https:\/\/www.chu-tours.fr\/vieillissement\/equipe-mobile-geriatrique-intra-hospitaliere-emgih\/\">\n\t\t\t\t\t\t<span class=\"elementor-button-content-wrapper\">\n\t\t\t\t\t\t<span class=\"elementor-button-icon\">\n\t\t\t\t<i aria-hidden=\"true\" class=\"far fa-hand-pointer\"><\/i>\t\t\t<\/span>\n\t\t\t\t\t\t\t\t\t<span class=\"elementor-button-text\">L'\u00c9quipe Mobile G\u00e9riatrique Intra-Hospitali\u00e8re (EMGIH)<\/span>\n\t\t\t\t\t<\/span>\n\t\t\t\t\t<\/a>\n\t\t<\/div>\n\t\t\t\t<\/div>\n\t\t\t\t<\/div>\n\t\t\t\t\t<\/div>\n\t\t<\/div>\n\t\t\t\t<div class=\"elementor-column elementor-col-50 elementor-inner-column elementor-element elementor-element-cc1fdaa\" data-id=\"cc1fdaa\" data-element_type=\"column\">\n\t\t\t<div class=\"elementor-widget-wrap elementor-element-populated\">\n\t\t\t\t\t\t<div class=\"elementor-element elementor-element-29433f8 elementor-button-success elementor-align-center elementor-widget elementor-widget-button\" data-id=\"29433f8\" data-element_type=\"widget\" data-widget_type=\"button.default\">\n\t\t\t\t<div class=\"elementor-widget-container\">\n\t\t\t\t\t<div class=\"elementor-button-wrapper\">\n\t\t\t<a class=\"elementor-button elementor-button-link elementor-size-xl\" href=\"https:\/\/www.chu-tours.fr\/vieillissement\/equipe-mobile-geriatrique-extra-hospitaliere-emgeh\/\">\n\t\t\t\t\t\t<span class=\"elementor-button-content-wrapper\">\n\t\t\t\t\t\t<span class=\"elementor-button-icon\">\n\t\t\t\t<i aria-hidden=\"true\" class=\"far fa-hand-pointer\"><\/i>\t\t\t<\/span>\n\t\t\t\t\t\t\t\t\t<span class=\"elementor-button-text\">L'\u00c9quipe Mobile G\u00e9riatrique Extra-Hospitali\u00e8re (EMGEH)<\/span>\n\t\t\t\t\t<\/span>\n\t\t\t\t\t<\/a>\n\t\t<\/div>\n\t\t\t\t<\/div>\n\t\t\t\t<\/div>\n\t\t\t\t\t<\/div>\n\t\t<\/div>\n\t\t\t\t\t<\/div>\n\t\t<\/section>\n\t\t\t\t\t<\/div>\n\t\t<\/div>\n\t\t\t\t\t<\/div>\n\t\t<\/section>\n\t\t\t\t<section class=\"elementor-section elementor-top-section elementor-element elementor-element-724de8e elementor-section-boxed elementor-section-height-default elementor-section-height-default\" data-id=\"724de8e\" data-element_type=\"section\">\n\t\t\t\t\t\t<div class=\"elementor-container elementor-column-gap-default\">\n\t\t\t\t\t<div class=\"elementor-column elementor-col-100 elementor-top-column elementor-element elementor-element-72656d3\" data-id=\"72656d3\" data-element_type=\"column\">\n\t\t\t<div class=\"elementor-widget-wrap elementor-element-populated\">\n\t\t\t\t\t\t<div class=\"elementor-element elementor-element-3fb722c elementor-widget elementor-widget-heading\" data-id=\"3fb722c\" data-element_type=\"widget\" data-widget_type=\"heading.default\">\n\t\t\t\t<div class=\"elementor-widget-container\">\n\t\t\t<h2 class=\"elementor-heading-title elementor-size-default\">Les \u00c9quipes<\/h2>\t\t<\/div>\n\t\t\t\t<\/div>\n\t\t\t\t<div class=\"elementor-element elementor-element-73f18ac elementor-widget elementor-widget-text-editor\" data-id=\"73f18ac\" data-element_type=\"widget\" data-widget_type=\"text-editor.default\">\n\t\t\t\t<div class=\"elementor-widget-container\">\n\t\t\t\t\t\t\t<p><strong><u>Chef de service<\/u>\u00a0: <\/strong><\/p><ul><li>Dr Camille DEBACQ<\/li><\/ul><p><strong><u>Cadre de sant\u00e9<\/u>\u00a0:<\/strong><\/p><ul><li>Mme Magali RICLET<\/li><\/ul><p><strong><u>\u00c9quipe M\u00e9dicale<\/u>\u00a0:<\/strong><\/p>\t\t\t\t\t\t<\/div>\n\t\t\t\t<\/div>\n\t\t\t\t<section class=\"elementor-section elementor-inner-section elementor-element elementor-element-710d389 elementor-section-boxed elementor-section-height-default elementor-section-height-default\" data-id=\"710d389\" data-element_type=\"section\">\n\t\t\t\t\t\t<div class=\"elementor-container elementor-column-gap-default\">\n\t\t\t\t\t<div class=\"elementor-column elementor-col-33 elementor-inner-column elementor-element elementor-element-f96671d\" data-id=\"f96671d\" data-element_type=\"column\">\n\t\t\t<div class=\"elementor-widget-wrap elementor-element-populated\">\n\t\t\t\t\t\t<div class=\"elementor-element elementor-element-93b8a0e elementor-widget elementor-widget-text-editor\" data-id=\"93b8a0e\" data-element_type=\"widget\" data-widget_type=\"text-editor.default\">\n\t\t\t\t<div class=\"elementor-widget-container\">\n\t\t\t\t\t\t\t<ul><li><p>Dr Wassim GANA\u00a0<\/p><\/li><li><p>Dr Pierre Alexandre HAZARD<\/p><\/li><\/ul>\t\t\t\t\t\t<\/div>\n\t\t\t\t<\/div>\n\t\t\t\t\t<\/div>\n\t\t<\/div>\n\t\t\t\t<div class=\"elementor-column elementor-col-33 elementor-inner-column elementor-element elementor-element-4c2eb0e\" data-id=\"4c2eb0e\" data-element_type=\"column\">\n\t\t\t<div class=\"elementor-widget-wrap elementor-element-populated\">\n\t\t\t\t\t\t<div class=\"elementor-element elementor-element-41ba4f7 elementor-widget elementor-widget-text-editor\" data-id=\"41ba4f7\" data-element_type=\"widget\" data-widget_type=\"text-editor.default\">\n\t\t\t\t<div class=\"elementor-widget-container\">\n\t\t\t\t\t\t\t<ul><li><p>Dr Amal AIDOUD\u00a0\u00a0 \u00a0<\/p><\/li><li><p>Dr Jacques-Alexis NKODO (G\u00e9rontopsychiatre)<\/p><\/li><\/ul>\t\t\t\t\t\t<\/div>\n\t\t\t\t<\/div>\n\t\t\t\t\t<\/div>\n\t\t<\/div>\n\t\t\t\t<div class=\"elementor-column elementor-col-33 elementor-inner-column elementor-element elementor-element-2f81268\" data-id=\"2f81268\" data-element_type=\"column\">\n\t\t\t<div class=\"elementor-widget-wrap elementor-element-populated\">\n\t\t\t\t\t\t<div class=\"elementor-element elementor-element-f1e9d71 elementor-widget elementor-widget-text-editor\" data-id=\"f1e9d71\" data-element_type=\"widget\" data-widget_type=\"text-editor.default\">\n\t\t\t\t<div class=\"elementor-widget-container\">\n\t\t\t\t\t\t\t<ul><li>Dr Laura BOUT\u00a0<\/li><li><p>Dr Victoire LEROY<\/p><\/li><li>Dr Calyssa TREZY<\/li><\/ul>\t\t\t\t\t\t<\/div>\n\t\t\t\t<\/div>\n\t\t\t\t\t<\/div>\n\t\t<\/div>\n\t\t\t\t\t<\/div>\n\t\t<\/section>\n\t\t\t\t<div class=\"elementor-element elementor-element-2e84e86 elementor-widget elementor-widget-text-editor\" data-id=\"2e84e86\" data-element_type=\"widget\" data-widget_type=\"text-editor.default\">\n\t\t\t\t<div class=\"elementor-widget-container\">\n\t\t\t\t\t\t\t<p><strong><u>\u00c9quipe Param\u00e9dicale<\/u>\u00a0:<\/strong><\/p>\t\t\t\t\t\t<\/div>\n\t\t\t\t<\/div>\n\t\t\t\t<section class=\"elementor-section elementor-inner-section elementor-element elementor-element-3fe8828 elementor-section-boxed elementor-section-height-default elementor-section-height-default\" data-id=\"3fe8828\" data-element_type=\"section\">\n\t\t\t\t\t\t<div class=\"elementor-container elementor-column-gap-default\">\n\t\t\t\t\t<div class=\"elementor-column elementor-col-33 elementor-inner-column elementor-element elementor-element-869e878\" data-id=\"869e878\" data-element_type=\"column\">\n\t\t\t<div class=\"elementor-widget-wrap elementor-element-populated\">\n\t\t\t\t\t\t<div class=\"elementor-element elementor-element-55e1d20 elementor-widget elementor-widget-text-editor\" data-id=\"55e1d20\" data-element_type=\"widget\" data-widget_type=\"text-editor.default\">\n\t\t\t\t<div class=\"elementor-widget-container\">\n\t\t\t\t\t\t\t<p><strong>Neuropsychologue<\/strong> :<\/p><ul><li>Mme Kristell POTHIER (PhD)<\/li><li>Mme A\u00efta GUEYE<\/li><\/ul>\t\t\t\t\t\t<\/div>\n\t\t\t\t<\/div>\n\t\t\t\t<div class=\"elementor-element elementor-element-4743849 elementor-widget elementor-widget-text-editor\" data-id=\"4743849\" data-element_type=\"widget\" data-widget_type=\"text-editor.default\">\n\t\t\t\t<div class=\"elementor-widget-container\">\n\t\t\t\t\t\t\t<p><strong>Di\u00e9t\u00e9ticienne<\/strong> :<\/p><ul><li>Mme Laura COUTON\u00a0<\/li><\/ul>\t\t\t\t\t\t<\/div>\n\t\t\t\t<\/div>\n\t\t\t\t\t<\/div>\n\t\t<\/div>\n\t\t\t\t<div class=\"elementor-column elementor-col-33 elementor-inner-column elementor-element elementor-element-4c774b8\" data-id=\"4c774b8\" data-element_type=\"column\">\n\t\t\t<div class=\"elementor-widget-wrap elementor-element-populated\">\n\t\t\t\t\t\t<div class=\"elementor-element elementor-element-0c738f6 elementor-widget elementor-widget-text-editor\" data-id=\"0c738f6\" data-element_type=\"widget\" data-widget_type=\"text-editor.default\">\n\t\t\t\t<div class=\"elementor-widget-container\">\n\t\t\t\t\t\t\t<p><strong>Infirmi\u00e8res dipl\u00f4m\u00e9e d&#8217;\u00c9tat<\/strong> :<\/p><ul><li>Mme Vanessa MORAIS<\/li><li>Mme L\u00e9a PR\u00c9VOST<\/li><li>Mme Lisa SEGHETCHIAN SHOMALI<\/li><li>Mme Sonia LE GOUIL-GRACIEUX<\/li><li>Mme Sandra LEMONNIER<\/li><li>Mme Laurent SALGADO MARTINS<\/li><\/ul>\t\t\t\t\t\t<\/div>\n\t\t\t\t<\/div>\n\t\t\t\t\t<\/div>\n\t\t<\/div>\n\t\t\t\t<div class=\"elementor-column elementor-col-33 elementor-inner-column elementor-element elementor-element-aa87b9b\" data-id=\"aa87b9b\" data-element_type=\"column\">\n\t\t\t<div class=\"elementor-widget-wrap elementor-element-populated\">\n\t\t\t\t\t\t<div class=\"elementor-element elementor-element-d6fb870 elementor-widget elementor-widget-text-editor\" data-id=\"d6fb870\" data-element_type=\"widget\" data-widget_type=\"text-editor.default\">\n\t\t\t\t<div class=\"elementor-widget-container\">\n\t\t\t\t\t\t\t<p><strong>Ergoth\u00e9rapeute <\/strong>:<\/p><ul><li>Mme Mathilde RIVOAL<\/li><li>Mme M\u00e9lody PERETTI<\/li><\/ul>\t\t\t\t\t\t<\/div>\n\t\t\t\t<\/div>\n\t\t\t\t<div class=\"elementor-element elementor-element-3a27e0f elementor-widget elementor-widget-text-editor\" data-id=\"3a27e0f\" data-element_type=\"widget\" data-widget_type=\"text-editor.default\">\n\t\t\t\t<div class=\"elementor-widget-container\">\n\t\t\t\t\t\t\t<p><strong>Assistante sociale<\/strong>\u00a0:<\/p><ul><li>Mme Audrey GABILLET<\/li><\/ul>\t\t\t\t\t\t<\/div>\n\t\t\t\t<\/div>\n\t\t\t\t\t<\/div>\n\t\t<\/div>\n\t\t\t\t\t<\/div>\n\t\t<\/section>\n\t\t\t\t\t<\/div>\n\t\t<\/div>\n\t\t\t\t\t<\/div>\n\t\t<\/section>\n\t\t\t\t<section class=\"elementor-section elementor-top-section elementor-element elementor-element-73a3c05 elementor-section-boxed elementor-section-height-default elementor-section-height-default\" data-id=\"73a3c05\" data-element_type=\"section\">\n\t\t\t\t\t\t<div class=\"elementor-container elementor-column-gap-default\">\n\t\t\t\t\t<div class=\"elementor-column elementor-col-100 elementor-top-column elementor-element elementor-element-498af71\" data-id=\"498af71\" data-element_type=\"column\">\n\t\t\t<div class=\"elementor-widget-wrap elementor-element-populated\">\n\t\t\t\t\t\t<div class=\"elementor-element elementor-element-7cc3afd elementor-widget elementor-widget-text-editor\" data-id=\"7cc3afd\" data-element_type=\"widget\" data-widget_type=\"text-editor.default\">\n\t\t\t\t<div class=\"elementor-widget-container\">\n\t\t\t\t\t\t\t<p><span style=\"font-size: 18pt;\"><strong><u>Secr\u00e9tariat<\/u>\u00a0:<\/strong><\/span><\/p><ul><li><span style=\"font-size: 18pt;\"><i class=\"fas fa-phone\"><\/i> <span style=\"color: #ed1164;\"><strong>02.47.47.97.02<\/strong><\/span><\/span><\/li><\/ul>\t\t\t\t\t\t<\/div>\n\t\t\t\t<\/div>\n\t\t\t\t<div class=\"elementor-element elementor-element-df438de elementor-align-right elementor-widget elementor-widget-global elementor-global-2198 elementor-widget-post-info\" data-id=\"df438de\" data-element_type=\"widget\" data-widget_type=\"post-info.default\">\n\t\t\t\t<div class=\"elementor-widget-container\">\n\t\t\t\t\t<ul class=\"elementor-inline-items elementor-icon-list-items elementor-post-info\">\n\t\t\t\t\t\t\t\t<li class=\"elementor-icon-list-item elementor-repeater-item-d4ae4a4 elementor-inline-item\">\n\t\t\t\t\t\t\t\t\t\t<span class=\"elementor-icon-list-icon\">\n\t\t\t\t\t\t\t\t<i aria-hidden=\"true\" class=\"far fa-calendar-alt\"><\/i>\t\t\t\t\t\t\t<\/span>\n\t\t\t\t\t\t\t\t\t<span class=\"elementor-icon-list-text elementor-post-info__item elementor-post-info__item--type-custom\">\n\t\t\t\t\t\t\t\t\t\tMis \u00e0 jour le : 05\/11\/2024\t\t\t\t\t<\/span>\n\t\t\t\t\t\t\t\t<\/li>\n\t\t\t\t<\/ul>\n\t\t\t\t<\/div>\n\t\t\t\t<\/div>\n\t\t\t\t\t<\/div>\n\t\t<\/div>\n\t\t\t\t\t<\/div>\n\t\t<\/section>\n\t\t\t\t<\/div>\n\t\t","protected":false},"excerpt":{"rendered":"<p>Les \u00e9quipes mobiles g\u00e9riatrique intra extrahospitali\u00e8re du CHRU de Tours interviennent au domicile des patients, ainsi qu&#8217;\u00e0 la demande des services de l&#8217;h\u00f4pital, en particulier celui des urgences, dans le cadre de la prise en charge des personnes \u00e2g\u00e9es de 75 ans et plus. Elle propose une expertise g\u00e9riatrique pour les patients prise en charge [&hellip;]<\/p>\n","protected":false},"author":4,"featured_media":0,"parent":0,"menu_order":0,"comment_status":"closed","ping_status":"closed","template":"","meta":{"_seopress_robots_primary_cat":"","_seopress_titles_title":"CHRU de Tours. P\u00f4le Vieillissement - Plateforme Ambulatoire du Vieillissement. Les \u00c9quipes Mobiles G\u00e9riatriques intra et extra-hospitali\u00e8re (EMG).","_seopress_titles_desc":"Les Equipes Mobiles G\u00e9riatrique intra et extra hospitali\u00e8re du CHRU De Tours interviennent dans les services de l&#039;h\u00f4pital, en particulier les urgences, dans le cadre de la prise en charge des  personnes \u00e2g\u00e9es de plus de 75 ans fragiles, ainsi qu\u2019au domicile des patients.","_seopress_robots_index":"","_exactmetrics_skip_tracking":false,"_exactmetrics_sitenote_active":false,"_exactmetrics_sitenote_note":"","_exactmetrics_sitenote_category":0,"_genesis_hide_title":false,"_genesis_hide_breadcrumbs":false,"_genesis_hide_singular_image":false,"_genesis_hide_footer_widgets":false,"_genesis_custom_body_class":"","_genesis_custom_post_class":"","_genesis_layout":"","footnotes":""},"publishpress_future_action":{"enabled":false,"date":"2026-05-04 18:15:50","action":"change-status","newStatus":"draft","terms":[],"taxonomy":""},"_links":{"self":[{"href":"https:\/\/www.chu-tours.fr\/vieillissement\/wp-json\/wp\/v2\/pages\/171"}],"collection":[{"href":"https:\/\/www.chu-tours.fr\/vieillissement\/wp-json\/wp\/v2\/pages"}],"about":[{"href":"https:\/\/www.chu-tours.fr\/vieillissement\/wp-json\/wp\/v2\/types\/page"}],"author":[{"embeddable":true,"href":"https:\/\/www.chu-tours.fr\/vieillissement\/wp-json\/wp\/v2\/users\/4"}],"replies":[{"embeddable":true,"href":"https:\/\/www.chu-tours.fr\/vieillissement\/wp-json\/wp\/v2\/comments?post=171"}],"version-history":[{"count":20,"href":"https:\/\/www.chu-tours.fr\/vieillissement\/wp-json\/wp\/v2\/pages\/171\/revisions"}],"predecessor-version":[{"id":2221,"href":"https:\/\/www.chu-tours.fr\/vieillissement\/wp-json\/wp\/v2\/pages\/171\/revisions\/2221"}],"wp:attachment":[{"href":"https:\/\/www.chu-tours.fr\/vieillissement\/wp-json\/wp\/v2\/media?parent=171"}],"curies":[{"name":"wp","href":"https:\/\/api.w.org\/{rel}","templated":true}]}}