{"id":424,"date":"2021-09-17T16:02:26","date_gmt":"2021-09-17T14:02:26","guid":{"rendered":"https:\/\/www.chu-tours.fr\/psychiatrie-addictologie\/?page_id=424"},"modified":"2026-04-03T14:36:58","modified_gmt":"2026-04-03T12:36:58","slug":"les-actualites-du-pole-psychiatrie-addictologie","status":"publish","type":"page","link":"https:\/\/www.chu-tours.fr\/psychiatrie-addictologie\/les-actualites-du-pole-psychiatrie-addictologie\/","title":{"rendered":"Les actualit\u00e9s du p\u00f4le Psychiatrie-Addictologie"},"content":{"rendered":"\t\t<div data-elementor-type=\"wp-page\" data-elementor-id=\"424\" class=\"elementor elementor-424\" data-elementor-post-type=\"page\">\n\t\t\t\t\t\t<section class=\"elementor-section elementor-top-section elementor-element elementor-element-3b8d13d elementor-section-boxed elementor-section-height-default elementor-section-height-default\" data-id=\"3b8d13d\" data-element_type=\"section\">\n\t\t\t\t\t\t<div class=\"elementor-container elementor-column-gap-default\">\n\t\t\t\t\t<div class=\"elementor-column elementor-col-100 elementor-top-column elementor-element elementor-element-5dfe604\" data-id=\"5dfe604\" data-element_type=\"column\">\n\t\t\t<div class=\"elementor-widget-wrap elementor-element-populated\">\n\t\t\t\t\t\t<div class=\"elementor-element elementor-element-ee8bef6 elementor-view-default elementor-widget elementor-widget-icon\" data-id=\"ee8bef6\" data-element_type=\"widget\" data-widget_type=\"icon.default\">\n\t\t\t\t<div class=\"elementor-widget-container\">\n\t\t\t\t\t<div class=\"elementor-icon-wrapper\">\n\t\t\t<div class=\"elementor-icon\">\n\t\t\t<i aria-hidden=\"true\" class=\"far fa-newspaper\"><\/i>\t\t\t<\/div>\n\t\t<\/div>\n\t\t\t\t<\/div>\n\t\t\t\t<\/div>\n\t\t\t\t\t<\/div>\n\t\t<\/div>\n\t\t\t\t\t<\/div>\n\t\t<\/section>\n\t\t\t\t<section class=\"elementor-section elementor-top-section elementor-element elementor-element-8216abd elementor-section-boxed elementor-section-height-default elementor-section-height-default\" data-id=\"8216abd\" data-element_type=\"section\">\n\t\t\t\t\t\t<div class=\"elementor-container elementor-column-gap-default\">\n\t\t\t\t\t<div class=\"elementor-column elementor-col-100 elementor-top-column elementor-element elementor-element-65887d4\" data-id=\"65887d4\" data-element_type=\"column\">\n\t\t\t<div class=\"elementor-widget-wrap elementor-element-populated\">\n\t\t\t\t\t\t<div class=\"elementor-element elementor-element-c6c2d52 elementor-widget elementor-widget-heading\" data-id=\"c6c2d52\" data-element_type=\"widget\" data-widget_type=\"heading.default\">\n\t\t\t\t<div class=\"elementor-widget-container\">\n\t\t\t<h2 class=\"elementor-heading-title elementor-size-default\">Les actualit\u00e9s du p\u00f4le Psychiatrie-Addictologie du CHRU de Tours<\/h2>\t\t<\/div>\n\t\t\t\t<\/div>\n\t\t\t\t\t<\/div>\n\t\t<\/div>\n\t\t\t\t\t<\/div>\n\t\t<\/section>\n\t\t\t\t<section class=\"elementor-section elementor-top-section elementor-element elementor-element-ca5f3f9 elementor-section-boxed elementor-section-height-default elementor-section-height-default\" data-id=\"ca5f3f9\" data-element_type=\"section\">\n\t\t\t\t\t\t<div class=\"elementor-container elementor-column-gap-default\">\n\t\t\t\t\t<div class=\"elementor-column elementor-col-100 elementor-top-column elementor-element elementor-element-9ae8ac9\" data-id=\"9ae8ac9\" data-element_type=\"column\">\n\t\t\t<div class=\"elementor-widget-wrap elementor-element-populated\">\n\t\t\t\t\t\t<div class=\"elementor-element elementor-element-52536da elementor-grid-3 elementor-grid-tablet-2 elementor-grid-mobile-1 elementor-posts--thumbnail-top elementor-card-shadow-yes elementor-posts__hover-gradient elementor-invisible elementor-widget elementor-widget-posts\" data-id=\"52536da\" data-element_type=\"widget\" data-settings=\"{&quot;pagination_type&quot;:&quot;prev_next&quot;,&quot;cards_masonry&quot;:&quot;yes&quot;,&quot;_animation&quot;:&quot;fadeInDown&quot;,&quot;cards_columns&quot;:&quot;3&quot;,&quot;cards_columns_tablet&quot;:&quot;2&quot;,&quot;cards_columns_mobile&quot;:&quot;1&quot;,&quot;cards_row_gap&quot;:{&quot;unit&quot;:&quot;px&quot;,&quot;size&quot;:35,&quot;sizes&quot;:[]},&quot;cards_row_gap_tablet&quot;:{&quot;unit&quot;:&quot;px&quot;,&quot;size&quot;:&quot;&quot;,&quot;sizes&quot;:[]},&quot;cards_row_gap_mobile&quot;:{&quot;unit&quot;:&quot;px&quot;,&quot;size&quot;:&quot;&quot;,&quot;sizes&quot;:[]}}\" data-widget_type=\"posts.cards\">\n\t\t\t\t<div class=\"elementor-widget-container\">\n\t\t\t\t\t<div class=\"elementor-posts-container elementor-posts elementor-posts--skin-cards elementor-grid\">\n\t\t\t\t<article class=\"elementor-post elementor-grid-item post-1550 page type-page status-publish has-post-thumbnail entry\">\n\t\t\t<div class=\"elementor-post__card\">\n\t\t\t\t<a class=\"elementor-post__thumbnail__link\" href=\"https:\/\/www.chu-tours.fr\/psychiatrie-addictologie\/hopital-psychiatrique-constance-pascal-un-nouveau-cadre-pour-mieux-prendre-en-charge-les-publics-specifiques-2\/\" tabindex=\"-1\" ><div class=\"elementor-post__thumbnail\"><img decoding=\"async\" width=\"300\" height=\"165\" src=\"https:\/\/www.chu-tours.fr\/psychiatrie-addictologie\/wp-content\/uploads\/sites\/9\/2026\/04\/Actu-internet_NHP5_510x281-300x165.png\" class=\"attachment-medium size-medium wp-image-1553\" alt=\"Zoom sur les adultes souffrant de troubles autistiques\" srcset=\"https:\/\/www.chu-tours.fr\/psychiatrie-addictologie\/wp-content\/uploads\/sites\/9\/2026\/04\/Actu-internet_NHP5_510x281-300x165.png 300w, https:\/\/www.chu-tours.fr\/psychiatrie-addictologie\/wp-content\/uploads\/sites\/9\/2026\/04\/Actu-internet_NHP5_510x281-490x270.png 490w, https:\/\/www.chu-tours.fr\/psychiatrie-addictologie\/wp-content\/uploads\/sites\/9\/2026\/04\/Actu-internet_NHP5_510x281.png 510w\" sizes=\"(max-width: 300px) 100vw, 300px\" \/><\/div><\/a>\n\t\t\t\t<div class=\"elementor-post__text\">\n\t\t\t\t<h3 class=\"elementor-post__title\">\n\t\t\t<a href=\"https:\/\/www.chu-tours.fr\/psychiatrie-addictologie\/hopital-psychiatrique-constance-pascal-un-nouveau-cadre-pour-mieux-prendre-en-charge-les-publics-specifiques-2\/\" >\n\t\t\t\tH\u00f4pital psychiatrique Constance Pascal : un nouveau cadre pour mieux prendre en charge les publics sp\u00e9cifiques\t\t\t<\/a>\n\t\t<\/h3>\n\t\t\t\t<div class=\"elementor-post__excerpt\">\n\t\t\t<p>&gt;\u00a0Zoom sur les adultes souffrant de troubles autistiques Le b\u00e2timent Constance Pascal, dans lequel patients et professionnels ont emm\u00e9nag\u00e9 en<\/p>\n\t\t<\/div>\n\t\t\n\t\t<a class=\"elementor-post__read-more\" href=\"https:\/\/www.chu-tours.fr\/psychiatrie-addictologie\/hopital-psychiatrique-constance-pascal-un-nouveau-cadre-pour-mieux-prendre-en-charge-les-publics-specifiques-2\/\" aria-label=\"En savoir plus sur H\u00f4pital psychiatrique Constance Pascal : un nouveau cadre pour mieux prendre en charge les publics sp\u00e9cifiques\" tabindex=\"-1\" >\n\t\t\tLire la suite \u00bb\t\t<\/a>\n\n\t\t\t\t<\/div>\n\t\t\t\t<div class=\"elementor-post__meta-data\">\n\t\t\t\t\t<span class=\"elementor-post-date\">\n\t\t\t3 avril 2026\t\t<\/span>\n\t\t\t\t<\/div>\n\t\t\t\t\t<\/div>\n\t\t<\/article>\n\t\t\t\t<article class=\"elementor-post elementor-grid-item post-1532 page type-page status-publish has-post-thumbnail entry\">\n\t\t\t<div class=\"elementor-post__card\">\n\t\t\t\t<a class=\"elementor-post__thumbnail__link\" href=\"https:\/\/www.chu-tours.fr\/psychiatrie-addictologie\/hopital-psychiatrique-constance-pascal-un-nouveau-cadre-pour-mieux-prendre-en-charge-les-publics-specifiques\/\" tabindex=\"-1\" ><div class=\"elementor-post__thumbnail\"><img decoding=\"async\" width=\"300\" height=\"165\" src=\"https:\/\/www.chu-tours.fr\/psychiatrie-addictologie\/wp-content\/uploads\/sites\/9\/2026\/03\/Actu-internet_NHP4_Xavier_Angibault_510x281-300x165.png\" class=\"attachment-medium size-medium wp-image-1535\" alt=\"H\u00f4pital psychiatrique Constance Pascal : un nouveau cadre pour mieux prendre en charge les publics sp\u00e9cifiques\" srcset=\"https:\/\/www.chu-tours.fr\/psychiatrie-addictologie\/wp-content\/uploads\/sites\/9\/2026\/03\/Actu-internet_NHP4_Xavier_Angibault_510x281-300x165.png 300w, https:\/\/www.chu-tours.fr\/psychiatrie-addictologie\/wp-content\/uploads\/sites\/9\/2026\/03\/Actu-internet_NHP4_Xavier_Angibault_510x281-490x270.png 490w, https:\/\/www.chu-tours.fr\/psychiatrie-addictologie\/wp-content\/uploads\/sites\/9\/2026\/03\/Actu-internet_NHP4_Xavier_Angibault_510x281.png 510w\" sizes=\"(max-width: 300px) 100vw, 300px\" \/><\/div><\/a>\n\t\t\t\t<div class=\"elementor-post__text\">\n\t\t\t\t<h3 class=\"elementor-post__title\">\n\t\t\t<a href=\"https:\/\/www.chu-tours.fr\/psychiatrie-addictologie\/hopital-psychiatrique-constance-pascal-un-nouveau-cadre-pour-mieux-prendre-en-charge-les-publics-specifiques\/\" >\n\t\t\t\tH\u00f4pital psychiatrique Constance Pascal : un nouveau cadre pour mieux prendre en charge les publics sp\u00e9cifiques\t\t\t<\/a>\n\t\t<\/h3>\n\t\t\t\t<div class=\"elementor-post__excerpt\">\n\t\t\t<p>Le b\u00e2timent Constance Pascal, dont patients et professionnels viennent tout juste de prendre possession, regroupe d\u00e9sormais l\u2019ensemble des 170 lits<\/p>\n\t\t<\/div>\n\t\t\n\t\t<a class=\"elementor-post__read-more\" href=\"https:\/\/www.chu-tours.fr\/psychiatrie-addictologie\/hopital-psychiatrique-constance-pascal-un-nouveau-cadre-pour-mieux-prendre-en-charge-les-publics-specifiques\/\" aria-label=\"En savoir plus sur H\u00f4pital psychiatrique Constance Pascal : un nouveau cadre pour mieux prendre en charge les publics sp\u00e9cifiques\" tabindex=\"-1\" >\n\t\t\tLire la suite \u00bb\t\t<\/a>\n\n\t\t\t\t<\/div>\n\t\t\t\t<div class=\"elementor-post__meta-data\">\n\t\t\t\t\t<span class=\"elementor-post-date\">\n\t\t\t6 mars 2026\t\t<\/span>\n\t\t\t\t<\/div>\n\t\t\t\t\t<\/div>\n\t\t<\/article>\n\t\t\t\t<article class=\"elementor-post elementor-grid-item post-1519 page type-page status-publish has-post-thumbnail entry\">\n\t\t\t<div class=\"elementor-post__card\">\n\t\t\t\t<a class=\"elementor-post__thumbnail__link\" href=\"https:\/\/www.chu-tours.fr\/psychiatrie-addictologie\/batiment-constance-pascal-les-demenagements-sont-termines\/\" tabindex=\"-1\" ><div class=\"elementor-post__thumbnail\"><img decoding=\"async\" width=\"300\" height=\"165\" src=\"https:\/\/www.chu-tours.fr\/psychiatrie-addictologie\/wp-content\/uploads\/sites\/9\/2026\/02\/Inauguration-Trousseau-BCP1_510x281-300x165.png\" class=\"attachment-medium size-medium wp-image-1524\" alt=\"B\u00e2timent Constance Pascal\" srcset=\"https:\/\/www.chu-tours.fr\/psychiatrie-addictologie\/wp-content\/uploads\/sites\/9\/2026\/02\/Inauguration-Trousseau-BCP1_510x281-300x165.png 300w, https:\/\/www.chu-tours.fr\/psychiatrie-addictologie\/wp-content\/uploads\/sites\/9\/2026\/02\/Inauguration-Trousseau-BCP1_510x281-490x270.png 490w, https:\/\/www.chu-tours.fr\/psychiatrie-addictologie\/wp-content\/uploads\/sites\/9\/2026\/02\/Inauguration-Trousseau-BCP1_510x281.png 510w\" sizes=\"(max-width: 300px) 100vw, 300px\" \/><\/div><\/a>\n\t\t\t\t<div class=\"elementor-post__text\">\n\t\t\t\t<h3 class=\"elementor-post__title\">\n\t\t\t<a href=\"https:\/\/www.chu-tours.fr\/psychiatrie-addictologie\/batiment-constance-pascal-les-demenagements-sont-termines\/\" >\n\t\t\t\tB\u00e2timent Constance Pascal :  les d\u00e9m\u00e9nagements sont termin\u00e9s\t\t\t<\/a>\n\t\t<\/h3>\n\t\t\t\t<div class=\"elementor-post__excerpt\">\n\t\t\t<p>Comme initialement programm\u00e9, l\u2019emm\u00e9nagement des unit\u00e9s d\u2019hospitalisation et des secteurs tertiaires dans le b\u00e2timent Constance Pascal s\u2019est d\u00e9roul\u00e9 durant 3<\/p>\n\t\t<\/div>\n\t\t\n\t\t<a class=\"elementor-post__read-more\" href=\"https:\/\/www.chu-tours.fr\/psychiatrie-addictologie\/batiment-constance-pascal-les-demenagements-sont-termines\/\" aria-label=\"En savoir plus sur B\u00e2timent Constance Pascal :  les d\u00e9m\u00e9nagements sont termin\u00e9s\" tabindex=\"-1\" >\n\t\t\tLire la suite \u00bb\t\t<\/a>\n\n\t\t\t\t<\/div>\n\t\t\t\t<div class=\"elementor-post__meta-data\">\n\t\t\t\t\t<span class=\"elementor-post-date\">\n\t\t\t27 f\u00e9vrier 2026\t\t<\/span>\n\t\t\t\t<\/div>\n\t\t\t\t\t<\/div>\n\t\t<\/article>\n\t\t\t\t<article class=\"elementor-post elementor-grid-item post-1507 page type-page status-publish has-post-thumbnail entry\">\n\t\t\t<div class=\"elementor-post__card\">\n\t\t\t\t<a class=\"elementor-post__thumbnail__link\" href=\"https:\/\/www.chu-tours.fr\/psychiatrie-addictologie\/le-batiment-constance-pascal-premier-hopital-en-france-certifie-batiment-bas-carbone-niveau-excellent-en-terme-dexigence-environnementale\/\" tabindex=\"-1\" ><div class=\"elementor-post__thumbnail\"><img loading=\"lazy\" decoding=\"async\" width=\"300\" height=\"165\" src=\"https:\/\/www.chu-tours.fr\/psychiatrie-addictologie\/wp-content\/uploads\/sites\/9\/2026\/01\/Actu-internet_510x281_NHP__3_Ivy-Mouchel_2026-300x165.png\" class=\"attachment-medium size-medium wp-image-1514\" alt=\"Le b\u00e2timent Constance Pascal : premier h\u00f4pital en France certifi\u00e9 \u00ab b\u00e2timent bas carbone- niveau Excellent \u00bb en terme d\u2019exigence environnementale\" srcset=\"https:\/\/www.chu-tours.fr\/psychiatrie-addictologie\/wp-content\/uploads\/sites\/9\/2026\/01\/Actu-internet_510x281_NHP__3_Ivy-Mouchel_2026-300x165.png 300w, https:\/\/www.chu-tours.fr\/psychiatrie-addictologie\/wp-content\/uploads\/sites\/9\/2026\/01\/Actu-internet_510x281_NHP__3_Ivy-Mouchel_2026-490x270.png 490w, https:\/\/www.chu-tours.fr\/psychiatrie-addictologie\/wp-content\/uploads\/sites\/9\/2026\/01\/Actu-internet_510x281_NHP__3_Ivy-Mouchel_2026.png 510w\" sizes=\"(max-width: 300px) 100vw, 300px\" \/><\/div><\/a>\n\t\t\t\t<div class=\"elementor-post__text\">\n\t\t\t\t<h3 class=\"elementor-post__title\">\n\t\t\t<a href=\"https:\/\/www.chu-tours.fr\/psychiatrie-addictologie\/le-batiment-constance-pascal-premier-hopital-en-france-certifie-batiment-bas-carbone-niveau-excellent-en-terme-dexigence-environnementale\/\" >\n\t\t\t\tLe b\u00e2timent Constance Pascal : premier h\u00f4pital en France certifi\u00e9 \u00ab b\u00e2timent bas carbone- niveau Excellent \u00bb en terme d\u2019exigence environnementale\t\t\t<\/a>\n\t\t<\/h3>\n\t\t\t\t<div class=\"elementor-post__excerpt\">\n\t\t\t<p>Apr\u00e8s avoir pr\u00e9sent\u00e9 le projet m\u00e9dico-soignant avec le Professeur Vincent Camus, mis en lumi\u00e8re une organisation des soins repens\u00e9e avec<\/p>\n\t\t<\/div>\n\t\t\n\t\t<a class=\"elementor-post__read-more\" href=\"https:\/\/www.chu-tours.fr\/psychiatrie-addictologie\/le-batiment-constance-pascal-premier-hopital-en-france-certifie-batiment-bas-carbone-niveau-excellent-en-terme-dexigence-environnementale\/\" aria-label=\"En savoir plus sur Le b\u00e2timent Constance Pascal : premier h\u00f4pital en France certifi\u00e9 \u00ab b\u00e2timent bas carbone- niveau Excellent \u00bb en terme d\u2019exigence environnementale\" tabindex=\"-1\" >\n\t\t\tLire la suite \u00bb\t\t<\/a>\n\n\t\t\t\t<\/div>\n\t\t\t\t<div class=\"elementor-post__meta-data\">\n\t\t\t\t\t<span class=\"elementor-post-date\">\n\t\t\t19 janvier 2026\t\t<\/span>\n\t\t\t\t<\/div>\n\t\t\t\t\t<\/div>\n\t\t<\/article>\n\t\t\t\t<article class=\"elementor-post elementor-grid-item post-1471 page type-page status-publish has-post-thumbnail entry\">\n\t\t\t<div class=\"elementor-post__card\">\n\t\t\t\t<a class=\"elementor-post__thumbnail__link\" href=\"https:\/\/www.chu-tours.fr\/psychiatrie-addictologie\/inaugure-le-12-decembre-le-nhp-devient-lhopital-psychiatrique-constance-pascal\/\" tabindex=\"-1\" ><div class=\"elementor-post__thumbnail\"><img loading=\"lazy\" decoding=\"async\" width=\"300\" height=\"165\" src=\"https:\/\/www.chu-tours.fr\/psychiatrie-addictologie\/wp-content\/uploads\/sites\/9\/2025\/12\/visuel-NHP_510x281_v2-300x165.jpg\" class=\"attachment-medium size-medium wp-image-1470\" alt=\"INAUGURATION de l\u2019h\u00f4pital psychiatrique Constance Pascal - CHRU de Tours - 12 d\u00e9cembre 2025\" srcset=\"https:\/\/www.chu-tours.fr\/psychiatrie-addictologie\/wp-content\/uploads\/sites\/9\/2025\/12\/visuel-NHP_510x281_v2-300x165.jpg 300w, https:\/\/www.chu-tours.fr\/psychiatrie-addictologie\/wp-content\/uploads\/sites\/9\/2025\/12\/visuel-NHP_510x281_v2-490x270.jpg 490w, https:\/\/www.chu-tours.fr\/psychiatrie-addictologie\/wp-content\/uploads\/sites\/9\/2025\/12\/visuel-NHP_510x281_v2.jpg 510w\" sizes=\"(max-width: 300px) 100vw, 300px\" \/><\/div><\/a>\n\t\t\t\t<div class=\"elementor-post__text\">\n\t\t\t\t<h3 class=\"elementor-post__title\">\n\t\t\t<a href=\"https:\/\/www.chu-tours.fr\/psychiatrie-addictologie\/inaugure-le-12-decembre-le-nhp-devient-lhopital-psychiatrique-constance-pascal\/\" >\n\t\t\t\tInaugur\u00e9 le 12 d\u00e9cembre, le NHP devient l\u2019H\u00f4pital Psychiatrique Constance Pascal\t\t\t<\/a>\n\t\t<\/h3>\n\t\t\t\t<div class=\"elementor-post__excerpt\">\n\t\t\t\t\t<\/div>\n\t\t\n\t\t<a class=\"elementor-post__read-more\" href=\"https:\/\/www.chu-tours.fr\/psychiatrie-addictologie\/inaugure-le-12-decembre-le-nhp-devient-lhopital-psychiatrique-constance-pascal\/\" aria-label=\"En savoir plus sur Inaugur\u00e9 le 12 d\u00e9cembre, le NHP devient l\u2019H\u00f4pital Psychiatrique Constance Pascal\" tabindex=\"-1\" >\n\t\t\tLire la suite \u00bb\t\t<\/a>\n\n\t\t\t\t<\/div>\n\t\t\t\t<div class=\"elementor-post__meta-data\">\n\t\t\t\t\t<span class=\"elementor-post-date\">\n\t\t\t19 d\u00e9cembre 2025\t\t<\/span>\n\t\t\t\t<\/div>\n\t\t\t\t\t<\/div>\n\t\t<\/article>\n\t\t\t\t<article class=\"elementor-post elementor-grid-item post-1459 page type-page status-publish has-post-thumbnail entry\">\n\t\t\t<div class=\"elementor-post__card\">\n\t\t\t\t<a class=\"elementor-post__thumbnail__link\" href=\"https:\/\/www.chu-tours.fr\/psychiatrie-addictologie\/18-decembre-un-jeudi-de-la-sante-consacre-a-la-sante-mentale-des-adolescents\/\" tabindex=\"-1\" ><div class=\"elementor-post__thumbnail\"><img loading=\"lazy\" decoding=\"async\" width=\"300\" height=\"165\" src=\"https:\/\/www.chu-tours.fr\/psychiatrie-addictologie\/wp-content\/uploads\/sites\/9\/2025\/12\/logo-sante-mentale_510x281-300x165.jpg\" class=\"attachment-medium size-medium wp-image-1456\" alt=\"parlons sant\u00e9 mentale\" srcset=\"https:\/\/www.chu-tours.fr\/psychiatrie-addictologie\/wp-content\/uploads\/sites\/9\/2025\/12\/logo-sante-mentale_510x281-300x165.jpg 300w, https:\/\/www.chu-tours.fr\/psychiatrie-addictologie\/wp-content\/uploads\/sites\/9\/2025\/12\/logo-sante-mentale_510x281-490x270.jpg 490w, https:\/\/www.chu-tours.fr\/psychiatrie-addictologie\/wp-content\/uploads\/sites\/9\/2025\/12\/logo-sante-mentale_510x281.jpg 510w\" sizes=\"(max-width: 300px) 100vw, 300px\" \/><\/div><\/a>\n\t\t\t\t<div class=\"elementor-post__text\">\n\t\t\t\t<h3 class=\"elementor-post__title\">\n\t\t\t<a href=\"https:\/\/www.chu-tours.fr\/psychiatrie-addictologie\/18-decembre-un-jeudi-de-la-sante-consacre-a-la-sante-mentale-des-adolescents\/\" >\n\t\t\t\t18 d\u00e9cembre, un Jeudi de la sant\u00e9 consacr\u00e9 \u00e0 la sant\u00e9 mentale des adolescents\t\t\t<\/a>\n\t\t<\/h3>\n\t\t\t\t<div class=\"elementor-post__excerpt\">\n\t\t\t<p>Ce jeudi de la sant\u00e9 est labellis\u00e9Grande cause nationale 2025\u00ab Parlons sant\u00e9 mentale ! \u00bb L\u2019adolescence est une p\u00e9riode de<\/p>\n\t\t<\/div>\n\t\t\n\t\t<a class=\"elementor-post__read-more\" href=\"https:\/\/www.chu-tours.fr\/psychiatrie-addictologie\/18-decembre-un-jeudi-de-la-sante-consacre-a-la-sante-mentale-des-adolescents\/\" aria-label=\"En savoir plus sur 18 d\u00e9cembre, un Jeudi de la sant\u00e9 consacr\u00e9 \u00e0 la sant\u00e9 mentale des adolescents\" tabindex=\"-1\" >\n\t\t\tLire la suite \u00bb\t\t<\/a>\n\n\t\t\t\t<\/div>\n\t\t\t\t<div class=\"elementor-post__meta-data\">\n\t\t\t\t\t<span class=\"elementor-post-date\">\n\t\t\t12 d\u00e9cembre 2025\t\t<\/span>\n\t\t\t\t<\/div>\n\t\t\t\t\t<\/div>\n\t\t<\/article>\n\t\t\t\t<\/div>\n\t\t\n\t\t\t\t<div class=\"e-load-more-anchor\" data-page=\"1\" data-max-page=\"10\" data-next-page=\"https:\/\/www.chu-tours.fr\/psychiatrie-addictologie\/wp-json\/wp\/v2\/pages\/424\/page\/2\/\"><\/div>\n\t\t\t\t<nav class=\"elementor-pagination\" aria-label=\"Pagination\">\n\t\t\t<span class=\"page-numbers prev\">&laquo; Pr\u00e9c\u00e9dent<\/span>\n<a class=\"page-numbers next\" href=\"https:\/\/www.chu-tours.fr\/psychiatrie-addictologie\/wp-json\/wp\/v2\/pages\/424\/page\/2\/\">Suivant &raquo;<\/a>\t\t<\/nav>\n\t\t\t\t<\/div>\n\t\t\t\t<\/div>\n\t\t\t\t\t<\/div>\n\t\t<\/div>\n\t\t\t\t\t<\/div>\n\t\t<\/section>\n\t\t\t\t<\/div>\n\t\t","protected":false},"excerpt":{"rendered":"<p>Les actualit\u00e9s du p\u00f4le Psychiatrie-Addictologie du CHRU de Tours<\/p>\n","protected":false},"author":4,"featured_media":0,"parent":0,"menu_order":0,"comment_status":"closed","ping_status":"closed","template":"","meta":{"_seopress_robots_primary_cat":"","_seopress_titles_title":"Les actualit\u00e9s du p\u00f4le Psychiatrie-Addictologie","_seopress_titles_desc":"Les actualit\u00e9s du p\u00f4le Psychiatrie-Addictologie du CHRU de Tours.","_seopress_robots_index":"","_exactmetrics_skip_tracking":false,"_exactmetrics_sitenote_active":false,"_exactmetrics_sitenote_note":"","_exactmetrics_sitenote_category":0,"_genesis_hide_title":false,"_genesis_hide_breadcrumbs":false,"_genesis_hide_singular_image":false,"_genesis_hide_footer_widgets":false,"_genesis_custom_body_class":"","_genesis_custom_post_class":"","_genesis_layout":"","footnotes":""},"publishpress_future_action":{"enabled":false,"date":"2026-05-07 15:13:52","action":"change-status","newStatus":"draft","terms":[],"taxonomy":""},"_links":{"self":[{"href":"https:\/\/www.chu-tours.fr\/psychiatrie-addictologie\/wp-json\/wp\/v2\/pages\/424"}],"collection":[{"href":"https:\/\/www.chu-tours.fr\/psychiatrie-addictologie\/wp-json\/wp\/v2\/pages"}],"about":[{"href":"https:\/\/www.chu-tours.fr\/psychiatrie-addictologie\/wp-json\/wp\/v2\/types\/page"}],"author":[{"embeddable":true,"href":"https:\/\/www.chu-tours.fr\/psychiatrie-addictologie\/wp-json\/wp\/v2\/users\/4"}],"replies":[{"embeddable":true,"href":"https:\/\/www.chu-tours.fr\/psychiatrie-addictologie\/wp-json\/wp\/v2\/comments?post=424"}],"version-history":[{"count":20,"href":"https:\/\/www.chu-tours.fr\/psychiatrie-addictologie\/wp-json\/wp\/v2\/pages\/424\/revisions"}],"predecessor-version":[{"id":1560,"href":"https:\/\/www.chu-tours.fr\/psychiatrie-addictologie\/wp-json\/wp\/v2\/pages\/424\/revisions\/1560"}],"wp:attachment":[{"href":"https:\/\/www.chu-tours.fr\/psychiatrie-addictologie\/wp-json\/wp\/v2\/media?parent=424"}],"curies":[{"name":"wp","href":"https:\/\/api.w.org\/{rel}","templated":true}]}}