{"id":756,"date":"2023-05-31T10:45:11","date_gmt":"2023-05-31T08:45:11","guid":{"rendered":"https:\/\/www.chu-tours.fr\/pemr-cvl\/?page_id=756"},"modified":"2023-07-11T15:56:59","modified_gmt":"2023-07-11T13:56:59","slug":"diagnostic","status":"publish","type":"page","link":"https:\/\/www.chu-tours.fr\/pemr-cvl\/diagnostic\/","title":{"rendered":"Diagnostic"},"content":{"rendered":"\t\t<div data-elementor-type=\"wp-page\" data-elementor-id=\"756\" class=\"elementor elementor-756\" data-elementor-post-type=\"page\">\n\t\t\t\t\t\t<section class=\"elementor-section elementor-top-section elementor-element elementor-element-6bfa0b8c elementor-section-boxed elementor-section-height-default elementor-section-height-default\" data-id=\"6bfa0b8c\" data-element_type=\"section\">\n\t\t\t\t\t\t<div class=\"elementor-container elementor-column-gap-default\">\n\t\t\t\t\t<div class=\"elementor-column elementor-col-100 elementor-top-column elementor-element elementor-element-3c213175\" data-id=\"3c213175\" data-element_type=\"column\">\n\t\t\t<div class=\"elementor-widget-wrap elementor-element-populated\">\n\t\t\t\t\t\t<div class=\"elementor-element elementor-element-2708ec89 elementor-widget elementor-widget-text-editor\" data-id=\"2708ec89\" data-element_type=\"widget\" data-widget_type=\"text-editor.default\">\n\t\t\t\t<div class=\"elementor-widget-container\">\n\t\t\t<style>\/*! elementor - v3.23.0 - 15-07-2024 *\/\n.elementor-widget-text-editor.elementor-drop-cap-view-stacked .elementor-drop-cap{background-color:#69727d;color:#fff}.elementor-widget-text-editor.elementor-drop-cap-view-framed .elementor-drop-cap{color:#69727d;border:3px solid;background-color:transparent}.elementor-widget-text-editor:not(.elementor-drop-cap-view-default) .elementor-drop-cap{margin-top:8px}.elementor-widget-text-editor:not(.elementor-drop-cap-view-default) .elementor-drop-cap-letter{width:1em;height:1em}.elementor-widget-text-editor .elementor-drop-cap{float:left;text-align:center;line-height:1;font-size:50px}.elementor-widget-text-editor .elementor-drop-cap-letter{display:inline-block}<\/style>\t\t\t\t<blockquote><p>Aujourd\u2019hui encore, le d\u00e9lai moyen de diagnostic d\u2019une maladie rare est de quatre ans et d\u00e9passe cinq ans pour plus d\u2019un quart des patients.<\/p><p>\u00c9viter cette errance diagnostique et r\u00e9duire l\u2019impasse diagnostique est une des priorit\u00e9s du 3\u00e8me plan maladies rares.<\/p><p>La PEMR-CVL en cr\u00e9ant du lien entre les diff\u00e9rentes structures et personnes ressources, en orientant les patients, en diffusant des informations et en organisant des actions de formation pour mieux faire conna\u00eetre les maladies rares, participe \u00e0 cet effort.<\/p><\/blockquote><p>\u00a0<\/p>\t\t\t\t\t\t<\/div>\n\t\t\t\t<\/div>\n\t\t\t\t<div class=\"elementor-element elementor-element-3e76f2b elementor-alert-info elementor-widget elementor-widget-alert\" data-id=\"3e76f2b\" data-element_type=\"widget\" data-widget_type=\"alert.default\">\n\t\t\t\t<div class=\"elementor-widget-container\">\n\t\t\t<style>\/*! elementor - v3.23.0 - 15-07-2024 *\/\n.elementor-alert{padding:15px;border-left:5px solid transparent;position:relative;text-align:start}.elementor-alert .elementor-alert-title{display:block;font-weight:700}.elementor-alert .elementor-alert-description{font-size:13px}.elementor-alert button.elementor-alert-dismiss{position:absolute;right:var(--dismiss-icon-horizontal-position,10px);top:var(--dismiss-icon-vertical-position,10px);padding:3px;font-size:var(--dismiss-icon-size,20px);line-height:1;background:transparent;color:var(--dismiss-icon-normal-color,inherit);border:none;cursor:pointer;transition-duration:var(--dismiss-icon-hover-transition-duration,.3s)}.elementor-alert button.elementor-alert-dismiss:hover{color:var(--dismiss-icon-hover-color,inherit)}.elementor-alert button.elementor-alert-dismiss svg{width:var(--dismiss-icon-size,20px);height:var(--dismiss-icon-size,20px);fill:var(--dismiss-icon-normal-color,currentColor);transition-duration:var(--dismiss-icon-hover-transition-duration,.3s)}.elementor-alert button.elementor-alert-dismiss svg:hover{fill:var(--dismiss-icon-hover-color,currentColor)}.elementor-alert-info .elementor-alert{color:#31708f;background-color:#d9edf7;border-color:#bcdff1}.elementor-alert-success .elementor-alert{color:#3c763d;background-color:#dff0d8;border-color:#cae6be}.elementor-alert-warning .elementor-alert{color:#8a6d3b;background-color:#fcf8e3;border-color:#f9f0c3}.elementor-alert-danger .elementor-alert{color:#a94442;background-color:#f2dede;border-color:#e8c4c4}@media (max-width:767px){.elementor-alert{padding:10px}.elementor-alert button.elementor-alert-dismiss{right:7px;top:7px}}<\/style>\t\t<div class=\"elementor-alert\" role=\"alert\">\n\n\t\t\t\t\t\t<span class=\"elementor-alert-title\">D\u00e9finitions<\/span>\n\t\t\t\n\t\t\t\t\t\t<span class=\"elementor-alert-description\"><strong>L\u2019errance diagnostique<\/strong> est la p\u00e9riode allant de l\u2019apparition des premiers sympt\u00f4mes \u00e0 la date \u00e0 laquelle un diagnostic pr\u00e9cis est pos\u00e9.<br \/>\n\n<strong>L\u2019impasse diagnostique<\/strong> r\u00e9sulte, elle, de l\u2019\u00e9chec \u00e0 d\u00e9finir la cause pr\u00e9cise de la maladie apr\u00e8s avoir mis en \u0153uvre l\u2019ensemble des investigations disponibles. Cette situation rend la prise en charge plus difficile et le caract\u00e8re ind\u00e9fini de la maladie est une source de souffrances suppl\u00e9mentaires. L\u2019impasse diagnostique concerne les formes atypiques de maladies connues ou des maladies dont la cause g\u00e9n\u00e9tique n\u2019a pas encore \u00e9t\u00e9 identifi\u00e9e.<\/span>\n\t\t\t\n\t\t\t\t\t\t<button type=\"button\" class=\"elementor-alert-dismiss\">\n\t\t\t\t\t\t\t\t\t<span aria-hidden=\"true\">&times;<\/span>\n\t\t\t\t\t\t\t\t<span class=\"elementor-screen-only\">Ignorer cette alerte.<\/span>\n\t\t\t<\/button>\n\t\t\t\n\t\t<\/div>\n\t\t\t\t<\/div>\n\t\t\t\t<\/div>\n\t\t\t\t\t<\/div>\n\t\t<\/div>\n\t\t\t\t\t<\/div>\n\t\t<\/section>\n\t\t\t\t<section class=\"elementor-section elementor-top-section elementor-element elementor-element-d623842 elementor-section-boxed elementor-section-height-default elementor-section-height-default\" data-id=\"d623842\" data-element_type=\"section\">\n\t\t\t\t\t\t<div class=\"elementor-container elementor-column-gap-default\">\n\t\t\t\t\t<div class=\"elementor-column elementor-col-100 elementor-top-column elementor-element elementor-element-c486066\" data-id=\"c486066\" data-element_type=\"column\">\n\t\t\t<div class=\"elementor-widget-wrap elementor-element-populated\">\n\t\t\t\t\t\t<div class=\"elementor-element elementor-element-8420804 elementor-widget elementor-widget-text-editor\" data-id=\"8420804\" data-element_type=\"widget\" data-widget_type=\"text-editor.default\">\n\t\t\t\t<div class=\"elementor-widget-container\">\n\t\t\t\t\t\t\t<h2>Lutter contre l\u2019errance diagnostique<\/h2><p>Pour sensibiliser les m\u00e9decins g\u00e9n\u00e9ralistes, les Fili\u00e8res de Sant\u00e9 Maladies Rares, en partenariat avec le Coll\u00e8ge de M\u00e9decine G\u00e9n\u00e9rale, ont produit un guide pratique pour faciliter le rep\u00e9rage et l\u2019orientation des patients porteurs de maladies rares : Guide d\u2019orientation et de prise en charge.<\/p><p>A l\u2019initiative d\u2019experts de la fili\u00e8re FAI2R, les fili\u00e8res de sant\u00e9 maladies rares, en collaboration avec le Coll\u00e8ge National des G\u00e9n\u00e9ralistes Enseignants (CNGE) et la Soci\u00e9t\u00e9 Fran\u00e7aise de P\u00e9diatrie (SFP), ont cr\u00e9\u00e9 un outil interactif d\u2019aide au diagnostic : <a href=\"https:\/\/clesdudiagnostic.fr\/\" target=\"_blank\" rel=\"noopener\">Les Cl\u00e9s du Diagnostic<\/a>.<\/p><h2><a href=\"https:\/\/pfmg2025.aviesan.fr\/\" target=\"_blank\" rel=\"noopener\">Plan France M\u00e9decine G\u00e9nomique 2025<\/a><\/h2><p>Ce plan vise \u00e0 faire \u00e9voluer la fa\u00e7on de diagnostiquer les maladies g\u00e9n\u00e9tiques qui repr\u00e9sentent 80% des maladies rares, en int\u00e9grant le s\u00e9quen\u00e7age g\u00e9nomique \u00e0 tr\u00e8s haut d\u00e9bit dans le parcours de soin du patient. Le s\u00e9quen\u00e7age en routine du g\u00e9nome va permettre en effet une prise en charge diagnostique et th\u00e9rapeutique plus personnalis\u00e9e. Le plan a pour objectif de garantir aux personnes atteintes notamment de maladies rares l\u2019acc\u00e8s \u00e0 la m\u00e9decine g\u00e9nomique en France. Une liste pr\u00e9liminaire de maladies pouvant b\u00e9n\u00e9ficier de ce type d\u2019analyse a \u00e9t\u00e9 d\u00e9finie par la Haute Autorit\u00e9 de Sant\u00e9 (HAS) en lien avec les fili\u00e8res de sant\u00e9 Maladies Rares, avant d\u2019envisager de l\u2019\u00e9tendre \u00e0 toutes les maladies rares, au cancer et \u00e0 terme aux maladies communes.<\/p><h2>D\u00e9pistage N\u00e9onatal<\/h2><p>Le d\u00e9pistage n\u00e9onatal est propos\u00e9 aux parents de chaque nouveau-n\u00e9 et permet de rechercher certaines maladies rares d\u2019origine g\u00e9n\u00e9tique et leur permettre ainsi de commencer un traitement au plus t\u00f4t.<br \/>Pour en savoir plus :<\/p><ul><li><a href=\"https:\/\/depistage-neonatal.fr\/\" target=\"_blank\" rel=\"noopener\">https:\/\/depistage-neonatal.fr\/<\/a><\/li><li><a href=\"https:\/\/sante.gouv.fr\/soins-et-maladies\/prises-en-charge-specialisees\/maladies-rares\/DNN\" target=\"_blank\" rel=\"noopener\">https:\/\/sante.gouv.fr\/soins-et-maladies\/prises-en-charge-specialisees\/maladies-rares\/DNN<\/a><\/li><li><a href=\"https:\/\/www.has-sante.fr\/jcms\/p_3149627\/fr\/depistage-neonatal-quelles-maladies-depister\" target=\"_blank\" rel=\"noopener\">https:\/\/www.has-sante.fr\/jcms\/p_3149627\/fr\/depistage-neonatal-quelles-maladies-depister<\/a><\/li><\/ul>\t\t\t\t\t\t<\/div>\n\t\t\t\t<\/div>\n\t\t\t\t\t<\/div>\n\t\t<\/div>\n\t\t\t\t\t<\/div>\n\t\t<\/section>\n\t\t\t\t<section class=\"elementor-section elementor-top-section elementor-element elementor-element-7924802 elementor-section-boxed elementor-section-height-default elementor-section-height-default\" data-id=\"7924802\" data-element_type=\"section\">\n\t\t\t\t\t\t<div class=\"elementor-container elementor-column-gap-default\">\n\t\t\t\t\t<div class=\"elementor-column elementor-col-100 elementor-top-column elementor-element elementor-element-ea1657c\" data-id=\"ea1657c\" data-element_type=\"column\">\n\t\t\t<div class=\"elementor-widget-wrap elementor-element-populated\">\n\t\t\t\t\t\t<div class=\"elementor-element elementor-element-89bce23 elementor-widget elementor-widget-heading\" data-id=\"89bce23\" data-element_type=\"widget\" data-widget_type=\"heading.default\">\n\t\t\t\t<div class=\"elementor-widget-container\">\n\t\t\t<style>\/*! elementor - v3.23.0 - 15-07-2024 *\/\n.elementor-heading-title{padding:0;margin:0;line-height:1}.elementor-widget-heading .elementor-heading-title[class*=elementor-size-]>a{color:inherit;font-size:inherit;line-height:inherit}.elementor-widget-heading .elementor-heading-title.elementor-size-small{font-size:15px}.elementor-widget-heading .elementor-heading-title.elementor-size-medium{font-size:19px}.elementor-widget-heading .elementor-heading-title.elementor-size-large{font-size:29px}.elementor-widget-heading .elementor-heading-title.elementor-size-xl{font-size:39px}.elementor-widget-heading .elementor-heading-title.elementor-size-xxl{font-size:59px}<\/style><h2 class=\"elementor-heading-title elementor-size-default\">Documents ressources<\/h2>\t\t<\/div>\n\t\t\t\t<\/div>\n\t\t\t\t<section class=\"elementor-section elementor-inner-section elementor-element elementor-element-882e0d6 elementor-section-boxed elementor-section-height-default elementor-section-height-default\" data-id=\"882e0d6\" data-element_type=\"section\">\n\t\t\t\t\t\t<div class=\"elementor-container elementor-column-gap-default\">\n\t\t\t\t\t<div class=\"elementor-column elementor-col-33 elementor-inner-column elementor-element elementor-element-a95b832\" data-id=\"a95b832\" data-element_type=\"column\">\n\t\t\t<div class=\"elementor-widget-wrap elementor-element-populated\">\n\t\t\t\t\t\t<div class=\"elementor-element elementor-element-f83b9f2 elementor-cta--valign-middle elementor-cta--skin-classic elementor-animated-content elementor-bg-transform elementor-bg-transform-zoom-in elementor-widget elementor-widget-call-to-action\" data-id=\"f83b9f2\" data-element_type=\"widget\" data-widget_type=\"call-to-action.default\">\n\t\t\t\t<div class=\"elementor-widget-container\">\n\t\t\t<link rel=\"stylesheet\" href=\"https:\/\/www.chu-tours.fr\/pemr-cvl\/wp-content\/plugins\/elementor-pro\/assets\/css\/widget-call-to-action.min.css?ver=1721048726\">\t\t<div class=\"elementor-cta\">\n\t\t\t\t\t\t\t<div class=\"elementor-cta__content\">\n\t\t\t\t\n\t\t\t\t\n\t\t\t\t\t\t\t\t\t<div class=\"elementor-cta__description elementor-cta__content-item elementor-content-item\">\n\t\t\t\t\t\tGUIDE<br \/>\" Et si c'\u00e9tait une maladie rare ? \"<br \/><br \/>\t\t\t\t\t<\/div>\n\t\t\t\t\n\t\t\t\t\t\t\t\t\t<div class=\"elementor-cta__button-wrapper elementor-cta__content-item elementor-content-item \">\n\t\t\t\t\t<a class=\"elementor-cta__button elementor-button elementor-size-\" href=\"https:\/\/www.chu-tours.fr\/pemr-cvl\/wp-content\/uploads\/sites\/15\/2023\/03\/2.7-1-Guide-maladies-rares-CMG-FSMR-2022.pdf\" target=\"_blank\">\n\t\t\t\t\t\tT\u00e9l\u00e9chargez le guide\t\t\t\t\t<\/a>\n\t\t\t\t\t<\/div>\n\t\t\t\t\t\t\t<\/div>\n\t\t\t\t\t\t\t<div class=\"elementor-ribbon\">\n\t\t\t\t<div class=\"elementor-ribbon-inner\">PDF<\/div>\n\t\t\t<\/div>\n\t\t\t\t<\/div>\n\t\t\t\t<\/div>\n\t\t\t\t<\/div>\n\t\t\t\t\t<\/div>\n\t\t<\/div>\n\t\t\t\t<div class=\"elementor-column elementor-col-33 elementor-inner-column elementor-element elementor-element-da20541\" data-id=\"da20541\" data-element_type=\"column\">\n\t\t\t<div class=\"elementor-widget-wrap elementor-element-populated\">\n\t\t\t\t\t\t<div class=\"elementor-element elementor-element-99137ef elementor-cta--valign-middle elementor-cta--skin-classic elementor-animated-content elementor-bg-transform elementor-bg-transform-zoom-in elementor-widget elementor-widget-call-to-action\" data-id=\"99137ef\" data-element_type=\"widget\" data-widget_type=\"call-to-action.default\">\n\t\t\t\t<div class=\"elementor-widget-container\">\n\t\t\t\t\t<div class=\"elementor-cta\">\n\t\t\t\t\t\t\t<div class=\"elementor-cta__content\">\n\t\t\t\t\n\t\t\t\t\n\t\t\t\t\t\t\t\t\t<div class=\"elementor-cta__description elementor-cta__content-item elementor-content-item\">\n\t\t\t\t\t\tFICHE<br \/>\" Maladies rares,<br \/>\nde la suspicion au diagnostic \"\t\t\t\t\t<\/div>\n\t\t\t\t\n\t\t\t\t\t\t\t\t\t<div class=\"elementor-cta__button-wrapper elementor-cta__content-item elementor-content-item \">\n\t\t\t\t\t<a class=\"elementor-cta__button elementor-button elementor-size-\" href=\"https:\/\/www.chu-tours.fr\/pemr-cvl\/wp-content\/uploads\/sites\/15\/2023\/03\/2.7-2-CMG_Maladies-rares-fiche-DIAGNOSTIC.pdf\" target=\"_blank\">\n\t\t\t\t\t\tT\u00e9l\u00e9chargez la fiche\t\t\t\t\t<\/a>\n\t\t\t\t\t<\/div>\n\t\t\t\t\t\t\t<\/div>\n\t\t\t\t\t\t\t<div class=\"elementor-ribbon\">\n\t\t\t\t<div class=\"elementor-ribbon-inner\">PDF<\/div>\n\t\t\t<\/div>\n\t\t\t\t<\/div>\n\t\t\t\t<\/div>\n\t\t\t\t<\/div>\n\t\t\t\t\t<\/div>\n\t\t<\/div>\n\t\t\t\t<div class=\"elementor-column elementor-col-33 elementor-inner-column elementor-element elementor-element-5ac4e80\" data-id=\"5ac4e80\" data-element_type=\"column\">\n\t\t\t<div class=\"elementor-widget-wrap elementor-element-populated\">\n\t\t\t\t\t\t<div class=\"elementor-element elementor-element-b22eb64 elementor-cta--valign-middle elementor-cta--skin-classic elementor-animated-content elementor-bg-transform elementor-bg-transform-zoom-in elementor-widget elementor-widget-call-to-action\" data-id=\"b22eb64\" data-element_type=\"widget\" data-widget_type=\"call-to-action.default\">\n\t\t\t\t<div class=\"elementor-widget-container\">\n\t\t\t\t\t<div class=\"elementor-cta\">\n\t\t\t\t\t\t\t<div class=\"elementor-cta__content\">\n\t\t\t\t\n\t\t\t\t\n\t\t\t\t\t\t\t\t\t<div class=\"elementor-cta__description elementor-cta__content-item elementor-content-item\">\n\t\t\t\t\t\tLE S\u00c9QUEN\u00c7AGE DU G\u00c9NOME<br \/><em>\" Qu\u2019est-ce que c\u2019est et \u00e0 quoi \u00e7a sert\npour les maladies rares ? \"<\/em><br \/>\t\t\t\t\t<\/div>\n\t\t\t\t\n\t\t\t\t\t\t\t\t\t<div class=\"elementor-cta__button-wrapper elementor-cta__content-item elementor-content-item \">\n\t\t\t\t\t<a class=\"elementor-cta__button elementor-button elementor-size-\" href=\"https:\/\/www.chu-tours.fr\/pemr-cvl\/wp-content\/uploads\/sites\/15\/2023\/05\/2.6-3-Brochure-sequencage-genomique-2021.pdf\" target=\"_blank\">\n\t\t\t\t\t\tT\u00e9l\u00e9chargez le document\t\t\t\t\t<\/a>\n\t\t\t\t\t<\/div>\n\t\t\t\t\t\t\t<\/div>\n\t\t\t\t\t\t\t<div class=\"elementor-ribbon\">\n\t\t\t\t<div class=\"elementor-ribbon-inner\">PDF<\/div>\n\t\t\t<\/div>\n\t\t\t\t<\/div>\n\t\t\t\t<\/div>\n\t\t\t\t<\/div>\n\t\t\t\t\t<\/div>\n\t\t<\/div>\n\t\t\t\t\t<\/div>\n\t\t<\/section>\n\t\t\t\t<section class=\"elementor-section elementor-inner-section elementor-element elementor-element-2835473 elementor-section-boxed elementor-section-height-default elementor-section-height-default\" data-id=\"2835473\" data-element_type=\"section\">\n\t\t\t\t\t\t<div class=\"elementor-container elementor-column-gap-default\">\n\t\t\t\t\t<div class=\"elementor-column elementor-col-50 elementor-inner-column elementor-element elementor-element-c5cd5cd\" data-id=\"c5cd5cd\" data-element_type=\"column\">\n\t\t\t<div class=\"elementor-widget-wrap elementor-element-populated\">\n\t\t\t\t\t\t<div class=\"elementor-element elementor-element-e5dce21 elementor-cta--valign-middle elementor-cta--skin-classic elementor-animated-content elementor-bg-transform elementor-bg-transform-zoom-in elementor-widget elementor-widget-call-to-action\" data-id=\"e5dce21\" data-element_type=\"widget\" data-widget_type=\"call-to-action.default\">\n\t\t\t\t<div class=\"elementor-widget-container\">\n\t\t\t\t\t<div class=\"elementor-cta\">\n\t\t\t\t\t\t\t<div class=\"elementor-cta__content\">\n\t\t\t\t\n\t\t\t\t\n\t\t\t\t\t\t\t\t\t<div class=\"elementor-cta__description elementor-cta__content-item elementor-content-item\">\n\t\t\t\t\t\tFlyer<br \/>LE S\u00c9QUEN\u00c7AGE DU G\u00c9NOME<br \/>\t\t\t\t\t<\/div>\n\t\t\t\t\n\t\t\t\t\t\t\t\t\t<div class=\"elementor-cta__button-wrapper elementor-cta__content-item elementor-content-item \">\n\t\t\t\t\t<a class=\"elementor-cta__button elementor-button elementor-size-\" href=\"https:\/\/www.chu-tours.fr\/pemr-cvl\/wp-content\/uploads\/sites\/15\/2023\/05\/2.6-4-Flyer-sequencage-genomique-2021.pdf\" target=\"_blank\">\n\t\t\t\t\t\tT\u00e9l\u00e9chargez le m\u00e9mo\t\t\t\t\t<\/a>\n\t\t\t\t\t<\/div>\n\t\t\t\t\t\t\t<\/div>\n\t\t\t\t\t\t\t<div class=\"elementor-ribbon\">\n\t\t\t\t<div class=\"elementor-ribbon-inner\">PDF<\/div>\n\t\t\t<\/div>\n\t\t\t\t<\/div>\n\t\t\t\t<\/div>\n\t\t\t\t<\/div>\n\t\t\t\t\t<\/div>\n\t\t<\/div>\n\t\t\t\t<div class=\"elementor-column elementor-col-50 elementor-inner-column elementor-element elementor-element-ed16879\" data-id=\"ed16879\" data-element_type=\"column\">\n\t\t\t<div class=\"elementor-widget-wrap elementor-element-populated\">\n\t\t\t\t\t\t<div class=\"elementor-element elementor-element-3061e27 elementor-cta--valign-middle elementor-cta--skin-classic elementor-animated-content elementor-bg-transform elementor-bg-transform-zoom-in elementor-widget elementor-widget-call-to-action\" data-id=\"3061e27\" data-element_type=\"widget\" data-widget_type=\"call-to-action.default\">\n\t\t\t\t<div class=\"elementor-widget-container\">\n\t\t\t\t\t<div class=\"elementor-cta\">\n\t\t\t\t\t\t\t<div class=\"elementor-cta__content\">\n\t\t\t\t\n\t\t\t\t\n\t\t\t\t\t\t\t\t\t<div class=\"elementor-cta__description elementor-cta__content-item elementor-content-item\">\n\t\t\t\t\t\tAffiche<br \/>Le Centre National<br \/>du D\u00e9pistage N\u00e9onatal est sur les r\u00e9seaux sociaux\t\t\t\t\t<\/div>\n\t\t\t\t\n\t\t\t\t\t\t\t\t\t<div class=\"elementor-cta__button-wrapper elementor-cta__content-item elementor-content-item \">\n\t\t\t\t\t<a class=\"elementor-cta__button elementor-button elementor-size-\" href=\"https:\/\/www.chu-tours.fr\/pemr-cvl\/wp-content\/uploads\/sites\/15\/2023\/05\/2.6-5-Affiche_depistage_reseaux_sociaux.pdf\" target=\"_blank\">\n\t\t\t\t\t\tT\u00e9l\u00e9chargez la fiche\t\t\t\t\t<\/a>\n\t\t\t\t\t<\/div>\n\t\t\t\t\t\t\t<\/div>\n\t\t\t\t\t\t\t<div class=\"elementor-ribbon\">\n\t\t\t\t<div class=\"elementor-ribbon-inner\">PDF<\/div>\n\t\t\t<\/div>\n\t\t\t\t<\/div>\n\t\t\t\t<\/div>\n\t\t\t\t<\/div>\n\t\t\t\t\t<\/div>\n\t\t<\/div>\n\t\t\t\t\t<\/div>\n\t\t<\/section>\n\t\t\t\t\t<\/div>\n\t\t<\/div>\n\t\t\t\t\t<\/div>\n\t\t<\/section>\n\t\t\t\t<section class=\"elementor-section elementor-top-section elementor-element elementor-element-4910dba elementor-section-boxed elementor-section-height-default elementor-section-height-default\" data-id=\"4910dba\" data-element_type=\"section\">\n\t\t\t\t\t\t<div class=\"elementor-container elementor-column-gap-default\">\n\t\t\t\t\t<div class=\"elementor-column elementor-col-100 elementor-top-column elementor-element elementor-element-df89583\" data-id=\"df89583\" data-element_type=\"column\">\n\t\t\t<div class=\"elementor-widget-wrap elementor-element-populated\">\n\t\t\t\t\t\t<div class=\"elementor-element elementor-element-cac75ab elementor-widget elementor-widget-heading\" data-id=\"cac75ab\" data-element_type=\"widget\" data-widget_type=\"heading.default\">\n\t\t\t\t<div class=\"elementor-widget-container\">\n\t\t\t<h2 class=\"elementor-heading-title elementor-size-default\">Liens utiles<\/h2>\t\t<\/div>\n\t\t\t\t<\/div>\n\t\t\t\t<section class=\"elementor-section elementor-inner-section elementor-element elementor-element-d340ab8 elementor-section-boxed elementor-section-height-default elementor-section-height-default\" data-id=\"d340ab8\" data-element_type=\"section\">\n\t\t\t\t\t\t<div class=\"elementor-container elementor-column-gap-default\">\n\t\t\t\t\t<div class=\"elementor-column elementor-col-100 elementor-inner-column elementor-element elementor-element-7cd008b\" data-id=\"7cd008b\" data-element_type=\"column\">\n\t\t\t<div class=\"elementor-widget-wrap elementor-element-populated\">\n\t\t\t\t\t\t<div class=\"elementor-element elementor-element-98b9442 elementor-flip-box--effect-flip elementor-flip-box--direction-up elementor-widget elementor-widget-flip-box\" data-id=\"98b9442\" data-element_type=\"widget\" data-widget_type=\"flip-box.default\">\n\t\t\t\t<div class=\"elementor-widget-container\">\n\t\t\t<link rel=\"stylesheet\" href=\"https:\/\/www.chu-tours.fr\/pemr-cvl\/wp-content\/plugins\/elementor-pro\/assets\/css\/widget-flip-box.min.css?ver=1721048726\">\t\t<div class=\"elementor-flip-box\" tabindex=\"0\">\n\t\t\t<div class=\"elementor-flip-box__layer elementor-flip-box__front\">\n\t\t\t\t<div class=\"elementor-flip-box__layer__overlay\">\n\t\t\t\t\t<div class=\"elementor-flip-box__layer__inner\">\n\t\t\t\t\t\t\t\t\t\t\t\t\t<div class=\"elementor-icon-wrapper elementor-view-default\">\n\t\t\t\t\t\t\t\t<div class=\"elementor-icon\">\n\t\t\t\t\t\t\t\t\t<i class=\"fas fa-external-link-alt\"><\/i>\t\t\t\t\t\t\t\t<\/div>\n\t\t\t\t\t\t\t<\/div>\n\t\t\t\t\t\t\n\t\t\t\t\t\t\n\t\t\t\t\t\t\t\t\t\t\t\t\t<div class=\"elementor-flip-box__layer__description\">\n\t\t\t\t\t\t\t\tPlan France M\u00e9decine G\u00e9nomique \t\t\t\t\t\t\t<\/div>\n\t\t\t\t\t\t\t\t\t\t\t<\/div>\n\t\t\t\t<\/div>\n\t\t\t<\/div>\n\t\t\t<div class=\"elementor-flip-box__layer elementor-flip-box__back\">\n\t\t\t<div class=\"elementor-flip-box__layer__overlay\">\n\t\t\t\t<div class=\"elementor-flip-box__layer__inner\">\n\t\t\t\t\t\n\t\t\t\t\t\n\t\t\t\t\t\t\t\t\t\t\t<a class=\"elementor-flip-box__button elementor-button elementor-size-sm\" href=\"https:\/\/pfmg2025.aviesan.fr\/\" target=\"_blank\">\n\t\t\t\t\t\t\t>> Consulter le site\t\t\t\t\t\t<\/a>\n\t\t\t\t\t\t\t\t<\/div>\n\t\t<\/div>\n\t\t<\/div>\n\t\t<\/div>\n\t\t\t\t<\/div>\n\t\t\t\t<\/div>\n\t\t\t\t\t<\/div>\n\t\t<\/div>\n\t\t\t\t\t<\/div>\n\t\t<\/section>\n\t\t\t\t\t<\/div>\n\t\t<\/div>\n\t\t\t\t\t<\/div>\n\t\t<\/section>\n\t\t\t\t<\/div>\n\t\t","protected":false},"excerpt":{"rendered":"<p>Aujourd\u2019hui encore, le d\u00e9lai moyen de diagnostic d\u2019une maladie rare est de quatre ans et d\u00e9passe cinq ans pour plus d\u2019un quart des patients. \u00c9viter cette errance diagnostique et r\u00e9duire l\u2019impasse diagnostique est une des priorit\u00e9s du 3\u00e8me plan maladies rares. La PEMR-CVL en cr\u00e9ant du lien entre les diff\u00e9rentes structures et personnes ressources, en [&hellip;]<\/p>\n","protected":false},"author":4,"featured_media":0,"parent":0,"menu_order":0,"comment_status":"closed","ping_status":"closed","template":"","meta":{"_seopress_robots_primary_cat":"","_seopress_titles_title":"Prise en charge. Errance diagnostique plan France m\u00e9decine g\u00e9nomique 2025 ; d\u00e9pistage n\u00e9onatal.","_seopress_titles_desc":"Aujourd\u2019hui encore, le d\u00e9lai moyen de diagnostic d\u2019une maladie rare est de quatre ans et d\u00e9passe cinq ans pour plus d\u2019un quart des patients. \u00c9viter cette errance diagnostique et r\u00e9duire l\u2019impasse diagnostique est une des priorit\u00e9s du 3\u00e8me plan maladies rares.\r\n","_seopress_robots_index":"","_exactmetrics_skip_tracking":false,"_exactmetrics_sitenote_active":false,"_exactmetrics_sitenote_note":"","_exactmetrics_sitenote_category":0,"_genesis_hide_title":false,"_genesis_hide_breadcrumbs":false,"_genesis_hide_singular_image":false,"_genesis_hide_footer_widgets":false,"_genesis_custom_body_class":"","_genesis_custom_post_class":"","_genesis_layout":"","footnotes":""},"publishpress_future_action":{"enabled":false,"date":"2026-05-08 15:40:59","action":"change-status","newStatus":"draft","terms":[],"taxonomy":""},"_links":{"self":[{"href":"https:\/\/www.chu-tours.fr\/pemr-cvl\/wp-json\/wp\/v2\/pages\/756"}],"collection":[{"href":"https:\/\/www.chu-tours.fr\/pemr-cvl\/wp-json\/wp\/v2\/pages"}],"about":[{"href":"https:\/\/www.chu-tours.fr\/pemr-cvl\/wp-json\/wp\/v2\/types\/page"}],"author":[{"embeddable":true,"href":"https:\/\/www.chu-tours.fr\/pemr-cvl\/wp-json\/wp\/v2\/users\/4"}],"replies":[{"embeddable":true,"href":"https:\/\/www.chu-tours.fr\/pemr-cvl\/wp-json\/wp\/v2\/comments?post=756"}],"version-history":[{"count":50,"href":"https:\/\/www.chu-tours.fr\/pemr-cvl\/wp-json\/wp\/v2\/pages\/756\/revisions"}],"predecessor-version":[{"id":1363,"href":"https:\/\/www.chu-tours.fr\/pemr-cvl\/wp-json\/wp\/v2\/pages\/756\/revisions\/1363"}],"wp:attachment":[{"href":"https:\/\/www.chu-tours.fr\/pemr-cvl\/wp-json\/wp\/v2\/media?parent=756"}],"curies":[{"name":"wp","href":"https:\/\/api.w.org\/{rel}","templated":true}]}}