{"id":463,"date":"2023-02-20T16:22:28","date_gmt":"2023-02-20T15:22:28","guid":{"rendered":"https:\/\/www.chu-tours.fr\/pemr-cvl\/?page_id=463"},"modified":"2024-05-30T09:51:58","modified_gmt":"2024-05-30T07:51:58","slug":"mucoviscidose-et-pathologies-du-cftr-adultes","status":"publish","type":"page","link":"https:\/\/www.chu-tours.fr\/pemr-cvl\/mucoviscidose-et-pathologies-du-cftr-adultes\/","title":{"rendered":"Mucoviscidose et pathologies du CFTR \u2013 Adultes"},"content":{"rendered":"\t\t<div data-elementor-type=\"wp-page\" data-elementor-id=\"463\" class=\"elementor elementor-463\" data-elementor-post-type=\"page\">\n\t\t\t\t\t\t<section class=\"elementor-section elementor-top-section elementor-element elementor-element-331f7b3f elementor-section-boxed elementor-section-height-default elementor-section-height-default\" data-id=\"331f7b3f\" data-element_type=\"section\">\n\t\t\t\t\t\t<div class=\"elementor-container elementor-column-gap-default\">\n\t\t\t\t\t<div class=\"elementor-column elementor-col-100 elementor-top-column elementor-element elementor-element-18d44e4b\" data-id=\"18d44e4b\" data-element_type=\"column\">\n\t\t\t<div class=\"elementor-widget-wrap elementor-element-populated\">\n\t\t\t\t\t\t<section class=\"elementor-section elementor-inner-section elementor-element elementor-element-548c4195 elementor-section-boxed elementor-section-height-default elementor-section-height-default\" data-id=\"548c4195\" data-element_type=\"section\">\n\t\t\t\t\t\t<div class=\"elementor-container elementor-column-gap-default\">\n\t\t\t\t\t<div class=\"elementor-column elementor-col-33 elementor-inner-column elementor-element elementor-element-20d5788a\" data-id=\"20d5788a\" data-element_type=\"column\">\n\t\t\t<div class=\"elementor-widget-wrap elementor-element-populated\">\n\t\t\t\t\t\t<div class=\"elementor-element elementor-element-3c88f77 elementor-widget elementor-widget-image\" data-id=\"3c88f77\" data-element_type=\"widget\" data-widget_type=\"image.default\">\n\t\t\t\t<div class=\"elementor-widget-container\">\n\t\t\t<style>\/*! elementor - v3.23.0 - 15-07-2024 *\/\n.elementor-widget-image{text-align:center}.elementor-widget-image a{display:inline-block}.elementor-widget-image a img[src$=\".svg\"]{width:48px}.elementor-widget-image img{vertical-align:middle;display:inline-block}<\/style>\t\t\t\t\t\t\t\t\t\t<img decoding=\"async\" width=\"200\" height=\"118\" src=\"https:\/\/www.chu-tours.fr\/pemr-cvl\/wp-content\/uploads\/sites\/15\/2023\/02\/logo-CRCM-adultes.png\" class=\"attachment-large size-large wp-image-456\" alt=\"\" \/>\t\t\t\t\t\t\t\t\t\t\t\t\t<\/div>\n\t\t\t\t<\/div>\n\t\t\t\t\t<\/div>\n\t\t<\/div>\n\t\t\t\t<div class=\"elementor-column elementor-col-33 elementor-inner-column elementor-element elementor-element-7ec9b3ba\" data-id=\"7ec9b3ba\" data-element_type=\"column\">\n\t\t\t<div class=\"elementor-widget-wrap elementor-element-populated\">\n\t\t\t\t\t\t<div class=\"elementor-element elementor-element-2a4c9b57 elementor-widget elementor-widget-image\" data-id=\"2a4c9b57\" data-element_type=\"widget\" data-widget_type=\"image.default\">\n\t\t\t\t<div class=\"elementor-widget-container\">\n\t\t\t\t\t\t\t\t\t\t\t\t\t<img fetchpriority=\"high\" decoding=\"async\" width=\"546\" height=\"331\" src=\"https:\/\/www.chu-tours.fr\/pemr-cvl\/wp-content\/uploads\/sites\/15\/2023\/02\/CRC-muco-pathos-cftr-home.jpg\" class=\"attachment-large size-large wp-image-364\" alt=\"\" srcset=\"https:\/\/www.chu-tours.fr\/pemr-cvl\/wp-content\/uploads\/sites\/15\/2023\/02\/CRC-muco-pathos-cftr-home.jpg 546w, https:\/\/www.chu-tours.fr\/pemr-cvl\/wp-content\/uploads\/sites\/15\/2023\/02\/CRC-muco-pathos-cftr-home-300x182.jpg 300w\" sizes=\"(max-width: 546px) 100vw, 546px\" \/>\t\t\t\t\t\t\t\t\t\t\t\t\t<\/div>\n\t\t\t\t<\/div>\n\t\t\t\t\t<\/div>\n\t\t<\/div>\n\t\t\t\t<div class=\"elementor-column elementor-col-33 elementor-inner-column elementor-element elementor-element-5374c370\" data-id=\"5374c370\" data-element_type=\"column\">\n\t\t\t<div class=\"elementor-widget-wrap elementor-element-populated\">\n\t\t\t\t\t\t<div class=\"elementor-element elementor-element-3f0e40cc elementor-widget elementor-widget-image\" data-id=\"3f0e40cc\" data-element_type=\"widget\" data-widget_type=\"image.default\">\n\t\t\t\t<div class=\"elementor-widget-container\">\n\t\t\t\t\t\t\t\t\t\t\t\t\t<img decoding=\"async\" src=\"https:\/\/www.chu-tours.fr\/pemr-cvl\/wp-content\/plugins\/elementor\/assets\/images\/placeholder.png\" title=\"\" alt=\"\" loading=\"lazy\" \/>\t\t\t\t\t\t\t\t\t\t\t\t\t<\/div>\n\t\t\t\t<\/div>\n\t\t\t\t\t<\/div>\n\t\t<\/div>\n\t\t\t\t\t<\/div>\n\t\t<\/section>\n\t\t\t\t<div class=\"elementor-element elementor-element-75efc067 elementor-widget elementor-widget-heading\" data-id=\"75efc067\" data-element_type=\"widget\" data-widget_type=\"heading.default\">\n\t\t\t\t<div class=\"elementor-widget-container\">\n\t\t\t<style>\/*! elementor - v3.23.0 - 15-07-2024 *\/\n.elementor-heading-title{padding:0;margin:0;line-height:1}.elementor-widget-heading .elementor-heading-title[class*=elementor-size-]>a{color:inherit;font-size:inherit;line-height:inherit}.elementor-widget-heading .elementor-heading-title.elementor-size-small{font-size:15px}.elementor-widget-heading .elementor-heading-title.elementor-size-medium{font-size:19px}.elementor-widget-heading .elementor-heading-title.elementor-size-large{font-size:29px}.elementor-widget-heading .elementor-heading-title.elementor-size-xl{font-size:39px}.elementor-widget-heading .elementor-heading-title.elementor-size-xxl{font-size:59px}<\/style><h2 class=\"elementor-heading-title elementor-size-default\">Centre de Ressources et de Comp\u00e9tences de la mucoviscidose et des pathologies du CFTR - Adultes<\/h2>\t\t<\/div>\n\t\t\t\t<\/div>\n\t\t\t\t\t<\/div>\n\t\t<\/div>\n\t\t\t\t\t<\/div>\n\t\t<\/section>\n\t\t\t\t<section class=\"elementor-section elementor-top-section elementor-element elementor-element-673bb409 elementor-section-boxed elementor-section-height-default elementor-section-height-default\" data-id=\"673bb409\" data-element_type=\"section\">\n\t\t\t\t\t\t<div class=\"elementor-container elementor-column-gap-default\">\n\t\t\t\t\t<div class=\"elementor-column elementor-col-100 elementor-top-column elementor-element elementor-element-710d35ef\" data-id=\"710d35ef\" data-element_type=\"column\">\n\t\t\t<div class=\"elementor-widget-wrap elementor-element-populated\">\n\t\t\t\t\t\t<div class=\"elementor-element elementor-element-57059cfc elementor-widget elementor-widget-text-editor\" data-id=\"57059cfc\" data-element_type=\"widget\" data-widget_type=\"text-editor.default\">\n\t\t\t\t<div class=\"elementor-widget-container\">\n\t\t\t<style>\/*! elementor - v3.23.0 - 15-07-2024 *\/\n.elementor-widget-text-editor.elementor-drop-cap-view-stacked .elementor-drop-cap{background-color:#69727d;color:#fff}.elementor-widget-text-editor.elementor-drop-cap-view-framed .elementor-drop-cap{color:#69727d;border:3px solid;background-color:transparent}.elementor-widget-text-editor:not(.elementor-drop-cap-view-default) .elementor-drop-cap{margin-top:8px}.elementor-widget-text-editor:not(.elementor-drop-cap-view-default) .elementor-drop-cap-letter{width:1em;height:1em}.elementor-widget-text-editor .elementor-drop-cap{float:left;text-align:center;line-height:1;font-size:50px}.elementor-widget-text-editor .elementor-drop-cap-letter{display:inline-block}<\/style>\t\t\t\t<p><strong>Le CRCM Adultes de Tours, coordonn\u00e9 par le Dr J. MANKIKIAN, est un centre d\u2019expertise pour la prise en charge des patients adultes atteints de Mucoviscidose et de pathologies du CFTR. <\/strong><\/p><p>Il a pour triple mission :<\/p><ol><li>la prise en charge diagnostique et th\u00e9rapeutique de ces pathologies ;<\/li><li>le d\u00e9veloppement de la recherche clinique dans ces domaines ;<\/li><li>l\u2019enseignement et la formation.<\/li><\/ol><p>L\u2019activit\u00e9 clinique est localis\u00e9 sur le Site de Bretonneau du Centre Hospitalier R\u00e9gional Universitaire de Tours, au sein du service de pneumologie. Elle est port\u00e9e par une \u00e9quipe pluridisciplinaire. Le centre de comp\u00e9tence est affili\u00e9 \u00e0 la fili\u00e8re de sant\u00e9 maladies rares MUCO\/CFTR.<\/p>\t\t\t\t\t\t<\/div>\n\t\t\t\t<\/div>\n\t\t\t\t\t<\/div>\n\t\t<\/div>\n\t\t\t\t\t<\/div>\n\t\t<\/section>\n\t\t\t\t<section class=\"elementor-section elementor-top-section elementor-element elementor-element-1dc4b529 elementor-section-boxed elementor-section-height-default elementor-section-height-default\" data-id=\"1dc4b529\" data-element_type=\"section\">\n\t\t\t\t\t\t<div class=\"elementor-container elementor-column-gap-default\">\n\t\t\t\t\t<div class=\"elementor-column elementor-col-100 elementor-top-column elementor-element elementor-element-4a9afc6\" data-id=\"4a9afc6\" data-element_type=\"column\">\n\t\t\t<div class=\"elementor-widget-wrap elementor-element-populated\">\n\t\t\t\t\t\t<div class=\"elementor-element elementor-element-18c4fa0d elementor-widget elementor-widget-image\" data-id=\"18c4fa0d\" data-element_type=\"widget\" data-widget_type=\"image.default\">\n\t\t\t\t<div class=\"elementor-widget-container\">\n\t\t\t\t\t\t\t\t\t\t<figure class=\"wp-caption\">\n\t\t\t\t\t\t\t\t\t\t<img decoding=\"async\" width=\"483\" height=\"190\" src=\"https:\/\/www.chu-tours.fr\/pemr-cvl\/wp-content\/uploads\/sites\/15\/2023\/02\/pathologies.png\" class=\"attachment-large size-large wp-image-368\" alt=\"\" srcset=\"https:\/\/www.chu-tours.fr\/pemr-cvl\/wp-content\/uploads\/sites\/15\/2023\/02\/pathologies.png 483w, https:\/\/www.chu-tours.fr\/pemr-cvl\/wp-content\/uploads\/sites\/15\/2023\/02\/pathologies-300x118.png 300w\" sizes=\"(max-width: 483px) 100vw, 483px\" \/>\t\t\t\t\t\t\t\t\t\t\t<figcaption class=\"widget-image-caption wp-caption-text\">PATHOLOGIES CONCERN\u00c9ES<\/figcaption>\n\t\t\t\t\t\t\t\t\t\t<\/figure>\n\t\t\t\t\t\t\t<\/div>\n\t\t\t\t<\/div>\n\t\t\t\t<div class=\"elementor-element elementor-element-7134189d elementor-widget elementor-widget-toggle\" data-id=\"7134189d\" data-element_type=\"widget\" data-widget_type=\"toggle.default\">\n\t\t\t\t<div class=\"elementor-widget-container\">\n\t\t\t<style>\/*! elementor - v3.23.0 - 15-07-2024 *\/\n.elementor-toggle{text-align:start}.elementor-toggle .elementor-tab-title{font-weight:700;line-height:1;margin:0;padding:15px;border-bottom:1px solid #d5d8dc;cursor:pointer;outline:none}.elementor-toggle .elementor-tab-title .elementor-toggle-icon{display:inline-block;width:1em}.elementor-toggle .elementor-tab-title .elementor-toggle-icon svg{margin-inline-start:-5px;width:1em;height:1em}.elementor-toggle .elementor-tab-title .elementor-toggle-icon.elementor-toggle-icon-right{float:right;text-align:right}.elementor-toggle .elementor-tab-title .elementor-toggle-icon.elementor-toggle-icon-left{float:left;text-align:left}.elementor-toggle .elementor-tab-title .elementor-toggle-icon .elementor-toggle-icon-closed{display:block}.elementor-toggle .elementor-tab-title .elementor-toggle-icon .elementor-toggle-icon-opened{display:none}.elementor-toggle .elementor-tab-title.elementor-active{border-bottom:none}.elementor-toggle .elementor-tab-title.elementor-active .elementor-toggle-icon-closed{display:none}.elementor-toggle .elementor-tab-title.elementor-active .elementor-toggle-icon-opened{display:block}.elementor-toggle .elementor-tab-content{padding:15px;border-bottom:1px solid #d5d8dc;display:none}@media (max-width:767px){.elementor-toggle .elementor-tab-title{padding:12px}.elementor-toggle .elementor-tab-content{padding:12px 10px}}.e-con-inner>.elementor-widget-toggle,.e-con>.elementor-widget-toggle{width:var(--container-widget-width);--flex-grow:var(--container-widget-flex-grow)}<\/style>\t\t<div class=\"elementor-toggle\">\n\t\t\t\t\t\t\t<div class=\"elementor-toggle-item\">\n\t\t\t\t\t<div id=\"elementor-tab-title-1891\" class=\"elementor-tab-title\" data-tab=\"1\" role=\"button\" aria-controls=\"elementor-tab-content-1891\" aria-expanded=\"false\">\n\t\t\t\t\t\t\t\t\t\t\t\t<span class=\"elementor-toggle-icon elementor-toggle-icon-left\" aria-hidden=\"true\">\n\t\t\t\t\t\t\t\t\t\t\t\t\t\t\t<span class=\"elementor-toggle-icon-closed\"><i class=\"fas fa-caret-right\"><\/i><\/span>\n\t\t\t\t\t\t\t\t<span class=\"elementor-toggle-icon-opened\"><i class=\"elementor-toggle-icon-opened fas fa-caret-up\"><\/i><\/span>\n\t\t\t\t\t\t\t\t\t\t\t\t\t<\/span>\n\t\t\t\t\t\t\t\t\t\t\t\t<a class=\"elementor-toggle-title\" tabindex=\"0\"><span style=\"text-transform: uppercase\"><strong>Pathologies concern\u00e9es<\/strong><\/span><\/a>\n\t\t\t\t\t<\/div>\n\n\t\t\t\t\t<div id=\"elementor-tab-content-1891\" class=\"elementor-tab-content elementor-clearfix\" data-tab=\"1\" role=\"region\" aria-labelledby=\"elementor-tab-title-1891\"><ul><li>Mucoviscidose<\/li><li>Pathologies du CFTR (CFTR Related Disorders)<\/li><\/ul><\/div>\n\t\t\t\t<\/div>\n\t\t\t\t\t\t\t\t<\/div>\n\t\t\t\t<\/div>\n\t\t\t\t<\/div>\n\t\t\t\t\t<\/div>\n\t\t<\/div>\n\t\t\t\t\t<\/div>\n\t\t<\/section>\n\t\t\t\t<section class=\"elementor-section elementor-top-section elementor-element elementor-element-9893dca elementor-section-boxed elementor-section-height-default elementor-section-height-default\" data-id=\"9893dca\" data-element_type=\"section\">\n\t\t\t\t\t\t<div class=\"elementor-container elementor-column-gap-default\">\n\t\t\t\t\t<div class=\"elementor-column elementor-col-100 elementor-top-column elementor-element elementor-element-39fdaa25\" data-id=\"39fdaa25\" data-element_type=\"column\">\n\t\t\t<div class=\"elementor-widget-wrap elementor-element-populated\">\n\t\t\t\t\t\t<div class=\"elementor-element elementor-element-330e76f5 elementor-widget elementor-widget-image\" data-id=\"330e76f5\" data-element_type=\"widget\" data-widget_type=\"image.default\">\n\t\t\t\t<div class=\"elementor-widget-container\">\n\t\t\t\t\t\t\t\t\t\t<figure class=\"wp-caption\">\n\t\t\t\t\t\t\t\t\t\t<img loading=\"lazy\" decoding=\"async\" width=\"300\" height=\"300\" src=\"https:\/\/www.chu-tours.fr\/pemr-cvl\/wp-content\/uploads\/sites\/15\/2023\/02\/equipe-300x300-1-300x300.png\" class=\"attachment-medium size-medium wp-image-366\" alt=\"\" srcset=\"https:\/\/www.chu-tours.fr\/pemr-cvl\/wp-content\/uploads\/sites\/15\/2023\/02\/equipe-300x300-1.png 300w, https:\/\/www.chu-tours.fr\/pemr-cvl\/wp-content\/uploads\/sites\/15\/2023\/02\/equipe-300x300-1-150x150.png 150w, https:\/\/www.chu-tours.fr\/pemr-cvl\/wp-content\/uploads\/sites\/15\/2023\/02\/equipe-300x300-1-40x40.png 40w\" sizes=\"(max-width: 300px) 100vw, 300px\" \/>\t\t\t\t\t\t\t\t\t\t\t<figcaption class=\"widget-image-caption wp-caption-text\">L'\u00c9QUIPE<\/figcaption>\n\t\t\t\t\t\t\t\t\t\t<\/figure>\n\t\t\t\t\t\t\t<\/div>\n\t\t\t\t<\/div>\n\t\t\t\t<div class=\"elementor-element elementor-element-4ccf3496 elementor-widget elementor-widget-toggle\" data-id=\"4ccf3496\" data-element_type=\"widget\" data-widget_type=\"toggle.default\">\n\t\t\t\t<div class=\"elementor-widget-container\">\n\t\t\t\t\t<div class=\"elementor-toggle\">\n\t\t\t\t\t\t\t<div class=\"elementor-toggle-item\">\n\t\t\t\t\t<div id=\"elementor-tab-title-1281\" class=\"elementor-tab-title\" data-tab=\"1\" role=\"button\" aria-controls=\"elementor-tab-content-1281\" aria-expanded=\"false\">\n\t\t\t\t\t\t\t\t\t\t\t\t<span class=\"elementor-toggle-icon elementor-toggle-icon-left\" aria-hidden=\"true\">\n\t\t\t\t\t\t\t\t\t\t\t\t\t\t\t<span class=\"elementor-toggle-icon-closed\"><i class=\"fas fa-caret-right\"><\/i><\/span>\n\t\t\t\t\t\t\t\t<span class=\"elementor-toggle-icon-opened\"><i class=\"elementor-toggle-icon-opened fas fa-caret-up\"><\/i><\/span>\n\t\t\t\t\t\t\t\t\t\t\t\t\t<\/span>\n\t\t\t\t\t\t\t\t\t\t\t\t<a class=\"elementor-toggle-title\" tabindex=\"0\"><span style=\"text-transform: uppercase\"><strong>L'\u00e9quipe<\/strong><\/span><\/a>\n\t\t\t\t\t<\/div>\n\n\t\t\t\t\t<div id=\"elementor-tab-content-1281\" class=\"elementor-tab-content elementor-clearfix\" data-tab=\"1\" role=\"region\" aria-labelledby=\"elementor-tab-title-1281\"><p><strong>\u00c9quipe m\u00e9dicale :<\/strong><\/p><ul><li><p>Dr Julie MANKIKIAN &#8211; Pneumologue &#8211; <strong>m\u00e9decin responsable du CRCM<\/strong>\u00a0<\/p><\/li><li><p>Dr Thomas FLAMENT &#8211; Pneumologue<\/p><\/li><li>Pr Thimoth\u00e9e BLIN &#8211; Pneumologue<\/li><\/ul><p><strong>\u00c9quipe param\u00e9dicale :<\/strong><\/p><ul><li><p>Mme Sabrina BOUTARD \u2013 Infirmi\u00e8re Coordinatrice<\/p><\/li><li><p>Mme Gis\u00e8le LE GOFF \u2013 Infirmi\u00e8re Coordinatrice<\/p><\/li><li><p>Mme Am\u00e9lie GIBORY \u2013 Di\u00e9t\u00e9ticienne<\/p><\/li><li><p>Mme M\u00e9lissa CREICHE \u2013 Kin\u00e9sith\u00e9rapeute<\/p><\/li><li>Mme GROGNARD V\u00e9ronique \u2013 Psychologue<\/li><li>M. Christopher GAZE \u2013 Enseignant en activit\u00e9 physique adapt\u00e9e<\/li><\/ul><p><strong>Contact coordination du centre :<\/strong> <a href=\"mailto:crcm.adultes@chu-tours.fr\" target=\"_blank\" rel=\"noopener\">crcm.adultes@chu-tours.fr<\/a><\/p><\/div>\n\t\t\t\t<\/div>\n\t\t\t\t\t\t\t\t<\/div>\n\t\t\t\t<\/div>\n\t\t\t\t<\/div>\n\t\t\t\t<div class=\"elementor-element elementor-element-29143e3c elementor-widget elementor-widget-accordion\" data-id=\"29143e3c\" data-element_type=\"widget\" data-widget_type=\"accordion.default\">\n\t\t\t\t<div class=\"elementor-widget-container\">\n\t\t\t<style>\/*! elementor - v3.23.0 - 15-07-2024 *\/\n.elementor-accordion{text-align:start}.elementor-accordion .elementor-accordion-item{border:1px solid #d5d8dc}.elementor-accordion .elementor-accordion-item+.elementor-accordion-item{border-top:none}.elementor-accordion .elementor-tab-title{margin:0;padding:15px 20px;font-weight:700;line-height:1;cursor:pointer;outline:none}.elementor-accordion .elementor-tab-title .elementor-accordion-icon{display:inline-block;width:1.5em}.elementor-accordion .elementor-tab-title .elementor-accordion-icon svg{width:1em;height:1em}.elementor-accordion .elementor-tab-title .elementor-accordion-icon.elementor-accordion-icon-right{float:right;text-align:right}.elementor-accordion .elementor-tab-title .elementor-accordion-icon.elementor-accordion-icon-left{float:left;text-align:left}.elementor-accordion .elementor-tab-title .elementor-accordion-icon .elementor-accordion-icon-closed{display:block}.elementor-accordion .elementor-tab-title .elementor-accordion-icon .elementor-accordion-icon-opened,.elementor-accordion .elementor-tab-title.elementor-active .elementor-accordion-icon-closed{display:none}.elementor-accordion .elementor-tab-title.elementor-active .elementor-accordion-icon-opened{display:block}.elementor-accordion .elementor-tab-content{display:none;padding:15px 20px;border-top:1px solid #d5d8dc}@media (max-width:767px){.elementor-accordion .elementor-tab-title{padding:12px 15px}.elementor-accordion .elementor-tab-title .elementor-accordion-icon{width:1.2em}.elementor-accordion .elementor-tab-content{padding:7px 15px}}.e-con-inner>.elementor-widget-accordion,.e-con>.elementor-widget-accordion{width:var(--container-widget-width);--flex-grow:var(--container-widget-flex-grow)}<\/style>\t\t<div class=\"elementor-accordion\">\n\t\t\t\t\t\t\t<div class=\"elementor-accordion-item\">\n\t\t\t\t\t<div id=\"elementor-tab-title-6891\" class=\"elementor-tab-title\" data-tab=\"1\" role=\"button\" aria-controls=\"elementor-tab-content-6891\" aria-expanded=\"false\">\n\t\t\t\t\t\t\t\t\t\t\t\t\t<span class=\"elementor-accordion-icon elementor-accordion-icon-left\" aria-hidden=\"true\">\n\t\t\t\t\t\t\t\t\t\t\t\t\t\t\t<span class=\"elementor-accordion-icon-closed\"><i class=\"fas fa-plus\"><\/i><\/span>\n\t\t\t\t\t\t\t\t<span class=\"elementor-accordion-icon-opened\"><i class=\"fas fa-minus\"><\/i><\/span>\n\t\t\t\t\t\t\t\t\t\t\t\t\t\t<\/span>\n\t\t\t\t\t\t\t\t\t\t\t\t<a class=\"elementor-accordion-title\" tabindex=\"0\">Pour prendre rendez vous :<\/a>\n\t\t\t\t\t<\/div>\n\t\t\t\t\t<div id=\"elementor-tab-content-6891\" class=\"elementor-tab-content elementor-clearfix\" data-tab=\"1\" role=\"region\" aria-labelledby=\"elementor-tab-title-6891\"><p><strong><span style=\"color: #ed1164\">Le patient doit \u00eatre adress\u00e9 par un m\u00e9decin.<\/span><\/strong><\/p><ul><li><p><strong>Contacts<\/strong> :<br \/><span style=\"font-size: 1rem\">Tel\u00a0: <span style=\"color: #ed1164\"><strong>02 47 47 38 78<\/strong><\/span> &#8211;\u00a0<\/span><span style=\"font-size: 1rem\">Courriel\u00a0: <a href=\"mailto:crcm.adultes@chu-tours.fr\" target=\"_blank\" rel=\"noopener\">crcm.adultes@chu-tours.fr<\/a><\/span><\/p><\/li><\/ul><\/div>\n\t\t\t\t<\/div>\n\t\t\t\t\t\t\t\t<\/div>\n\t\t\t\t<\/div>\n\t\t\t\t<\/div>\n\t\t\t\t\t<\/div>\n\t\t<\/div>\n\t\t\t\t\t<\/div>\n\t\t<\/section>\n\t\t\t\t<section class=\"elementor-section elementor-top-section elementor-element elementor-element-3cd02070 elementor-section-boxed elementor-section-height-default elementor-section-height-default\" data-id=\"3cd02070\" data-element_type=\"section\">\n\t\t\t\t\t\t<div class=\"elementor-container elementor-column-gap-default\">\n\t\t\t\t\t<div class=\"elementor-column elementor-col-100 elementor-top-column elementor-element elementor-element-27258655\" data-id=\"27258655\" data-element_type=\"column\">\n\t\t\t<div class=\"elementor-widget-wrap elementor-element-populated\">\n\t\t\t\t\t\t<div class=\"elementor-element elementor-element-45a3eda9 elementor-widget elementor-widget-image\" data-id=\"45a3eda9\" data-element_type=\"widget\" data-widget_type=\"image.default\">\n\t\t\t\t<div class=\"elementor-widget-container\">\n\t\t\t\t\t\t\t\t\t\t<figure class=\"wp-caption\">\n\t\t\t\t\t\t\t\t\t\t<img loading=\"lazy\" decoding=\"async\" width=\"300\" height=\"240\" src=\"https:\/\/www.chu-tours.fr\/pemr-cvl\/wp-content\/uploads\/sites\/15\/2023\/02\/recherche-300x240-1.png\" class=\"attachment-medium size-medium wp-image-369\" alt=\"\" \/>\t\t\t\t\t\t\t\t\t\t\t<figcaption class=\"widget-image-caption wp-caption-text\">PROTOCOLES EN COURS<\/figcaption>\n\t\t\t\t\t\t\t\t\t\t<\/figure>\n\t\t\t\t\t\t\t<\/div>\n\t\t\t\t<\/div>\n\t\t\t\t<div class=\"elementor-element elementor-element-6b16b956 elementor-widget elementor-widget-toggle\" data-id=\"6b16b956\" data-element_type=\"widget\" data-widget_type=\"toggle.default\">\n\t\t\t\t<div class=\"elementor-widget-container\">\n\t\t\t\t\t<div class=\"elementor-toggle\">\n\t\t\t\t\t\t\t<div class=\"elementor-toggle-item\">\n\t\t\t\t\t<div id=\"elementor-tab-title-1791\" class=\"elementor-tab-title\" data-tab=\"1\" role=\"button\" aria-controls=\"elementor-tab-content-1791\" aria-expanded=\"false\">\n\t\t\t\t\t\t\t\t\t\t\t\t<span class=\"elementor-toggle-icon elementor-toggle-icon-left\" aria-hidden=\"true\">\n\t\t\t\t\t\t\t\t\t\t\t\t\t\t\t<span class=\"elementor-toggle-icon-closed\"><i class=\"fas fa-caret-right\"><\/i><\/span>\n\t\t\t\t\t\t\t\t<span class=\"elementor-toggle-icon-opened\"><i class=\"elementor-toggle-icon-opened fas fa-caret-up\"><\/i><\/span>\n\t\t\t\t\t\t\t\t\t\t\t\t\t<\/span>\n\t\t\t\t\t\t\t\t\t\t\t\t<a class=\"elementor-toggle-title\" tabindex=\"0\"><span style=\"text-transform: uppercase\"><strong>Protocoles en cours<\/strong><\/span><\/a>\n\t\t\t\t\t<\/div>\n\n\t\t\t\t\t<div id=\"elementor-tab-content-1791\" class=\"elementor-tab-content elementor-clearfix\" data-tab=\"1\" role=\"region\" aria-labelledby=\"elementor-tab-title-1791\"><p>Le <strong>CRCM adultes de Tours<\/strong> participe et coordonne plusieurs protocoles de Recherche Clinique.<\/p><p>Des liens \u00e9troits existent avec le Centre d\u2019\u00e9tude des Pathologies Respiratoires (<strong>unit\u00e9 INSERM U1100<\/strong>).<\/p><h4><strong>Protocoles en cours :\u00a0<\/strong><\/h4><ul><li>VX20-121-103 et 104<br \/>Etude de phase 3 portant sur le traitement combin\u00e9 par VX-121 chez des sujets atteints de mucoviscidose qui sont homozygotes pour la mutation F508del, h\u00e9t\u00e9rozygotes pour la mutation F508del et qui pr\u00e9sentent une mutation \u00ab gating \u00bb (F\/G) ou \u00e0 fonction r\u00e9siduelle (F\/RF), ou qui ont au moins une autre mutation du g\u00e8ne CFTR r\u00e9pondant \u00e0 la triple association et n\u2019ont pas de mutation F508del<\/li><li>VX21-445-125<br \/>\u00c9tude de phase 3 en ouvert \u00e9valuant la s\u00e9curit\u00e9 d\u2019emploi et l\u2019efficacit\u00e9 \u00e0 long terme de l\u2019association elexacaftor\/tezacaftor\/ivacaftor chez des patients atteints de mucoviscidose pr\u00e9sentant un g\u00e9notype CFTR non-F508del<\/li><li>ECHOTRIO<br \/>Evaluation de la r\u00e9ponse th\u00e9rapeutique aux traitements modulateurs de la prot\u00e9ine CFTR, dans la prise en charge des patients atteints de mucoviscidose par l\u2019\u00e9chographie thoracique<\/li><\/ul><h4>Protocoles \u00e0 venir :<\/h4><ul><li>DIATRIM\u00a0\u00a0Effet d\u2019un an de traitement par elexacaftor-tezacaftor-ivacaftor sur les anomalies de la tol\u00e9rance au glucose chez le patient adulte atteint de mucoviscidose<\/li><li>DIAPASON Impact d&#8217;un programme coordonn\u00e9 di\u00e9t\u00e9tique-activit\u00e9 physique adapt\u00e9e sur le pourcentage de masse maigre d&#8217;adultes atteints de mucoviscidose trait\u00e9s par Elexacaftor-Tezacaftor[1]Ivacaftor : Essai contr\u00f4l\u00e9 randomis\u00e9 multicentrique<br \/>Coordonnateur scientifique Mme GIBORY di\u00e9t\u00e9ticienne CRCM adulte de Tours, promoteur CHU TOURS<\/li><\/ul><\/div>\n\t\t\t\t<\/div>\n\t\t\t\t\t\t\t\t<\/div>\n\t\t\t\t<\/div>\n\t\t\t\t<\/div>\n\t\t\t\t<div class=\"elementor-element elementor-element-4e15dbae elementor-widget elementor-widget-image\" data-id=\"4e15dbae\" data-element_type=\"widget\" data-widget_type=\"image.default\">\n\t\t\t\t<div class=\"elementor-widget-container\">\n\t\t\t\t\t\t\t\t\t\t\t\t\t<img loading=\"lazy\" decoding=\"async\" width=\"150\" height=\"150\" src=\"https:\/\/www.chu-tours.fr\/pemr-cvl\/wp-content\/uploads\/sites\/15\/2023\/02\/logo-cepr-inserm-u1100-150x150-1-150x150.png\" class=\"attachment-thumbnail size-thumbnail wp-image-467\" alt=\"\" srcset=\"https:\/\/www.chu-tours.fr\/pemr-cvl\/wp-content\/uploads\/sites\/15\/2023\/02\/logo-cepr-inserm-u1100-150x150-1.png 150w, https:\/\/www.chu-tours.fr\/pemr-cvl\/wp-content\/uploads\/sites\/15\/2023\/02\/logo-cepr-inserm-u1100-150x150-1-40x40.png 40w\" sizes=\"(max-width: 150px) 100vw, 150px\" \/>\t\t\t\t\t\t\t\t\t\t\t\t\t<\/div>\n\t\t\t\t<\/div>\n\t\t\t\t\t<\/div>\n\t\t<\/div>\n\t\t\t\t\t<\/div>\n\t\t<\/section>\n\t\t\t\t<section class=\"elementor-section elementor-top-section elementor-element elementor-element-3a88637c elementor-section-boxed elementor-section-height-default elementor-section-height-default\" data-id=\"3a88637c\" data-element_type=\"section\">\n\t\t\t\t\t\t<div class=\"elementor-container elementor-column-gap-default\">\n\t\t\t\t\t<div class=\"elementor-column elementor-col-100 elementor-top-column elementor-element elementor-element-3bdbfba2\" data-id=\"3bdbfba2\" data-element_type=\"column\">\n\t\t\t<div class=\"elementor-widget-wrap elementor-element-populated\">\n\t\t\t\t\t\t<div class=\"elementor-element elementor-element-5c651027 elementor-view-stacked elementor-shape-circle elementor-widget elementor-widget-icon\" data-id=\"5c651027\" data-element_type=\"widget\" data-widget_type=\"icon.default\">\n\t\t\t\t<div class=\"elementor-widget-container\">\n\t\t\t\t\t<div class=\"elementor-icon-wrapper\">\n\t\t\t<div class=\"elementor-icon\">\n\t\t\t<i aria-hidden=\"true\" class=\"fas fa-book-reader\"><\/i>\t\t\t<\/div>\n\t\t<\/div>\n\t\t\t\t<\/div>\n\t\t\t\t<\/div>\n\t\t\t\t<div class=\"elementor-element elementor-element-130ef3c3 elementor-widget elementor-widget-toggle\" data-id=\"130ef3c3\" data-element_type=\"widget\" data-widget_type=\"toggle.default\">\n\t\t\t\t<div class=\"elementor-widget-container\">\n\t\t\t\t\t<div class=\"elementor-toggle\">\n\t\t\t\t\t\t\t<div class=\"elementor-toggle-item\">\n\t\t\t\t\t<div id=\"elementor-tab-title-3191\" class=\"elementor-tab-title\" data-tab=\"1\" role=\"button\" aria-controls=\"elementor-tab-content-3191\" aria-expanded=\"false\">\n\t\t\t\t\t\t\t\t\t\t\t\t<span class=\"elementor-toggle-icon elementor-toggle-icon-left\" aria-hidden=\"true\">\n\t\t\t\t\t\t\t\t\t\t\t\t\t\t\t<span class=\"elementor-toggle-icon-closed\"><i class=\"fas fa-caret-right\"><\/i><\/span>\n\t\t\t\t\t\t\t\t<span class=\"elementor-toggle-icon-opened\"><i class=\"elementor-toggle-icon-opened fas fa-caret-up\"><\/i><\/span>\n\t\t\t\t\t\t\t\t\t\t\t\t\t<\/span>\n\t\t\t\t\t\t\t\t\t\t\t\t<a class=\"elementor-toggle-title\" tabindex=\"0\"><span style=\"text-transform: uppercase\"><strong>PUBLICATIONS depuis 2020<\/strong><\/span><\/a>\n\t\t\t\t\t<\/div>\n\n\t\t\t\t\t<div id=\"elementor-tab-content-3191\" class=\"elementor-tab-content elementor-clearfix\" data-tab=\"1\" role=\"region\" aria-labelledby=\"elementor-tab-title-3191\"><ol><li><span style=\"text-decoration: underline;\">Theratyping cystic fibrosis patients to guide elexacaftor\/tezacaftor\/ivacaftor out-of-label prescription<\/span>.<br \/>Dreano E, Burgel PR, Hatton A, Bouazza N, Chevalier B, Macey J, Leroy S, Durieu I, Weiss L, Grenet D, Stremler N, Ohlmann C, Reix P, Porzio M, Roux Claude P, R\u00e9mus N, Douvry B, Montcouquiol S, Cosson L,\u00a0<strong><span style=\"color: #ed1164;\">Mankikian J<\/span><\/strong>, Languepin J, Houdouin V, Le Clainche L, Guillaumot A, Pouradier D, Tissot A, Priou P, M\u00e9ly L, Chedevergne F, Lebourgeois M, Lebihan J, Martin C, Zavala F, Da Silva J, Lemonnier L, Kelly-Aubert M, Golec A, Foucaud P, Marguet C, Edelman A, Hinzpeter A, de Carli P, Girodon E, Sermet-Gaudelus I, Pranke I; French CF Reference Network study group.<br \/>Eur Respir J. 2023 Oct 19;62(4):2300110. doi: 10.1183\/13993003.00110-2023. Print 2023 Oct.<\/li><li><span style=\"text-decoration: underline;\">Advent of elexacaftor\/tezacaftor\/ivacaftor for cystic fibrosis treatment: What consequences on Aspergillus-related diseases? Preliminary insights.<\/span><br \/>Chesnay A, Bailly \u00c9, Cosson L,\u00a0<strong><span style=\"color: #ed1164;\">Flament T<\/span><\/strong>, Desoubeaux G.<br \/>J Cyst Fibros. 2022 Nov;21(6):1084-1085.\u00a0<\/li><li><span style=\"text-decoration: underline;\">Impulse oscillometry and spirometry measurements relative to personal best values at the time of acute exacerbations of cystic fibrosis in adults.<\/span><br \/><span style=\"color: #ed1164;\"><strong>Blin T<\/strong><\/span>, <span style=\"color: #ed1164;\"><strong>Flament T<\/strong><\/span>, <span style=\"color: #ed1164;\"><strong>Mankikian J<\/strong><\/span>,\u00a0Chambellan A, Marchand-Adam S, Plantier L.<\/li><li><p><span style=\"text-decoration: underline;\">Palliative care in cystic fibrosis.<\/span><br \/><span style=\"color: #ed1164;\"><strong>Blin T<\/strong><\/span>, <span style=\"color: #ed1164;\"><strong>Flament T<\/strong><\/span>, <span style=\"color: #ed1164;\"><strong>Mankikian J<\/strong><\/span>,\u00a0Vibet S, Chaumier F.<br \/>BMJ Support Palliat Care. 2020 Sep;10(3):341-342. doi: 10.1136\/bmjspcare-2019-002068. Epub 2020 Jun 9.<\/p><p>\u00a0<\/p><\/li><li><p><span style=\"text-decoration: underline;\">Effect of one-year lumacaftor-ivacaftor treatment on glucose tolerance abnormalities in cystic fibrosis patients.<\/span><br \/>Misgault B, Chatron E, Reynaud Q, Touzet S, Abely M, Melly L, Dominique S, Troussier F, Ronsin-Pradel O, Gerardin M,\u00a0<span style=\"color: #ed1164;\"><strong>Mankikian J<\/strong><\/span>,\u00a0Cosson L, Chiron R, Bounyar L, Porzio M, Durieu I, Weiss L, Kessler R, Kessler L.<br \/>J Cyst Fibros. 2020 Sep;19(5):712-716.<\/p><\/li><li><p><span style=\"text-decoration: underline;\">Pharmacokinetics of colistin after nebulization or intravenous administration of colistin methanesulphonate (Colimycin\u00ae) to cystic fibrosis patients.<\/span><br \/>Magr\u00e9ault S,\u00a0<span style=\"color: #ed1164;\"><strong>Mankikian J<\/strong><\/span>,\u00a0Marchand S, Diot P, Couet W, Flament T, Gr\u00e9goire N.<br \/>J Cyst Fibros. 2020 May;19(3):421-426<\/p><\/li><\/ol><\/div>\n\t\t\t\t<\/div>\n\t\t\t\t\t\t\t\t<\/div>\n\t\t\t\t<\/div>\n\t\t\t\t<\/div>\n\t\t\t\t<div class=\"elementor-element elementor-element-9cecdfd elementor-widget elementor-widget-toggle\" data-id=\"9cecdfd\" data-element_type=\"widget\" data-widget_type=\"toggle.default\">\n\t\t\t\t<div class=\"elementor-widget-container\">\n\t\t\t\t\t<div class=\"elementor-toggle\">\n\t\t\t\t\t\t\t<div class=\"elementor-toggle-item\">\n\t\t\t\t\t<div id=\"elementor-tab-title-1641\" class=\"elementor-tab-title\" data-tab=\"1\" role=\"button\" aria-controls=\"elementor-tab-content-1641\" aria-expanded=\"false\">\n\t\t\t\t\t\t\t\t\t\t\t\t<span class=\"elementor-toggle-icon elementor-toggle-icon-left\" aria-hidden=\"true\">\n\t\t\t\t\t\t\t\t\t\t\t\t\t\t\t<span class=\"elementor-toggle-icon-closed\"><i class=\"fas fa-caret-right\"><\/i><\/span>\n\t\t\t\t\t\t\t\t<span class=\"elementor-toggle-icon-opened\"><i class=\"elementor-toggle-icon-opened fas fa-caret-up\"><\/i><\/span>\n\t\t\t\t\t\t\t\t\t\t\t\t\t<\/span>\n\t\t\t\t\t\t\t\t\t\t\t\t<a class=\"elementor-toggle-title\" tabindex=\"0\"><span style=\"text-transform: uppercase\"><strong>PUBLICATIONS 2018\/2019<\/strong><\/span><\/a>\n\t\t\t\t\t<\/div>\n\n\t\t\t\t\t<div id=\"elementor-tab-content-1641\" class=\"elementor-tab-content elementor-clearfix\" data-tab=\"1\" role=\"region\" aria-labelledby=\"elementor-tab-title-1641\"><ol><li>Guillon A, S\u00e9cher T, Dailey LA, Vecellio L, de Monte M, Si-Tahar M, <span style=\"color: #ed1164\"><strong>Diot P<\/strong><\/span>, Page CP, Heuz\u00e9-Vourc&#8217;h N. Insights on animal models to investigate inhalation therapy: Relevance for biotherapeutics. Int J Pharm. 2018 Jan 30;536(1):116-126.<\/li><li>Guillon A, Brea D, Luczka E, Herv\u00e9 V, Hasanat S, Thorey C, P\u00e9rez-Cruz M, Hordeaux J,<span style=\"color: #ed1164\"><strong> Mankikian J<\/strong><\/span>, Gosset P, Coraux C, Si-Tahar M. Inactivation of the interleukin-22 pathway in the airways of cystic fibrosis patients. Cytokine. 2019 Jan;113:470-474.<\/li><li>Pranke I, Hatton A, Masson A, <span style=\"color: #ed1164\"><strong>Flament T<\/strong><\/span>, Le Bourgeois M, Chedevergne F, Bailly C, Urbach V, Hinzpeter A, Edelman A, Sermet Gaudelus I. Might Brushed Nasal Cells Be a Surrogate for CFTR Modulator Clinical Response? Am J Respir Crit Care Med. 2019 Jan 1;199(1):123-126.<\/li><li>Masson A, Schneider-Futschik EK, Baatallah N, Nguyen-Khoa T, Girodon E, Hatton A, <span style=\"color: #ed1164\"><strong>Flament T<\/strong><\/span>, Le Bourgeois M, Chedevergne F, Bailly C, Kyrilli S, Achimastos D, Hinzpeter A, Edelman A, Sermet-Gaudelus I. Predictive factors for lumacaftor\/ivacaftor clinical\u00a0response. J Cyst Fibros. 2019 May;18(3):368-374.<\/li><li>Magr\u00e9ault S, <span style=\"color: #ed1164\"><strong>Mankikian J<\/strong><\/span>, Marchand S, <strong><span style=\"color: #ed1164\">Diot P<\/span><\/strong>, Couet W, <span style=\"color: #ed1164\"><strong>Flament T,<\/strong><\/span> Gr\u00e9goire N. \u00a0Pharmacokinetics of colistin after nebulization or intravenous administration of \u00a0colistin methanesulphonate (Colimycin\u00ae) to cystic fibrosis patients. J Cyst Fibros. 2019 Sep 6. pii: S1569-1993(18)30822-1.<\/li><\/ol><\/div>\n\t\t\t\t<\/div>\n\t\t\t\t\t\t\t\t<\/div>\n\t\t\t\t<\/div>\n\t\t\t\t<\/div>\n\t\t\t\t\t<\/div>\n\t\t<\/div>\n\t\t\t\t\t<\/div>\n\t\t<\/section>\n\t\t\t\t<section class=\"elementor-section elementor-top-section elementor-element elementor-element-583f8b59 elementor-section-boxed elementor-section-height-default elementor-section-height-default\" data-id=\"583f8b59\" data-element_type=\"section\">\n\t\t\t\t\t\t<div class=\"elementor-container elementor-column-gap-default\">\n\t\t\t\t\t<div class=\"elementor-column elementor-col-100 elementor-top-column elementor-element elementor-element-5bd465bb\" data-id=\"5bd465bb\" data-element_type=\"column\">\n\t\t\t<div class=\"elementor-widget-wrap elementor-element-populated\">\n\t\t\t\t\t\t<div class=\"elementor-element elementor-element-4b0684a5 elementor-widget elementor-widget-image\" data-id=\"4b0684a5\" data-element_type=\"widget\" data-widget_type=\"image.default\">\n\t\t\t\t<div class=\"elementor-widget-container\">\n\t\t\t\t\t\t\t\t\t\t<figure class=\"wp-caption\">\n\t\t\t\t\t\t\t\t\t\t<img loading=\"lazy\" decoding=\"async\" width=\"300\" height=\"263\" src=\"https:\/\/www.chu-tours.fr\/pemr-cvl\/wp-content\/uploads\/sites\/15\/2023\/02\/enseignement-300x263-1.png\" class=\"attachment-medium size-medium wp-image-365\" alt=\"\" \/>\t\t\t\t\t\t\t\t\t\t\t<figcaption class=\"widget-image-caption wp-caption-text\">ENSEIGNEMENT<\/figcaption>\n\t\t\t\t\t\t\t\t\t\t<\/figure>\n\t\t\t\t\t\t\t<\/div>\n\t\t\t\t<\/div>\n\t\t\t\t<div class=\"elementor-element elementor-element-132d43b1 elementor-widget elementor-widget-toggle\" data-id=\"132d43b1\" data-element_type=\"widget\" data-widget_type=\"toggle.default\">\n\t\t\t\t<div class=\"elementor-widget-container\">\n\t\t\t\t\t<div class=\"elementor-toggle\">\n\t\t\t\t\t\t\t<div class=\"elementor-toggle-item\">\n\t\t\t\t\t<div id=\"elementor-tab-title-3211\" class=\"elementor-tab-title\" data-tab=\"1\" role=\"button\" aria-controls=\"elementor-tab-content-3211\" aria-expanded=\"false\">\n\t\t\t\t\t\t\t\t\t\t\t\t<span class=\"elementor-toggle-icon elementor-toggle-icon-left\" aria-hidden=\"true\">\n\t\t\t\t\t\t\t\t\t\t\t\t\t\t\t<span class=\"elementor-toggle-icon-closed\"><i class=\"fas fa-caret-right\"><\/i><\/span>\n\t\t\t\t\t\t\t\t<span class=\"elementor-toggle-icon-opened\"><i class=\"elementor-toggle-icon-opened fas fa-caret-up\"><\/i><\/span>\n\t\t\t\t\t\t\t\t\t\t\t\t\t<\/span>\n\t\t\t\t\t\t\t\t\t\t\t\t<a class=\"elementor-toggle-title\" tabindex=\"0\"><span style=\"text-transform: uppercase\"><strong>Enseignement<\/strong><\/span><\/a>\n\t\t\t\t\t<\/div>\n\n\t\t\t\t\t<div id=\"elementor-tab-content-3211\" class=\"elementor-tab-content elementor-clearfix\" data-tab=\"1\" role=\"region\" aria-labelledby=\"elementor-tab-title-3211\"><p><strong>Formation en ligne de la Fili\u00e8re Muco\/CFTR pour les professionnels de sant\u00e9<\/strong> :<\/p><ul><li><a href=\"http:\/\/edumuco.key4events.com\/default.aspx\" target=\"_blank\" rel=\"noopener\">http:\/\/edumuco.key4events.com\/default.aspx<\/a><\/li><\/ul><\/div>\n\t\t\t\t<\/div>\n\t\t\t\t\t\t\t\t<\/div>\n\t\t\t\t<\/div>\n\t\t\t\t<\/div>\n\t\t\t\t\t<\/div>\n\t\t<\/div>\n\t\t\t\t\t<\/div>\n\t\t<\/section>\n\t\t\t\t<section class=\"elementor-section elementor-top-section elementor-element elementor-element-5b8afd21 elementor-section-boxed elementor-section-height-default elementor-section-height-default\" data-id=\"5b8afd21\" data-element_type=\"section\">\n\t\t\t\t\t\t<div class=\"elementor-container elementor-column-gap-default\">\n\t\t\t\t\t<div class=\"elementor-column elementor-col-100 elementor-top-column elementor-element elementor-element-691310d0\" data-id=\"691310d0\" data-element_type=\"column\">\n\t\t\t<div class=\"elementor-widget-wrap elementor-element-populated\">\n\t\t\t\t\t\t<div class=\"elementor-element elementor-element-3a26cfa2 elementor-widget elementor-widget-image\" data-id=\"3a26cfa2\" data-element_type=\"widget\" data-widget_type=\"image.default\">\n\t\t\t\t<div class=\"elementor-widget-container\">\n\t\t\t\t\t\t\t\t\t\t<figure class=\"wp-caption\">\n\t\t\t\t\t\t\t\t\t\t<img loading=\"lazy\" decoding=\"async\" width=\"300\" height=\"212\" src=\"https:\/\/www.chu-tours.fr\/pemr-cvl\/wp-content\/uploads\/sites\/15\/2023\/02\/outils-300x212-1.png\" class=\"attachment-medium size-medium wp-image-367\" alt=\"\" \/>\t\t\t\t\t\t\t\t\t\t\t<figcaption class=\"widget-image-caption wp-caption-text\">OUTILS<\/figcaption>\n\t\t\t\t\t\t\t\t\t\t<\/figure>\n\t\t\t\t\t\t\t<\/div>\n\t\t\t\t<\/div>\n\t\t\t\t<div class=\"elementor-element elementor-element-4cd490b1 elementor-widget elementor-widget-toggle\" data-id=\"4cd490b1\" data-element_type=\"widget\" data-widget_type=\"toggle.default\">\n\t\t\t\t<div class=\"elementor-widget-container\">\n\t\t\t\t\t<div class=\"elementor-toggle\">\n\t\t\t\t\t\t\t<div class=\"elementor-toggle-item\">\n\t\t\t\t\t<div id=\"elementor-tab-title-1281\" class=\"elementor-tab-title\" data-tab=\"1\" role=\"button\" aria-controls=\"elementor-tab-content-1281\" aria-expanded=\"false\">\n\t\t\t\t\t\t\t\t\t\t\t\t<span class=\"elementor-toggle-icon elementor-toggle-icon-left\" aria-hidden=\"true\">\n\t\t\t\t\t\t\t\t\t\t\t\t\t\t\t<span class=\"elementor-toggle-icon-closed\"><i class=\"fas fa-caret-right\"><\/i><\/span>\n\t\t\t\t\t\t\t\t<span class=\"elementor-toggle-icon-opened\"><i class=\"elementor-toggle-icon-opened fas fa-caret-up\"><\/i><\/span>\n\t\t\t\t\t\t\t\t\t\t\t\t\t<\/span>\n\t\t\t\t\t\t\t\t\t\t\t\t<a class=\"elementor-toggle-title\" tabindex=\"0\"><span style=\"text-transform: uppercase\"><strong>Outils<\/strong><\/span><\/a>\n\t\t\t\t\t<\/div>\n\n\t\t\t\t\t<div id=\"elementor-tab-content-1281\" class=\"elementor-tab-content elementor-clearfix\" data-tab=\"1\" role=\"region\" aria-labelledby=\"elementor-tab-title-1281\"><p><strong>PNDS (Protocole National de Diagnostic et de Soins) 2017 :<\/strong><\/p><ul><li><a href=\"https:\/\/www.has-sante.fr\/upload\/docs\/application\/pdf\/2017-09\/pnds_2017_vf1.pdf\" target=\"_blank\" rel=\"noopener\">https:\/\/www.has-sante.fr\/upload\/docs\/application\/pdf\/2017-09\/pnds_2017_vf1.pdf<\/a><\/li><\/ul><\/div>\n\t\t\t\t<\/div>\n\t\t\t\t\t\t\t\t<\/div>\n\t\t\t\t<\/div>\n\t\t\t\t<\/div>\n\t\t\t\t\t<\/div>\n\t\t<\/div>\n\t\t\t\t\t<\/div>\n\t\t<\/section>\n\t\t\t\t<section class=\"elementor-section elementor-top-section elementor-element elementor-element-42e33619 elementor-section-boxed elementor-section-height-default elementor-section-height-default\" data-id=\"42e33619\" data-element_type=\"section\">\n\t\t\t\t\t\t<div class=\"elementor-container elementor-column-gap-default\">\n\t\t\t\t\t<div class=\"elementor-column elementor-col-100 elementor-top-column elementor-element elementor-element-3d2cb85d\" data-id=\"3d2cb85d\" data-element_type=\"column\">\n\t\t\t<div class=\"elementor-widget-wrap elementor-element-populated\">\n\t\t\t\t\t\t<div class=\"elementor-element elementor-element-44e918f4 elementor-widget elementor-widget-image\" data-id=\"44e918f4\" data-element_type=\"widget\" data-widget_type=\"image.default\">\n\t\t\t\t<div class=\"elementor-widget-container\">\n\t\t\t\t\t\t\t\t\t\t<figure class=\"wp-caption\">\n\t\t\t\t\t\t\t\t\t\t<img loading=\"lazy\" decoding=\"async\" width=\"300\" height=\"192\" src=\"https:\/\/www.chu-tours.fr\/pemr-cvl\/wp-content\/uploads\/sites\/15\/2023\/02\/liens-300x192-1.png\" class=\"attachment-medium size-medium wp-image-370\" alt=\"\" \/>\t\t\t\t\t\t\t\t\t\t\t<figcaption class=\"widget-image-caption wp-caption-text\">LIENS<\/figcaption>\n\t\t\t\t\t\t\t\t\t\t<\/figure>\n\t\t\t\t\t\t\t<\/div>\n\t\t\t\t<\/div>\n\t\t\t\t<div class=\"elementor-element elementor-element-4813947c elementor-widget elementor-widget-toggle\" data-id=\"4813947c\" data-element_type=\"widget\" data-widget_type=\"toggle.default\">\n\t\t\t\t<div class=\"elementor-widget-container\">\n\t\t\t\t\t<div class=\"elementor-toggle\">\n\t\t\t\t\t\t\t<div class=\"elementor-toggle-item\">\n\t\t\t\t\t<div id=\"elementor-tab-title-1201\" class=\"elementor-tab-title\" data-tab=\"1\" role=\"button\" aria-controls=\"elementor-tab-content-1201\" aria-expanded=\"false\">\n\t\t\t\t\t\t\t\t\t\t\t\t<span class=\"elementor-toggle-icon elementor-toggle-icon-left\" aria-hidden=\"true\">\n\t\t\t\t\t\t\t\t\t\t\t\t\t\t\t<span class=\"elementor-toggle-icon-closed\"><i class=\"fas fa-caret-right\"><\/i><\/span>\n\t\t\t\t\t\t\t\t<span class=\"elementor-toggle-icon-opened\"><i class=\"elementor-toggle-icon-opened fas fa-caret-up\"><\/i><\/span>\n\t\t\t\t\t\t\t\t\t\t\t\t\t<\/span>\n\t\t\t\t\t\t\t\t\t\t\t\t<a class=\"elementor-toggle-title\" tabindex=\"0\"><span style=\"text-transform: uppercase\"><strong>Liens<\/strong><\/span><\/a>\n\t\t\t\t\t<\/div>\n\n\t\t\t\t\t<div id=\"elementor-tab-content-1201\" class=\"elementor-tab-content elementor-clearfix\" data-tab=\"1\" role=\"region\" aria-labelledby=\"elementor-tab-title-1201\"><ul><li><b>Fili\u00e8re<\/b><ul><li><a href=\"https:\/\/muco-cftr.fr\/index.php\/fr\/\" target=\"_blank\" rel=\"noopener\">https:\/\/muco-cftr.fr\/index.php\/fr\/<\/a><\/li><\/ul><\/li><\/ul><ul><li><b>Soci\u00e9t\u00e9s savantes<\/b><ul><li><a href=\"https:\/\/muco-cftr.fr\/index.php\/fr\/la-filiere\/la-societe-francaise-de-la-mucoviscidose\/presentation-de-la-sfm\" target=\"_blank\" rel=\"noopener\">https:\/\/muco-cftr.fr\/index.php\/fr\/la-filiere\/la-societe-francaise-de-la-mucoviscidose\/presentation-de-la-sfm<\/a><\/li><\/ul><\/li><\/ul><ul><li><strong>Site d&#8217;information soignant\u00a0<\/strong><ul><li><a href=\"https:\/\/info-muco.com\/\" target=\"_blank\" rel=\"noopener\">https:\/\/info-muco.com\/<\/a><\/li><\/ul><\/li><li><b>Associations de patients<\/b><ul><li><a href=\"https:\/\/www.vaincrelamuco.org\/\" target=\"_blank\" rel=\"noopener\">https:\/\/www.vaincrelamuco.org\/<\/a><\/li><li><a href=\"https:\/\/association-gregorylemarchal.org\/\" target=\"_blank\" rel=\"noopener\">https:\/\/association-gregorylemarchal.org\/<\/a><\/li><\/ul><\/li><\/ul><\/div>\n\t\t\t\t<\/div>\n\t\t\t\t\t\t\t\t<\/div>\n\t\t\t\t<\/div>\n\t\t\t\t<\/div>\n\t\t\t\t\t<\/div>\n\t\t<\/div>\n\t\t\t\t\t<\/div>\n\t\t<\/section>\n\t\t\t\t<\/div>\n\t\t","protected":false},"excerpt":{"rendered":"<p>Centre de Ressources et de Comp\u00e9tences de la mucoviscidose et des pathologies du CFTR &#8211; Adultes Le CRCM Adultes de Tours, coordonn\u00e9 par le Dr J. MANKIKIAN, est un centre d\u2019expertise pour la prise en charge des patients adultes atteints de Mucoviscidose et de pathologies du CFTR. Il a pour triple mission : la prise [&hellip;]<\/p>\n","protected":false},"author":4,"featured_media":0,"parent":0,"menu_order":0,"comment_status":"closed","ping_status":"closed","template":"","meta":{"_seopress_robots_primary_cat":"","_seopress_titles_title":"Centre de Ressources et de Comp\u00e9tences de la mucoviscidose et des pathologies du CFTR, Adultes","_seopress_titles_desc":"Le CRCM Adultes de Tours, coordonn\u00e9 par le Dr J. MANKIKIAN, est un centre d\u2019expertise pour la prise en charge des patients adultes atteints de Mucoviscidose et de pathologies du CFTR. ","_seopress_robots_index":"","_exactmetrics_skip_tracking":false,"_exactmetrics_sitenote_active":false,"_exactmetrics_sitenote_note":"","_exactmetrics_sitenote_category":0,"_genesis_hide_title":false,"_genesis_hide_breadcrumbs":false,"_genesis_hide_singular_image":false,"_genesis_hide_footer_widgets":false,"_genesis_custom_body_class":"","_genesis_custom_post_class":"","_genesis_layout":"","footnotes":""},"publishpress_future_action":{"enabled":false,"date":"2026-05-08 04:12:29","action":"change-status","newStatus":"draft","terms":[],"taxonomy":""},"_links":{"self":[{"href":"https:\/\/www.chu-tours.fr\/pemr-cvl\/wp-json\/wp\/v2\/pages\/463"}],"collection":[{"href":"https:\/\/www.chu-tours.fr\/pemr-cvl\/wp-json\/wp\/v2\/pages"}],"about":[{"href":"https:\/\/www.chu-tours.fr\/pemr-cvl\/wp-json\/wp\/v2\/types\/page"}],"author":[{"embeddable":true,"href":"https:\/\/www.chu-tours.fr\/pemr-cvl\/wp-json\/wp\/v2\/users\/4"}],"replies":[{"embeddable":true,"href":"https:\/\/www.chu-tours.fr\/pemr-cvl\/wp-json\/wp\/v2\/comments?post=463"}],"version-history":[{"count":7,"href":"https:\/\/www.chu-tours.fr\/pemr-cvl\/wp-json\/wp\/v2\/pages\/463\/revisions"}],"predecessor-version":[{"id":2224,"href":"https:\/\/www.chu-tours.fr\/pemr-cvl\/wp-json\/wp\/v2\/pages\/463\/revisions\/2224"}],"wp:attachment":[{"href":"https:\/\/www.chu-tours.fr\/pemr-cvl\/wp-json\/wp\/v2\/media?parent=463"}],"curies":[{"name":"wp","href":"https:\/\/api.w.org\/{rel}","templated":true}]}}