{"id":9547,"date":"2024-05-31T16:31:43","date_gmt":"2024-05-31T14:31:43","guid":{"rendered":"https:\/\/www.chu-tours.fr\/ecoles-du-chru-de-tours\/?page_id=9547"},"modified":"2026-02-04T16:13:44","modified_gmt":"2026-02-04T15:13:44","slug":"rentree-ifsi-pass-las","status":"publish","type":"page","link":"https:\/\/www.chu-tours.fr\/ecoles-du-chru-de-tours\/rentree-ifsi-pass-las\/","title":{"rendered":"Rentr\u00e9e IFSI &#8211; PASS\/LAS"},"content":{"rendered":"\t\t<div data-elementor-type=\"wp-page\" data-elementor-id=\"9547\" class=\"elementor elementor-9547\" data-elementor-post-type=\"page\">\n\t\t\t\t\t\t<section class=\"elementor-section elementor-top-section elementor-element elementor-element-76f1166 elementor-section-boxed elementor-section-height-default elementor-section-height-default\" data-id=\"76f1166\" data-element_type=\"section\">\n\t\t\t\t\t\t<div class=\"elementor-container elementor-column-gap-default\">\n\t\t\t\t\t<div class=\"elementor-column elementor-col-100 elementor-top-column elementor-element elementor-element-f991282\" data-id=\"f991282\" data-element_type=\"column\">\n\t\t\t<div class=\"elementor-widget-wrap elementor-element-populated\">\n\t\t\t\t\t\t<section class=\"elementor-section elementor-inner-section elementor-element elementor-element-bce9b09 elementor-section-boxed elementor-section-height-default elementor-section-height-default\" data-id=\"bce9b09\" data-element_type=\"section\">\n\t\t\t\t\t\t<div class=\"elementor-container elementor-column-gap-default\">\n\t\t\t\t\t<div class=\"elementor-column elementor-col-50 elementor-inner-column elementor-element elementor-element-ed7e788\" data-id=\"ed7e788\" data-element_type=\"column\">\n\t\t\t<div class=\"elementor-widget-wrap elementor-element-populated\">\n\t\t\t\t\t\t<div class=\"elementor-element elementor-element-168fe5a elementor-widget elementor-widget-text-editor\" data-id=\"168fe5a\" data-element_type=\"widget\" data-widget_type=\"text-editor.default\">\n\t\t\t\t<div class=\"elementor-widget-container\">\n\t\t\t\t\t\t\t<p>Passerelle Directe en L2 Dipl\u00f4me d\u2019Etat Infirmier suite \u00e0 PASS-LAS<\/p><p><strong>RENTREE ANTICIPEE EN L2\u00a0\u2013 20 JUILLET 2026 \u2013 8h30<\/strong><\/p><p><strong>Stage de 5 semaines du 20 juillet 2026 au 21 ao\u00fbt 2026<\/strong><\/p><p>Module de 35 heures de \u00ab sp\u00e9cialit\u00e9 infirmi\u00e8re \u00bb obligatoire accessible d\u00e8s le 1er juin 2026 via entre autres les identifiants universitaires (Pr\u00e9sentation par l\u2019\u00e9quipe p\u00e9dagogique le 21 Mai 2026 \u00e0 14h00 \u2013 <a href=\"https:\/\/teams.microsoft.com\/l\/meetup-join\/19%3ameeting_MmYzOTFjYTgtYmM0ZS00NjgxLWI1Y2UtMWJiZTYzM2QwNDZj%40thread.v2\/0?context=%7b%22Tid%22%3a%2216150599-ebb0-4fcf-94a5-6010823c7bd5%22%2c%22Oid%22%3a%22824b014b-3d40-440d-bc4e-767e6f546f77%22%7d\"><strong>Rejoindre la visio<\/strong><\/a>)<\/p><p><strong><span style=\"color: #c62050\">RENTREE DEFINITIVE EN L2 \u2013 31 AOUT 2026 A 9H\u00a0<\/span><\/strong><\/p><h3 style=\"text-align: left\">DOSSIER D&#8217;INSCRIPTION <br \/>\u00c0 RETOURNER \u00c0 L\u2019ADRESSE SUIVANTE PAR VOIE POSTALE :<\/h3><p style=\"text-align: left\">INSTITUT DE FORMATION EN SOINS INFIRMIERS<br \/>CHRU DE TOURS <br \/>37044 TOURS CEDEX 9<\/p><ul><li>Imp\u00e9rativement <strong>d\u00e9pos\u00e9 ou post\u00e9 au plus tard avant le 10 juillet 2026<\/strong><\/li><\/ul>\t\t\t\t\t\t<\/div>\n\t\t\t\t<\/div>\n\t\t\t\t\t<\/div>\n\t\t<\/div>\n\t\t\t\t<div class=\"elementor-column elementor-col-50 elementor-inner-column elementor-element elementor-element-2977bef\" data-id=\"2977bef\" data-element_type=\"column\">\n\t\t\t<div class=\"elementor-widget-wrap elementor-element-populated\">\n\t\t\t\t\t\t<div class=\"elementor-element elementor-element-e313483 elementor-widget elementor-widget-image\" data-id=\"e313483\" data-element_type=\"widget\" data-widget_type=\"image.default\">\n\t\t\t\t<div class=\"elementor-widget-container\">\n\t\t\t\t\t\t\t\t\t\t\t\t\t<img fetchpriority=\"high\" decoding=\"async\" width=\"640\" height=\"480\" src=\"https:\/\/www.chu-tours.fr\/ecoles-du-chru-de-tours\/wp-content\/uploads\/sites\/10\/2021\/06\/CESA-2021.1.jpg\" class=\"attachment-large size-large wp-image-654\" alt=\"Ecoles du CHRU vu du ciel\" srcset=\"https:\/\/www.chu-tours.fr\/ecoles-du-chru-de-tours\/wp-content\/uploads\/sites\/10\/2021\/06\/CESA-2021.1.jpg 640w, https:\/\/www.chu-tours.fr\/ecoles-du-chru-de-tours\/wp-content\/uploads\/sites\/10\/2021\/06\/CESA-2021.1-300x225.jpg 300w, https:\/\/www.chu-tours.fr\/ecoles-du-chru-de-tours\/wp-content\/uploads\/sites\/10\/2021\/06\/CESA-2021.1-70x52.jpg 70w\" sizes=\"(max-width: 640px) 100vw, 640px\" \/>\t\t\t\t\t\t\t\t\t\t\t\t\t<\/div>\n\t\t\t\t<\/div>\n\t\t\t\t<div class=\"elementor-element elementor-element-28373c0 elementor-widget elementor-widget-video\" data-id=\"28373c0\" data-element_type=\"widget\" data-settings=\"{&quot;youtube_url&quot;:&quot;https:\\\/\\\/youtu.be\\\/iSjQjbILDAw?si=Fm1NrIO4VSJcIj91&quot;,&quot;video_type&quot;:&quot;youtube&quot;,&quot;controls&quot;:&quot;yes&quot;}\" data-widget_type=\"video.default\">\n\t\t\t\t<div class=\"elementor-widget-container\">\n\t\t\t\t\t<div class=\"elementor-wrapper elementor-open-inline\">\n\t\t\t<div class=\"elementor-video\"><\/div>\t\t<\/div>\n\t\t\t\t<\/div>\n\t\t\t\t<\/div>\n\t\t\t\t\t<\/div>\n\t\t<\/div>\n\t\t\t\t\t<\/div>\n\t\t<\/section>\n\t\t\t\t\t<\/div>\n\t\t<\/div>\n\t\t\t\t\t<\/div>\n\t\t<\/section>\n\t\t\t\t<section class=\"elementor-section elementor-top-section elementor-element elementor-element-21d4cf8 elementor-section-boxed elementor-section-height-default elementor-section-height-default\" data-id=\"21d4cf8\" data-element_type=\"section\">\n\t\t\t\t\t\t<div class=\"elementor-container elementor-column-gap-default\">\n\t\t\t\t\t<div class=\"elementor-column elementor-col-100 elementor-top-column elementor-element elementor-element-5bba136\" data-id=\"5bba136\" data-element_type=\"column\">\n\t\t\t<div class=\"elementor-widget-wrap elementor-element-populated\">\n\t\t\t\t\t\t<div class=\"elementor-element elementor-element-45cfdf7 elementor-alert-success elementor-widget elementor-widget-alert\" data-id=\"45cfdf7\" data-element_type=\"widget\" data-widget_type=\"alert.default\">\n\t\t\t\t<div class=\"elementor-widget-container\">\n\t\t\t\t\t<div class=\"elementor-alert\" role=\"alert\">\n\n\t\t\t\t\t\t<span class=\"elementor-alert-title\">IMPORTANT<\/span>\n\t\t\t\n\t\t\t\t\t\t<span class=\"elementor-alert-description\">Assurez-vous de parcourir attentivement toutes les sections du menu d\u00e9roulant ci-dessous afin de ne pas manquer de d\u00e9tails importants et de soumettre un dossier complet pour votre inscription d\u00e9finitive en L2. N\u2019oubliez pas de proc\u00e9der \u00e0 la double inscription \u00e0 l\u2019Universit\u00e9 de Tours !<\/span>\n\t\t\t\n\t\t\t\t\t\t<button type=\"button\" class=\"elementor-alert-dismiss\">\n\t\t\t\t\t\t\t\t\t<span aria-hidden=\"true\">&times;<\/span>\n\t\t\t\t\t\t\t\t<span class=\"elementor-screen-only\">Ignorer cette alerte.<\/span>\n\t\t\t<\/button>\n\t\t\t\n\t\t<\/div>\n\t\t\t\t<\/div>\n\t\t\t\t<\/div>\n\t\t\t\t<div class=\"elementor-element elementor-element-f7975c3 elementor-widget elementor-widget-toggle\" data-id=\"f7975c3\" data-element_type=\"widget\" data-widget_type=\"toggle.default\">\n\t\t\t\t<div class=\"elementor-widget-container\">\n\t\t\t\t\t<div class=\"elementor-toggle\">\n\t\t\t\t\t\t\t<div class=\"elementor-toggle-item\">\n\t\t\t\t\t<div id=\"elementor-tab-title-2591\" class=\"elementor-tab-title\" data-tab=\"1\" role=\"button\" aria-controls=\"elementor-tab-content-2591\" aria-expanded=\"false\">\n\t\t\t\t\t\t\t\t\t\t\t\t<span class=\"elementor-toggle-icon elementor-toggle-icon-left\" aria-hidden=\"true\">\n\t\t\t\t\t\t\t\t\t\t\t\t\t\t\t<span class=\"elementor-toggle-icon-closed\"><i class=\"fas fa-caret-right\"><\/i><\/span>\n\t\t\t\t\t\t\t\t<span class=\"elementor-toggle-icon-opened\"><i class=\"elementor-toggle-icon-opened fas fa-caret-up\"><\/i><\/span>\n\t\t\t\t\t\t\t\t\t\t\t\t\t<\/span>\n\t\t\t\t\t\t\t\t\t\t\t\t<a class=\"elementor-toggle-title\" tabindex=\"0\">DOSSIER D'INSCRIPTION - LISTE DES PI\u00c8CES \u00c0 FOURNIR \u200b<\/a>\n\t\t\t\t\t<\/div>\n\n\t\t\t\t\t<div id=\"elementor-tab-content-2591\" class=\"elementor-tab-content elementor-clearfix\" data-tab=\"1\" role=\"region\" aria-labelledby=\"elementor-tab-title-2591\"><ul><li>La <a href=\"https:\/\/www.chu-tours.fr\/ecoles-du-chru-de-tours\/wp-content\/uploads\/sites\/10\/2024\/05\/Fiche-renseignement-etudiant-2.pdf\"><strong>fiche de renseignements \u00e9tudiant<\/strong><\/a><\/li><li>Une <strong>photo d\u2019identit\u00e9 r\u00e9cente\u00a0<\/strong><\/li><li>Une photocopie d\u2019une pi\u00e8ce d\u2019identit\u00e9 ou d\u2019un titre de s\u00e9jour<\/li><li><strong>Deux copies de votre pi\u00e8ce d\u2019identit\u00e9 en cours de validit\u00e9<\/strong> (les deux faces doivent \u00eatre l\u2019une sous l\u2019autre dans un format lisible).<\/li><li>Une <strong>copie de votre carte vitale personnelle<\/strong> (les deux faces doivent \u00eatre l\u2019une sous l\u2019autre dans un format lisible) ou une copie de votre attestation carte vitale (le num\u00e9ro de s\u00e9curit\u00e9 sociale doit \u00eatre lisible)<\/li><li>Un <strong>curriculum vitae<\/strong><\/li><li>Un<strong> justificatif pour les 60 ECTS obtenus en session 1 ou 2 de rattrapage<\/strong> \u00e0 l\u2019issue de l\u2019ann\u00e9e PASS ou LAS 1 ou 2 ou 3<\/li><li>Une <strong>copie des originaux de vos dipl\u00f4mes<\/strong><\/li><li>Un <strong>relev\u00e9 d\u2019identit\u00e9 bancaire ou postal \u00e0 votre nom <span style=\"color: #e51144\">SIGN\u00c9<\/span><\/strong><\/li><li>La<a href=\"https:\/\/www.chu-tours.fr\/ecoles-du-chru-de-tours\/wp-content\/uploads\/sites\/10\/2024\/05\/Fiche-de-renseignements-pour-le-paiement-des-stages.pdf\"><strong> fiche de renseignements pour le paiement des stages<\/strong><\/a> des \u00e9tudiants d\u00fbment compl\u00e9t\u00e9e, dat\u00e9e et sign\u00e9e<\/li><li>La <strong>fiche du Conseil R\u00e9gional Centre-Val de Loire \u201cCrit\u00e8res de prise en charge du co\u00fbt p\u00e9dagogique de la formation par la r\u00e9gion Centre-Val de Loire pour les formations des secteurs sanitaire et social\u201d<\/strong> d\u00fbment compl\u00e9t\u00e9e avec le justificatif demand\u00e9. Cette fiche est obligatoire pour la prise en charge des co\u00fbts p\u00e9dagogiques de votre formation et l\u2019activation de vos droits aux bourses.<\/li><li>Une <strong>attestation d\u2019assurance couvrant la responsabilit\u00e9 civile<\/strong>.\u00a0Le CHRU de TOURS souscrit un contrat d\u2019assurance couvrant les garanties \u00abResponsabilit\u00e9 Civile et Risques Professionnels\u00bb des \u00e9tudiants conform\u00e9ment \u00e0 <em>l\u2019article L. 412-8 du code de la S\u00e9curit\u00e9 <\/em><em>Social<\/em>e. Une assurance \u00ab Responsabilit\u00e9 Civile Personnelle\u00bb est obligatoire pour suivre la formation. Veuillez vous rapprocher de votre assureur afin de v\u00e9rifier vos garanties. Une assurance &#8220;Responsabilit\u00e9 Civile Professionnelle&#8221; est conseill\u00e9e.<\/li><li>Le<a href=\"https:\/\/www.chu-tours.fr\/ecoles-du-chru-de-tours\/paiement-frais-inscriptions-en-ligne\/\"> <strong>ticket de paiement des droits d\u2019inscription <\/strong>d\u2019un montant de 175 euros<\/a> (tarif 2025, r\u00e9\u00e9valu\u00e9 tous les ans) \u00a0(<a href=\"https:\/\/www.chu-tours.fr\/ecoles-du-chru-de-tours\/wp-content\/uploads\/sites\/10\/2024\/05\/CONFIRMATION-DE-PAIEMENT.jpg\">Cliquez pour voir l&#8217;exemple<\/a>)<\/li><li>L\u2019<b>attestation d\u2019acquittement ou d\u2019exon\u00e9ration de la Contribution de Vie Etudiante et de Campus (CVEC) ann\u00e9e universitaire 2025-2026<\/b>, comportant le QR Code (ne sont pas concern\u00e9s les candidats dont la formation est prise en charge par France Travail <span style=\"font-size: 12pt;color: red\">&#8211; ne pas confondre avec les indemnit\u00e9s<\/span><span style=\"font-size: 12pt\">,<\/span> <span style=\"font-size: 12pt\">l\u2019employeur ou un organisme de fond de formation) (<a href=\"https:\/\/www.chu-tours.fr\/ecoles-du-chru-de-tours\/wp-content\/uploads\/sites\/10\/2024\/05\/Exemple-CVEC.pdf\"><b>Cliquez pour voir l\u2019exemple<\/b><\/a>)<\/span><\/li><li>Pour les candidats admis via Parcoursup : l\u2019<strong>attestation d\u2019admission en premi\u00e8re ann\u00e9e de l\u2019enseignement sup\u00e9rieur ann\u00e9e 2025-2026<\/strong>, t\u00e9l\u00e9chargeable sur Parcoursup (<a href=\"https:\/\/www.chu-tours.fr\/ecoles-du-chru-de-tours\/wp-content\/uploads\/sites\/10\/2024\/05\/Exemple_attestation-Parcoursup.pdf\">cliquez pour voir un exemple<\/a>)<\/li><li>Pour les candidats admis via la S\u00e9lection Formation Professionnelle Continue : <strong>une attestation de d\u00e9sinscription de Parcoursup t\u00e9l\u00e9chargeable sur la plateforme ou une attestation sur l\u2019honneur de non-inscription sur Parcoursup<\/strong><\/li><li>Le<strong> passeport vaccinations <\/strong>m\u00eame incomplet. Les pi\u00e8ces manquantes devront \u00eatre transmises au plus tard le 29 ao\u00fbt 2025.<\/li><li>Les <strong>copies des pages de votre carnet de sant\u00e9<\/strong> concernant les vaccinations et les maladies infantiles ainsi que le r\u00e9sultat du laboratoire pour la s\u00e9rologie H\u00e9patite B.<\/li><li>Le<strong> certificat m\u00e9dical d\u2019aptitude compl\u00e9t\u00e9 par un m\u00e9decin agr\u00e9\u00e9 <\/strong>(<a href=\"https:\/\/www.centre-val-de-loire.ars.sante.fr\/trouver-un-medecin-agree-0\">liste des m\u00e9decins agr\u00e9\u00e9s sur le site internet de l\u2019ARS<\/a>)<\/li><li>Si vous effectuez une demande de bourses : l\u2019<strong>avis de notification conditionnelle de la bourse<\/strong> transmis par le CROUS apr\u00e8s constitution du Dossier Social Etudiant<\/li><li>Pour les candidats inscrits \u00e0 France Travail : une <strong>attestation \u201cavis de situation\u201d<\/strong> (quelle que soit l\u2019activit\u00e9 salari\u00e9e que vous avez eue -CDD, emploi saisonnier, etc)<\/li><li>Pour les candidats dont la formation est prise en charge par France Travail (ne pas confondre avec les indemnit\u00e9s), votre employeur, un organisme de fond de formation ou par vous-m\u00eame, <strong>une attestation de prise en charge des co\u00fbts p\u00e9dagogiques de la formation<\/strong><\/li><\/ul><\/div>\n\t\t\t\t<\/div>\n\t\t\t\t\t\t\t<div class=\"elementor-toggle-item\">\n\t\t\t\t\t<div id=\"elementor-tab-title-2592\" class=\"elementor-tab-title\" data-tab=\"2\" role=\"button\" aria-controls=\"elementor-tab-content-2592\" aria-expanded=\"false\">\n\t\t\t\t\t\t\t\t\t\t\t\t<span class=\"elementor-toggle-icon elementor-toggle-icon-left\" aria-hidden=\"true\">\n\t\t\t\t\t\t\t\t\t\t\t\t\t\t\t<span class=\"elementor-toggle-icon-closed\"><i class=\"fas fa-caret-right\"><\/i><\/span>\n\t\t\t\t\t\t\t\t<span class=\"elementor-toggle-icon-opened\"><i class=\"elementor-toggle-icon-opened fas fa-caret-up\"><\/i><\/span>\n\t\t\t\t\t\t\t\t\t\t\t\t\t<\/span>\n\t\t\t\t\t\t\t\t\t\t\t\t<a class=\"elementor-toggle-title\" tabindex=\"0\">PASSEPORT M\u00c9DICAL (PASSEPORT VACCINATIONS + CERTIFICAT M\u00c9DICAL D'APTITUDE)<\/a>\n\t\t\t\t\t<\/div>\n\n\t\t\t\t\t<div id=\"elementor-tab-content-2592\" class=\"elementor-tab-content elementor-clearfix\" data-tab=\"2\" role=\"region\" aria-labelledby=\"elementor-tab-title-2592\"><h2 class=\"cvGsUA direction-ltr align-start para-style-body\"><span class=\"OYPEnA text-decoration-none text-strikethrough-none\">Passeport m\u00e9dical\u00a0<\/span><\/h2><p class=\"cvGsUA direction-ltr align-start para-style-body\"><span class=\"OYPEnA text-decoration-none text-strikethrough-none\">L\u2019admission d\u00e9finitive des candidats est subordonn\u00e9e \u00e0 la production obligatoire avant le jour de la rentr\u00e9e du passeport m\u00e9dical comprenant les documents suivants :<\/span><\/p><ul><li class=\"cvGsUA direction-ltr align-start para-style-body\"><span class=\"OYPEnA text-decoration-none text-strikethrough-none\">Le passeport vaccinations compl\u00e9t\u00e9 par un m\u00e9decin<\/span><\/li><li class=\"cvGsUA direction-ltr align-start para-style-body\"><span class=\"OYPEnA text-decoration-none text-strikethrough-none\">Le certificat m\u00e9dical compl\u00e9t\u00e9 par un m\u00e9decin agr\u00e9\u00e9 attestant que le candidat ne pr\u00e9sente pas contre-indication physique ou psychologique \u00e0 l\u2019exercice de la profession d\u2019infirmier<\/span><\/li><\/ul><p class=\"cvGsUA direction-ltr align-start para-style-body\"><span class=\"OYPEnA text-decoration-none text-strikethrough-none\"><strong>Listes des m\u00e9decins agr\u00e9\u00e9s sur le site de l\u2019ARS<\/strong> :\u00a0<\/span><a class=\"OYPEnA text-decoration-underline text-strikethrough-none\" href=\"https:\/\/www.centre-val-de-loire.ars.sante.fr\/trouver-un-medecin-agree-0\" target=\"_blank\" rel=\"noopener\">https:\/\/www.centre-val-de-loire.ars.sante.fr\/trouver-un-medecin-agree-0<\/a><\/p><p class=\"cvGsUA direction-ltr align-start para-style-body\"><span class=\"OYPEnA text-decoration-none text-strikethrough-none\">Les \u00e9tudiants entrant en formation doivent apporter la preuve de leur immunisation contre l\u2019h\u00e9patite B. Ils doivent produire une attestation m\u00e9dicale (du m\u00e9decin traitant) comportant un r\u00e9sultat m\u00eame ancien, indiquant la pr\u00e9sence dans le s\u00e9rum, d\u2019anticorps anti-HBs ainsi que le r\u00e9sultat du laboratoire pour la s\u00e9rologie H\u00e9patite B.<\/span><\/p><p><span class=\"OYPEnA text-decoration-none text-strikethrough-none\">La vaccination et la v\u00e9rification de la concentration d\u2019anticorps anti-HBs contre l\u2019H\u00e9patite B doivent \u00eatre anticip\u00e9es d\u00e8s l\u2019inscription.<\/span><\/p><p class=\"cvGsUA direction-ltr align-start para-style-body\"><span class=\"OYPEnA text-decoration-none text-strikethrough-none\">D\u00e8s maintenant, prenez rendez-vous avec votre m\u00e9decin ou adressez-vous \u00e0 un centre de vaccination, afin de faire inscrire sur votre passeport et mettre \u00e0 jour, si besoin, vos vaccinations.<\/span><\/p><p class=\"cvGsUA direction-ltr align-start para-style-body\">\u00a0<\/p><\/div>\n\t\t\t\t<\/div>\n\t\t\t\t\t\t\t<div class=\"elementor-toggle-item\">\n\t\t\t\t\t<div id=\"elementor-tab-title-2593\" class=\"elementor-tab-title\" data-tab=\"3\" role=\"button\" aria-controls=\"elementor-tab-content-2593\" aria-expanded=\"false\">\n\t\t\t\t\t\t\t\t\t\t\t\t<span class=\"elementor-toggle-icon elementor-toggle-icon-left\" aria-hidden=\"true\">\n\t\t\t\t\t\t\t\t\t\t\t\t\t\t\t<span class=\"elementor-toggle-icon-closed\"><i class=\"fas fa-caret-right\"><\/i><\/span>\n\t\t\t\t\t\t\t\t<span class=\"elementor-toggle-icon-opened\"><i class=\"elementor-toggle-icon-opened fas fa-caret-up\"><\/i><\/span>\n\t\t\t\t\t\t\t\t\t\t\t\t\t<\/span>\n\t\t\t\t\t\t\t\t\t\t\t\t<a class=\"elementor-toggle-title\" tabindex=\"0\">DOUBLE INSCRIPTION \u00c0 L'UNIVERSIT\u00c9 DE TOURS<\/a>\n\t\t\t\t\t<\/div>\n\n\t\t\t\t\t<div id=\"elementor-tab-content-2593\" class=\"elementor-tab-content elementor-clearfix\" data-tab=\"3\" role=\"region\" aria-labelledby=\"elementor-tab-title-2593\"><p><span style=\"color: #e51144\"><strong>ATTENTION : fermeture du site du 18 juillet 2025 au 21 ao\u00fbt 2025 inclus<\/strong><\/span><\/p><p>Lorsque vous int\u00e9grez un IFSI, vous devez proc\u00e9der \u00e0 une double inscription\u00a0 :\u00a0<\/p><ul><li>une \u00e0 l\u2019IFSI en constituant et en envoyant votre dossier d\u2019inscription administratif \u00e0 l\u2019IFSI<\/li><li>une \u00e0 l\u2019universit\u00e9 de Tours en vous inscrivant, une semaine au moins apr\u00e8s la validation de votre v\u0153u Parcoursup et \u00e0 partir de la mi-juillet sur le site de l\u2019Universit\u00e9 de Tours <a href=\"https:\/\/www.univ-tours.fr\/formations\/comment-sinscrire\/double-inscription-etudiants-paramedicaux-universite-de-tours\">https:\/\/www.univ-tours.fr\/formations\/comment-sinscrire\/double-inscription-etudiants-paramedicaux-universite-de-tours<\/a><\/li><\/ul><p>Gr\u00e2ce \u00e0 cette double inscription, vous pourrez :<\/p><ul><li>Obtenir votre certificat de scolarit\u00e9<\/li><li>Acc\u00e9der \u00e0 la plate-forme de cours en Iigne Moodle via l&#8217;Environnement Num\u00e9rique de Travail de l\u2019Universit\u00e9 (ENT)<\/li><li>B\u00e9n\u00e9ficier de certains services de la vie \u00e9tudiante (M\u00e9decine pr\u00e9ventive, actions culturelles ou sportives)<\/li><li>Obtenir votre grade de licence une fois dipl\u00f4m\u00e9(e)<\/li><\/ul><p>Pour vous inscrire \u00e0 l\u2019universit\u00e9 de Tours, vous devrez vous munir des num\u00e9ros suivants<\/p><ul><li>Parcoursup<\/li><li>CVEC<\/li><li>INE<\/li><li>Etudiant si vous \u00e9tiez d\u00e9j\u00e0 inscrit \u00e0 l\u2019universit\u00e9 de Tours<\/li><\/ul><p><span style=\"color: #c62050\"><strong>Les droits d\u2019inscription d\u2019un montant de 175 euros (tarif 2025) sont \u00e0 r\u00e9gler une seule fois \u00e0 l\u2019lFSl. A la fin de votre inscription \u00e0 l\u2019Universit\u00e9 de Tours vous devez arriver \u00e0 0 euro sinon votre inscription sera incompl\u00e8te et non valide. Vous ne devez pas faire parvenir de document papier \u00e0 l\u2019Universit\u00e9 de Tours.<\/strong><\/span><\/p><\/div>\n\t\t\t\t<\/div>\n\t\t\t\t\t\t\t<div class=\"elementor-toggle-item\">\n\t\t\t\t\t<div id=\"elementor-tab-title-2594\" class=\"elementor-tab-title\" data-tab=\"4\" role=\"button\" aria-controls=\"elementor-tab-content-2594\" aria-expanded=\"false\">\n\t\t\t\t\t\t\t\t\t\t\t\t<span class=\"elementor-toggle-icon elementor-toggle-icon-left\" aria-hidden=\"true\">\n\t\t\t\t\t\t\t\t\t\t\t\t\t\t\t<span class=\"elementor-toggle-icon-closed\"><i class=\"fas fa-caret-right\"><\/i><\/span>\n\t\t\t\t\t\t\t\t<span class=\"elementor-toggle-icon-opened\"><i class=\"elementor-toggle-icon-opened fas fa-caret-up\"><\/i><\/span>\n\t\t\t\t\t\t\t\t\t\t\t\t\t<\/span>\n\t\t\t\t\t\t\t\t\t\t\t\t<a class=\"elementor-toggle-title\" tabindex=\"0\">FRAIS DE SCOLARIT\u00c9<\/a>\n\t\t\t\t\t<\/div>\n\n\t\t\t\t\t<div id=\"elementor-tab-content-2594\" class=\"elementor-tab-content elementor-clearfix\" data-tab=\"4\" role=\"region\" aria-labelledby=\"elementor-tab-title-2594\"><p><strong>7 200\u20ac par an<\/strong> (tarif 2025 r\u00e9\u00e9valu\u00e9 tous les ans )<\/p><p><strong><span style=\"font-size: 12pt;font-weight: normal\">Les frais de scolarit\u00e9 sont pris en charge par le Conseil r\u00e9gional Centre-Val de Loire pour les lyc\u00e9ens et les \u00e9tudiants en poursuite d\u2019\u00e9tudes ou en r\u00e9orientation.\u00a0<\/span><\/strong><\/p><p>Si vous \u00eates :<\/p><ul><li><a href=\"https:\/\/media-galaxie.alfacentre.org\/media\/document\/2022-05\/Modalit%c3%a9s%20de%20prise%20en%20charge%20pour%20%c3%a9l%c3%a8ve,%20%c3%a9tudiant.pdf\">lyc\u00e9en ou \u00e9tudiant<\/a><\/li><li><a href=\"https:\/\/media-galaxie.alfacentre.org\/media\/document\/2023-06\/Modalit%c3%a9s%20de%20prise%20en%20charge%20pour%20demandeur%20d'emploi%20V5_m.pdf\">demandeur d\u2019emploi<\/a><\/li><li><a href=\"https:\/\/media-galaxie.alfacentre.org\/media\/document\/2023-06\/Modalit%c3%a9s%20de%20prise%20en%20charge%20pour%20salari%c3%a9%20V5_m.pdf\">salari\u00e9<\/a><\/li><li><a href=\"https:\/\/media-galaxie.alfacentre.org\/media\/document\/2022-05\/Modalit%c3%a9s%20de%20prise%20en%20charge%20pour%20%20autres%20cas.pdf\">commer\u00e7ants, artisans, professions lib\u00e9rales, retrait\u00e9s, en service civile, agent de la fonction publique&#8230;<\/a><\/li><\/ul><p>Les crit\u00e8res de prise en charge financi\u00e8re du Conseil R\u00e9gional Centre-Val de Loire sont consultables :<\/p><p><a href=\"https:\/\/orientation.centre-valdeloire.fr\/besoin-de-financer-vos-etudes-pour-des-formations-du-secteur-sanitaire-et-social\">https:\/\/orientation.centre-valdeloire.fr\/besoin-de-financer-vos-etudes-pour-des-formations-du-secteur-sanitaire-et-social<\/a><\/p><\/div>\n\t\t\t\t<\/div>\n\t\t\t\t\t\t\t<div class=\"elementor-toggle-item\">\n\t\t\t\t\t<div id=\"elementor-tab-title-2595\" class=\"elementor-tab-title\" data-tab=\"5\" role=\"button\" aria-controls=\"elementor-tab-content-2595\" aria-expanded=\"false\">\n\t\t\t\t\t\t\t\t\t\t\t\t<span class=\"elementor-toggle-icon elementor-toggle-icon-left\" aria-hidden=\"true\">\n\t\t\t\t\t\t\t\t\t\t\t\t\t\t\t<span class=\"elementor-toggle-icon-closed\"><i class=\"fas fa-caret-right\"><\/i><\/span>\n\t\t\t\t\t\t\t\t<span class=\"elementor-toggle-icon-opened\"><i class=\"elementor-toggle-icon-opened fas fa-caret-up\"><\/i><\/span>\n\t\t\t\t\t\t\t\t\t\t\t\t\t<\/span>\n\t\t\t\t\t\t\t\t\t\t\t\t<a class=\"elementor-toggle-title\" tabindex=\"0\">BOURSES R\u00c9GIONALES D\u2019\u00c9TUDES<\/a>\n\t\t\t\t\t<\/div>\n\n\t\t\t\t\t<div id=\"elementor-tab-content-2595\" class=\"elementor-tab-content elementor-clearfix\" data-tab=\"5\" role=\"region\" aria-labelledby=\"elementor-tab-title-2595\"><p>Faire la demande ici : <a href=\"https:\/\/www.messervices.etudiant.gouv.fr\/\">https:\/\/www.messervices.etudiant.gouv.fr\/\u00a0<\/a><\/p><\/div>\n\t\t\t\t<\/div>\n\t\t\t\t\t\t\t<div class=\"elementor-toggle-item\">\n\t\t\t\t\t<div id=\"elementor-tab-title-2596\" class=\"elementor-tab-title\" data-tab=\"6\" role=\"button\" aria-controls=\"elementor-tab-content-2596\" aria-expanded=\"false\">\n\t\t\t\t\t\t\t\t\t\t\t\t<span class=\"elementor-toggle-icon elementor-toggle-icon-left\" aria-hidden=\"true\">\n\t\t\t\t\t\t\t\t\t\t\t\t\t\t\t<span class=\"elementor-toggle-icon-closed\"><i class=\"fas fa-caret-right\"><\/i><\/span>\n\t\t\t\t\t\t\t\t<span class=\"elementor-toggle-icon-opened\"><i class=\"elementor-toggle-icon-opened fas fa-caret-up\"><\/i><\/span>\n\t\t\t\t\t\t\t\t\t\t\t\t\t<\/span>\n\t\t\t\t\t\t\t\t\t\t\t\t<a class=\"elementor-toggle-title\" tabindex=\"0\">DISPENSES D\u2019ENSEIGNEMENTS<\/a>\n\t\t\t\t\t<\/div>\n\n\t\t\t\t\t<div id=\"elementor-tab-content-2596\" class=\"elementor-tab-content elementor-clearfix\" data-tab=\"6\" role=\"region\" aria-labelledby=\"elementor-tab-title-2596\"><p><span class=\"OYPEnA text-decoration-none text-strikethrough-none\">Les personnes admises en formation peuvent faire l\u2019objet de dispenses d\u2019unit\u00e9s d\u2019enseignements ou de semestres par le directeur d\u2019\u00e9tablissement, apr\u00e8s d\u00e9cision de la section comp\u00e9tente pour le traitement p\u00e9dagogique des situations individuelles des \u00e9tudiants, au regard de leur formation ant\u00e9rieure valid\u00e9e, des certifications, titres et dipl\u00f4mes obtenus et de leur parcours professionnel.\u00a0<\/span><\/p><p><strong><span class=\"OYPEnA text-decoration-none text-strikethrough-none\">Se rapprocher de l\u2019institut : <a href=\"mailto:contact.ifisi@chu-tours.fr\">contact.ifsi@chu-tours.fr<\/a><\/span><\/strong><\/p><\/div>\n\t\t\t\t<\/div>\n\t\t\t\t\t\t\t<div class=\"elementor-toggle-item\">\n\t\t\t\t\t<div id=\"elementor-tab-title-2597\" class=\"elementor-tab-title\" data-tab=\"7\" role=\"button\" aria-controls=\"elementor-tab-content-2597\" aria-expanded=\"false\">\n\t\t\t\t\t\t\t\t\t\t\t\t<span class=\"elementor-toggle-icon elementor-toggle-icon-left\" aria-hidden=\"true\">\n\t\t\t\t\t\t\t\t\t\t\t\t\t\t\t<span class=\"elementor-toggle-icon-closed\"><i class=\"fas fa-caret-right\"><\/i><\/span>\n\t\t\t\t\t\t\t\t<span class=\"elementor-toggle-icon-opened\"><i class=\"elementor-toggle-icon-opened fas fa-caret-up\"><\/i><\/span>\n\t\t\t\t\t\t\t\t\t\t\t\t\t<\/span>\n\t\t\t\t\t\t\t\t\t\t\t\t<a class=\"elementor-toggle-title\" tabindex=\"0\">MAT\u00c9RIEL<\/a>\n\t\t\t\t\t<\/div>\n\n\t\t\t\t\t<div id=\"elementor-tab-content-2597\" class=\"elementor-tab-content elementor-clearfix\" data-tab=\"7\" role=\"region\" aria-labelledby=\"elementor-tab-title-2597\"><p class=\"cvGsUA direction-ltr align-justify para-style-body\"><span class=\"OYPEnA text-decoration-none text-strikethrough-none\">La liste des livres \u00e0 acheter sera communiqu\u00e9e par les cadres de sant\u00e9 formateurs le jour de la rentr\u00e9e.<\/span><\/p><p class=\"cvGsUA direction-ltr align-justify para-style-body\">Assurez-vous d&#8217;avoir <strong>un ordinateur et une connexion internet<\/strong> chez vous pour pouvoir suivre les cours en distanciel.<\/p><\/div>\n\t\t\t\t<\/div>\n\t\t\t\t\t\t\t<div class=\"elementor-toggle-item\">\n\t\t\t\t\t<div id=\"elementor-tab-title-2598\" class=\"elementor-tab-title\" data-tab=\"8\" role=\"button\" aria-controls=\"elementor-tab-content-2598\" aria-expanded=\"false\">\n\t\t\t\t\t\t\t\t\t\t\t\t<span class=\"elementor-toggle-icon elementor-toggle-icon-left\" aria-hidden=\"true\">\n\t\t\t\t\t\t\t\t\t\t\t\t\t\t\t<span class=\"elementor-toggle-icon-closed\"><i class=\"fas fa-caret-right\"><\/i><\/span>\n\t\t\t\t\t\t\t\t<span class=\"elementor-toggle-icon-opened\"><i class=\"elementor-toggle-icon-opened fas fa-caret-up\"><\/i><\/span>\n\t\t\t\t\t\t\t\t\t\t\t\t\t<\/span>\n\t\t\t\t\t\t\t\t\t\t\t\t<a class=\"elementor-toggle-title\" tabindex=\"0\">REPAS<\/a>\n\t\t\t\t\t<\/div>\n\n\t\t\t\t\t<div id=\"elementor-tab-content-2598\" class=\"elementor-tab-content elementor-clearfix\" data-tab=\"8\" role=\"region\" aria-labelledby=\"elementor-tab-title-2598\"><p><span class=\"OYPEnA text-decoration-none text-strikethrough-none\">Les repas peuvent \u00eatre pris sur le site de l\u2019IFPS dans l\u2019alg\u00e9co Restauration qui dispose d\u2019un frigo solidaire destin\u00e9 aux \u00e9tudiants et aux selfs du CHRU : H\u00f4pital Trousseau (proche de l\u2019IFSI), H\u00f4pital Bretonneau, H\u00f4pital Clocheville et Ermitage (<a href=\"https:\/\/intranet\/sites\/default\/files\/medias\/documents\/POPANDPAY_Restauration_AVEC-carte_V6_0.pdf\" class=\"broken_link\">t\u00e9l\u00e9charger la brochure PopandPay)<\/a><\/span><\/p><\/div>\n\t\t\t\t<\/div>\n\t\t\t\t\t\t\t\t<\/div>\n\t\t\t\t<\/div>\n\t\t\t\t<\/div>\n\t\t\t\t\t<\/div>\n\t\t<\/div>\n\t\t\t\t\t<\/div>\n\t\t<\/section>\n\t\t\t\t<section class=\"elementor-section elementor-top-section elementor-element elementor-element-971b9e5 elementor-section-boxed elementor-section-height-default elementor-section-height-default\" data-id=\"971b9e5\" data-element_type=\"section\">\n\t\t\t\t\t\t<div class=\"elementor-container elementor-column-gap-default\">\n\t\t\t\t\t<div class=\"elementor-column elementor-col-100 elementor-top-column elementor-element elementor-element-7a47c42\" data-id=\"7a47c42\" data-element_type=\"column\">\n\t\t\t<div class=\"elementor-widget-wrap elementor-element-populated\">\n\t\t\t\t\t\t<section class=\"elementor-section elementor-inner-section elementor-element elementor-element-7773c86 elementor-section-boxed elementor-section-height-default elementor-section-height-default\" data-id=\"7773c86\" data-element_type=\"section\">\n\t\t\t\t\t\t<div class=\"elementor-container elementor-column-gap-default\">\n\t\t\t\t\t<div class=\"elementor-column elementor-col-33 elementor-inner-column elementor-element elementor-element-0520d69\" data-id=\"0520d69\" data-element_type=\"column\">\n\t\t\t<div class=\"elementor-widget-wrap elementor-element-populated\">\n\t\t\t\t\t\t<div class=\"elementor-element elementor-element-5a42355 elementor-cta--skin-cover elementor-animated-content elementor-bg-transform elementor-bg-transform-zoom-in elementor-widget elementor-widget-call-to-action\" data-id=\"5a42355\" data-element_type=\"widget\" data-widget_type=\"call-to-action.default\">\n\t\t\t\t<div class=\"elementor-widget-container\">\n\t\t\t\t\t<a class=\"elementor-cta\" href=\"https:\/\/www.chu-tours.fr\/ecoles-du-chru-de-tours\/wp-content\/uploads\/sites\/10\/2024\/05\/Fiche-renseignement-etudiant-2.pdf\">\n\t\t\t\t\t<div class=\"elementor-cta__bg-wrapper\">\n\t\t\t\t<div class=\"elementor-cta__bg elementor-bg\" style=\"background-image: url(https:\/\/www.chu-tours.fr\/ecoles-du-chru-de-tours\/wp-content\/uploads\/sites\/10\/2023\/03\/8.png);\" role=\"img\" aria-label=\"8\"><\/div>\n\t\t\t\t<div class=\"elementor-cta__bg-overlay\"><\/div>\n\t\t\t<\/div>\n\t\t\t\t\t\t\t<div class=\"elementor-cta__content\">\n\t\t\t\t\n\t\t\t\t\t\t\t\t\t<h5 class=\"elementor-cta__title elementor-cta__content-item elementor-content-item elementor-animated-item--grow\">\n\t\t\t\t\t\tFiche de renseignements \u00e9tudiant\t\t\t\t\t<\/h5>\n\t\t\t\t\n\t\t\t\t\n\t\t\t\t\t\t\t\t\t<div class=\"elementor-cta__button-wrapper elementor-cta__content-item elementor-content-item elementor-animated-item--grow\">\n\t\t\t\t\t<span class=\"elementor-cta__button elementor-button elementor-size-\">\n\t\t\t\t\t\tT\u00e9l\u00e9charger le pdf modifiable\t\t\t\t\t<\/span>\n\t\t\t\t\t<\/div>\n\t\t\t\t\t\t\t<\/div>\n\t\t\t\t\t\t<\/a>\n\t\t\t\t<\/div>\n\t\t\t\t<\/div>\n\t\t\t\t\t<\/div>\n\t\t<\/div>\n\t\t\t\t<div class=\"elementor-column elementor-col-33 elementor-inner-column elementor-element elementor-element-7daadaa\" data-id=\"7daadaa\" data-element_type=\"column\">\n\t\t\t<div class=\"elementor-widget-wrap elementor-element-populated\">\n\t\t\t\t\t\t<div class=\"elementor-element elementor-element-933c118 elementor-cta--skin-cover elementor-animated-content elementor-bg-transform elementor-bg-transform-zoom-in elementor-widget elementor-widget-call-to-action\" data-id=\"933c118\" data-element_type=\"widget\" data-widget_type=\"call-to-action.default\">\n\t\t\t\t<div class=\"elementor-widget-container\">\n\t\t\t\t\t<a class=\"elementor-cta\" href=\"https:\/\/www.chu-tours.fr\/ecoles-du-chru-de-tours\/wp-content\/uploads\/sites\/10\/2025\/05\/Passeport-vaccination-des-etudiants-2025.pdf\" target=\"_blank\">\n\t\t\t\t\t<div class=\"elementor-cta__bg-wrapper\">\n\t\t\t\t<div class=\"elementor-cta__bg elementor-bg\" style=\"background-image: url(https:\/\/www.chu-tours.fr\/ecoles-du-chru-de-tours\/wp-content\/uploads\/sites\/10\/2021\/09\/Carre-vert.png);\" role=\"img\" aria-label=\"Carr\u00e9 vert\"><\/div>\n\t\t\t\t<div class=\"elementor-cta__bg-overlay\"><\/div>\n\t\t\t<\/div>\n\t\t\t\t\t\t\t<div class=\"elementor-cta__content\">\n\t\t\t\t\n\t\t\t\t\t\t\t\t\t<h5 class=\"elementor-cta__title elementor-cta__content-item elementor-content-item elementor-animated-item--grow\">\n\t\t\t\t\t\tPASSEPORT M\u00c9DICAL (PASSEPORT VACCINATIONS + CERTIFICAT M\u00c9DICAL D'APTITUDE)\t\t\t\t\t<\/h5>\n\t\t\t\t\n\t\t\t\t\n\t\t\t\t\t\t\t\t\t<div class=\"elementor-cta__button-wrapper elementor-cta__content-item elementor-content-item elementor-animated-item--grow\">\n\t\t\t\t\t<span class=\"elementor-cta__button elementor-button elementor-size-\">\n\t\t\t\t\t\tT\u00e9l\u00e9charger ici\t\t\t\t\t<\/span>\n\t\t\t\t\t<\/div>\n\t\t\t\t\t\t\t<\/div>\n\t\t\t\t\t\t<\/a>\n\t\t\t\t<\/div>\n\t\t\t\t<\/div>\n\t\t\t\t\t<\/div>\n\t\t<\/div>\n\t\t\t\t<div class=\"elementor-column elementor-col-33 elementor-inner-column elementor-element elementor-element-057915d\" data-id=\"057915d\" data-element_type=\"column\">\n\t\t\t<div class=\"elementor-widget-wrap elementor-element-populated\">\n\t\t\t\t\t\t<div class=\"elementor-element elementor-element-97f834c elementor-cta--skin-cover elementor-animated-content elementor-bg-transform elementor-bg-transform-zoom-in elementor-widget elementor-widget-call-to-action\" data-id=\"97f834c\" data-element_type=\"widget\" data-widget_type=\"call-to-action.default\">\n\t\t\t\t<div class=\"elementor-widget-container\">\n\t\t\t\t\t<a class=\"elementor-cta\" href=\"https:\/\/www.chu-tours.fr\/ecoles-du-chru-de-tours\/wp-content\/uploads\/sites\/10\/2024\/05\/Fiche-de-renseignements-pour-le-paiement-des-stages.pdf\" target=\"_blank\">\n\t\t\t\t\t<div class=\"elementor-cta__bg-wrapper\">\n\t\t\t\t<div class=\"elementor-cta__bg elementor-bg\" style=\"background-image: url(https:\/\/www.chu-tours.fr\/ecoles-du-chru-de-tours\/wp-content\/uploads\/sites\/10\/2021\/09\/Carre-bleu.png);\" role=\"img\" aria-label=\"Carr\u00e9 bleu\"><\/div>\n\t\t\t\t<div class=\"elementor-cta__bg-overlay\"><\/div>\n\t\t\t<\/div>\n\t\t\t\t\t\t\t<div class=\"elementor-cta__content\">\n\t\t\t\t\n\t\t\t\t\t\t\t\t\t<h5 class=\"elementor-cta__title elementor-cta__content-item elementor-content-item elementor-animated-item--grow\">\n\t\t\t\t\t\tFiche de renseignement pour le paiement des stages\t\t\t\t\t<\/h5>\n\t\t\t\t\n\t\t\t\t\n\t\t\t\t\t\t\t\t\t<div class=\"elementor-cta__button-wrapper elementor-cta__content-item elementor-content-item elementor-animated-item--grow\">\n\t\t\t\t\t<span class=\"elementor-cta__button elementor-button elementor-size-\">\n\t\t\t\t\t\tT\u00e9l\u00e9charger ici\t\t\t\t\t<\/span>\n\t\t\t\t\t<\/div>\n\t\t\t\t\t\t\t<\/div>\n\t\t\t\t\t\t<\/a>\n\t\t\t\t<\/div>\n\t\t\t\t<\/div>\n\t\t\t\t\t<\/div>\n\t\t<\/div>\n\t\t\t\t\t<\/div>\n\t\t<\/section>\n\t\t\t\t<section class=\"elementor-section elementor-inner-section elementor-element elementor-element-f6a51eb elementor-section-boxed elementor-section-height-default elementor-section-height-default\" data-id=\"f6a51eb\" data-element_type=\"section\">\n\t\t\t\t\t\t<div class=\"elementor-container elementor-column-gap-default\">\n\t\t\t\t\t<div class=\"elementor-column elementor-col-50 elementor-inner-column elementor-element elementor-element-1db44fd\" data-id=\"1db44fd\" data-element_type=\"column\">\n\t\t\t<div class=\"elementor-widget-wrap elementor-element-populated\">\n\t\t\t\t\t\t<div class=\"elementor-element elementor-element-29649cb elementor-cta--skin-cover elementor-animated-content elementor-bg-transform elementor-bg-transform-zoom-in elementor-widget elementor-widget-call-to-action\" data-id=\"29649cb\" data-element_type=\"widget\" data-widget_type=\"call-to-action.default\">\n\t\t\t\t<div class=\"elementor-widget-container\">\n\t\t\t\t\t<a class=\"elementor-cta\" href=\"https:\/\/www.chu-tours.fr\/ecoles-du-chru-de-tours\/wp-content\/uploads\/sites\/10\/2025\/05\/Criteres-de-prise-en-charge-Conseil-Regional-2025-2026.pdf\" target=\"_blank\">\n\t\t\t\t\t<div class=\"elementor-cta__bg-wrapper\">\n\t\t\t\t<div class=\"elementor-cta__bg elementor-bg\" style=\"background-image: url(https:\/\/www.chu-tours.fr\/ecoles-du-chru-de-tours\/wp-content\/uploads\/sites\/10\/2021\/09\/Carre-rose.png);\" role=\"img\" aria-label=\"Carr\u00e9 rose\"><\/div>\n\t\t\t\t<div class=\"elementor-cta__bg-overlay\"><\/div>\n\t\t\t<\/div>\n\t\t\t\t\t\t\t<div class=\"elementor-cta__content\">\n\t\t\t\t\n\t\t\t\t\t\t\t\t\t<h5 class=\"elementor-cta__title elementor-cta__content-item elementor-content-item elementor-animated-item--grow\">\n\t\t\t\t\t\tCrit\u00e8res de prise en charge du co\u00fbt p\u00e9dagogique de la formation par la R\u00e9gion Centre-Val de Loire\t\t\t\t\t<\/h5>\n\t\t\t\t\n\t\t\t\t\n\t\t\t\t\t\t\t\t\t<div class=\"elementor-cta__button-wrapper elementor-cta__content-item elementor-content-item elementor-animated-item--grow\">\n\t\t\t\t\t<span class=\"elementor-cta__button elementor-button elementor-size-\">\n\t\t\t\t\t\tT\u00e9l\u00e9charger ici\t\t\t\t\t<\/span>\n\t\t\t\t\t<\/div>\n\t\t\t\t\t\t\t<\/div>\n\t\t\t\t\t\t<\/a>\n\t\t\t\t<\/div>\n\t\t\t\t<\/div>\n\t\t\t\t\t<\/div>\n\t\t<\/div>\n\t\t\t\t<div class=\"elementor-column elementor-col-50 elementor-inner-column elementor-element elementor-element-60be8f1\" data-id=\"60be8f1\" data-element_type=\"column\">\n\t\t\t<div class=\"elementor-widget-wrap elementor-element-populated\">\n\t\t\t\t\t\t<div class=\"elementor-element elementor-element-35ad674 elementor-cta--skin-cover elementor-animated-content elementor-bg-transform elementor-bg-transform-zoom-in elementor-widget elementor-widget-call-to-action\" data-id=\"35ad674\" data-element_type=\"widget\" data-widget_type=\"call-to-action.default\">\n\t\t\t\t<div class=\"elementor-widget-container\">\n\t\t\t\t\t<a class=\"elementor-cta\" href=\"https:\/\/www.chu-tours.fr\/ecoles-du-chru-de-tours\/paiement-frais-inscriptions-en-ligne\/\">\n\t\t\t\t\t<div class=\"elementor-cta__bg-wrapper\">\n\t\t\t\t<div class=\"elementor-cta__bg elementor-bg\" style=\"background-image: url(https:\/\/www.chu-tours.fr\/ecoles-du-chru-de-tours\/wp-content\/uploads\/sites\/10\/2023\/03\/8.png);\" role=\"img\" aria-label=\"8\"><\/div>\n\t\t\t\t<div class=\"elementor-cta__bg-overlay\"><\/div>\n\t\t\t<\/div>\n\t\t\t\t\t\t\t<div class=\"elementor-cta__content\">\n\t\t\t\t\n\t\t\t\t\t\t\t\t\t<h5 class=\"elementor-cta__title elementor-cta__content-item elementor-content-item elementor-animated-item--grow\">\n\t\t\t\t\t\tPaiement en ligne des frais d'inscription\t\t\t\t\t<\/h5>\n\t\t\t\t\n\t\t\t\t\n\t\t\t\t\t\t\t\t\t<div class=\"elementor-cta__button-wrapper elementor-cta__content-item elementor-content-item elementor-animated-item--grow\">\n\t\t\t\t\t<span class=\"elementor-cta__button elementor-button elementor-size-\">\n\t\t\t\t\t\tAcc\u00e9der au formulaire de paiement\t\t\t\t\t<\/span>\n\t\t\t\t\t<\/div>\n\t\t\t\t\t\t\t<\/div>\n\t\t\t\t\t\t<\/a>\n\t\t\t\t<\/div>\n\t\t\t\t<\/div>\n\t\t\t\t\t<\/div>\n\t\t<\/div>\n\t\t\t\t\t<\/div>\n\t\t<\/section>\n\t\t\t\t<div class=\"elementor-element elementor-element-e742313 elementor-widget elementor-widget-text-editor\" data-id=\"e742313\" data-element_type=\"widget\" data-widget_type=\"text-editor.default\">\n\t\t\t\t<div class=\"elementor-widget-container\">\n\t\t\t\t\t\t\t<p style=\"text-align: right\"><em><span style=\"font-size: 8pt\">Date de mise \u00e0 jour : 04\/02\/2026<\/span><\/em><\/p>\t\t\t\t\t\t<\/div>\n\t\t\t\t<\/div>\n\t\t\t\t\t<\/div>\n\t\t<\/div>\n\t\t\t\t\t<\/div>\n\t\t<\/section>\n\t\t\t\t<\/div>\n\t\t","protected":false},"excerpt":{"rendered":"<p>Passerelle Directe en L2 Dipl\u00f4me d\u2019Etat Infirmier suite \u00e0 PASS-LAS RENTREE ANTICIPEE EN L2\u00a0\u2013 20 JUILLET 2026 \u2013 8h30 Stage de 5 semaines du 20 juillet 2026 au 21 ao\u00fbt 2026 Module de 35 heures de \u00ab sp\u00e9cialit\u00e9 infirmi\u00e8re \u00bb obligatoire accessible d\u00e8s le 1er juin 2026 via entre autres les identifiants universitaires (Pr\u00e9sentation par [&hellip;]<\/p>\n","protected":false},"author":18,"featured_media":0,"parent":0,"menu_order":0,"comment_status":"closed","ping_status":"closed","template":"","meta":{"_seopress_robots_primary_cat":"","_seopress_titles_title":"","_seopress_titles_desc":"","_seopress_robots_index":"yes","_exactmetrics_skip_tracking":false,"_exactmetrics_sitenote_active":false,"_exactmetrics_sitenote_note":"","_exactmetrics_sitenote_category":0,"_genesis_hide_title":false,"_genesis_hide_breadcrumbs":false,"_genesis_hide_singular_image":false,"_genesis_hide_footer_widgets":false,"_genesis_custom_body_class":"","_genesis_custom_post_class":"","_genesis_layout":"","footnotes":""},"publishpress_future_action":{"enabled":false,"date":"2026-05-07 10:25:49","action":"change-status","newStatus":"draft","terms":[],"taxonomy":""},"_links":{"self":[{"href":"https:\/\/www.chu-tours.fr\/ecoles-du-chru-de-tours\/wp-json\/wp\/v2\/pages\/9547"}],"collection":[{"href":"https:\/\/www.chu-tours.fr\/ecoles-du-chru-de-tours\/wp-json\/wp\/v2\/pages"}],"about":[{"href":"https:\/\/www.chu-tours.fr\/ecoles-du-chru-de-tours\/wp-json\/wp\/v2\/types\/page"}],"author":[{"embeddable":true,"href":"https:\/\/www.chu-tours.fr\/ecoles-du-chru-de-tours\/wp-json\/wp\/v2\/users\/18"}],"replies":[{"embeddable":true,"href":"https:\/\/www.chu-tours.fr\/ecoles-du-chru-de-tours\/wp-json\/wp\/v2\/comments?post=9547"}],"version-history":[{"count":20,"href":"https:\/\/www.chu-tours.fr\/ecoles-du-chru-de-tours\/wp-json\/wp\/v2\/pages\/9547\/revisions"}],"predecessor-version":[{"id":13487,"href":"https:\/\/www.chu-tours.fr\/ecoles-du-chru-de-tours\/wp-json\/wp\/v2\/pages\/9547\/revisions\/13487"}],"wp:attachment":[{"href":"https:\/\/www.chu-tours.fr\/ecoles-du-chru-de-tours\/wp-json\/wp\/v2\/media?parent=9547"}],"curies":[{"name":"wp","href":"https:\/\/api.w.org\/{rel}","templated":true}]}}