{"id":92,"date":"2021-06-01T11:11:22","date_gmt":"2021-06-01T09:11:22","guid":{"rendered":"https:\/\/www.chu-tours.fr\/ecoles-du-chru-de-tours\/?page_id=92"},"modified":"2026-02-04T15:12:13","modified_gmt":"2026-02-04T14:12:13","slug":"sage-femme","status":"publish","type":"page","link":"https:\/\/www.chu-tours.fr\/ecoles-du-chru-de-tours\/sage-femme\/","title":{"rendered":"Sage-femme, Docteur en ma\u00efeutique"},"content":{"rendered":"\t\t<div data-elementor-type=\"wp-page\" data-elementor-id=\"92\" class=\"elementor elementor-92\" data-elementor-post-type=\"page\">\n\t\t\t\t\t\t<section class=\"elementor-section elementor-inner-section elementor-element elementor-element-cd47635 elementor-section-boxed elementor-section-height-default elementor-section-height-default\" data-id=\"cd47635\" data-element_type=\"section\">\n\t\t\t\t\t\t<div class=\"elementor-container elementor-column-gap-default\">\n\t\t\t\t\t<div class=\"elementor-column elementor-col-33 elementor-inner-column elementor-element elementor-element-40306739\" data-id=\"40306739\" data-element_type=\"column\">\n\t\t\t<div class=\"elementor-widget-wrap elementor-element-populated\">\n\t\t\t\t\t\t<div class=\"elementor-element elementor-element-7d14737c elementor-position-left elementor-view-default elementor-mobile-position-top elementor-vertical-align-top elementor-widget elementor-widget-icon-box\" data-id=\"7d14737c\" data-element_type=\"widget\" data-widget_type=\"icon-box.default\">\n\t\t\t\t<div class=\"elementor-widget-container\">\n\t\t\t\t\t<div class=\"elementor-icon-box-wrapper\">\n\n\t\t\t\t\t\t<div class=\"elementor-icon-box-icon\">\n\t\t\t\t<span  class=\"elementor-icon elementor-animation-\">\n\t\t\t\t<i aria-hidden=\"true\" class=\"fas fa-hourglass-half\"><\/i>\t\t\t\t<\/span>\n\t\t\t<\/div>\n\t\t\t\n\t\t\t\t\t\t<div class=\"elementor-icon-box-content\">\n\n\t\t\t\t\t\t\t\t\t<h3 class=\"elementor-icon-box-title\">\n\t\t\t\t\t\t<span  >\n\t\t\t\t\t\t\t6 ans\t\t\t\t\t\t<\/span>\n\t\t\t\t\t<\/h3>\n\t\t\t\t\n\t\t\t\t\n\t\t\t<\/div>\n\t\t\t\n\t\t<\/div>\n\t\t\t\t<\/div>\n\t\t\t\t<\/div>\n\t\t\t\t\t<\/div>\n\t\t<\/div>\n\t\t\t\t<div class=\"elementor-column elementor-col-33 elementor-inner-column elementor-element elementor-element-596b649b\" data-id=\"596b649b\" data-element_type=\"column\">\n\t\t\t<div class=\"elementor-widget-wrap elementor-element-populated\">\n\t\t\t\t\t\t<div class=\"elementor-element elementor-element-35995094 elementor-position-left elementor-view-default elementor-mobile-position-top elementor-vertical-align-top elementor-widget elementor-widget-icon-box\" data-id=\"35995094\" data-element_type=\"widget\" data-widget_type=\"icon-box.default\">\n\t\t\t\t<div class=\"elementor-widget-container\">\n\t\t\t\t\t<div class=\"elementor-icon-box-wrapper\">\n\n\t\t\t\t\t\t<div class=\"elementor-icon-box-icon\">\n\t\t\t\t<a href=\"https:\/\/www.chu-tours.fr\/ecoles-du-chru-de-tours\/sage-femme-formation-continue\/\" class=\"elementor-icon elementor-animation-\" tabindex=\"-1\">\n\t\t\t\t<i aria-hidden=\"true\" class=\"fas fa-chalkboard-teacher\"><\/i>\t\t\t\t<\/a>\n\t\t\t<\/div>\n\t\t\t\n\t\t\t\t\t\t<div class=\"elementor-icon-box-content\">\n\n\t\t\t\t\t\t\t\t\t<h3 class=\"elementor-icon-box-title\">\n\t\t\t\t\t\t<a href=\"https:\/\/www.chu-tours.fr\/ecoles-du-chru-de-tours\/sage-femme-formation-continue\/\" >\n\t\t\t\t\t\t\tFormations continues disponibles\t\t\t\t\t\t<\/a>\n\t\t\t\t\t<\/h3>\n\t\t\t\t\n\t\t\t\t\n\t\t\t<\/div>\n\t\t\t\n\t\t<\/div>\n\t\t\t\t<\/div>\n\t\t\t\t<\/div>\n\t\t\t\t\t<\/div>\n\t\t<\/div>\n\t\t\t\t<div class=\"elementor-column elementor-col-33 elementor-inner-column elementor-element elementor-element-1cc343d6\" data-id=\"1cc343d6\" data-element_type=\"column\">\n\t\t\t<div class=\"elementor-widget-wrap elementor-element-populated\">\n\t\t\t\t\t\t<div class=\"elementor-element elementor-element-69780102 elementor-position-left elementor-view-default elementor-mobile-position-top elementor-vertical-align-top elementor-widget elementor-widget-icon-box\" data-id=\"69780102\" data-element_type=\"widget\" data-widget_type=\"icon-box.default\">\n\t\t\t\t<div class=\"elementor-widget-container\">\n\t\t\t\t\t<div class=\"elementor-icon-box-wrapper\">\n\n\t\t\t\t\t\t<div class=\"elementor-icon-box-icon\">\n\t\t\t\t<span  class=\"elementor-icon elementor-animation-\">\n\t\t\t\t<i aria-hidden=\"true\" class=\"fas fa-times-circle\"><\/i>\t\t\t\t<\/span>\n\t\t\t<\/div>\n\t\t\t\n\t\t\t\t\t\t<div class=\"elementor-icon-box-content\">\n\n\t\t\t\t\t\t\t\t\t<h3 class=\"elementor-icon-box-title\">\n\t\t\t\t\t\t<span  >\n\t\t\t\t\t\t\tNon accessible en apprentissage\t\t\t\t\t\t<\/span>\n\t\t\t\t\t<\/h3>\n\t\t\t\t\n\t\t\t\t\n\t\t\t<\/div>\n\t\t\t\n\t\t<\/div>\n\t\t\t\t<\/div>\n\t\t\t\t<\/div>\n\t\t\t\t\t<\/div>\n\t\t<\/div>\n\t\t\t\t\t<\/div>\n\t\t<\/section>\n\t\t\t\t<section class=\"elementor-section elementor-top-section elementor-element elementor-element-7ca2492 elementor-section-boxed elementor-section-height-default elementor-section-height-default\" data-id=\"7ca2492\" data-element_type=\"section\">\n\t\t\t\t\t\t<div class=\"elementor-container elementor-column-gap-default\">\n\t\t\t\t\t<div class=\"elementor-column elementor-col-100 elementor-top-column elementor-element elementor-element-1a29df5\" data-id=\"1a29df5\" data-element_type=\"column\">\n\t\t\t<div class=\"elementor-widget-wrap elementor-element-populated\">\n\t\t\t\t\t\t<div class=\"elementor-element elementor-element-4c46c8e elementor-skin-carousel elementor-arrows-yes elementor-pagination-type-bullets elementor-pagination-position-outside elementor-widget elementor-widget-media-carousel\" data-id=\"4c46c8e\" data-element_type=\"widget\" data-settings=\"{&quot;skin&quot;:&quot;carousel&quot;,&quot;effect&quot;:&quot;slide&quot;,&quot;show_arrows&quot;:&quot;yes&quot;,&quot;pagination&quot;:&quot;bullets&quot;,&quot;speed&quot;:500,&quot;autoplay&quot;:&quot;yes&quot;,&quot;autoplay_speed&quot;:5000,&quot;loop&quot;:&quot;yes&quot;,&quot;pause_on_hover&quot;:&quot;yes&quot;,&quot;pause_on_interaction&quot;:&quot;yes&quot;,&quot;space_between&quot;:{&quot;unit&quot;:&quot;px&quot;,&quot;size&quot;:10,&quot;sizes&quot;:[]},&quot;space_between_tablet&quot;:{&quot;unit&quot;:&quot;px&quot;,&quot;size&quot;:10,&quot;sizes&quot;:[]},&quot;space_between_mobile&quot;:{&quot;unit&quot;:&quot;px&quot;,&quot;size&quot;:10,&quot;sizes&quot;:[]}}\" data-widget_type=\"media-carousel.default\">\n\t\t\t\t<div class=\"elementor-widget-container\">\n\t\t\t\t\t<div class=\"elementor-swiper\">\n\t\t\t<div class=\"elementor-main-swiper swiper\">\n\t\t\t\t<div class=\"swiper-wrapper\">\n\t\t\t\t\t\t\t\t\t\t\t<div class=\"swiper-slide\">\n\t\t\t\t\t\t\t\t\t<div class=\"elementor-carousel-image\" role=\"img\" aria-label=\"Sage-femme tenant un b\u00e9b\u00e9\" style=\"background-image: url(&#039;https:\/\/www.chu-tours.fr\/ecoles-du-chru-de-tours\/wp-content\/uploads\/sites\/10\/2021\/06\/dx_www-W6MGOy0QRjs-unsplash.jpg&#039;)\">\n\n\t\t\t\n\t\t\t\t\t<\/div>\n\t\t\t\t\t\t\t\t<\/div>\n\t\t\t\t\t\t\t\t\t\t\t<div class=\"swiper-slide\">\n\t\t\t\t\t\t\t\t\t<div class=\"elementor-carousel-image\" role=\"img\" aria-label=\"doctor-performing-ultrasound-scanning-for-her-pregnant-patient\" style=\"background-image: url(&#039;https:\/\/www.chu-tours.fr\/ecoles-du-chru-de-tours\/wp-content\/uploads\/sites\/10\/2021\/07\/doctor-performing-ultrasound-scanning-for-her-pregnant-patient.jpg&#039;)\">\n\n\t\t\t\n\t\t\t\t\t<\/div>\n\t\t\t\t\t\t\t\t<\/div>\n\t\t\t\t\t\t\t\t\t\t\t<div class=\"swiper-slide\">\n\t\t\t\t\t\t\t\t\t<div class=\"elementor-carousel-image\" role=\"img\" aria-label=\"Female patient receiving a ultrasound scan on the stomach in hospital\" style=\"background-image: url(&#039;https:\/\/www.chu-tours.fr\/ecoles-du-chru-de-tours\/wp-content\/uploads\/sites\/10\/2021\/07\/female-patient-receiving-ultrasound-scan-on-the-stomach-scaled.jpg&#039;)\">\n\n\t\t\t\n\t\t\t\t\t<\/div>\n\t\t\t\t\t\t\t\t<\/div>\n\t\t\t\t\t\t\t\t\t\t\t<div class=\"swiper-slide\">\n\t\t\t\t\t\t\t\t\t<div class=\"elementor-carousel-image\" role=\"img\" aria-label=\"accouchement-sage-femme\" style=\"background-image: url(&#039;https:\/\/www.chu-tours.fr\/ecoles-du-chru-de-tours\/wp-content\/uploads\/sites\/10\/2021\/07\/333.jpg&#039;)\">\n\n\t\t\t\n\t\t\t\t\t<\/div>\n\t\t\t\t\t\t\t\t<\/div>\n\t\t\t\t\t\t\t\t\t<\/div>\n\t\t\t\t\t\t\t\t\t\t\t\t\t\t\t<div class=\"swiper-pagination\"><\/div>\n\t\t\t\t\t\t\t\t\t\t\t\t\t\t\t\t<div class=\"elementor-swiper-button elementor-swiper-button-prev\" role=\"button\" tabindex=\"0\">\n\t\t\t\t\t\t\t<i aria-hidden=\"true\" class=\"eicon-chevron-left\"><\/i>\t\t\t\t\t\t\t<span class=\"elementor-screen-only\">Pr\u00e9c\u00e9dent<\/span>\n\t\t\t\t\t\t<\/div>\n\t\t\t\t\t\t<div class=\"elementor-swiper-button elementor-swiper-button-next\" role=\"button\" tabindex=\"0\">\n\t\t\t\t\t\t\t<i aria-hidden=\"true\" class=\"eicon-chevron-right\"><\/i>\t\t\t\t\t\t\t<span class=\"elementor-screen-only\">Suivant<\/span>\n\t\t\t\t\t\t<\/div>\n\t\t\t\t\t\t\t\t\t\t\t\t<\/div>\n\t\t<\/div>\n\t\t\t\t<\/div>\n\t\t\t\t<\/div>\n\t\t\t\t<div class=\"elementor-element elementor-element-e2ed03b elementor-cta--skin-cover elementor-animated-content elementor-bg-transform elementor-bg-transform-zoom-in elementor-widget elementor-widget-call-to-action\" data-id=\"e2ed03b\" data-element_type=\"widget\" data-widget_type=\"call-to-action.default\">\n\t\t\t\t<div class=\"elementor-widget-container\">\n\t\t\t\t\t<a class=\"elementor-cta\" href=\"https:\/\/med.univ-tours.fr\/version-francaise\/formations\/formations-paramedicales\/ecole-de-sages-femmes\/l-ecole-regionale\" target=\"_blank\">\n\t\t\t\t\t<div class=\"elementor-cta__bg-wrapper\">\n\t\t\t\t<div class=\"elementor-cta__bg elementor-bg\" style=\"background-image: url(https:\/\/www.chu-tours.fr\/ecoles-du-chru-de-tours\/wp-content\/uploads\/sites\/10\/2021\/09\/Carre-rose.png);\" role=\"img\" aria-label=\"Carr\u00e9 rose\"><\/div>\n\t\t\t\t<div class=\"elementor-cta__bg-overlay\"><\/div>\n\t\t\t<\/div>\n\t\t\t\t\t\t\t<div class=\"elementor-cta__content\">\n\t\t\t\t\n\t\t\t\t\n\t\t\t\t\n\t\t\t\t\t\t\t\t\t<div class=\"elementor-cta__button-wrapper elementor-cta__content-item elementor-content-item elementor-animated-item--grow\">\n\t\t\t\t\t<span class=\"elementor-cta__button elementor-button elementor-size-\">\n\t\t\t\t\t\tSe rendre sur la page de la formation du site de l'Universit\u00e9 de Tours - Facult\u00e9 de m\u00e9decine\t\t\t\t\t<\/span>\n\t\t\t\t\t<\/div>\n\t\t\t\t\t\t\t<\/div>\n\t\t\t\t\t\t<\/a>\n\t\t\t\t<\/div>\n\t\t\t\t<\/div>\n\t\t\t\t<div class=\"elementor-element elementor-element-5cc086a elementor-widget elementor-widget-toggle\" data-id=\"5cc086a\" data-element_type=\"widget\" data-widget_type=\"toggle.default\">\n\t\t\t\t<div class=\"elementor-widget-container\">\n\t\t\t\t\t<div class=\"elementor-toggle\">\n\t\t\t\t\t\t\t<div class=\"elementor-toggle-item\">\n\t\t\t\t\t<div id=\"elementor-tab-title-9721\" class=\"elementor-tab-title\" data-tab=\"1\" role=\"button\" aria-controls=\"elementor-tab-content-9721\" aria-expanded=\"false\">\n\t\t\t\t\t\t\t\t\t\t\t\t<span class=\"elementor-toggle-icon elementor-toggle-icon-left\" aria-hidden=\"true\">\n\t\t\t\t\t\t\t\t\t\t\t\t\t\t\t<span class=\"elementor-toggle-icon-closed\"><i class=\"fas fa-caret-right\"><\/i><\/span>\n\t\t\t\t\t\t\t\t<span class=\"elementor-toggle-icon-opened\"><i class=\"elementor-toggle-icon-opened fas fa-caret-up\"><\/i><\/span>\n\t\t\t\t\t\t\t\t\t\t\t\t\t<\/span>\n\t\t\t\t\t\t\t\t\t\t\t\t<a class=\"elementor-toggle-title\" tabindex=\"0\">Le m\u00e9tier<\/a>\n\t\t\t\t\t<\/div>\n\n\t\t\t\t\t<div id=\"elementor-tab-content-9721\" class=\"elementor-tab-content elementor-clearfix\" data-tab=\"1\" role=\"region\" aria-labelledby=\"elementor-tab-title-9721\"><h2>Le m\u00e9tier\u00a0<\/h2><p><strong><em>La sage-femme exerce une profession m\u00e9dicale \u00e0 comp\u00e9tences d\u00e9finies.<\/em><\/strong><strong><em>\u00a0Mais contrairement \u00e0 la repr\u00e9sentation courante de la profession, son exercice ne se r\u00e9duit pas \u00e0 la pratique des accouchements.<\/em><\/strong><\/p><p>Praticienne de la physiologie, la sage-femme assure en toute ind\u00e9pendance\u00a0:<\/p><ul><li>Le diagnostic et la d\u00e9claration de grossesse<\/li><li>Le suivi m\u00e9dical de la grossesse normale\u00a0: consultations pr\u00e9natales, \u00e9chographies, prescription des examens paracliniques et des th\u00e9rapeutiques n\u00e9cessaires au bon d\u00e9roulement de la grossesse, pr\u00e9vention et d\u00e9pistage des pathologies<\/li><li>L\u2019accompagnement des futures m\u00e8res, les s\u00e9ances de pr\u00e9paration \u00e0 la naissance et \u00e0 la parentalit\u00e9<\/li><li>La responsabilit\u00e9 du d\u00e9roulement de l\u2019accouchement normal, depuis le diagnostic de d\u00e9but du travail jusqu\u2019\u00e0 la d\u00e9livrance<\/li><li>Les soins aux nouveau-n\u00e9s et la r\u00e9animation n\u00e9onatale imm\u00e9diate dans l\u2019attente du m\u00e9decin\u00a0; la pratique du premier examen postnatal<\/li><li>Le suivi m\u00e9dical et les soins \u00e0 la m\u00e8re dans les suites de couches<\/li><li>L\u2019information et la prescription de la contraception du post partum,<\/li><li>Les conseils d\u2019hygi\u00e8ne et d\u2019alimentation du nouveau-n\u00e9<\/li><li>La visite post-natale de la m\u00e8re au cours des 2 mois suivant l\u2019accouchement<\/li><li>Le suivi gyn\u00e9cologique de pr\u00e9vention (d\u00e9pistage du cancer du col de l\u2019ut\u00e9rus\u2026)<\/li><li>L\u2019information et la prescription de la contraception pendant toute la p\u00e9riode d\u2019activit\u00e9 g\u00e9nitale (en dehors de pathologie)<\/li><\/ul><p>La sage-femme, au m\u00eame titre que les autres formations m\u00e9dicales, est responsable des ses diagnostics et de ses prescriptions.<br \/>Elle occupe une place active dans les services de diagnostic ant\u00e9natal, d\u2019orthog\u00e9nie, les centres de planification familiale, les unit\u00e9s d\u2019assistance m\u00e9dicale \u00e0 la procr\u00e9ation\u2026<\/p><div class=\"elementor-element elementor-element-213cd377 elementor-widget elementor-widget-text-editor\" data-id=\"213cd377\" data-element_type=\"widget\" data-widget_type=\"text-editor.default\"><div class=\"elementor-widget-container\"><div class=\"elementor-text-editor elementor-clearfix\"><h3>Qualit\u00e9s requises<\/h3><\/div><\/div><\/div><section class=\"elementor-section elementor-inner-section elementor-element elementor-element-714e5abe elementor-section-boxed elementor-section-height-default elementor-section-height-default\" data-id=\"714e5abe\" data-element_type=\"section\"><div class=\"elementor-container elementor-column-gap-default\"><div class=\"elementor-row\"><div class=\"elementor-column elementor-col-50 elementor-inner-column elementor-element elementor-element-588dfac3\" data-id=\"588dfac3\" data-element_type=\"column\"><div class=\"elementor-column-wrap elementor-element-populated\"><div class=\"elementor-widget-wrap\"><div class=\"elementor-element elementor-element-1261f80a elementor-widget elementor-widget-text-editor\" data-id=\"1261f80a\" data-element_type=\"widget\" data-widget_type=\"text-editor.default\"><div class=\"elementor-widget-container\"><div class=\"elementor-text-editor elementor-clearfix\"><ul><li><p><i>Capacit\u00e9 d\u2019\u00e9coute<\/i><\/p><\/li><li><p><i>Capacit\u00e9 d\u2019observation<\/i><\/p><\/li><li><p><i>Capacit\u00e9s d\u2019organisation<\/i><\/p><\/li><li><p><i>Empathie<\/i><\/p><\/li><\/ul><\/div><\/div><\/div><\/div><\/div><\/div><div class=\"elementor-column elementor-col-50 elementor-inner-column elementor-element elementor-element-6105a53e\" data-id=\"6105a53e\" data-element_type=\"column\"><div class=\"elementor-column-wrap elementor-element-populated\"><div class=\"elementor-widget-wrap\"><div class=\"elementor-element elementor-element-173bffb elementor-widget elementor-widget-text-editor\" data-id=\"173bffb\" data-element_type=\"widget\" data-widget_type=\"text-editor.default\"><div class=\"elementor-widget-container\"><div class=\"elementor-text-editor elementor-clearfix\"><ul><li><p><i>Esprit d\u2019analyse et de synth\u00e8se<\/i><\/p><\/li><li><p><i>Rigueur<\/i><\/p><\/li><li><p><i>R\u00e9activit\u00e9 et capacit\u00e9 de concentration<\/i><\/p><\/li><li><p><i>R\u00e9sistance psychologique et physique<\/i><\/p><\/li><\/ul><\/div><\/div><\/div><\/div><\/div><\/div><\/div><\/div><\/section><div class=\"elementor-element elementor-element-60a55a75 elementor-widget elementor-widget-text-editor\" data-id=\"60a55a75\" data-element_type=\"widget\" data-widget_type=\"text-editor.default\"><div class=\"elementor-widget-container\"><div class=\"elementor-text-editor elementor-clearfix\"><h3>Mode et lieux d\u2019exercice<\/h3><ul><li><b>Sages-femmes salari\u00e9es<\/b>\u00a0des\u00a0<b>\u00e9tablissements publics\u00a0<\/b>ou<b>\u00a0priv\u00e9s<\/b><\/li><li><b>Sages-femmes de Protection Maternelle et Infantile (PMI)<\/b>, relevant des conseils d\u00e9partementaux, et ayant essentiellement un r\u00f4le de pr\u00e9vention m\u00e9dicale et sociale<\/li><li><b>Sages-femmes lib\u00e9rales\u00a0<\/b>: assurant selon les cas tout ou partie des comp\u00e9tences\u00a0 de la profession, les sages-femmes lib\u00e9rales ont une activit\u00e9 tr\u00e8s vari\u00e9e. Elles exercent<b>\u00a0seules<\/b>\u00a0ou en\u00a0<b>cabinet de groupe<\/b><\/li><li>Sages-femmes en exercice mixte (lib\u00e9rales \/ salari\u00e9es)<\/li><\/ul><h3>Perspectives<\/h3><ul><li><p><strong>Dipl\u00f4mes Universitaires et Interuniversitaires (DU et DIU<\/strong>) : \u00e9chographie obst\u00e9tricale, m\u00e9decine f\u0153tale, m\u00e9canique obst\u00e9tricale, allaitement et lactation humaine, sexologie etc\u2026<\/p><\/li><li><strong>Masters et doctorats<\/strong>\u00a0: Sant\u00e9 publique, \u00e9thique m\u00e9dicale\u2026<\/li><li><strong>Fonctions manag\u00e9riales et d\u2019enseignement<\/strong>\u00a0: sages-femmes coordinatrices, sages-femmes coordonnatrices\u00a0<\/li><\/ul><\/div><\/div><\/div><\/div>\n\t\t\t\t<\/div>\n\t\t\t\t\t\t\t<div class=\"elementor-toggle-item\">\n\t\t\t\t\t<div id=\"elementor-tab-title-9722\" class=\"elementor-tab-title\" data-tab=\"2\" role=\"button\" aria-controls=\"elementor-tab-content-9722\" aria-expanded=\"false\">\n\t\t\t\t\t\t\t\t\t\t\t\t<span class=\"elementor-toggle-icon elementor-toggle-icon-left\" aria-hidden=\"true\">\n\t\t\t\t\t\t\t\t\t\t\t\t\t\t\t<span class=\"elementor-toggle-icon-closed\"><i class=\"fas fa-caret-right\"><\/i><\/span>\n\t\t\t\t\t\t\t\t<span class=\"elementor-toggle-icon-opened\"><i class=\"elementor-toggle-icon-opened fas fa-caret-up\"><\/i><\/span>\n\t\t\t\t\t\t\t\t\t\t\t\t\t<\/span>\n\t\t\t\t\t\t\t\t\t\t\t\t<a class=\"elementor-toggle-title\" tabindex=\"0\">La formation <\/a>\n\t\t\t\t\t<\/div>\n\n\t\t\t\t\t<div id=\"elementor-tab-content-9722\" class=\"elementor-tab-content elementor-clearfix\" data-tab=\"2\" role=\"region\" aria-labelledby=\"elementor-tab-title-9722\"><div data-id=\"60a55a75\" data-element_type=\"widget\" data-widget_type=\"text-editor.default\"><div><div><h2>La formation<\/h2><\/div><\/div><\/div><section data-id=\"7229d578\" data-element_type=\"section\"><div><div><div data-id=\"558386d5\" data-element_type=\"column\"><div><div><div data-id=\"a30743b\" data-element_type=\"widget\" data-widget_type=\"button.default\"><div><div style=\"text-align: left\"><a role=\"button\" href=\"https:\/\/med.univ-tours.fr\/version-francaise\/formations\/ecole-de-sages-femmes\/l-ecole-regionale\" target=\"_blank\" rel=\"noopener\">VISITER LE SITE UNIVERSITAIRE DE L\u2019\u00c9COLE DE SAGES-FEMMES<\/a><\/div><\/div><\/div><\/div><\/div><\/div><\/div><\/div><\/section><h3><span style=\"color: #27a4ad;font-size: 20px;font-weight: bold\">Dur\u00e9e de la formation<\/span><\/h3><div><ul><li><strong>Licence 1 dans une UFR de M\u00e9decine des Universit\u00e9s de Tours ou d\u2019Orl\u00e9ans en PASS (Parcours Acc\u00e8s Sant\u00e9 Sp\u00e9cifique) ou en L.A.S (Licence g\u00e9n\u00e9raliste avec option Acc\u00e8s Sant\u00e9) ou\u00a0 admission directe via la passerelle nationale<\/strong><\/li><li><strong>Licence 2 et 3\u00a0en DFGSMa 2 et 3 (Dipl\u00f4me de Formation G\u00e9n\u00e9rale en Sciences Ma\u00efeutiques)<\/strong><\/li><li><strong>Master 1 et 2 en DFASMa 1 et 2 (Dipl\u00f4me de Formation Approfondie en Sciences Ma\u00efeutiques)<\/strong><\/li><li><strong>Doctorat en ma\u00efeutique\u00a0(en 1 an)<\/strong><\/li><\/ul><h3>Objectifs<\/h3><ul><li><strong>Pour le Dipl\u00f4me de Formation G\u00e9n\u00e9rale en Sciences Ma\u00efeutiques DFGSMa<\/strong>, les objectifs sont :<ul><li>L\u2019acquisition d\u2019un socle de connaissances scientifiques \u00e0 la maitrise ult\u00e9rieure des comp\u00e9tences n\u00e9cessaires \u00e0 l\u2019exercice de la profession de sage-femme.<\/li><li>L\u2019approche fondamentale de l\u2019\u00eatre humain dans l\u2019optique du maintien de la sant\u00e9, de la prise en charge du patient\/malade par l\u2019acquisition de connaissances en sant\u00e9 publique et en s\u00e9miologies clinique et paraclinique<\/li><li>L\u2019acquisition de connaissances fondamentales en physiopathologie et en pharmacologie permettant d\u2019obtenir une vision int\u00e9gr\u00e9e du fonctionnement normal et pathologique des appareils et syst\u00e8mes du corps humain<\/li><li>Des activit\u00e9s de raisonnement clinique et d\u2019apprentissage pratique en milieu clinique permettant \u00e0 l\u2019\u00e9tudiant de construire la relation de soin et sa r\u00e9flexivit\u00e9<\/li><\/ul><\/li><li><strong>Pour la Formation Approfondie en Sciences Ma\u00efeutiques DFASMa<\/strong>\u00a0(inscription seulement apr\u00e8s l\u2019obtention du DFGSMa) les objectifs sont :<ul><li>L\u2019acquisition des connaissances scientifiques indispensables \u00e0 la maitrise des comp\u00e9tences n\u00e9cessaires \u00e0 l\u2019exercice de la profession de sage-femme compl\u00e9tant et approfondissant celles acquises au cours du cycle pr\u00e9c\u00e9dent<\/li><li>L\u2019acquisition de connaissances pratiques et de comp\u00e9tences cliniques au cours de la formation et des stages<\/li><li>Une formation \u00e0 la d\u00e9marche scientifique<\/li><li>L\u2019apprentissage du travail en \u00e9quipe pluriprofessionnelle<\/li><li>L\u2019acquisition de techniques de communication indispensables \u00e0 l\u2019exercice professionnel<\/li><li>La sensibilisation au d\u00e9veloppement professionnel continu comprenant l\u2019\u00e9valuation des pratiques professionnelles et l\u2019approfondissement des connaissances<\/li><\/ul><\/li><\/ul><ul><li><strong>Pour le Doctorat en ma\u00efeutique permettant l&#8217;obtention du Dipl\u00f4me d&#8217;Etat de sage-femme<\/strong> (inscription \u00e0 l\u2019issu du cycle Master uniquement) les objectifs sont :<ul><li>L&#8217;\u00e9criture d&#8217;un travail de recherche<\/li><\/ul><\/li><\/ul><h3>Comp\u00e9tences<\/h3><ul><li>Assurer le suivi et la prise en charge des grossesses \u00e0 bas risques<\/li><li>Accompagner la femme\/le couple dans son projet de naissance<\/li><li>Assurer en collaboration le suivi et la prise en charge des grossesses \u00e0 risques<\/li><li>Assurer la prise en charge des naissances eutociques<\/li><li>Accompagner l&#8217;instauration des interactions pr\u00e9coces parents-enfants\u00a0<\/li><li>Assurer en collaboration le suivi et la prise en charge de situations pathologique per partum\u00a0<\/li><li>Assurer le suivi de la m\u00e8re et de l&#8217;enfant \u00e0 bas risques<\/li><li>Accompagner la parentalit\u00e9<\/li><li>Assurer en collaboration le suivi et la prise en charge de situations post-natales de la m\u00e8re et de l&#8217;enfant\u00a0<\/li><li>Assurer un suivi gyn\u00e9cologique\u00a0<\/li><li>Assurer la promotion et la prise en charge de la sant\u00e9 sexuelle et reproductive\u00a0<\/li><li>Assurer en collaboration le suivi et la prise en charge de situations gyn\u00e9cologique particuli\u00e8re<\/li><li>Analyser des donn\u00e9es scientifiques et professionnelles<\/li><li>Exp\u00e9rimenter une d\u00e9marche de recherche\u00a0<\/li><li>Participer \u00e0 la politique de sant\u00e9 publique\u00a0<\/li><li>Communiquer et collaborer en situations professionnelles<\/li><li>Exercer une activit\u00e9 professionnelle conforme conforme \u00e0 la l\u00e9gislation et \u00e0 la d\u00e9ontologie<\/li><\/ul><h3>Atouts de la formation<\/h3><ul><li>\u00a0Au sein de l\u2019<a href=\"https:\/\/med.univ-tours.fr\/\" target=\"_blank\" rel=\"noopener\">Universit\u00e9 de Tours<\/a>\u00a0et du\u00a0<a href=\"https:\/\/www.chu-tours.fr\/\" target=\"_blank\" rel=\"noopener\">CHRU de Tours<\/a>,\u00a0<b>ouverte sur toute la R\u00e9gion Centre Val de Loire<\/b>, l\u2019\u00c9cole R\u00e9gionale de Sages-Femmes de Tours a plac\u00e9 l\u2019<b>\u00e9tudiant\u00b7e au c\u0153ur de son projet p\u00e9dagogique<\/b><\/li><li><p>Dans une\u00a0<b>structure \u00e0 taille humaine<\/b>,\u00a0<b>parcours et accompagnements personnalis\u00e9s<\/b>\u00a0permettent \u00e0 chacun\u00b7e d\u2019acqu\u00e9rir les comp\u00e9tences requises<\/p><\/li><li><p>L\u2019\u00e9cole r\u00e9gionale de sages-femmes de Tours est l\u2019<b>unique de la r\u00e9gion Centre Val de Loire et de l\u2019acad\u00e9mie d\u2019Orl\u00e9ans-Tours<\/b><\/p><\/li><li><p>\u00a0Localisation id\u00e9ale : au\u00a0<b>sein du\u00a0<a href=\"https:\/\/www.chu-tours.fr\/\" target=\"_blank\" rel=\"noopener\">CHRU Bretonneau<\/a><\/b>\u00a0\u00e0 Tours, \u00e0 deux pas de la maternit\u00e9 \u00ab Olympe de Gouges \u00bb du\u00a0<a href=\"https:\/\/www.chu-tours.fr\/\" target=\"_blank\" rel=\"noopener\">CHRU de Tours<\/a>,\u00a0<b>proche de la Facult\u00e9 de m\u00e9decine\u00a0<\/b>de Tours et de sa Biblioth\u00e8que universitaire,\u00a0<b>\u00e0 proximit\u00e9 d\u2019un restaurant universitaire<\/b>.<\/p><\/li><\/ul><h3>Programme de la formation<\/h3><p>La formation s\u2019inscrit dans le cursus Licence Master Doctorat (L2-L3 \/ M1-M2 ma\u00efeutique).<\/p><p>Les unit\u00e9s d\u2019enseignements (UE) sont th\u00e9oriques et cliniques. La formation est organis\u00e9e sous forme d\u2019alternance entre les enseignements th\u00e9oriques et cliniques.<\/p><table style=\"width: 100%;border-collapse: collapse;height: 437px\"><tbody><tr style=\"height: 72px\"><td style=\"width: 25%;text-align: center;height: 50px\"><span style=\"font-size: 18pt;color: #c62050\"><strong>PASS-LAS<\/strong><\/span><\/td><td style=\"width: 25%;text-align: center;height: 50px\"><strong><span style=\"color: #c62050;font-size: 18pt\">L2-L3<\/span><\/strong><\/td><td style=\"width: 25%;text-align: center;height: 50px\"><span style=\"font-size: 18pt;color: #c62050\"><strong>M1-M2<\/strong><\/span><\/td><td style=\"width: 25%;text-align: center;height: 50px\"><span style=\"font-size: 18pt;color: #c62050\"><strong>D1<\/strong><\/span><\/td><\/tr><tr style=\"height: 144px\"><td style=\"width: 25%;height: 387px;vertical-align: top\" rowspan=\"2\"><a href=\"https:\/\/med.univ-tours.fr\/version-francaise\/formations\/premiere-annee-pass-las\">PASS dans l\u2019UFR de m\u00e9decine de Tours ou d&#8217;Orl\u00e9ans<br \/>LAS dans diff\u00e9rentes UFR d\u2019Orl\u00e9ans et Tours<\/a><\/td><td style=\"width: 25%;height: 58px;vertical-align: top\" colspan=\"2\"><p>En licence et en master, certains cours et actions de formation sont mutualis\u00e9s avec les \u00e9tudiants de m\u00e9decine, de pharmacie et d&#8217;ontologie.\u00a0<\/p><\/td><td style=\"width: 25%;height: 387px;vertical-align: top\" rowspan=\"2\"><p>Le niveau Doctorat n\u00e9cessite l\u2019acquisition de 360 ECTS.<\/p><ul><li>Stage pr\u00e9professionnel<\/li><li>Ecriture d\u2019un travail de recherche<\/li><\/ul><\/td><\/tr><tr style=\"height: 816px\"><td style=\"width: 25%;height: 329px;vertical-align: top\"><p>Le niveau L3 n\u00e9cessite l&#8217;acquisition de 180 ECTS.<\/p><ul><li>Les bases anatomo-physiologiques de gyn\u00e9cologie, obst\u00e9trique et p\u00e9diatrie<\/li><li>Les bases anatomo-physiologiques des autres syst\u00e8mes<\/li><li>Les pathologies g\u00e9n\u00e9rales des diff\u00e9rents syst\u00e8mes<\/li><li>Sant\u00e9 publique<\/li><li>La pharmacologie<\/li><li>Les sciences humaines et sociales<\/li><li>L\u2019anglais<\/li><li>Les bases de la d\u00e9marche de recherche<\/li><\/ul><\/td><td style=\"width: 25%;height: 329px;vertical-align: top\"><p>Le niveau M2 n\u00e9cessite l\u2019acquisition de 300 ECTS.<\/p><ul><li>L\u2019approfondissement des comp\u00e9tences en physiologie de la sage-femme<\/li><li>Les diverses pathologies gyn\u00e9cologiques, obst\u00e9tricales et p\u00e9diatriques<\/li><li>La r\u00e9animation p\u00e9diatrique<\/li><li>La sant\u00e9 publique et la pr\u00e9vention<\/li><li>La pharmacologie en lien avec les droits de prescription des sages-femmes<\/li><li>Les sciences humaines et sociales<\/li><li>Les m\u00e9thodologies de recherche et d\u2019\u00e9criture d\u2019un travail de recherche<\/li><\/ul><\/td><\/tr><\/tbody><\/table><div data-id=\"7a954428\" data-element_type=\"widget\" data-widget_type=\"text-editor.default\"><div><section data-id=\"da61ff4\" data-element_type=\"section\"><div><div><div data-id=\"17ba6d3\" data-element_type=\"column\"><div><div><div data-id=\"cbe2be9\" data-element_type=\"widget\" data-widget_type=\"text-editor.default\">\u00a0<\/div><\/div><\/div><\/div><\/div><\/div><\/section><\/div><\/div><\/div><ul><li><em><span style=\"font-size: 10pt\"><a href=\"https:\/\/www.legifrance.gouv.fr\/loda\/id\/JORFTEXT000039309386\/\" class=\"broken_link\">Arr\u00eat\u00e9 du 4 novembre 2019 relatif \u00e0 l&#8217;acc\u00e8s aux formations de m\u00e9decine, de pharmacie, d&#8217;odontologie et de ma\u00efeutique\u00a0<\/a><\/span><\/em><\/li><li><em><span style=\"font-size: 10pt\"><a href=\"https:\/\/www.legifrance.gouv.fr\/jorf\/id\/JORFTEXT000039654527\" class=\"broken_link\">Arr\u00eat\u00e9 du 13 d\u00e9cembre 2019 modifiant l\u2019arr\u00eat\u00e9 du 24 mars 2017 relatif aux modalit\u00e9s d\u2019admission directe en deuxi\u00e8me ou troisi\u00e8me ann\u00e9e des \u00e9tudes m\u00e9dicales, odontologiques, pharmaceutiques ou de sage-femme<\/a><\/span><\/em><\/li><li><em><span style=\"font-size: 10pt\"><a href=\"https:\/\/www.legifrance.gouv.fr\/loda\/id\/JORFTEXT000024454241\/\" class=\"broken_link\">Arr\u00eat\u00e9 du 19 juillet 2011 relatif au r\u00e9gime des \u00e9tudes en vue du dipl\u00f4me de formation g\u00e9n\u00e9rale en sciences ma\u00efeutiques<\/a><\/span><\/em><\/li><li><em><span style=\"font-size: 10pt\"><a href=\"https:\/\/www.legifrance.gouv.fr\/loda\/id\/JORFTEXT000027231825\" class=\"broken_link\">Arr\u00eat\u00e9 du 11 mars 2013 relatif au r\u00e9gime des \u00e9tudes en vue du dipl\u00f4me d&#8217;Etat de sage-femme<\/a><\/span><\/em><\/li><li><em><span style=\"font-size: 10pt\"><a href=\"https:\/\/www.legifrance.gouv.fr\/jorf\/id\/JORFTEXT000049880850\" class=\"broken_link\">Arr\u00eat\u00e9 du 3 juillet 2024 relatif au r\u00e9gime des \u00e9tudes en vue du dipl\u00f4me d&#8217;Etat de docteur en ma\u00efeutique<\/a><\/span><\/em><\/li><\/ul><div><div data-id=\"7a954428\" data-element_type=\"widget\" data-widget_type=\"text-editor.default\"><div><section data-id=\"da61ff4\" data-element_type=\"section\"><div><div><div data-id=\"17ba6d3\" data-element_type=\"column\"><div><div><div data-id=\"cbe2be9\" data-element_type=\"widget\" data-widget_type=\"text-editor.default\"><h3>Dipl\u00f4me obtenu\u00a0<\/h3><\/div><\/div><\/div><\/div><\/div><\/div><\/section><\/div><\/div><\/div><p><strong>Le dipl\u00f4me de Sage-femme est enregistr\u00e9 au R\u00e9pertoire national des certifications professionnelles (RNCP) sous le n\u00b0<\/strong> <strong><a href=\"https:\/\/www.francecompetences.fr\/recherche\/rncp\/35805\/\" target=\"_blank\" rel=\"noopener\">RNCP35805<\/a>, <\/strong>\u00a0<strong>l\u2019ERSF du CHRU de Tours est habilit\u00e9 pour former et organiser l\u2019\u00e9valuation de cette formation.<\/strong><\/p><p>La formation conduisant au dipl\u00f4me de sage-femme ne donne pas la possibilit\u00e9 de s\u2019inscrire et de valider la formation par comp\u00e9tence et\/ou bloc de comp\u00e9tences.<\/p><h3>Passerelles<\/h3><p><strong>Possibilit\u00e9 de valider un ou des blocs de comp\u00e9tences<\/strong>\u00a0: Non<\/p><p><strong>Possibilit\u00e9 d\u2019\u00e9quivalence<\/strong>\u00a0: Non<\/p><p><strong>Possibilit\u00e9 de passerelles<\/strong>\u00a0: Non<\/p><h3>Chiffres-cl\u00e9s<\/h3><p><strong>Chiffres de l\u2019ann\u00e9e 2024-2025<\/strong><\/p><ul><li>Taux d\u2019obtention du dipl\u00f4me d\u2019Etat : <strong>95%<\/strong><\/li><li>Taux de pr\u00e9sentation : <strong>100%*<\/strong><\/li><li>Taux d\u2019insertion professionnelle \u00e0 la sortie : <strong>97%<\/strong><\/li><li>Taux de poursuite d\u2019\u00e9tudes : <strong>0%<\/strong><\/li><li>Taux d\u2019interruption en cours de formation : <strong>0%<\/strong><\/li><\/ul><p><span style=\"font-size: 10pt\"><em>*Taux de pr\u00e9sentation de la promotion 2020-2025<\/em><\/span><\/p><p><strong>Satisfaction ( 36 apprenants,\u00a0 25% de r\u00e9pondants)<\/strong><\/p><ul><li>Taux de satisfaction des apprenants : <strong>79%<\/strong><\/li><\/ul><\/div>\n\t\t\t\t<\/div>\n\t\t\t\t\t\t\t<div class=\"elementor-toggle-item\">\n\t\t\t\t\t<div id=\"elementor-tab-title-9723\" class=\"elementor-tab-title\" data-tab=\"3\" role=\"button\" aria-controls=\"elementor-tab-content-9723\" aria-expanded=\"false\">\n\t\t\t\t\t\t\t\t\t\t\t\t<span class=\"elementor-toggle-icon elementor-toggle-icon-left\" aria-hidden=\"true\">\n\t\t\t\t\t\t\t\t\t\t\t\t\t\t\t<span class=\"elementor-toggle-icon-closed\"><i class=\"fas fa-caret-right\"><\/i><\/span>\n\t\t\t\t\t\t\t\t<span class=\"elementor-toggle-icon-opened\"><i class=\"elementor-toggle-icon-opened fas fa-caret-up\"><\/i><\/span>\n\t\t\t\t\t\t\t\t\t\t\t\t\t<\/span>\n\t\t\t\t\t\t\t\t\t\t\t\t<a class=\"elementor-toggle-title\" tabindex=\"0\">Les conditions d\u2019admission et de financement<\/a>\n\t\t\t\t\t<\/div>\n\n\t\t\t\t\t<div id=\"elementor-tab-content-9723\" class=\"elementor-tab-content elementor-clearfix\" data-tab=\"3\" role=\"region\" aria-labelledby=\"elementor-tab-title-9723\"><div class=\"elementor-element elementor-element-6bbfbcd6 elementor-widget elementor-widget-text-editor\" data-id=\"6bbfbcd6\" data-element_type=\"widget\" data-widget_type=\"text-editor.default\"><div class=\"elementor-widget-container\"><div class=\"elementor-text-editor elementor-clearfix\"><h2>Les conditions d\u2019admission et de financement<\/h2><h3>Pr\u00e9requis et conditions d\u2019admission<\/h3><ul><li>En post-bac : inscription en Parcours Sp\u00e9cifique Acc\u00e8s Sant\u00e9 (PASS) \u00e0 l\u2019universit\u00e9 de Tours ou en Licence avec option acc\u00e8s sant\u00e9 (LAS) dans les Universit\u00e9s de Tours ou Orl\u00e9ans via\u00a0<a href=\"https:\/\/www.parcoursup.fr\/\" target=\"_blank\" rel=\"noopener\">Parcoursup<\/a>\u00a0pour int\u00e9gration en 2\u1d49 ann\u00e9e de licence apr\u00e8s r\u00e9ussite \u00e0 la fili\u00e8re ma\u00efeutique de\u00a0<a href=\"https:\/\/med.univ-tours.fr\/version-francaise\/formations\/premiere-annee-pass-las\">PASS\/LAS<\/a><\/li><li><strong><a href=\"https:\/\/med.univ-tours.fr\/version-francaise\/formations\/etudes-medicales\/passerelles\">Apr\u00e8s un autre dipl\u00f4me de sant\u00e9 ou un dipl\u00f4me au moins \u00e9quivalent \u00e0 un master<\/a><\/strong> : inscription en entr\u00e9es tardives sant\u00e9 pour int\u00e9gration en 2\u1d49 ou 3\u1d49 ann\u00e9e de la licence ma\u00efeutique<\/li><\/ul><h3>Modalit\u00e9s d\u2019inscription \u00e0 la s\u00e9lection<\/h3><ul><li>Post-bac : inscription via\u00a0<a href=\"https:\/\/www.parcoursup.fr\/\" target=\"_blank\" rel=\"noopener\">Parcoursup<\/a><\/li><li>en <a href=\"https:\/\/med.univ-tours.fr\/version-francaise\/formations\/premiere-annee-pass-las\">PASS\/LAS<\/a><\/li><li>Via une <a href=\"https:\/\/med.univ-tours.fr\/version-francaise\/formations\/etudes-medicales\/passerelles\">passerelle d\u2019admission directe<\/a> (inscription aupr\u00e8s de l\u2019UFR de m\u00e9decine de tours au plus tard en mars de l\u2019ann\u00e9e concern\u00e9e)<\/li><\/ul><h3>D\u00e9lai d\u2019acc\u00e8s<\/h3><p>Entre les r\u00e9sultats de\u00a0<a href=\"https:\/\/med.univ-tours.fr\/version-francaise\/formations\/premiere-annee-pass-las\">PASS\/LAS<\/a>\u00a0ou de <a href=\"https:\/\/med.univ-tours.fr\/version-francaise\/formations\/etudes-medicales\/passerelles\">passerelle<\/a> et l\u2019entr\u00e9e en formation : environ 3 mois<\/p><h3>Frais d\u2019inscription<\/h3><ul><li><a href=\"https:\/\/www.univ-tours.fr\/formations\/faq-inscriptions-administratives#:~:text=%3E%20Les%20droits%20nationaux&amp;text=PASS%20%3A%20178%20%E2%82%AC,%2F%20Odontologie%20%2F%20Ma%C3%AFeutique%20%3A%20178%20%E2%82%AC\">Retrouvez les diff\u00e9rents tarifs sur le site de l&#8217;Universit\u00e9 de Tours<\/a><\/li><\/ul><p>Selon votre situation, il existe des co\u00fbts r\u00e9duits et des modalit\u00e9s d&#8217;exon\u00e9ration.<\/p><h3>Mode de financement<\/h3><ul><li><strong>En formation initiale :<\/strong><\/li><\/ul><p>Financ\u00e9 par le Conseil R\u00e9gional Centre-Val de Loire, une fois les frais d\u2019inscription universitaires vers\u00e9s.<\/p><ul><li><strong>En formation continue :<\/strong><\/li><\/ul><p>Le financement d\u00e9pend du statut professionnel de l\u2019apprenant<\/p><p><a href=\"https:\/\/orientation.centre-valdeloire.fr\/besoin-de-financer-vos-etudes-pour-des-formations-du-secteur-sanitaire-et-social\" target=\"_blank\" rel=\"noopener\"><strong>Besoin de financer vos \u00e9tudes pour cette formation du secteur sanitaire et social ?<\/strong><\/a><\/p><\/div><\/div><\/div><div class=\"elementor-element elementor-element-101f0432 elementor-widget elementor-widget-text-editor\" data-id=\"101f0432\" data-element_type=\"widget\" data-widget_type=\"text-editor.default\"><div class=\"elementor-widget-container\"><div class=\"elementor-text-editor elementor-clearfix\"><h2>Accessibilit\u00e9<\/h2><p>Cette formation est accessible \u00e0 toutes et \u00e0 tous.<\/p><p><a href=\"https:\/\/www.chu-tours.fr\/ecoles-du-chru-de-tours\/formation-et-handicap\/\" target=\"_blank\" rel=\"noopener\">Cliquez ici pour plus d\u2019informations<\/a><\/p><\/div><\/div><\/div><\/div>\n\t\t\t\t<\/div>\n\t\t\t\t\t\t\t<div class=\"elementor-toggle-item\">\n\t\t\t\t\t<div id=\"elementor-tab-title-9724\" class=\"elementor-tab-title\" data-tab=\"4\" role=\"button\" aria-controls=\"elementor-tab-content-9724\" aria-expanded=\"false\">\n\t\t\t\t\t\t\t\t\t\t\t\t<span class=\"elementor-toggle-icon elementor-toggle-icon-left\" aria-hidden=\"true\">\n\t\t\t\t\t\t\t\t\t\t\t\t\t\t\t<span class=\"elementor-toggle-icon-closed\"><i class=\"fas fa-caret-right\"><\/i><\/span>\n\t\t\t\t\t\t\t\t<span class=\"elementor-toggle-icon-opened\"><i class=\"elementor-toggle-icon-opened fas fa-caret-up\"><\/i><\/span>\n\t\t\t\t\t\t\t\t\t\t\t\t\t<\/span>\n\t\t\t\t\t\t\t\t\t\t\t\t<a class=\"elementor-toggle-title\" tabindex=\"0\">Le calendrier de s\u00e9lection<\/a>\n\t\t\t\t\t<\/div>\n\n\t\t\t\t\t<div id=\"elementor-tab-content-9724\" class=\"elementor-tab-content elementor-clearfix\" data-tab=\"4\" role=\"region\" aria-labelledby=\"elementor-tab-title-9724\"><p><strong>Onglet CALENDRIER<\/strong><\/p><table style=\"border-collapse: collapse;width: 100%\"><tbody><tr><td style=\"width: 50%\">Inscription en PASS \/ LAS via Parcoursup<\/td><td style=\"width: 50%\">De janvier \u00e0 mars<\/td><\/tr><tr><td style=\"width: 50%\">Affichage des r\u00e9sultats de la s\u00e9lection des fili\u00e8res MMOPK<\/td><td style=\"width: 50%\">Mi-juillet<\/td><\/tr><tr><td style=\"width: 50%\">Inscription administrative \u00e0 l&#8217;Universit\u00e9 de Tours<\/td><td style=\"width: 50%\">Juillet \u00e0 septembre<\/td><\/tr><tr><td style=\"width: 50%\">Rentr\u00e9e<\/td><td style=\"width: 50%\">Fin ao\u00fbt \/ d\u00e9but septembre<\/td><\/tr><\/tbody><\/table><p>\u00a0<\/p><\/div>\n\t\t\t\t<\/div>\n\t\t\t\t\t\t\t\t<\/div>\n\t\t\t\t<\/div>\n\t\t\t\t<\/div>\n\t\t\t\t\t<\/div>\n\t\t<\/div>\n\t\t\t\t\t<\/div>\n\t\t<\/section>\n\t\t\t\t<section class=\"elementor-section elementor-top-section elementor-element elementor-element-7db807b1 elementor-section-boxed elementor-section-height-default elementor-section-height-default\" data-id=\"7db807b1\" data-element_type=\"section\">\n\t\t\t\t\t\t<div class=\"elementor-container elementor-column-gap-default\">\n\t\t\t\t\t<div class=\"elementor-column elementor-col-100 elementor-top-column elementor-element elementor-element-562e1225\" data-id=\"562e1225\" data-element_type=\"column\">\n\t\t\t<div class=\"elementor-widget-wrap elementor-element-populated\">\n\t\t\t\t\t\t<div class=\"elementor-element elementor-element-101f0432 elementor-widget elementor-widget-text-editor\" data-id=\"101f0432\" data-element_type=\"widget\" data-widget_type=\"text-editor.default\">\n\t\t\t\t<div class=\"elementor-widget-container\">\n\t\t\t\t\t\t\t<h2>Contact<\/h2><p><b>\u00c9cole R\u00e9gionale de Sages-Femmes<\/b><br \/>2 boulevard Tonnell\u00e9<br \/>37044 TOURS CEDEX 9<\/p><p>\u2706 : 02 47 47 47 31<br \/>\ud83d\udd82 : <a href=\"mailto:secretariat.esf@chu-tours.fr\" target=\"_blank\" rel=\"noopener\">secretariat.esf@chu-tours.fr<\/a><\/p>\t\t\t\t\t\t<\/div>\n\t\t\t\t<\/div>\n\t\t\t\t<div class=\"elementor-element elementor-element-900a8e7 elementor-widget elementor-widget-text-editor\" data-id=\"900a8e7\" data-element_type=\"widget\" data-widget_type=\"text-editor.default\">\n\t\t\t\t<div class=\"elementor-widget-container\">\n\t\t\t\t\t\t\t<p style=\"text-align: right\"><span style=\"font-size: 10pt\"><em>Date de mise \u00e0 jour : 26\/11\/2025<\/em><\/span><\/p>\t\t\t\t\t\t<\/div>\n\t\t\t\t<\/div>\n\t\t\t\t\t<\/div>\n\t\t<\/div>\n\t\t\t\t\t<\/div>\n\t\t<\/section>\n\t\t\t\t<\/div>\n\t\t","protected":false},"excerpt":{"rendered":"<p>6 ans Formations continues disponibles Non accessible en apprentissage Pr\u00e9c\u00e9dent Suivant Se rendre sur la page de la formation du site de l&#8217;Universit\u00e9 de Tours &#8211; Facult\u00e9 de m\u00e9decine Le m\u00e9tier Le m\u00e9tier\u00a0 La sage-femme exerce une profession m\u00e9dicale \u00e0 comp\u00e9tences d\u00e9finies.\u00a0Mais contrairement \u00e0 la repr\u00e9sentation courante de la profession, son exercice ne se r\u00e9duit [&hellip;]<\/p>\n","protected":false},"author":18,"featured_media":0,"parent":0,"menu_order":0,"comment_status":"closed","ping_status":"closed","template":"","meta":{"_seopress_robots_primary_cat":"","_seopress_titles_title":"","_seopress_titles_desc":"","_seopress_robots_index":"","_exactmetrics_skip_tracking":false,"_exactmetrics_sitenote_active":false,"_exactmetrics_sitenote_note":"","_exactmetrics_sitenote_category":0,"_genesis_hide_title":false,"_genesis_hide_breadcrumbs":false,"_genesis_hide_singular_image":false,"_genesis_hide_footer_widgets":false,"_genesis_custom_body_class":"","_genesis_custom_post_class":"","_genesis_layout":"","footnotes":""},"publishpress_future_action":{"enabled":false,"date":"2026-05-08 18:47:18","action":"change-status","newStatus":"draft","terms":[],"taxonomy":""},"_links":{"self":[{"href":"https:\/\/www.chu-tours.fr\/ecoles-du-chru-de-tours\/wp-json\/wp\/v2\/pages\/92"}],"collection":[{"href":"https:\/\/www.chu-tours.fr\/ecoles-du-chru-de-tours\/wp-json\/wp\/v2\/pages"}],"about":[{"href":"https:\/\/www.chu-tours.fr\/ecoles-du-chru-de-tours\/wp-json\/wp\/v2\/types\/page"}],"author":[{"embeddable":true,"href":"https:\/\/www.chu-tours.fr\/ecoles-du-chru-de-tours\/wp-json\/wp\/v2\/users\/18"}],"replies":[{"embeddable":true,"href":"https:\/\/www.chu-tours.fr\/ecoles-du-chru-de-tours\/wp-json\/wp\/v2\/comments?post=92"}],"version-history":[{"count":20,"href":"https:\/\/www.chu-tours.fr\/ecoles-du-chru-de-tours\/wp-json\/wp\/v2\/pages\/92\/revisions"}],"predecessor-version":[{"id":13453,"href":"https:\/\/www.chu-tours.fr\/ecoles-du-chru-de-tours\/wp-json\/wp\/v2\/pages\/92\/revisions\/13453"}],"wp:attachment":[{"href":"https:\/\/www.chu-tours.fr\/ecoles-du-chru-de-tours\/wp-json\/wp\/v2\/media?parent=92"}],"curies":[{"name":"wp","href":"https:\/\/api.w.org\/{rel}","templated":true}]}}