{"id":6292,"date":"2023-03-21T11:50:25","date_gmt":"2023-03-21T10:50:25","guid":{"rendered":"https:\/\/www.chu-tours.fr\/ecoles-du-chru-de-tours\/?page_id=6292"},"modified":"2025-12-11T08:36:56","modified_gmt":"2025-12-11T07:36:56","slug":"cadre-de-sante-concours-entree","status":"publish","type":"page","link":"https:\/\/www.chu-tours.fr\/ecoles-du-chru-de-tours\/cadre-de-sante-concours-entree\/","title":{"rendered":"Cadre de sant\u00e9 &#8211; Concours d&#8217;entr\u00e9e"},"content":{"rendered":"\t\t<div data-elementor-type=\"wp-page\" data-elementor-id=\"6292\" class=\"elementor elementor-6292\" data-elementor-post-type=\"page\">\n\t\t\t\t\t\t<section class=\"elementor-section elementor-top-section elementor-element elementor-element-4fd21d1 elementor-section-boxed elementor-section-height-default elementor-section-height-default\" data-id=\"4fd21d1\" data-element_type=\"section\">\n\t\t\t\t\t\t<div class=\"elementor-container elementor-column-gap-default\">\n\t\t\t\t\t<div class=\"elementor-column elementor-col-100 elementor-top-column elementor-element elementor-element-76dac40\" data-id=\"76dac40\" data-element_type=\"column\">\n\t\t\t<div class=\"elementor-widget-wrap elementor-element-populated\">\n\t\t\t\t\t\t<div class=\"elementor-element elementor-element-a4d90f3 elementor-widget elementor-widget-text-editor\" data-id=\"a4d90f3\" data-element_type=\"widget\" data-widget_type=\"text-editor.default\">\n\t\t\t\t<div class=\"elementor-widget-container\">\n\t\t\t\t\t\t\t<p>La s\u00e9lection d&#8217;entr\u00e9e en formation \u00e0 l&#8217;IFCS se d\u00e9roulera selon le calendrier suivant :<\/p><h2>Calendrier<\/h2><p>\u00a0<\/p><table style=\"border-collapse: collapse;width: 100%;height: 309px\"><tbody><tr style=\"height: 96px\"><td style=\"width: 28.0488%;height: 96px\"><strong><span style=\"color: #e51144\">D\u00e9p\u00f4t des dossiers d&#8217;inscription\u00a0<\/span><br \/><\/strong><\/td><td style=\"width: 71.9512%;height: 96px\"><span style=\"color: #e51144\"><strong>entre le 2 janvier 2026 et le 15 f\u00e9vrier 2026<\/strong><\/span><\/td><\/tr><tr style=\"height: 45px\"><td style=\"width: 28.0488%;height: 45px\"><strong>Epreuve \u00e9crite d\u2019admissibilit\u00e9 <\/strong><\/td><td style=\"width: 71.9512%;height: 45px\"><strong>Jeudi 12 mars 2026<\/strong><\/td><\/tr><tr style=\"height: 48px\"><td style=\"width: 28.0488%;height: 48px\"><strong>R\u00e9sultat d\u2019admissibilit\u00e9 <\/strong><\/td><td style=\"width: 71.9512%;height: 48px\"><strong>Mardi 18 mars 2026<\/strong><\/td><\/tr><tr style=\"height: 48px\"><td style=\"width: 28.0488%;height: 48px\"><strong>Epreuve orale d\u2019admission <\/strong><\/td><td style=\"width: 71.9512%;height: 48px\"><strong>Du jeudi 2 avril au jeudi 9 avril 2026<\/strong><\/td><\/tr><tr style=\"height: 72px\"><td style=\"width: 28.0488%;height: 72px\"><strong>R\u00e9sultat de l\u2019\u00e9preuve d\u2019admission <\/strong><\/td><td style=\"width: 71.9512%;height: 72px\"><strong>Vendredi 10 avril 2026<\/strong><\/td><\/tr><\/tbody><\/table>\t\t\t\t\t\t<\/div>\n\t\t\t\t<\/div>\n\t\t\t\t<div class=\"elementor-element elementor-element-925a858 elementor-widget elementor-widget-text-editor\" data-id=\"925a858\" data-element_type=\"widget\" data-widget_type=\"text-editor.default\">\n\t\t\t\t<div class=\"elementor-widget-container\">\n\t\t\t\t\t\t\t<h2>Le concours d&#8217;entr\u00e9e<\/h2>\t\t\t\t\t\t<\/div>\n\t\t\t\t<\/div>\n\t\t\t\t<div class=\"elementor-element elementor-element-13b6a48 elementor-button-danger elementor-widget elementor-widget-button\" data-id=\"13b6a48\" data-element_type=\"widget\" data-widget_type=\"button.default\">\n\t\t\t\t<div class=\"elementor-widget-container\">\n\t\t\t\t\t<div class=\"elementor-button-wrapper\">\n\t\t\t<a class=\"elementor-button elementor-button-link elementor-size-lg\" href=\"https:\/\/www.chu-tours.fr\/ecoles-du-chru-de-tours\/wp-content\/uploads\/sites\/10\/2025\/12\/Plaquette-et-dossier-dinscription-Concours-2026.pdf\" target=\"_blank\">\n\t\t\t\t\t\t<span class=\"elementor-button-content-wrapper\">\n\t\t\t\t\t\t<span class=\"elementor-button-icon\">\n\t\t\t\t<i aria-hidden=\"true\" class=\"fas fa-file-alt\"><\/i>\t\t\t<\/span>\n\t\t\t\t\t\t\t\t\t<span class=\"elementor-button-text\">T\u00e9l\u00e9charger la plaquette et le dossier d'inscription au concours d'entr\u00e9e 2026<\/span>\n\t\t\t\t\t<\/span>\n\t\t\t\t\t<\/a>\n\t\t<\/div>\n\t\t\t\t<\/div>\n\t\t\t\t<\/div>\n\t\t\t\t<div class=\"elementor-element elementor-element-651b65a elementor-widget elementor-widget-text-editor\" data-id=\"651b65a\" data-element_type=\"widget\" data-widget_type=\"text-editor.default\">\n\t\t\t\t<div class=\"elementor-widget-container\">\n\t\t\t\t\t\t\t<h2>Contacts<\/h2><p>Institut de Formation des Cadres de Sant\u00e9<br \/>CHRU de tours<br \/>370044 TOURS Cedex 9<\/p><p>\u2706 : 02 47 47 59 36<br \/>\ud83d\udd82 : <a href=\"mailto:secretariat.ifcs@chu-tours.fr\" target=\"_blank\" rel=\"noopener\">secretariat.ifcs@chu-tours.fr<\/a><\/p>\t\t\t\t\t\t<\/div>\n\t\t\t\t<\/div>\n\t\t\t\t\t<\/div>\n\t\t<\/div>\n\t\t\t\t\t<\/div>\n\t\t<\/section>\n\t\t\t\t<section class=\"elementor-section elementor-top-section elementor-element elementor-element-04732c6 elementor-section-boxed elementor-section-height-default elementor-section-height-default\" data-id=\"04732c6\" data-element_type=\"section\">\n\t\t\t\t\t\t<div class=\"elementor-container elementor-column-gap-default\">\n\t\t\t\t\t<div class=\"elementor-column elementor-col-100 elementor-top-column elementor-element elementor-element-5d65b4c\" data-id=\"5d65b4c\" data-element_type=\"column\">\n\t\t\t<div class=\"elementor-widget-wrap elementor-element-populated\">\n\t\t\t\t\t\t<section class=\"elementor-section elementor-inner-section elementor-element elementor-element-1d99fe5 elementor-section-boxed elementor-section-height-default elementor-section-height-default\" data-id=\"1d99fe5\" data-element_type=\"section\">\n\t\t\t\t\t\t<div class=\"elementor-container elementor-column-gap-default\">\n\t\t\t\t\t<div class=\"elementor-column elementor-col-33 elementor-inner-column elementor-element elementor-element-5a5ce65\" data-id=\"5a5ce65\" data-element_type=\"column\">\n\t\t\t<div class=\"elementor-widget-wrap\">\n\t\t\t\t\t\t\t<\/div>\n\t\t<\/div>\n\t\t\t\t<div class=\"elementor-column elementor-col-33 elementor-inner-column elementor-element elementor-element-602f31a\" data-id=\"602f31a\" data-element_type=\"column\">\n\t\t\t<div class=\"elementor-widget-wrap\">\n\t\t\t\t\t\t\t<\/div>\n\t\t<\/div>\n\t\t\t\t<div class=\"elementor-column elementor-col-33 elementor-inner-column elementor-element elementor-element-1616013\" data-id=\"1616013\" data-element_type=\"column\">\n\t\t\t<div class=\"elementor-widget-wrap elementor-element-populated\">\n\t\t\t\t\t\t<div class=\"elementor-element elementor-element-304bdf8 elementor-cta--skin-cover elementor-animated-content elementor-bg-transform elementor-bg-transform-zoom-in elementor-widget elementor-widget-call-to-action\" data-id=\"304bdf8\" data-element_type=\"widget\" data-widget_type=\"call-to-action.default\">\n\t\t\t\t<div class=\"elementor-widget-container\">\n\t\t\t\t\t<a class=\"elementor-cta\" href=\"https:\/\/www.chu-tours.fr\/ecoles-du-chru-de-tours\/paiement-frais-inscriptions-en-ligne\/\">\n\t\t\t\t\t<div class=\"elementor-cta__bg-wrapper\">\n\t\t\t\t<div class=\"elementor-cta__bg elementor-bg\" style=\"background-image: url(https:\/\/www.chu-tours.fr\/ecoles-du-chru-de-tours\/wp-content\/uploads\/sites\/10\/2021\/09\/Carre-rose.png);\" role=\"img\" aria-label=\"Carr\u00e9 rose\"><\/div>\n\t\t\t\t<div class=\"elementor-cta__bg-overlay\"><\/div>\n\t\t\t<\/div>\n\t\t\t\t\t\t\t<div class=\"elementor-cta__content\">\n\t\t\t\t\n\t\t\t\t\t\t\t\t\t<h5 class=\"elementor-cta__title elementor-cta__content-item elementor-content-item elementor-animated-item--grow\">\n\t\t\t\t\t\tPaiement en ligne des frais d'inscription\t\t\t\t\t<\/h5>\n\t\t\t\t\n\t\t\t\t\n\t\t\t\t\t\t\t\t\t<div class=\"elementor-cta__button-wrapper elementor-cta__content-item elementor-content-item elementor-animated-item--grow\">\n\t\t\t\t\t<span class=\"elementor-cta__button elementor-button elementor-size-\">\n\t\t\t\t\t\tAcc\u00e9der au formulaire de paiement\t\t\t\t\t<\/span>\n\t\t\t\t\t<\/div>\n\t\t\t\t\t\t\t<\/div>\n\t\t\t\t\t\t<\/a>\n\t\t\t\t<\/div>\n\t\t\t\t<\/div>\n\t\t\t\t\t<\/div>\n\t\t<\/div>\n\t\t\t\t\t<\/div>\n\t\t<\/section>\n\t\t\t\t<div class=\"elementor-element elementor-element-89cf9cc elementor-widget elementor-widget-text-editor\" data-id=\"89cf9cc\" data-element_type=\"widget\" data-widget_type=\"text-editor.default\">\n\t\t\t\t<div class=\"elementor-widget-container\">\n\t\t\t\t\t\t\t<p style=\"text-align: right\"><span style=\"font-size: 10pt\"><em>Date de mise \u00e0 jour : 11\/12\/2025<\/em><\/span><\/p>\t\t\t\t\t\t<\/div>\n\t\t\t\t<\/div>\n\t\t\t\t\t<\/div>\n\t\t<\/div>\n\t\t\t\t\t<\/div>\n\t\t<\/section>\n\t\t\t\t<\/div>\n\t\t","protected":false},"excerpt":{"rendered":"<p>La s\u00e9lection d&#8217;entr\u00e9e en formation \u00e0 l&#8217;IFCS se d\u00e9roulera selon le calendrier suivant : Calendrier \u00a0 D\u00e9p\u00f4t des dossiers d&#8217;inscription\u00a0 entre le 2 janvier 2026 et le 15 f\u00e9vrier 2026 Epreuve \u00e9crite d\u2019admissibilit\u00e9 Jeudi 12 mars 2026 R\u00e9sultat d\u2019admissibilit\u00e9 Mardi 18 mars 2026 Epreuve orale d\u2019admission Du jeudi 2 avril au jeudi 9 avril 2026 [&hellip;]<\/p>\n","protected":false},"author":18,"featured_media":0,"parent":0,"menu_order":0,"comment_status":"closed","ping_status":"closed","template":"","meta":{"_seopress_robots_primary_cat":"","_seopress_titles_title":"","_seopress_titles_desc":"","_seopress_robots_index":"","_exactmetrics_skip_tracking":false,"_exactmetrics_sitenote_active":false,"_exactmetrics_sitenote_note":"","_exactmetrics_sitenote_category":0,"_genesis_hide_title":false,"_genesis_hide_breadcrumbs":false,"_genesis_hide_singular_image":false,"_genesis_hide_footer_widgets":false,"_genesis_custom_body_class":"","_genesis_custom_post_class":"","_genesis_layout":"","footnotes":""},"publishpress_future_action":{"enabled":false,"date":"2026-05-09 01:00:57","action":"change-status","newStatus":"draft","terms":[],"taxonomy":""},"_links":{"self":[{"href":"https:\/\/www.chu-tours.fr\/ecoles-du-chru-de-tours\/wp-json\/wp\/v2\/pages\/6292"}],"collection":[{"href":"https:\/\/www.chu-tours.fr\/ecoles-du-chru-de-tours\/wp-json\/wp\/v2\/pages"}],"about":[{"href":"https:\/\/www.chu-tours.fr\/ecoles-du-chru-de-tours\/wp-json\/wp\/v2\/types\/page"}],"author":[{"embeddable":true,"href":"https:\/\/www.chu-tours.fr\/ecoles-du-chru-de-tours\/wp-json\/wp\/v2\/users\/18"}],"replies":[{"embeddable":true,"href":"https:\/\/www.chu-tours.fr\/ecoles-du-chru-de-tours\/wp-json\/wp\/v2\/comments?post=6292"}],"version-history":[{"count":20,"href":"https:\/\/www.chu-tours.fr\/ecoles-du-chru-de-tours\/wp-json\/wp\/v2\/pages\/6292\/revisions"}],"predecessor-version":[{"id":12766,"href":"https:\/\/www.chu-tours.fr\/ecoles-du-chru-de-tours\/wp-json\/wp\/v2\/pages\/6292\/revisions\/12766"}],"wp:attachment":[{"href":"https:\/\/www.chu-tours.fr\/ecoles-du-chru-de-tours\/wp-json\/wp\/v2\/media?parent=6292"}],"curies":[{"name":"wp","href":"https:\/\/api.w.org\/{rel}","templated":true}]}}