{"id":3575,"date":"2022-01-27T13:27:37","date_gmt":"2022-01-27T12:27:37","guid":{"rendered":"https:\/\/www.chu-tours.fr\/ecoles-du-chru-de-tours\/?page_id=3575"},"modified":"2026-02-12T09:14:24","modified_gmt":"2026-02-12T08:14:24","slug":"ambulancier-en-apprentissage","status":"publish","type":"page","link":"https:\/\/www.chu-tours.fr\/ecoles-du-chru-de-tours\/ambulancier-en-apprentissage\/","title":{"rendered":"Ambulancier en apprentissage |  CFA Sant\u00e9 Centre-Val de Loire"},"content":{"rendered":"\t\t<div data-elementor-type=\"wp-page\" data-elementor-id=\"3575\" class=\"elementor elementor-3575\" data-elementor-post-type=\"page\">\n\t\t\t\t\t\t<section class=\"elementor-section elementor-inner-section elementor-element elementor-element-708ab965 elementor-section-boxed elementor-section-height-default elementor-section-height-default\" data-id=\"708ab965\" data-element_type=\"section\">\n\t\t\t\t\t\t<div class=\"elementor-container elementor-column-gap-default\">\n\t\t\t\t\t<div class=\"elementor-column elementor-col-33 elementor-inner-column elementor-element elementor-element-400d56de\" data-id=\"400d56de\" data-element_type=\"column\">\n\t\t\t<div class=\"elementor-widget-wrap elementor-element-populated\">\n\t\t\t\t\t\t<div class=\"elementor-element elementor-element-6da5c9f3 elementor-position-left elementor-view-default elementor-mobile-position-top elementor-vertical-align-top elementor-widget elementor-widget-icon-box\" data-id=\"6da5c9f3\" data-element_type=\"widget\" data-widget_type=\"icon-box.default\">\n\t\t\t\t<div class=\"elementor-widget-container\">\n\t\t\t\t\t<div class=\"elementor-icon-box-wrapper\">\n\n\t\t\t\t\t\t<div class=\"elementor-icon-box-icon\">\n\t\t\t\t<span  class=\"elementor-icon elementor-animation-\">\n\t\t\t\t<i aria-hidden=\"true\" class=\"fas fa-hourglass-half\"><\/i>\t\t\t\t<\/span>\n\t\t\t<\/div>\n\t\t\t\n\t\t\t\t\t\t<div class=\"elementor-icon-box-content\">\n\n\t\t\t\t\t\t\t\t\t<h3 class=\"elementor-icon-box-title\">\n\t\t\t\t\t\t<span  >\n\t\t\t\t\t\t\t18 semaines\t\t\t\t\t\t<\/span>\n\t\t\t\t\t<\/h3>\n\t\t\t\t\n\t\t\t\t\n\t\t\t<\/div>\n\t\t\t\n\t\t<\/div>\n\t\t\t\t<\/div>\n\t\t\t\t<\/div>\n\t\t\t\t\t<\/div>\n\t\t<\/div>\n\t\t\t\t<div class=\"elementor-column elementor-col-33 elementor-inner-column elementor-element elementor-element-7adaf23\" data-id=\"7adaf23\" data-element_type=\"column\">\n\t\t\t<div class=\"elementor-widget-wrap elementor-element-populated\">\n\t\t\t\t\t\t<div class=\"elementor-element elementor-element-fdfc17f elementor-position-left elementor-view-default elementor-mobile-position-top elementor-vertical-align-top elementor-widget elementor-widget-icon-box\" data-id=\"fdfc17f\" data-element_type=\"widget\" data-widget_type=\"icon-box.default\">\n\t\t\t\t<div class=\"elementor-widget-container\">\n\t\t\t\t\t<div class=\"elementor-icon-box-wrapper\">\n\n\t\t\t\t\t\t<div class=\"elementor-icon-box-icon\">\n\t\t\t\t<a href=\"https:\/\/www.chu-tours.fr\/ecoles-du-chru-de-tours\/devenir-un-apprenti\/\" class=\"elementor-icon elementor-animation-\" tabindex=\"-1\">\n\t\t\t\t<i aria-hidden=\"true\" class=\"fas fa-check-circle\"><\/i>\t\t\t\t<\/a>\n\t\t\t<\/div>\n\t\t\t\n\t\t\t\t\t\t<div class=\"elementor-icon-box-content\">\n\n\t\t\t\t\t\t\t\t\t<h3 class=\"elementor-icon-box-title\">\n\t\t\t\t\t\t<a href=\"https:\/\/www.chu-tours.fr\/ecoles-du-chru-de-tours\/devenir-un-apprenti\/\" >\n\t\t\t\t\t\t\tPossibilit\u00e9 de suivre la formation en apprentissage\t\t\t\t\t\t<\/a>\n\t\t\t\t\t<\/h3>\n\t\t\t\t\n\t\t\t\t\n\t\t\t<\/div>\n\t\t\t\n\t\t<\/div>\n\t\t\t\t<\/div>\n\t\t\t\t<\/div>\n\t\t\t\t\t<\/div>\n\t\t<\/div>\n\t\t\t\t<div class=\"elementor-column elementor-col-33 elementor-inner-column elementor-element elementor-element-507b80c0\" data-id=\"507b80c0\" data-element_type=\"column\">\n\t\t\t<div class=\"elementor-widget-wrap elementor-element-populated\">\n\t\t\t\t\t\t<div class=\"elementor-element elementor-element-4d28c66 elementor-widget__width-initial elementor-widget elementor-widget-image\" data-id=\"4d28c66\" data-element_type=\"widget\" data-widget_type=\"image.default\">\n\t\t\t\t<div class=\"elementor-widget-container\">\n\t\t\t\t\t\t\t\t\t\t\t\t\t<img fetchpriority=\"high\" decoding=\"async\" width=\"926\" height=\"653\" src=\"https:\/\/www.chu-tours.fr\/ecoles-du-chru-de-tours\/wp-content\/uploads\/sites\/10\/2021\/11\/LOGO-CFA-SANTE_100620.png\" class=\"attachment-large size-large wp-image-2496\" alt=\"\" srcset=\"https:\/\/www.chu-tours.fr\/ecoles-du-chru-de-tours\/wp-content\/uploads\/sites\/10\/2021\/11\/LOGO-CFA-SANTE_100620.png 926w, https:\/\/www.chu-tours.fr\/ecoles-du-chru-de-tours\/wp-content\/uploads\/sites\/10\/2021\/11\/LOGO-CFA-SANTE_100620-300x212.png 300w, https:\/\/www.chu-tours.fr\/ecoles-du-chru-de-tours\/wp-content\/uploads\/sites\/10\/2021\/11\/LOGO-CFA-SANTE_100620-768x542.png 768w\" sizes=\"(max-width: 926px) 100vw, 926px\" \/>\t\t\t\t\t\t\t\t\t\t\t\t\t<\/div>\n\t\t\t\t<\/div>\n\t\t\t\t\t<\/div>\n\t\t<\/div>\n\t\t\t\t\t<\/div>\n\t\t<\/section>\n\t\t\t\t<section class=\"elementor-section elementor-top-section elementor-element elementor-element-1f967dd elementor-section-boxed elementor-section-height-default elementor-section-height-default\" data-id=\"1f967dd\" data-element_type=\"section\">\n\t\t\t\t\t\t<div class=\"elementor-container elementor-column-gap-default\">\n\t\t\t\t\t<div class=\"elementor-column elementor-col-100 elementor-top-column elementor-element elementor-element-c97f724\" data-id=\"c97f724\" data-element_type=\"column\">\n\t\t\t<div class=\"elementor-widget-wrap elementor-element-populated\">\n\t\t\t\t\t\t<div class=\"elementor-element elementor-element-bd7440a elementor-skin-carousel elementor-arrows-yes elementor-pagination-type-bullets elementor-pagination-position-outside elementor-widget elementor-widget-media-carousel\" data-id=\"bd7440a\" data-element_type=\"widget\" data-settings=\"{&quot;skin&quot;:&quot;carousel&quot;,&quot;effect&quot;:&quot;slide&quot;,&quot;show_arrows&quot;:&quot;yes&quot;,&quot;pagination&quot;:&quot;bullets&quot;,&quot;speed&quot;:500,&quot;autoplay&quot;:&quot;yes&quot;,&quot;autoplay_speed&quot;:5000,&quot;loop&quot;:&quot;yes&quot;,&quot;pause_on_hover&quot;:&quot;yes&quot;,&quot;pause_on_interaction&quot;:&quot;yes&quot;,&quot;space_between&quot;:{&quot;unit&quot;:&quot;px&quot;,&quot;size&quot;:10,&quot;sizes&quot;:[]},&quot;space_between_tablet&quot;:{&quot;unit&quot;:&quot;px&quot;,&quot;size&quot;:10,&quot;sizes&quot;:[]},&quot;space_between_mobile&quot;:{&quot;unit&quot;:&quot;px&quot;,&quot;size&quot;:10,&quot;sizes&quot;:[]}}\" data-widget_type=\"media-carousel.default\">\n\t\t\t\t<div class=\"elementor-widget-container\">\n\t\t\t\t\t<div class=\"elementor-swiper\">\n\t\t\t<div class=\"elementor-main-swiper swiper\">\n\t\t\t\t<div class=\"swiper-wrapper\">\n\t\t\t\t\t\t\t\t\t\t\t<div class=\"swiper-slide\">\n\t\t\t\t\t\t\t\t\t<div class=\"elementor-carousel-image\" role=\"img\" aria-label=\"Mise d&#039;un patient dans une ambulance\" style=\"background-image: url(&#039;https:\/\/www.chu-tours.fr\/ecoles-du-chru-de-tours\/wp-content\/uploads\/sites\/10\/2021\/06\/mat-napo-ejWJ3a92FEs-unsplash.jpg&#039;)\">\n\n\t\t\t\n\t\t\t\t\t<\/div>\n\t\t\t\t\t\t\t\t<\/div>\n\t\t\t\t\t\t\t\t\t\t\t<div class=\"swiper-slide\">\n\t\t\t\t\t\t\t\t\t<div class=\"elementor-carousel-image\" role=\"img\" aria-label=\"Paramedic giving oxygen to injured girl at accident spot\" style=\"background-image: url(&#039;https:\/\/www.chu-tours.fr\/ecoles-du-chru-de-tours\/wp-content\/uploads\/sites\/10\/2021\/07\/paramedic-giving-oxygen-to-injured-girl-scaled.jpg&#039;)\">\n\n\t\t\t\n\t\t\t\t\t<\/div>\n\t\t\t\t\t\t\t\t<\/div>\n\t\t\t\t\t\t\t\t\t\t\t<div class=\"swiper-slide\">\n\t\t\t\t\t\t\t\t\t<div class=\"elementor-carousel-image\" role=\"img\" aria-label=\"Ambulance\" style=\"background-image: url(&#039;https:\/\/www.chu-tours.fr\/ecoles-du-chru-de-tours\/wp-content\/uploads\/sites\/10\/2021\/07\/gggg.jpg&#039;)\">\n\n\t\t\t\n\t\t\t\t\t<\/div>\n\t\t\t\t\t\t\t\t<\/div>\n\t\t\t\t\t\t\t\t\t<\/div>\n\t\t\t\t\t\t\t\t\t\t\t\t\t\t\t<div class=\"swiper-pagination\"><\/div>\n\t\t\t\t\t\t\t\t\t\t\t\t\t\t\t\t<div class=\"elementor-swiper-button elementor-swiper-button-prev\" role=\"button\" tabindex=\"0\">\n\t\t\t\t\t\t\t<i aria-hidden=\"true\" class=\"eicon-chevron-left\"><\/i>\t\t\t\t\t\t\t<span class=\"elementor-screen-only\">Pr\u00e9c\u00e9dent<\/span>\n\t\t\t\t\t\t<\/div>\n\t\t\t\t\t\t<div class=\"elementor-swiper-button elementor-swiper-button-next\" role=\"button\" tabindex=\"0\">\n\t\t\t\t\t\t\t<i aria-hidden=\"true\" class=\"eicon-chevron-right\"><\/i>\t\t\t\t\t\t\t<span class=\"elementor-screen-only\">Suivant<\/span>\n\t\t\t\t\t\t<\/div>\n\t\t\t\t\t\t\t\t\t\t\t\t<\/div>\n\t\t<\/div>\n\t\t\t\t<\/div>\n\t\t\t\t<\/div>\n\t\t\t\t\t<\/div>\n\t\t<\/div>\n\t\t\t\t\t<\/div>\n\t\t<\/section>\n\t\t\t\t<section class=\"elementor-section elementor-top-section elementor-element elementor-element-a07bab9 elementor-section-boxed elementor-section-height-default elementor-section-height-default\" data-id=\"a07bab9\" data-element_type=\"section\">\n\t\t\t\t\t\t<div class=\"elementor-container elementor-column-gap-default\">\n\t\t\t\t\t<div class=\"elementor-column elementor-col-100 elementor-top-column elementor-element elementor-element-25b7048\" data-id=\"25b7048\" data-element_type=\"column\">\n\t\t\t<div class=\"elementor-widget-wrap elementor-element-populated\">\n\t\t\t\t\t\t<div class=\"elementor-element elementor-element-c1c3b9f elementor-widget elementor-widget-toggle\" data-id=\"c1c3b9f\" data-element_type=\"widget\" data-widget_type=\"toggle.default\">\n\t\t\t\t<div class=\"elementor-widget-container\">\n\t\t\t\t\t<div class=\"elementor-toggle\">\n\t\t\t\t\t\t\t<div class=\"elementor-toggle-item\">\n\t\t\t\t\t<div id=\"elementor-tab-title-2031\" class=\"elementor-tab-title\" data-tab=\"1\" role=\"button\" aria-controls=\"elementor-tab-content-2031\" aria-expanded=\"false\">\n\t\t\t\t\t\t\t\t\t\t\t\t<span class=\"elementor-toggle-icon elementor-toggle-icon-left\" aria-hidden=\"true\">\n\t\t\t\t\t\t\t\t\t\t\t\t\t\t\t<span class=\"elementor-toggle-icon-closed\"><i class=\"fas fa-caret-right\"><\/i><\/span>\n\t\t\t\t\t\t\t\t<span class=\"elementor-toggle-icon-opened\"><i class=\"elementor-toggle-icon-opened fas fa-caret-up\"><\/i><\/span>\n\t\t\t\t\t\t\t\t\t\t\t\t\t<\/span>\n\t\t\t\t\t\t\t\t\t\t\t\t<a class=\"elementor-toggle-title\" tabindex=\"0\">Le m\u00e9tier<\/a>\n\t\t\t\t\t<\/div>\n\n\t\t\t\t\t<div id=\"elementor-tab-content-2031\" class=\"elementor-tab-content elementor-clearfix\" data-tab=\"1\" role=\"region\" aria-labelledby=\"elementor-tab-title-2031\"><h2>Le m\u00e9tier\u00a0<\/h2><p>L\u2019ambulancier est un professionnel de sant\u00e9 et du transport sanitaire.<\/p><p>L\u2019ambulancier assure la prise en soin et\/ou le transport de patients \u00e0 tout \u00e2ge de la vie sur prescription m\u00e9dicale, ou dans le cadre de l\u2019aide m\u00e9dicale urgente, au moyen de v\u00e9hicules de transport sanitaire \u00e9quip\u00e9s et adapt\u00e9s \u00e0 la situation et \u00e0 l\u2019\u00e9tat de sant\u00e9 du patient.<\/p><p><span style=\"font-size: 10pt\"><em>(D\u00e9finition du m\u00e9tier, annexe I de l\u2019arr\u00eat\u00e9 du 11 avril 2022 relatif \u00e0 la formation conduisant au Dipl\u00f4me d\u2019\u00c9tat d\u2019Ambulancier et aux conditions de formation de l\u2019auxiliaire ambulancier).<\/em><\/span><\/p><div class=\"elementor-element elementor-element-117c4017 elementor-widget elementor-widget-text-editor\" data-id=\"117c4017\" data-element_type=\"widget\" data-widget_type=\"text-editor.default\"><div class=\"elementor-widget-container\"><div class=\"elementor-text-editor elementor-clearfix\"><h3><span style=\"color: #00a870\">Qualit\u00e9s requises<\/span><\/h3><\/div><\/div><\/div><section class=\"elementor-section elementor-inner-section elementor-element elementor-element-74ec08c3 elementor-section-boxed elementor-section-height-default elementor-section-height-default\" data-id=\"74ec08c3\" data-element_type=\"section\"><div class=\"elementor-container elementor-column-gap-default\"><div class=\"elementor-row\"><div class=\"elementor-column elementor-col-50 elementor-inner-column elementor-element elementor-element-58f292ee\" data-id=\"58f292ee\" data-element_type=\"column\"><div class=\"elementor-column-wrap elementor-element-populated\"><div class=\"elementor-widget-wrap\"><div class=\"elementor-element elementor-element-40bfb1b1 elementor-widget elementor-widget-text-editor\" data-id=\"40bfb1b1\" data-element_type=\"widget\" data-widget_type=\"text-editor.default\"><div class=\"elementor-widget-container\"><div class=\"elementor-text-editor elementor-clearfix\"><ul><li>Ma\u00eetrise de soi, patience et pond\u00e9ration<\/li><li>Rigueur dans les d\u00e9cisions et l\u2019ex\u00e9cution des activit\u00e9s, ponctualit\u00e9<\/li><li>Capacit\u00e9s d\u2019adaptation, esprit d\u2019initiative et disponibilit\u00e9<\/li><li>Dynamique collective et esprit d\u2019\u00e9quipe<\/li><\/ul><\/div><\/div><\/div><\/div><\/div><\/div><div class=\"elementor-column elementor-col-50 elementor-inner-column elementor-element elementor-element-37595b2d\" data-id=\"37595b2d\" data-element_type=\"column\"><div class=\"elementor-column-wrap elementor-element-populated\"><div class=\"elementor-widget-wrap\"><div class=\"elementor-element elementor-element-41fc3d4d elementor-widget elementor-widget-text-editor\" data-id=\"41fc3d4d\" data-element_type=\"widget\" data-widget_type=\"text-editor.default\"><div class=\"elementor-widget-container\"><div class=\"elementor-text-editor elementor-clearfix\"><ul><li>Autonomie, sens de l\u2019organisation et des priorit\u00e9s dans son travail<\/li><li>Dynamisme et efficacit\u00e9<\/li><li>Sens des relations humaines, tol\u00e9rance, empathie<\/li><\/ul><\/div><\/div><\/div><\/div><\/div><\/div><\/div><\/div><\/section><div class=\"elementor-element elementor-element-7d92bd45 elementor-widget elementor-widget-text-editor\" data-id=\"7d92bd45\" data-element_type=\"widget\" data-widget_type=\"text-editor.default\"><div class=\"elementor-widget-container\"><div class=\"elementor-text-editor elementor-clearfix\"><h3><span style=\"color: #00a870\">Lieux d\u2019exercice<\/span><\/h3><ul><li>Entreprise de transport sanitaire<\/li><li>\u00c9tablissement de sant\u00e9 des secteurs public et priv\u00e9<\/li><\/ul><h3><span style=\"color: #00a870\">Perspectives<\/span><\/h3><ul><li>Formation d\u2019adaptation \u00e0 l\u2019emploi au Service Mobile d\u2019Urgence et de R\u00e9animation (FAE SMUR),<\/li><li>Chef d\u2019entreprise de transport sanitaire,<\/li><li>Accessibilit\u00e9 \u00e0 la formation d\u2019aide-soignant et d\u2019auxiliaire de pu\u00e9riculture facilit\u00e9e,<\/li><li>Couverture sanitaire des \u00e9v\u00e9nements sportifs.<\/li><\/ul><\/div><\/div><\/div><\/div>\n\t\t\t\t<\/div>\n\t\t\t\t\t\t\t<div class=\"elementor-toggle-item\">\n\t\t\t\t\t<div id=\"elementor-tab-title-2032\" class=\"elementor-tab-title\" data-tab=\"2\" role=\"button\" aria-controls=\"elementor-tab-content-2032\" aria-expanded=\"false\">\n\t\t\t\t\t\t\t\t\t\t\t\t<span class=\"elementor-toggle-icon elementor-toggle-icon-left\" aria-hidden=\"true\">\n\t\t\t\t\t\t\t\t\t\t\t\t\t\t\t<span class=\"elementor-toggle-icon-closed\"><i class=\"fas fa-caret-right\"><\/i><\/span>\n\t\t\t\t\t\t\t\t<span class=\"elementor-toggle-icon-opened\"><i class=\"elementor-toggle-icon-opened fas fa-caret-up\"><\/i><\/span>\n\t\t\t\t\t\t\t\t\t\t\t\t\t<\/span>\n\t\t\t\t\t\t\t\t\t\t\t\t<a class=\"elementor-toggle-title\" tabindex=\"0\">La formation <\/a>\n\t\t\t\t\t<\/div>\n\n\t\t\t\t\t<div id=\"elementor-tab-content-2032\" class=\"elementor-tab-content elementor-clearfix\" data-tab=\"2\" role=\"region\" aria-labelledby=\"elementor-tab-title-2032\"><h2>La formation en apprentissage<\/h2><p>L\u2019IFA du CHU de TOURS d\u00e9veloppe une formation professionnalisant des acteurs responsables et efficients de la cha\u00eene du soin. Ces derniers doivent \u00eatre capable de :<\/p><ul><li>Prendre en charge une personne en vue de son transport pour des raisons de soins ou de diagnostics<\/li><li>Collaborer avec les autres professionnels de la sant\u00e9 et du soin<\/li><li>Avoir le sens de la rigueur professionnelle<\/li><li>Respecter la qualit\u00e9 du service rendu<\/li><li>S\u2019inscrire dans une dynamique de formation continue tout au long de la vie<\/li><li>Anticiper l\u2019aggravation de l\u2019\u00e9tat de sant\u00e9 des patients pris en charge en urgence<\/li><li>Savoir agir en respectant l\u2019\u00e9thique professionnelle lors de la prise en soins des patients<\/li><\/ul><h3>Dur\u00e9e de la formation<\/h3><p>La formation se d\u00e9roule en 23 semaines soit 801 heures comprenant\u00a0:<\/p><p><strong>16 semaines d\u2019enseignement th\u00e9orique et pratique<\/strong>\u00a0(556 heures) et\u00a0<strong>7 semaines de formation en milieu professionnel<\/strong>\u00a0(245 heures).<\/p><h3>Objectifs<\/h3><p>La finalit\u00e9\u00a0 est d\u2019acqu\u00e9rir les 8 comp\u00e9tences d\u00e9finies dans le r\u00e9f\u00e9rentiel de formation, en lien avec le r\u00e9f\u00e9rentiel d\u2019activit\u00e9s du m\u00e9tier\u00a0:<\/p><ul><li><strong>Objectif 1 :\u00a0<\/strong>Assurer les gestes adapt\u00e9s \u00e0 l\u2019\u00e9tat du patient<\/li><li><strong>Objectif 2 :<\/strong>\u00a0Appr\u00e9cier l\u2019\u00e9tat clinique d\u2019un patient<\/li><li><strong>Objectif 3\u00a0:<\/strong>\u00a0Pr\u00e9venir le risque d\u2019infection<\/li><li><strong>Objectif 4 :<\/strong>\u00a0Utiliser les techniques pr\u00e9ventives de manutention et les r\u00e8gles de s\u00e9curit\u00e9 pour l\u2019installation et la mobilisation de personnes<\/li><\/ul><ul><li><strong>Objectif 5 :<\/strong>\u00a0\u00c9tablir une communication adapt\u00e9e au patient et \u00e0 son entourage<\/li><li><strong>Objectif 6 :<\/strong>\u00a0Assurer la s\u00e9curit\u00e9 du transport sanitaire<\/li><li><strong>Objectif 7 :<\/strong>\u00a0Rechercher, traiter et transmettre les informations pour assurer la continuit\u00e9 des soins<\/li><li><strong>Objectif 8 :<\/strong>\u00a0Respecter les r\u00e8gles et valeurs de la profession<\/li><\/ul><h3>Aptitudes<\/h3><p>Les \u00e9l\u00e8ves ambulanciers doivent \u00eatre capable :<\/p><ul><li>de prendre en charge une personne en vue de son transport pour des raisons de soins ou de diagnostics<\/li><li>de collaborer avec les autres professionnels de la sant\u00e9 et du soin<\/li><li>d\u2019avoir le sens de la rigueur professionnelle<\/li><li>de respecter la qualit\u00e9 du service rendu<\/li><\/ul><ul><li>de s\u2019inscrire dans une dynamique de formation continue tout au long de la vie<\/li><li>d\u2019anticiper l\u2019aggravation de l\u2019\u00e9tat de sant\u00e9 des patients pris en charge en urgence<\/li><li>de savoir-agir en respectant l\u2019\u00e9thique professionnelle lors de la prise en soins des patients<\/li><\/ul><h3>Atouts de la formation<\/h3><ul><li>Formation courte, dipl\u00f4mante et professionnalisante<\/li><li>Employabilit\u00e9 imm\u00e9diate (taux d\u2019insertion professionnelle de 100 %)<\/li><li>Alternance th\u00e9orie \/ pratique<\/li><li>Apprentissage par la simulation en sant\u00e9<\/li><li>Collaboration avec les formateurs experts du CHU (ex SAMU : pour l\u2019apprentissage des gestes d\u2019urgence)<\/li><li>Organisation de temps d\u2019approfondissement et de r\u00e9visions<\/li><li>Accompagnement de chaque \u00e9tudiant dans son projet de formation<\/li><\/ul><h3>Programme de la formation<\/h3><p><a class=\"elementor-button-link elementor-button elementor-size-sm\" role=\"button\" href=\"https:\/\/www.chu-tours.fr\/ecoles-du-chru-de-tours\/wp-content\/uploads\/sites\/10\/2026\/02\/IFA-Projet-pedagogique-2025-2026-1.pdf\" target=\"_blank\" rel=\"noopener\" data-wplink-edit=\"true\"><span class=\"elementor-button-content-wrapper\"><span class=\"elementor-button-text\">PROJET P\u00c9DAGOGIQUE DE LA FORMATION<\/span><\/span><\/a><br \/><br \/>L\u2019ambulancier assure, sur prescription m\u00e9dicale ou en cas d\u2019urgence m\u00e9dicale, la prise en charge et le transport de malades, de bless\u00e9s ou de parturientes dans des v\u00e9hicules de transport sanitaire adapt\u00e9s, pour des raisons de soins ou de diagnostics.<\/p><p><strong>La formation th\u00e9orique et pratique<\/strong>\u00a0pour obtenir le Dipl\u00f4me d\u2019Etat d\u2019Ambulancier est compos\u00e9e de 5 blocs de comp\u00e9tences.<\/p><p>Pour obtenir le dipl\u00f4me, il faut valider ces 5 blocs.<\/p><ul><li><strong>Bloc 1<\/strong>\u00a0: Prise en soin du patient \u00e0 tout \u00e2ge de la vie dans le cadre de ses missions.<\/li><li><strong>Bloc 2<\/strong>\u00a0: R\u00e9alisation d\u2019un recueil de donn\u00e9es cliniques et mise en \u0153uvre de soins adapt\u00e9s \u00e0 l\u2019\u00e9tat du patient notamment ceux relevant de l\u2019urgence.<\/li><li><strong>Bloc 3<\/strong>\u00a0: Transport du patient dans le respect des r\u00e8gles de circulation et de s\u00e9curit\u00e9 routi\u00e8re.<\/li><li><strong>Bloc 4<\/strong>\u00a0: Entretien des mat\u00e9riels et installation du v\u00e9hicule adapt\u00e9 au transport sanitaire terrestre en tenant compte des situations d\u2019intervention.<\/li><li><strong>Bloc 5<\/strong>\u00a0: Travail en \u00e9quipe et traitement des informations li\u00e9es aux activit\u00e9s de transport, \u00e0 la qualit\u00e9 \/ gestion des risques.<\/li><\/ul><p><strong>La formation en milieu professionnel<\/strong>\u00a0comprend 3 types de stage\u00a0:<\/p><ul><li>105 heures dans une structure de soins de courte et longue dur\u00e9e, soins de suite et r\u00e9adaptation, EHPAD, psychiatrie,<\/li><li>70 heures dans un parcours m\u00e9decine d\u2019urgence (SAMU-SMUR, Urgences\u2026),<\/li><li>70 heures dans une entreprise de transport sanitaire.<\/li><\/ul><h3>Stages cliniques<\/h3><p>La formation clinique comprend 3 types de stage d\u2019un total de 245 heures :<\/p><ul><li>70 h : en service d\u2019urgences \/ SAMU-SMUR<\/li><li>70 h : en entreprise de transport sanitaire<\/li><li>105 h : en structure de soins de courte et longue dur\u00e9e, Soins de Suite et R\u00e9adaptation, EHPAD ou psychiatrie et sant\u00e9 mentale<\/li><\/ul><h3>M\u00e9thodes <span data-olk-copy-source=\"MessageBody\">p\u00e9dagogiques<\/span> mobilis\u00e9es<\/h3><p>L\u2019IFA mobilise :<\/p><ul><li>Le suivi p\u00e9dagogique individualis\u00e9,<\/li><li>Les \u00e9valuations comportant une pratique simul\u00e9e,<\/li><li>Les ateliers d\u2019apprentissage de manutention et de techniques manuelles et gestuelles<\/li><li>Les travaux de groupe,<\/li><li>Les analyses des pratiques professionnelles,<\/li><li>Les \u00e9tudes de situation identifi\u00e9e en stage,<\/li><li>Les \u00e9valuations de comp\u00e9tences en stage.<\/li><\/ul><h3>Modalit\u00e9s d\u2019\u00e9valuation<\/h3><table><tbody><tr><td><p><strong><u>BLOC 1<\/u><\/strong><\/p><p>Prise en soin du patient \u00e0 tout \u00e2ge de la vie dans le cadre de ses missions<\/p><\/td><td>\u00c9valuation pratique simul\u00e9e ciblant un patient \u00e2g\u00e9 ou handicap\u00e9 ou porteur d\u2019un appareil<\/td><td>\u00c9valuation des comp\u00e9tences en stage<\/td><\/tr><tr><td><p><strong><u>BLOC 2<\/u><\/strong><\/p><p>R\u00e9alisation d\u2019un recueil de donn\u00e9es cliniques et mise en \u0153uvre de soins adapt\u00e9s \u00e0 l\u2019\u00e9tat du patient, notamment ceux relevant de l\u2019urgence<\/p><\/td><td>\u00c9valuation pratique simul\u00e9e permettant la validation de l\u2019AFGSU 2<\/td><td>\u00c9valuation des comp\u00e9tences en stage<\/td><\/tr><tr><td width=\"205\"><p><strong><u>BLOC 3<\/u><\/strong><\/p><p>Transport du patient dans le respect des r\u00e8gles de circulation et de s\u00e9curit\u00e9 routi\u00e8re<\/p><\/td><td>\u00a0<\/td><td>\u00c9valuation des comp\u00e9tences en stage<\/td><\/tr><tr><td width=\"205\"><p><strong><u>BLOC 4<\/u><\/strong><\/p><p>Entretien des mat\u00e9riels et des installations du v\u00e9hicule adapt\u00e9 au transport sanitaire terrestre en tenant compte des situations d\u2019intervention<\/p><\/td><td>\u00c9tude de situation identifi\u00e9e en stage \/ \u00e9tude de situation pouvant comporter une pratique simul\u00e9e<\/td><td>\u00c9valuation des comp\u00e9tences en stage<\/td><\/tr><tr><td width=\"205\"><p><strong><u>BLOC 5<\/u><\/strong><\/p><p>Travail en \u00e9quipe et traitement des informations li\u00e9es aux activit\u00e9s de transport, \u00e0 la qualit\u00e9\/gestion des risques<\/p><\/td><td>\u00c9tude de situation pouvant comporter une pratique simul\u00e9e<\/td><td>\u00c9valuation des comp\u00e9tences en stage<\/td><\/tr><\/tbody><\/table><p><a href=\"https:\/\/www.legifrance.gouv.fr\/jorf\/id\/JORFTEXT000045593318\" class=\"broken_link\">Arr\u00eat\u00e9 du 11 avril 2022 relatif \u00e0 la formation conduisant au dipl\u00f4me d&#8217;Etat d&#8217;ambulancier et aux conditions de formation de l&#8217;auxiliaire ambulancier &#8211; L\u00e9gifrance (legifrance.gouv.fr)<\/a><\/p><h3>Dipl\u00f4me obtenu<\/h3><ul><li>Dipl\u00f4me d\u2019\u00c9tat d\u2019Ambulancier (DEA)<\/li><\/ul><p><strong>Le dipl\u00f4me d\u2019Ambulancier est enregistr\u00e9 au R\u00e9pertoire national des certifications professionnelles (RNCP) sous le n\u00b0 <\/strong><a href=\"https:\/\/www.francecompetences.fr\/recherche\/rncp\/36542\">RNCP36542<\/a><strong>, l\u2019IFA du CHRU de Tours est habilit\u00e9 pour former et organiser l\u2019\u00e9valuation de cette formation.<\/strong><\/p><h3>Passerelles<\/h3><p><strong>Possibilit\u00e9 de valider un ou des blocs de comp\u00e9tences<\/strong>\u00a0: Non<\/p><p><strong>Possibilit\u00e9 d\u2019\u00e9quivalence<\/strong>\u00a0: Non<\/p><p><strong>Possibilit\u00e9 de passerelles<\/strong> : Non<\/p><h3><strong>Chiffres-cl\u00e9s<\/strong><\/h3><p><strong>Chiffres de l\u2019ann\u00e9e 2024-2025<\/strong><\/p><ul><li>Taux d\u2019obtention du dipl\u00f4me d\u2019Etat : <strong>100%<\/strong><\/li><li>Taux de pr\u00e9sentation : <strong>88%<\/strong><\/li><li>Taux d\u2019insertion professionnelle \u00e0 la sortie : <strong>100%<\/strong><\/li><li>Taux de poursuite d\u2019\u00e9tudes : <strong>0%<\/strong><\/li><li>Taux d\u2019interruption en cours de formation : <strong>0%<\/strong><\/li><li>Taux de rupture : <strong>0%<\/strong><\/li><\/ul><p><strong>Satisfaction (12 apprenants,\u00a0 58% de r\u00e9pondants)<\/strong><\/p><ul><li>Taux de satisfaction des apprenants : <strong>86%*<\/strong><\/li><\/ul><p><strong>\u00a0<\/strong><strong><em>* Taux de recommandations des \u00c9coles du CHRU sur 7 r\u00e9pondants, sur l\u2019ann\u00e9e 2024-2025<\/em><\/strong><\/p><p>Ces indicateurs sont rendus publics sur <a href=\"https:\/\/www.inserjeunes.education.gouv.fr\/diffusion\/accueil\">https:\/\/www.inserjeunes.education.gouv.fr\/diffusion\/accueil<\/a><\/p><\/div>\n\t\t\t\t<\/div>\n\t\t\t\t\t\t\t<div class=\"elementor-toggle-item\">\n\t\t\t\t\t<div id=\"elementor-tab-title-2033\" class=\"elementor-tab-title\" data-tab=\"3\" role=\"button\" aria-controls=\"elementor-tab-content-2033\" aria-expanded=\"false\">\n\t\t\t\t\t\t\t\t\t\t\t\t<span class=\"elementor-toggle-icon elementor-toggle-icon-left\" aria-hidden=\"true\">\n\t\t\t\t\t\t\t\t\t\t\t\t\t\t\t<span class=\"elementor-toggle-icon-closed\"><i class=\"fas fa-caret-right\"><\/i><\/span>\n\t\t\t\t\t\t\t\t<span class=\"elementor-toggle-icon-opened\"><i class=\"elementor-toggle-icon-opened fas fa-caret-up\"><\/i><\/span>\n\t\t\t\t\t\t\t\t\t\t\t\t\t<\/span>\n\t\t\t\t\t\t\t\t\t\t\t\t<a class=\"elementor-toggle-title\" tabindex=\"0\">Les conditions d\u2019admission et de financement<\/a>\n\t\t\t\t\t<\/div>\n\n\t\t\t\t\t<div id=\"elementor-tab-content-2033\" class=\"elementor-tab-content elementor-clearfix\" data-tab=\"3\" role=\"region\" aria-labelledby=\"elementor-tab-title-2033\"><div data-id=\"7b883c1e\" data-element_type=\"widget\" data-widget_type=\"text-editor.default\"><h2>Les conditions d\u2019admission et de financement<\/h2><h3><span style=\"color: #00a870\">Pr\u00e9requis<\/span><\/h3><ul><li>\u00catre titulaire du permis de conduire B depuis plus de 3 ans (2 ans pour les personnes ayant suivi la formation de conduite accompagn\u00e9e \u2013 AAC)<\/li><\/ul><h3><span style=\"color: #00a870\">Conditions d\u2019admission<\/span><\/h3><p><strong>Aucune condition de dipl\u00f4me n\u2019est requise.<\/strong><\/p><ul><li>Poss\u00e9der l\u2019attestation pr\u00e9fectorale d\u2019aptitude \u00e0 la conduite d\u2019ambulance apr\u00e8s examen m\u00e9dical.<\/li><li>Avoir un certificat m\u00e9dical de non-contre-indication \u00e0 la profession d\u2019ambulancier d\u00e9livr\u00e9 par un m\u00e9decin agr\u00e9\u00e9.<\/li><li>Avoir un certificat m\u00e9dical de vaccinations.<\/li><\/ul><h3><span style=\"color: #00a870\">Modalit\u00e9s d\u2019inscription\u00a0<\/span><\/h3><p>L\u2019admission en formation est subordonn\u00e9e \u00e0 :<\/p><ul><li>Un dossier d\u2019inscription complet<\/li><\/ul><ul><li>Une promesse d\u2019embauche ou un contrat d\u2019apprentissage sign\u00e9 d\u2019un employeur<\/li><\/ul><\/div><div data-id=\"5bb17a5e\" data-element_type=\"widget\" data-widget_type=\"text-editor.default\"><div><div><h3><span style=\"color: #00a870\">Co\u00fbt de la formation<\/span><\/h3><p>La formation est gratuite pour l\u2019apprenti et son repr\u00e9sentant l\u00e9gal.<\/p><p>Le co\u00fbt de la formation est d\u00e9termin\u00e9 par France Comp\u00e9tences\u00a0:\u00a0<strong>8 593\u20ac\u00a0<\/strong><\/p><p>Les frais de formation peuvent \u00eatre pris en charge par un organisme agr\u00e9\u00e9\u00a0: OPCO (employeurs priv\u00e9s), ANFH (employeurs publics).<\/p><h3><span style=\"color: #00a870\">R\u00e9mun\u00e9ration<\/span><\/h3><div><div><table><tbody><tr><td><p><strong>De 16 \u00e0 17 ans<\/strong><\/p><\/td><td><p><strong>De 18 \u00e0 20 ans<\/strong><\/p><\/td><td width=\"125\"><p><strong>De 21 \u00e0 25 ans<\/strong><\/p><\/td><td><p><strong>26 ans et plus<\/strong><\/p><\/td><\/tr><tr><td><p>35 %<\/p><\/td><td><p>51 %<\/p><\/td><td><p>Salaire le plus \u00e9lev\u00e9 entre\u00a0<strong>55 %\u00a0<\/strong>du SMIC et\u00a0<strong>55 %\u00a0<\/strong>du salaire minimum conventionnel correspondant \u00e0 l\u2019emploi occup\u00e9 pendant le contrat d\u2019apprentissage<\/p><\/td><td><p>100 %<\/p><\/td><\/tr><\/tbody><\/table><\/div><\/div><h2><span style=\"color: #00a870\">Accessibilit\u00e9<\/span><\/h2><p>Cette formation est accessible \u00e0 toutes et \u00e0 tous.<\/p><p><span style=\"color: #00a870\"><a style=\"color: #00a870\" href=\"https:\/\/www.chu-tours.fr\/ecoles-du-chru-de-tours\/formation-et-handicap\/\" target=\"_blank\" rel=\"noopener\">Cliquez ici pour plus d\u2019informations<\/a><\/span><\/p><\/div><\/div><\/div><\/div>\n\t\t\t\t<\/div>\n\t\t\t\t\t\t\t<div class=\"elementor-toggle-item\">\n\t\t\t\t\t<div id=\"elementor-tab-title-2034\" class=\"elementor-tab-title\" data-tab=\"4\" role=\"button\" aria-controls=\"elementor-tab-content-2034\" aria-expanded=\"false\">\n\t\t\t\t\t\t\t\t\t\t\t\t<span class=\"elementor-toggle-icon elementor-toggle-icon-left\" aria-hidden=\"true\">\n\t\t\t\t\t\t\t\t\t\t\t\t\t\t\t<span class=\"elementor-toggle-icon-closed\"><i class=\"fas fa-caret-right\"><\/i><\/span>\n\t\t\t\t\t\t\t\t<span class=\"elementor-toggle-icon-opened\"><i class=\"elementor-toggle-icon-opened fas fa-caret-up\"><\/i><\/span>\n\t\t\t\t\t\t\t\t\t\t\t\t\t<\/span>\n\t\t\t\t\t\t\t\t\t\t\t\t<a class=\"elementor-toggle-title\" tabindex=\"0\">Le calendrier de s\u00e9lection<\/a>\n\t\t\t\t\t<\/div>\n\n\t\t\t\t\t<div id=\"elementor-tab-content-2034\" class=\"elementor-tab-content elementor-clearfix\" data-tab=\"4\" role=\"region\" aria-labelledby=\"elementor-tab-title-2034\"><h3>Calendrier des candidatures<\/h3><p><span style=\"color: #c62050\"><strong><span style=\"font-size: 12pt;font-family: Arial, sans-serif\">2 rentr\u00e9es par an l&#8217;une en janvier et l&#8217;autre en septembre<\/span><\/strong><\/span><\/p><h4>Rentr\u00e9e de septembre 2026<\/h4><div class=\"tableau-responsive\"><table><tbody><tr><td><strong>Ouverture des inscriptions<\/strong><\/td><td>19 Janvier 2026<\/td><\/tr><tr><td><strong>Cl\u00f4ture des inscriptions<\/strong><\/td><td>15 Mai 2026 (minuit cachet de la poste faisant foi)<\/td><\/tr><tr><td><strong>Rentr\u00e9e\u00a0<\/strong><\/td><td>1er septembre 2026<\/td><\/tr><\/tbody><\/table><\/div><h4>Rentr\u00e9e de janvier 2027 (\u00e0 venir)<\/h4><div class=\"tableau-responsive\"><table><tbody><tr><td><strong>Ouverture des inscriptions<\/strong><\/td><td>\u00a0<\/td><\/tr><tr><td><strong>Cl\u00f4ture des inscriptions<\/strong><\/td><td>\u00a0<\/td><\/tr><tr><td><strong>Affichage des r\u00e9sultats d\u2019admissibilit\u00e9<\/strong><\/td><td>\u00a0<\/td><\/tr><tr><td><strong>Entretiens d\u2019admission<\/strong><\/td><td>\u00a0<\/td><\/tr><tr><td><strong>Affichage des r\u00e9sultats d\u2019admission<\/strong><\/td><td>\u00a0<\/td><\/tr><tr><td><strong>Rentr\u00e9e\u00a0<\/strong><\/td><td>\u00a0<\/td><\/tr><\/tbody><\/table><\/div><\/div>\n\t\t\t\t<\/div>\n\t\t\t\t\t\t\t\t<\/div>\n\t\t\t\t<\/div>\n\t\t\t\t<\/div>\n\t\t\t\t\t<\/div>\n\t\t<\/div>\n\t\t\t\t\t<\/div>\n\t\t<\/section>\n\t\t\t\t<section class=\"elementor-section elementor-top-section elementor-element elementor-element-1bfcb7d elementor-section-boxed elementor-section-height-default elementor-section-height-default\" data-id=\"1bfcb7d\" data-element_type=\"section\">\n\t\t\t\t\t\t<div class=\"elementor-container elementor-column-gap-default\">\n\t\t\t\t\t<div class=\"elementor-column elementor-col-100 elementor-top-column elementor-element elementor-element-01b4f4c\" data-id=\"01b4f4c\" data-element_type=\"column\">\n\t\t\t<div class=\"elementor-widget-wrap elementor-element-populated\">\n\t\t\t\t\t\t<div class=\"elementor-element elementor-element-97788b1 elementor-widget elementor-widget-text-editor\" data-id=\"97788b1\" data-element_type=\"widget\" data-widget_type=\"text-editor.default\">\n\t\t\t\t<div class=\"elementor-widget-container\">\n\t\t\t\t\t\t\t<h2>Contact<\/h2><p>Secr\u00e9tariat du CFA Sant\u00e9 Centre-Val de Loire<\/p><p>\u2706 : 02 47 47 74 47<br \/>\ud83d\udd82 : <span style=\"color: #00a870\"><a style=\"color: #00a870\" href=\"mailto:cfasante.cvl@chu-tours.fr\">cfasante.cvl@chu-tours.fr<\/a><\/span><\/p>\t\t\t\t\t\t<\/div>\n\t\t\t\t<\/div>\n\t\t\t\t<section class=\"elementor-section elementor-inner-section elementor-element elementor-element-f29a314 elementor-section-boxed elementor-section-height-default elementor-section-height-default\" data-id=\"f29a314\" data-element_type=\"section\">\n\t\t\t\t\t\t<div class=\"elementor-container elementor-column-gap-default\">\n\t\t\t\t\t<div class=\"elementor-column elementor-col-33 elementor-inner-column elementor-element elementor-element-12494df6\" data-id=\"12494df6\" data-element_type=\"column\">\n\t\t\t<div class=\"elementor-widget-wrap elementor-element-populated\">\n\t\t\t\t\t\t<div class=\"elementor-element elementor-element-595cee1e elementor-cta--skin-cover elementor-animated-content elementor-bg-transform elementor-bg-transform-zoom-in elementor-widget elementor-widget-call-to-action\" data-id=\"595cee1e\" data-element_type=\"widget\" data-widget_type=\"call-to-action.default\">\n\t\t\t\t<div class=\"elementor-widget-container\">\n\t\t\t\t\t<a class=\"elementor-cta\" href=\"https:\/\/www.chu-tours.fr\/ecoles-du-chru-de-tours\/wp-content\/uploads\/sites\/10\/2026\/02\/Dossier-d-inscription-ambulancier-2026-2-en-apprentissage-.pdf\" target=\"_blank\">\n\t\t\t\t\t<div class=\"elementor-cta__bg-wrapper\">\n\t\t\t\t<div class=\"elementor-cta__bg elementor-bg\" style=\"background-image: url(https:\/\/www.chu-tours.fr\/ecoles-du-chru-de-tours\/wp-content\/uploads\/sites\/10\/2023\/04\/Plan-de-travail-1-1.png);\" role=\"img\" aria-label=\"Plan de travail 1\"><\/div>\n\t\t\t\t<div class=\"elementor-cta__bg-overlay\"><\/div>\n\t\t\t<\/div>\n\t\t\t\t\t\t\t<div class=\"elementor-cta__content\">\n\t\t\t\t\n\t\t\t\t\t\t\t\t\t<h5 class=\"elementor-cta__title elementor-cta__content-item elementor-content-item elementor-animated-item--grow\">\n\t\t\t\t\t\tDossier d'inscription DEA - rentr\u00e9e de septembre 2026\t\t\t\t\t<\/h5>\n\t\t\t\t\n\t\t\t\t\n\t\t\t\t\t\t\t\t\t<div class=\"elementor-cta__button-wrapper elementor-cta__content-item elementor-content-item elementor-animated-item--grow\">\n\t\t\t\t\t<span class=\"elementor-cta__button elementor-button elementor-size-\">\n\t\t\t\t\t\tT\u00e9l\u00e9charger le dossier d'inscription\t\t\t\t\t<\/span>\n\t\t\t\t\t<\/div>\n\t\t\t\t\t\t\t<\/div>\n\t\t\t\t\t\t<\/a>\n\t\t\t\t<\/div>\n\t\t\t\t<\/div>\n\t\t\t\t\t<\/div>\n\t\t<\/div>\n\t\t\t\t<div class=\"elementor-column elementor-col-33 elementor-inner-column elementor-element elementor-element-32a23e82\" data-id=\"32a23e82\" data-element_type=\"column\">\n\t\t\t<div class=\"elementor-widget-wrap elementor-element-populated\">\n\t\t\t\t\t\t<div class=\"elementor-element elementor-element-cf22586 elementor-cta--skin-cover elementor-animated-content elementor-bg-transform elementor-bg-transform-zoom-in elementor-widget elementor-widget-call-to-action\" data-id=\"cf22586\" data-element_type=\"widget\" data-widget_type=\"call-to-action.default\">\n\t\t\t\t<div class=\"elementor-widget-container\">\n\t\t\t\t\t<a class=\"elementor-cta broken_link\" href=\"https:\/\/www.chu-tours.fr\/ecoles-du-chru-de-tours\/wp-content\/uploads\/sites\/10\/2022\/02\/CFA-SANTE_FORMATION-AMBU.pdf\" target=\"_blank\">\n\t\t\t\t\t<div class=\"elementor-cta__bg-wrapper\">\n\t\t\t\t<div class=\"elementor-cta__bg elementor-bg\" style=\"background-image: url(https:\/\/www.chu-tours.fr\/ecoles-du-chru-de-tours\/wp-content\/uploads\/sites\/10\/2023\/04\/Plan-de-travail-1.png);\" role=\"img\" aria-label=\"Couleur CFA vert\"><\/div>\n\t\t\t\t<div class=\"elementor-cta__bg-overlay\"><\/div>\n\t\t\t<\/div>\n\t\t\t\t\t\t\t<div class=\"elementor-cta__content\">\n\t\t\t\t\n\t\t\t\t\t\t\t\t\t<h5 class=\"elementor-cta__title elementor-cta__content-item elementor-content-item elementor-animated-item--grow\">\n\t\t\t\t\t\tPlaquette imprimable IFA apprentissage\t\t\t\t\t<\/h5>\n\t\t\t\t\n\t\t\t\t\n\t\t\t\t\t\t\t\t\t<div class=\"elementor-cta__button-wrapper elementor-cta__content-item elementor-content-item elementor-animated-item--grow\">\n\t\t\t\t\t<span class=\"elementor-cta__button elementor-button elementor-size-\">\n\t\t\t\t\t\tT\u00e9l\u00e9charger ici\t\t\t\t\t<\/span>\n\t\t\t\t\t<\/div>\n\t\t\t\t\t\t\t<\/div>\n\t\t\t\t\t\t<\/a>\n\t\t\t\t<\/div>\n\t\t\t\t<\/div>\n\t\t\t\t\t<\/div>\n\t\t<\/div>\n\t\t\t\t<div class=\"elementor-column elementor-col-33 elementor-inner-column elementor-element elementor-element-5995c7c9\" data-id=\"5995c7c9\" data-element_type=\"column\">\n\t\t\t<div class=\"elementor-widget-wrap elementor-element-populated\">\n\t\t\t\t\t\t<div class=\"elementor-element elementor-element-516f8d7 elementor-cta--skin-cover elementor-animated-content elementor-bg-transform elementor-bg-transform-zoom-in elementor-widget elementor-widget-call-to-action\" data-id=\"516f8d7\" data-element_type=\"widget\" data-widget_type=\"call-to-action.default\">\n\t\t\t\t<div class=\"elementor-widget-container\">\n\t\t\t\t\t<a class=\"elementor-cta\" href=\"https:\/\/www.chu-tours.fr\/ecoles-du-chru-de-tours\/wp-content\/uploads\/sites\/10\/2026\/02\/Promesse_embauche_generique2026.pdf\" target=\"_blank\">\n\t\t\t\t\t<div class=\"elementor-cta__bg-wrapper\">\n\t\t\t\t<div class=\"elementor-cta__bg elementor-bg\" style=\"background-image: url(https:\/\/www.chu-tours.fr\/ecoles-du-chru-de-tours\/wp-content\/uploads\/sites\/10\/2023\/04\/Plan-de-travail-1-1.png);\" role=\"img\" aria-label=\"Plan de travail 1\"><\/div>\n\t\t\t\t<div class=\"elementor-cta__bg-overlay\"><\/div>\n\t\t\t<\/div>\n\t\t\t\t\t\t\t<div class=\"elementor-cta__content\">\n\t\t\t\t\n\t\t\t\t\t\t\t\t\t<h5 class=\"elementor-cta__title elementor-cta__content-item elementor-content-item elementor-animated-item--grow\">\n\t\t\t\t\t\tPromesse d'embauche\t\t\t\t\t<\/h5>\n\t\t\t\t\n\t\t\t\t\n\t\t\t\t\t\t\t\t\t<div class=\"elementor-cta__button-wrapper elementor-cta__content-item elementor-content-item elementor-animated-item--grow\">\n\t\t\t\t\t<span class=\"elementor-cta__button elementor-button elementor-size-\">\n\t\t\t\t\t\tT\u00e9l\u00e9charger ici\t\t\t\t\t<\/span>\n\t\t\t\t\t<\/div>\n\t\t\t\t\t\t\t<\/div>\n\t\t\t\t\t\t<\/a>\n\t\t\t\t<\/div>\n\t\t\t\t<\/div>\n\t\t\t\t\t<\/div>\n\t\t<\/div>\n\t\t\t\t\t<\/div>\n\t\t<\/section>\n\t\t\t\t\t<\/div>\n\t\t<\/div>\n\t\t\t\t\t<\/div>\n\t\t<\/section>\n\t\t\t\t<section class=\"elementor-section elementor-top-section elementor-element elementor-element-38915e9e elementor-section-boxed elementor-section-height-default elementor-section-height-default\" data-id=\"38915e9e\" data-element_type=\"section\">\n\t\t\t\t\t\t<div class=\"elementor-container elementor-column-gap-default\">\n\t\t\t\t\t<div class=\"elementor-column elementor-col-100 elementor-top-column elementor-element elementor-element-3d7b24d6\" data-id=\"3d7b24d6\" data-element_type=\"column\">\n\t\t\t<div class=\"elementor-widget-wrap elementor-element-populated\">\n\t\t\t\t\t\t<div class=\"elementor-element elementor-element-25fb1fbf elementor-widget elementor-widget-text-editor\" data-id=\"25fb1fbf\" data-element_type=\"widget\" data-widget_type=\"text-editor.default\">\n\t\t\t\t<div class=\"elementor-widget-container\">\n\t\t\t\t\t\t\t<p style=\"text-align: right\"><span style=\"font-size: 10pt\"><em>Date de mise \u00e0 jour : 05\/02\/2026<\/em><\/span><\/p>\t\t\t\t\t\t<\/div>\n\t\t\t\t<\/div>\n\t\t\t\t\t<\/div>\n\t\t<\/div>\n\t\t\t\t\t<\/div>\n\t\t<\/section>\n\t\t\t\t<\/div>\n\t\t","protected":false},"excerpt":{"rendered":"<p>18 semaines Possibilit\u00e9 de suivre la formation en apprentissage Pr\u00e9c\u00e9dent Suivant Le m\u00e9tier Le m\u00e9tier\u00a0 L\u2019ambulancier est un professionnel de sant\u00e9 et du transport sanitaire. L\u2019ambulancier assure la prise en soin et\/ou le transport de patients \u00e0 tout \u00e2ge de la vie sur prescription m\u00e9dicale, ou dans le cadre de l\u2019aide m\u00e9dicale urgente, au moyen [&hellip;]<\/p>\n","protected":false},"author":18,"featured_media":0,"parent":0,"menu_order":0,"comment_status":"closed","ping_status":"closed","template":"","meta":{"_seopress_robots_primary_cat":"","_seopress_titles_title":"","_seopress_titles_desc":"","_seopress_robots_index":"","_exactmetrics_skip_tracking":false,"_exactmetrics_sitenote_active":false,"_exactmetrics_sitenote_note":"","_exactmetrics_sitenote_category":0,"_genesis_hide_title":false,"_genesis_hide_breadcrumbs":false,"_genesis_hide_singular_image":false,"_genesis_hide_footer_widgets":false,"_genesis_custom_body_class":"","_genesis_custom_post_class":"","_genesis_layout":"","footnotes":""},"publishpress_future_action":{"enabled":false,"date":"2026-05-06 23:07:07","action":"change-status","newStatus":"draft","terms":[],"taxonomy":""},"_links":{"self":[{"href":"https:\/\/www.chu-tours.fr\/ecoles-du-chru-de-tours\/wp-json\/wp\/v2\/pages\/3575"}],"collection":[{"href":"https:\/\/www.chu-tours.fr\/ecoles-du-chru-de-tours\/wp-json\/wp\/v2\/pages"}],"about":[{"href":"https:\/\/www.chu-tours.fr\/ecoles-du-chru-de-tours\/wp-json\/wp\/v2\/types\/page"}],"author":[{"embeddable":true,"href":"https:\/\/www.chu-tours.fr\/ecoles-du-chru-de-tours\/wp-json\/wp\/v2\/users\/18"}],"replies":[{"embeddable":true,"href":"https:\/\/www.chu-tours.fr\/ecoles-du-chru-de-tours\/wp-json\/wp\/v2\/comments?post=3575"}],"version-history":[{"count":20,"href":"https:\/\/www.chu-tours.fr\/ecoles-du-chru-de-tours\/wp-json\/wp\/v2\/pages\/3575\/revisions"}],"predecessor-version":[{"id":13652,"href":"https:\/\/www.chu-tours.fr\/ecoles-du-chru-de-tours\/wp-json\/wp\/v2\/pages\/3575\/revisions\/13652"}],"wp:attachment":[{"href":"https:\/\/www.chu-tours.fr\/ecoles-du-chru-de-tours\/wp-json\/wp\/v2\/media?parent=3575"}],"curies":[{"name":"wp","href":"https:\/\/api.w.org\/{rel}","templated":true}]}}