{"id":487,"date":"2020-10-28T11:07:19","date_gmt":"2020-10-28T10:07:19","guid":{"rendered":"https:\/\/www.chu-tours.fr\/cancerologie\/?page_id=487"},"modified":"2020-10-28T11:09:20","modified_gmt":"2020-10-28T10:09:20","slug":"prise-en-charge-plan-personnalise-de-sante","status":"publish","type":"page","link":"https:\/\/www.chu-tours.fr\/cancerologie\/prise-en-charge-plan-personnalise-de-sante\/","title":{"rendered":"Prise en charge &#8211; Plan personnalis\u00e9 de sant\u00e9"},"content":{"rendered":"\t\t<div data-elementor-type=\"wp-page\" data-elementor-id=\"487\" class=\"elementor elementor-487\" data-elementor-post-type=\"page\">\n\t\t\t\t\t\t<section class=\"elementor-section elementor-top-section elementor-element elementor-element-7c511dd elementor-section-boxed elementor-section-height-default elementor-section-height-default\" data-id=\"7c511dd\" data-element_type=\"section\">\n\t\t\t\t\t\t<div class=\"elementor-container elementor-column-gap-default\">\n\t\t\t\t\t<div class=\"elementor-column elementor-col-100 elementor-top-column elementor-element elementor-element-e8e687f\" data-id=\"e8e687f\" data-element_type=\"column\">\n\t\t\t<div class=\"elementor-widget-wrap\">\n\t\t\t\t\t\t\t<\/div>\n\t\t<\/div>\n\t\t\t\t\t<\/div>\n\t\t<\/section>\n\t\t\t\t<section class=\"elementor-section elementor-top-section elementor-element elementor-element-5e03a25 elementor-section-boxed elementor-section-height-default elementor-section-height-default\" data-id=\"5e03a25\" data-element_type=\"section\">\n\t\t\t\t\t\t<div class=\"elementor-container elementor-column-gap-default\">\n\t\t\t\t\t<div class=\"elementor-column elementor-col-100 elementor-top-column elementor-element elementor-element-8b4e8c2\" data-id=\"8b4e8c2\" data-element_type=\"column\">\n\t\t\t<div class=\"elementor-widget-wrap elementor-element-populated\">\n\t\t\t\t\t\t<div class=\"elementor-element elementor-element-fbbd485 elementor-widget elementor-widget-text-editor\" data-id=\"fbbd485\" data-element_type=\"widget\" data-widget_type=\"text-editor.default\">\n\t\t\t\t<div class=\"elementor-widget-container\">\n\t\t\t\t\t\t\t<blockquote><p>Le plan Cancer a rendu obligatoire le\u00a0plan personnalis\u00e9 de soins\u00a0qui doit \u00eatre d\u00e9termin\u00e9 lors de la r\u00e9union de concertation pluridisciplinaire et qui formalise la proposition de prise en charge th\u00e9rapeutique.<\/p><\/blockquote>\t\t\t\t\t\t<\/div>\n\t\t\t\t<\/div>\n\t\t\t\t\t<\/div>\n\t\t<\/div>\n\t\t\t\t\t<\/div>\n\t\t<\/section>\n\t\t\t\t<section class=\"elementor-section elementor-top-section elementor-element elementor-element-5e14ddb elementor-section-boxed elementor-section-height-default elementor-section-height-default\" data-id=\"5e14ddb\" data-element_type=\"section\">\n\t\t\t\t\t\t<div class=\"elementor-container elementor-column-gap-default\">\n\t\t\t\t\t<div class=\"elementor-column elementor-col-50 elementor-top-column elementor-element elementor-element-b6d4d38\" data-id=\"b6d4d38\" data-element_type=\"column\">\n\t\t\t<div class=\"elementor-widget-wrap elementor-element-populated\">\n\t\t\t\t\t\t<div class=\"elementor-element elementor-element-68706a02 elementor-widget elementor-widget-text-editor\" data-id=\"68706a02\" data-element_type=\"widget\" data-widget_type=\"text-editor.default\">\n\t\t\t\t<div class=\"elementor-widget-container\">\n\t\t\t\t\t\t\t<p>Il est et remis au patient lors du dispositif d\u2019annonce qui permet d\u2019expliquer au patient les diff\u00e9rents traitements, leur dur\u00e9e, les effets secondaires possibles\u2026<\/p><p>La Haute Autorit\u00e9 de Sant\u00e9 est all\u00e9e plus loin en d\u00e9finissant le\u00a0plan personnalis\u00e9 de sant\u00e9\u00a0pour les personnes \u00e2g\u00e9es atteintes de maladie chronique et qui d\u00e9finit un plan d\u2019actions coordonn\u00e9es de prise en charge globale, incluant notamment la prise en charge psychologique et sociale.<\/p><p>Il d\u00e9finit les intervenants n\u00e9cessaires \u00e0 cette prise en charge globale et d\u00e9bouche sur un suivi et une r\u00e9\u00e9valuation.<\/p><p>Tout patient atteint de cancer devrait pouvoir b\u00e9n\u00e9ficier de ce plan de prise en charge globale.<\/p>\t\t\t\t\t\t<\/div>\n\t\t\t\t<\/div>\n\t\t\t\t\t<\/div>\n\t\t<\/div>\n\t\t\t\t<div class=\"elementor-column elementor-col-50 elementor-top-column elementor-element elementor-element-4a57214\" data-id=\"4a57214\" data-element_type=\"column\">\n\t\t\t<div class=\"elementor-widget-wrap\">\n\t\t\t\t\t\t\t<\/div>\n\t\t<\/div>\n\t\t\t\t\t<\/div>\n\t\t<\/section>\n\t\t\t\t<\/div>\n\t\t","protected":false},"excerpt":{"rendered":"<p>Home Le plan Cancer a rendu obligatoire le\u00a0plan personnalis\u00e9 de soins\u00a0qui doit \u00eatre d\u00e9termin\u00e9 lors de la r\u00e9union de concertation pluridisciplinaire et qui formalise la proposition de prise en charge th\u00e9rapeutique. Il est et remis au patient lors du dispositif d\u2019annonce qui permet d\u2019expliquer au patient les diff\u00e9rents traitements, leur dur\u00e9e, les effets secondaires possibles\u2026 [&hellip;]<\/p>\n","protected":false},"author":4,"featured_media":0,"parent":0,"menu_order":0,"comment_status":"closed","ping_status":"closed","template":"","meta":{"_seopress_robots_primary_cat":"","_seopress_titles_title":"CHRU de Tours. Canc\u00e9rologie. Prise en charge - Plan personnalis\u00e9 de sant\u00e9.","_seopress_titles_desc":"Le plan Cancer a rendu obligatoire le plan personnalis\u00e9 de soins qui doit \u00eatre d\u00e9termin\u00e9 lors de la r\u00e9union de concertation pluridisciplinaire et qui formalise la proposition de prise en charge th\u00e9rapeutique.","_seopress_robots_index":"","_exactmetrics_skip_tracking":false,"_exactmetrics_sitenote_active":false,"_exactmetrics_sitenote_note":"","_exactmetrics_sitenote_category":0,"_genesis_hide_title":false,"_genesis_hide_breadcrumbs":false,"_genesis_hide_singular_image":false,"_genesis_hide_footer_widgets":false,"_genesis_custom_body_class":"","_genesis_custom_post_class":"","_genesis_layout":"","footnotes":""},"publishpress_future_action":{"enabled":false,"date":"2026-05-08 10:35:39","action":"change-status","newStatus":"draft","terms":[],"taxonomy":""},"_links":{"self":[{"href":"https:\/\/www.chu-tours.fr\/cancerologie\/wp-json\/wp\/v2\/pages\/487"}],"collection":[{"href":"https:\/\/www.chu-tours.fr\/cancerologie\/wp-json\/wp\/v2\/pages"}],"about":[{"href":"https:\/\/www.chu-tours.fr\/cancerologie\/wp-json\/wp\/v2\/types\/page"}],"author":[{"embeddable":true,"href":"https:\/\/www.chu-tours.fr\/cancerologie\/wp-json\/wp\/v2\/users\/4"}],"replies":[{"embeddable":true,"href":"https:\/\/www.chu-tours.fr\/cancerologie\/wp-json\/wp\/v2\/comments?post=487"}],"version-history":[{"count":5,"href":"https:\/\/www.chu-tours.fr\/cancerologie\/wp-json\/wp\/v2\/pages\/487\/revisions"}],"predecessor-version":[{"id":492,"href":"https:\/\/www.chu-tours.fr\/cancerologie\/wp-json\/wp\/v2\/pages\/487\/revisions\/492"}],"wp:attachment":[{"href":"https:\/\/www.chu-tours.fr\/cancerologie\/wp-json\/wp\/v2\/media?parent=487"}],"curies":[{"name":"wp","href":"https:\/\/api.w.org\/{rel}","templated":true}]}}