{"id":463,"date":"2020-10-28T10:14:11","date_gmt":"2020-10-28T09:14:11","guid":{"rendered":"https:\/\/www.chu-tours.fr\/cancerologie\/?page_id=463"},"modified":"2020-10-28T10:34:36","modified_gmt":"2020-10-28T09:34:36","slug":"soins-de-support-la-socio-esthetique","status":"publish","type":"page","link":"https:\/\/www.chu-tours.fr\/cancerologie\/les-soins-de-supports\/soins-de-support-la-socio-esthetique\/","title":{"rendered":"Soins de support &#8211; La socio-esth\u00e9tique"},"content":{"rendered":"\t\t<div data-elementor-type=\"wp-page\" data-elementor-id=\"463\" class=\"elementor elementor-463\" data-elementor-post-type=\"page\">\n\t\t\t\t\t\t<section class=\"elementor-section elementor-top-section elementor-element elementor-element-7c511dd elementor-section-boxed elementor-section-height-default elementor-section-height-default\" data-id=\"7c511dd\" data-element_type=\"section\">\n\t\t\t\t\t\t<div class=\"elementor-container elementor-column-gap-default\">\n\t\t\t\t\t<div class=\"elementor-column elementor-col-100 elementor-top-column elementor-element elementor-element-e8e687f\" data-id=\"e8e687f\" data-element_type=\"column\">\n\t\t\t<div class=\"elementor-widget-wrap\">\n\t\t\t\t\t\t\t<\/div>\n\t\t<\/div>\n\t\t\t\t\t<\/div>\n\t\t<\/section>\n\t\t\t\t<section class=\"elementor-section elementor-top-section elementor-element elementor-element-5e03a25 elementor-section-boxed elementor-section-height-default elementor-section-height-default\" data-id=\"5e03a25\" data-element_type=\"section\">\n\t\t\t\t\t\t<div class=\"elementor-container elementor-column-gap-default\">\n\t\t\t\t\t<div class=\"elementor-column elementor-col-100 elementor-top-column elementor-element elementor-element-8b4e8c2\" data-id=\"8b4e8c2\" data-element_type=\"column\">\n\t\t\t<div class=\"elementor-widget-wrap elementor-element-populated\">\n\t\t\t\t\t\t<div class=\"elementor-element elementor-element-fbbd485 elementor-widget elementor-widget-text-editor\" data-id=\"fbbd485\" data-element_type=\"widget\" data-widget_type=\"text-editor.default\">\n\t\t\t\t<div class=\"elementor-widget-container\">\n\t\t\t\t\t\t\t<blockquote><p><em>\u00ab\u00a0Bien au-del\u00e0 de l\u2019esth\u00e9tique et du souci d\u2019apparence, la socio-esth\u00e9tique participe \u00e0 la r\u00e9conciliation du corps et de l\u2019\u00e2me.\u00a0\u00bb<\/em><\/p><p style=\"text-align: right;\">~ Ren\u00e9e ROUSIERE, Fondatrice du CODES<\/p><\/blockquote>\t\t\t\t\t\t<\/div>\n\t\t\t\t<\/div>\n\t\t\t\t\t<\/div>\n\t\t<\/div>\n\t\t\t\t\t<\/div>\n\t\t<\/section>\n\t\t\t\t<section class=\"elementor-section elementor-top-section elementor-element elementor-element-5e14ddb elementor-section-boxed elementor-section-height-default elementor-section-height-default\" data-id=\"5e14ddb\" data-element_type=\"section\">\n\t\t\t\t\t\t<div class=\"elementor-container elementor-column-gap-default\">\n\t\t\t\t\t<div class=\"elementor-column elementor-col-50 elementor-top-column elementor-element elementor-element-b6d4d38\" data-id=\"b6d4d38\" data-element_type=\"column\">\n\t\t\t<div class=\"elementor-widget-wrap elementor-element-populated\">\n\t\t\t\t\t\t<div class=\"elementor-element elementor-element-68706a02 elementor-widget elementor-widget-text-editor\" data-id=\"68706a02\" data-element_type=\"widget\" data-widget_type=\"text-editor.default\">\n\t\t\t\t<div class=\"elementor-widget-container\">\n\t\t\t\t\t\t\t<p><em>Propos\u00e9e sur le p\u00f4le de canc\u00e9rologie depuis plus de 30 ans, en lien avec l\u2019\u00e9quipe pluridisciplinaire, la Socio-esth\u00e9tique est une pratique sp\u00e9cialis\u00e9e et sp\u00e9cifique du soin esth\u00e9tique qui contribue au mieux-\u00eatre face \u00e0 la souffrance physique et psychique.\u00a0 Par le biais d\u2019un toucher, d\u2019un regard, d\u2019une \u00e9coute, la socio-esth\u00e9ticienne CODES* va contribuer \u00e0 retrouver une image positive de soi et de son corps et \u00e0 regagner la confiance n\u00e9cessaire pour aller vers les autres.<\/em><\/p><h2>Comment se d\u00e9roule une s\u00e9ance de Socio-esth\u00e9tique ?<\/h2><p>La socio-esth\u00e9ticienne intervient soit par recommandation de l\u2019\u00e9quipe m\u00e9dicale soit \u00e0 la demande du patient.<\/p><p>C\u2019est une rencontre, un moment d\u2019\u00e9change, de partage.<\/p><p>La socio-esth\u00e9ticienne CODES va proposer, dans un premier temps, un moment d\u2019\u00e9change pour recueillir les besoins de chacun(e).<\/p><p>Il s\u2019agit d\u2019offrir des soins esth\u00e9tiques sp\u00e9cifiques et personnalis\u00e9s qui permettent \u00e0 chaque personne de se sentir unique en se r\u00e9appropriant son image, de ressentir un mieux-\u00eatre et de s\u2019octroyer un temps agr\u00e9able qui n\u2019appartient qu\u2019\u00e0 elle, comme une parenth\u00e8se dans son parcours de soins m\u00e9dicaux.<\/p><p>Apr\u00e8s cet \u00e9change, le patient et la socio-esth\u00e9ticienne CODES s\u2019accordent sur un soin esth\u00e9tique adapt\u00e9 au besoin exprim\u00e9 et en ad\u00e9quation avec la pathologie.<\/p><p>La formation dispens\u00e9e par le CODES* a permis aux socio-esth\u00e9ticiennes certifi\u00e9es d\u2019acqu\u00e9rir des notions m\u00e9dicales et d\u2019\u00eatre comp\u00e9tentes pour d\u00e9terminer la nature des soins esth\u00e9tiques appropri\u00e9s.<\/p><p>La s\u00e9ance est un moment pr\u00e9serv\u00e9, de calme et d\u2019apaisement qui permet de s\u2019extirper un instant des soins m\u00e9dicaux et de s\u2019\u00e9vader en se recentrant sur le toucher bienveillant de la socio-esth\u00e9ticienne CODES.\u00a0 Chaque personne se sent libre de parler ou de rester silencieuse.<\/p>\t\t\t\t\t\t<\/div>\n\t\t\t\t<\/div>\n\t\t\t\t\t<\/div>\n\t\t<\/div>\n\t\t\t\t<div class=\"elementor-column elementor-col-50 elementor-top-column elementor-element elementor-element-4a57214\" data-id=\"4a57214\" data-element_type=\"column\">\n\t\t\t<div class=\"elementor-widget-wrap elementor-element-populated\">\n\t\t\t\t\t\t<div class=\"elementor-element elementor-element-82bdfe5 elementor-icon-list--layout-traditional elementor-list-item-link-full_width elementor-widget elementor-widget-icon-list\" data-id=\"82bdfe5\" data-element_type=\"widget\" data-widget_type=\"icon-list.default\">\n\t\t\t\t<div class=\"elementor-widget-container\">\n\t\t\t\t\t<ul class=\"elementor-icon-list-items\">\n\t\t\t\t\t\t\t<li class=\"elementor-icon-list-item\">\n\t\t\t\t\t\t\t\t\t\t\t<span class=\"elementor-icon-list-icon\">\n\t\t\t\t\t\t\t<i aria-hidden=\"true\" class=\"fas fa-info-circle\"><\/i>\t\t\t\t\t\t<\/span>\n\t\t\t\t\t\t\t\t\t\t<span class=\"elementor-icon-list-text\">Informations<\/span>\n\t\t\t\t\t\t\t\t\t<\/li>\n\t\t\t\t\t\t<\/ul>\n\t\t\t\t<\/div>\n\t\t\t\t<\/div>\n\t\t\t\t<div class=\"elementor-element elementor-element-d1b4663 elementor-widget elementor-widget-text-editor\" data-id=\"d1b4663\" data-element_type=\"widget\" data-widget_type=\"text-editor.default\">\n\t\t\t\t<div class=\"elementor-widget-container\">\n\t\t\t\t\t\t\t<p><strong>CODES\u00a0<\/strong>: <strong>CO<\/strong>urs <strong>D\u2019ES<\/strong>th\u00e9tique \u00e0 options humanitaire et sociale, association cr\u00e9\u00e9e au CHRU de Tours en 1979 avec la participation de l\u2019administration hospitali\u00e8re, des m\u00e9decins et de Mme Ren\u00e9e Rousi\u00e8re, esth\u00e9ticienne.<\/p><p><strong> Cette formation d\u00e9livre le titre d\u2019Etat de \u00ab\u00a0Socio-Esth\u00e9ticienne\u00a0\u00bb<\/strong>.<\/p><p>Le CODES est partenaire de la Ligue nationale contre le cancer.<\/p>\t\t\t\t\t\t<\/div>\n\t\t\t\t<\/div>\n\t\t\t\t<div class=\"elementor-element elementor-element-410310e elementor-widget elementor-widget-image\" data-id=\"410310e\" data-element_type=\"widget\" data-widget_type=\"image.default\">\n\t\t\t\t<div class=\"elementor-widget-container\">\n\t\t\t\t\t\t\t\t\t\t<figure class=\"wp-caption\">\n\t\t\t\t\t\t\t\t\t\t\t<a href=\"https:\/\/www.chu-tours.fr\/cancerologie\/wp-content\/uploads\/sites\/4\/2020\/10\/socio-esthetique-01.jpg\" data-elementor-open-lightbox=\"yes\" data-elementor-lightbox-title=\"La Socio-esth\u00e9tique au CHRU de Tours\" data-e-action-hash=\"#elementor-action%3Aaction%3Dlightbox%26settings%3DeyJpZCI6Mzk0LCJ1cmwiOiJodHRwczpcL1wvd3d3LmNodS10b3Vycy5mclwvY2FuY2Vyb2xvZ2llXC93cC1jb250ZW50XC91cGxvYWRzXC9zaXRlc1wvNFwvMjAyMFwvMTBcL3NvY2lvLWVzdGhldGlxdWUtMDEuanBnIn0%3D\">\n\t\t\t\t\t\t\t<img decoding=\"async\" width=\"134\" height=\"203\" src=\"https:\/\/www.chu-tours.fr\/cancerologie\/wp-content\/uploads\/sites\/4\/2020\/10\/socio-esthetique-01.jpg\" class=\"attachment-medium size-medium wp-image-394\" alt=\"La Socio-esth\u00e9tique au CHRU de Tours\" \/>\t\t\t\t\t\t\t\t<\/a>\n\t\t\t\t\t\t\t\t\t\t\t<figcaption class=\"widget-image-caption wp-caption-text\">La Socio-esth\u00e9tique au CHRU de Tours<\/figcaption>\n\t\t\t\t\t\t\t\t\t\t<\/figure>\n\t\t\t\t\t\t\t<\/div>\n\t\t\t\t<\/div>\n\t\t\t\t\t<\/div>\n\t\t<\/div>\n\t\t\t\t\t<\/div>\n\t\t<\/section>\n\t\t\t\t<section class=\"elementor-section elementor-top-section elementor-element elementor-element-3a91062 elementor-section-boxed elementor-section-height-default elementor-section-height-default\" data-id=\"3a91062\" data-element_type=\"section\">\n\t\t\t\t\t\t<div class=\"elementor-container elementor-column-gap-default\">\n\t\t\t\t\t<div class=\"elementor-column elementor-col-50 elementor-top-column elementor-element elementor-element-b440bd2\" data-id=\"b440bd2\" data-element_type=\"column\">\n\t\t\t<div class=\"elementor-widget-wrap elementor-element-populated\">\n\t\t\t\t\t\t<div class=\"elementor-element elementor-element-34eabd7 elementor-widget elementor-widget-text-editor\" data-id=\"34eabd7\" data-element_type=\"widget\" data-widget_type=\"text-editor.default\">\n\t\t\t\t<div class=\"elementor-widget-container\">\n\t\t\t\t\t\t\t<p>En fin de s\u00e9ance, la socio-esth\u00e9ticienne CODES prend le temps d\u2019\u00e9changer avec la personne accompagn\u00e9e pour connaitre son ressenti et s\u2019assure, aupr\u00e8s d\u2019elle, de la qualit\u00e9 du moment pass\u00e9 et des bienfaits physiques et psychiques.<\/p><h2>O\u00f9 se passent les s\u00e9ances ?<\/h2><p>Les accompagnements en Socio-esth\u00e9tique se passent de mani\u00e8re individuelle, au chevet de la personne accompagn\u00e9e, <strong>dans sa chambre<\/strong>, que ce soit en hospitalisation compl\u00e8te ou en h\u00f4pital de jours.<\/p><p>En radioth\u00e9rapie, une salle est r\u00e9serv\u00e9e \u00e0 la socio-esth\u00e9tique pour des s\u00e9ances individuelles.<\/p><h2>Quels types de soins sont propos\u00e9s par la socio-esth\u00e9ticienne ?<\/h2><ul><li>Modelage corps relaxant<\/li><li>Soin du visage<\/li><li>Manucure<\/li><li>Maquillage (ex : restructuration de sourcil, pochoirs)<\/li><li>Nouage de foulards<\/li><li>Conseils personnalis\u00e9s suivant les traitements<\/li><li>\u2026<\/li><\/ul><h2>Pourquoi choisir la socio-esth\u00e9tique ?<\/h2><ul><li>Se sentir mieux, retrouver la confiance en soi\u2026<\/li><li>Renvoyer une image positive \u00e0 ses proches pour un accompagnement plus serein\u2026<\/li><li>Se d\u00e9tendre, s\u2019apaiser : L\u00e2cher prise\u2026<\/li><li>Focaliser son esprit sur autre chose que les soins m\u00e9dicaux\u2026<\/li><li>Oublier le stress g\u00e9n\u00e9r\u00e9 par le traitement\u2026<\/li><li>Se r\u00e9concilier avec son corps\u2026<\/li><li>Retrouver du plaisir dans la relation avec l\u2019autre\u2026<\/li><li>Se r\u00e9approprier son image\u2026<\/li><li>Pouvoir exprimer des ressentis, des paroles jusque-l\u00e0 enfouis\u2026<\/li><\/ul>\t\t\t\t\t\t<\/div>\n\t\t\t\t<\/div>\n\t\t\t\t\t<\/div>\n\t\t<\/div>\n\t\t\t\t<div class=\"elementor-column elementor-col-50 elementor-top-column elementor-element elementor-element-0ea8391\" data-id=\"0ea8391\" data-element_type=\"column\">\n\t\t\t<div class=\"elementor-widget-wrap elementor-element-populated\">\n\t\t\t\t\t\t<div class=\"elementor-element elementor-element-8e88ff4 elementor-widget elementor-widget-image\" data-id=\"8e88ff4\" data-element_type=\"widget\" data-widget_type=\"image.default\">\n\t\t\t\t<div class=\"elementor-widget-container\">\n\t\t\t\t\t\t\t\t\t\t<figure class=\"wp-caption\">\n\t\t\t\t\t\t\t\t\t\t\t<a href=\"https:\/\/www.chu-tours.fr\/cancerologie\/wp-content\/uploads\/sites\/4\/2020\/10\/socio-esthetique-02.jpg\" data-elementor-open-lightbox=\"yes\" data-elementor-lightbox-title=\"La Socio-esth\u00e9tique au CHRU de Tours\" data-e-action-hash=\"#elementor-action%3Aaction%3Dlightbox%26settings%3DeyJpZCI6Mzk1LCJ1cmwiOiJodHRwczpcL1wvd3d3LmNodS10b3Vycy5mclwvY2FuY2Vyb2xvZ2llXC93cC1jb250ZW50XC91cGxvYWRzXC9zaXRlc1wvNFwvMjAyMFwvMTBcL3NvY2lvLWVzdGhldGlxdWUtMDIuanBnIn0%3D\">\n\t\t\t\t\t\t\t<img decoding=\"async\" width=\"250\" height=\"167\" src=\"https:\/\/www.chu-tours.fr\/cancerologie\/wp-content\/uploads\/sites\/4\/2020\/10\/socio-esthetique-02.jpg\" class=\"attachment-medium size-medium wp-image-395\" alt=\"La Socio-esth\u00e9tique au CHRU de Tours\" \/>\t\t\t\t\t\t\t\t<\/a>\n\t\t\t\t\t\t\t\t\t\t\t<figcaption class=\"widget-image-caption wp-caption-text\">La Socio-esth\u00e9tique au CHRU de Tours<\/figcaption>\n\t\t\t\t\t\t\t\t\t\t<\/figure>\n\t\t\t\t\t\t\t<\/div>\n\t\t\t\t<\/div>\n\t\t\t\t\t<\/div>\n\t\t<\/div>\n\t\t\t\t\t<\/div>\n\t\t<\/section>\n\t\t\t\t<\/div>\n\t\t","protected":false},"excerpt":{"rendered":"<p>Home \u00ab\u00a0Bien au-del\u00e0 de l\u2019esth\u00e9tique et du souci d\u2019apparence, la socio-esth\u00e9tique participe \u00e0 la r\u00e9conciliation du corps et de l\u2019\u00e2me.\u00a0\u00bb ~ Ren\u00e9e ROUSIERE, Fondatrice du CODES Propos\u00e9e sur le p\u00f4le de canc\u00e9rologie depuis plus de 30 ans, en lien avec l\u2019\u00e9quipe pluridisciplinaire, la Socio-esth\u00e9tique est une pratique sp\u00e9cialis\u00e9e et sp\u00e9cifique du soin esth\u00e9tique qui contribue [&hellip;]<\/p>\n","protected":false},"author":4,"featured_media":0,"parent":377,"menu_order":0,"comment_status":"closed","ping_status":"closed","template":"","meta":{"_seopress_robots_primary_cat":"","_seopress_titles_title":"CHRU de Tours. Canc\u00e9rologie. Les soins de supports. La socio-esth\u00e9tique.","_seopress_titles_desc":"Propos\u00e9e sur le p\u00f4le de canc\u00e9rologie depuis plus de 30 ans, en lien avec l\u2019\u00e9quipe pluridisciplinaire, la Socio-esth\u00e9tique est une pratique sp\u00e9cialis\u00e9e et sp\u00e9cifique du soin esth\u00e9tique qui contribue au mieux-\u00eatre face \u00e0 la souffrance physique et psychique.  Par le biais d\u2019un toucher, d\u2019un regard, d\u2019une \u00e9coute, la socio-esth\u00e9ticienne CODES va contribuer \u00e0 retrouver une image positive de soi et de son corps et \u00e0 regagner la confiance n\u00e9cessaire pour aller vers les autres.","_seopress_robots_index":"","_exactmetrics_skip_tracking":false,"_exactmetrics_sitenote_active":false,"_exactmetrics_sitenote_note":"","_exactmetrics_sitenote_category":0,"_genesis_hide_title":false,"_genesis_hide_breadcrumbs":false,"_genesis_hide_singular_image":false,"_genesis_hide_footer_widgets":false,"_genesis_custom_body_class":"","_genesis_custom_post_class":"","_genesis_layout":"","footnotes":""},"publishpress_future_action":{"enabled":false,"date":"2026-05-08 22:13:13","action":"change-status","newStatus":"draft","terms":[],"taxonomy":""},"_links":{"self":[{"href":"https:\/\/www.chu-tours.fr\/cancerologie\/wp-json\/wp\/v2\/pages\/463"}],"collection":[{"href":"https:\/\/www.chu-tours.fr\/cancerologie\/wp-json\/wp\/v2\/pages"}],"about":[{"href":"https:\/\/www.chu-tours.fr\/cancerologie\/wp-json\/wp\/v2\/types\/page"}],"author":[{"embeddable":true,"href":"https:\/\/www.chu-tours.fr\/cancerologie\/wp-json\/wp\/v2\/users\/4"}],"replies":[{"embeddable":true,"href":"https:\/\/www.chu-tours.fr\/cancerologie\/wp-json\/wp\/v2\/comments?post=463"}],"version-history":[{"count":9,"href":"https:\/\/www.chu-tours.fr\/cancerologie\/wp-json\/wp\/v2\/pages\/463\/revisions"}],"predecessor-version":[{"id":473,"href":"https:\/\/www.chu-tours.fr\/cancerologie\/wp-json\/wp\/v2\/pages\/463\/revisions\/473"}],"up":[{"embeddable":true,"href":"https:\/\/www.chu-tours.fr\/cancerologie\/wp-json\/wp\/v2\/pages\/377"}],"wp:attachment":[{"href":"https:\/\/www.chu-tours.fr\/cancerologie\/wp-json\/wp\/v2\/media?parent=463"}],"curies":[{"name":"wp","href":"https:\/\/api.w.org\/{rel}","templated":true}]}}