{"id":450,"date":"2020-10-28T09:53:29","date_gmt":"2020-10-28T08:53:29","guid":{"rendered":"https:\/\/www.chu-tours.fr\/cancerologie\/?page_id=450"},"modified":"2020-10-28T09:54:37","modified_gmt":"2020-10-28T08:54:37","slug":"soins-de-support-la-dietetique","status":"publish","type":"page","link":"https:\/\/www.chu-tours.fr\/cancerologie\/les-soins-de-supports\/soins-de-support-la-dietetique\/","title":{"rendered":"Soins de support &#8211; La di\u00e9t\u00e9tique"},"content":{"rendered":"\t\t<div data-elementor-type=\"wp-page\" data-elementor-id=\"450\" class=\"elementor elementor-450\" data-elementor-post-type=\"page\">\n\t\t\t\t\t\t<section class=\"elementor-section elementor-top-section elementor-element elementor-element-7c511dd elementor-section-boxed elementor-section-height-default elementor-section-height-default\" data-id=\"7c511dd\" data-element_type=\"section\">\n\t\t\t\t\t\t<div class=\"elementor-container elementor-column-gap-default\">\n\t\t\t\t\t<div class=\"elementor-column elementor-col-100 elementor-top-column elementor-element elementor-element-e8e687f\" data-id=\"e8e687f\" data-element_type=\"column\">\n\t\t\t<div class=\"elementor-widget-wrap\">\n\t\t\t\t\t\t\t<\/div>\n\t\t<\/div>\n\t\t\t\t\t<\/div>\n\t\t<\/section>\n\t\t\t\t<section class=\"elementor-section elementor-top-section elementor-element elementor-element-5e03a25 elementor-section-boxed elementor-section-height-default elementor-section-height-default\" data-id=\"5e03a25\" data-element_type=\"section\">\n\t\t\t\t\t\t<div class=\"elementor-container elementor-column-gap-default\">\n\t\t\t\t\t<div class=\"elementor-column elementor-col-100 elementor-top-column elementor-element elementor-element-8b4e8c2\" data-id=\"8b4e8c2\" data-element_type=\"column\">\n\t\t\t<div class=\"elementor-widget-wrap elementor-element-populated\">\n\t\t\t\t\t\t<div class=\"elementor-element elementor-element-fbbd485 elementor-widget elementor-widget-text-editor\" data-id=\"fbbd485\" data-element_type=\"widget\" data-widget_type=\"text-editor.default\">\n\t\t\t\t<div class=\"elementor-widget-container\">\n\t\t\t\t\t\t\t<blockquote><p>Le di\u00e9t\u00e9ticien est un professionnel de la nutrition en charge de l\u2019\u00e9ducation et de la r\u00e9\u00e9ducation des patients souffrants de troubles nutritionnels.<\/p><\/blockquote>\t\t\t\t\t\t<\/div>\n\t\t\t\t<\/div>\n\t\t\t\t\t<\/div>\n\t\t<\/div>\n\t\t\t\t\t<\/div>\n\t\t<\/section>\n\t\t\t\t<section class=\"elementor-section elementor-top-section elementor-element elementor-element-5e14ddb elementor-section-boxed elementor-section-height-default elementor-section-height-default\" data-id=\"5e14ddb\" data-element_type=\"section\">\n\t\t\t\t\t\t<div class=\"elementor-container elementor-column-gap-default\">\n\t\t\t\t\t<div class=\"elementor-column elementor-col-50 elementor-top-column elementor-element elementor-element-b6d4d38\" data-id=\"b6d4d38\" data-element_type=\"column\">\n\t\t\t<div class=\"elementor-widget-wrap elementor-element-populated\">\n\t\t\t\t\t\t<div class=\"elementor-element elementor-element-68706a02 elementor-widget elementor-widget-text-editor\" data-id=\"68706a02\" data-element_type=\"widget\" data-widget_type=\"text-editor.default\">\n\t\t\t\t<div class=\"elementor-widget-container\">\n\t\t\t\t\t\t\t<p>Son activit\u00e9 en secteur de canc\u00e9rologie repose principalement sur la pr\u00e9vention, le d\u00e9pistage et la prise en charge de la d\u00e9nutrition pr\u00e9sente, selon certaines \u00e9tudes, dans 40 \u00e0 80% des cas. En effet la maladie mais aussi les traitements, le stress, sont autant de causes de perte d\u2019app\u00e9tit et par cons\u00e9quent de risque de d\u00e9nutrition.<\/p><p>Ainsi une prise en charge nutritionnelle pr\u00e9coce, d\u00e8s l\u2019annonce du diagnostic est recommand\u00e9e de m\u00eame que pendant toute la dur\u00e9e du traitement afin de veiller au maintien d&#8217;un bon \u00e9tat nutritionnel.<\/p><p>Le di\u00e9t\u00e9ticien pourra ainsi \u00eatre amen\u00e9 \u00e0 conseiller le patient et son entourage pour l\u2019enrichissement des plats, le fractionnement des repas, la prise de compl\u00e9ments nutritionnels oraux, l\u2019organisation des repas \u00e0 domicile\u2026 Mais aussi donner des conseils plus sp\u00e9cifiques en cas de sympt\u00f4mes li\u00e9s \u00e0 la maladie ou aux traitements tels que les naus\u00e9es, les troubles du transit, les modifications du go\u00fbt\u2026<\/p><p>Toutefois, si l\u2019apport alimentaire demeure insuffisant, d\u2019autres supports nutritionnels peuvent \u00eatre propos\u00e9 et mis en place.<\/p><p>Par exemple, dans le cas de cancers digestifs, la localisation de la tumeur peut induire un obstacle m\u00e9canique \u00e0 la prise alimentaire accentuant la diminution des apports et le risque de perte de poids.<\/p><p>A l\u2019inverse, pour certains cancers, des prises de poids li\u00e9es au traitement comme l\u2019hormonoth\u00e9rapie ou la corticoth\u00e9rapie sont observ\u00e9es. Dans ce cas, une alimentation \u00e9quilibr\u00e9e et une activit\u00e9 physique r\u00e9guli\u00e8re sont recommand\u00e9es.<\/p><p>Un travail en pluridisciplinarit\u00e9, de m\u00eame qu\u2019un suivi di\u00e9t\u00e9tique r\u00e9gulier sont indispensables pour veiller \u00e0 la meilleure prise en charge des patients.<\/p>\t\t\t\t\t\t<\/div>\n\t\t\t\t<\/div>\n\t\t\t\t\t<\/div>\n\t\t<\/div>\n\t\t\t\t<div class=\"elementor-column elementor-col-50 elementor-top-column elementor-element elementor-element-4a57214\" data-id=\"4a57214\" data-element_type=\"column\">\n\t\t\t<div class=\"elementor-widget-wrap\">\n\t\t\t\t\t\t\t<\/div>\n\t\t<\/div>\n\t\t\t\t\t<\/div>\n\t\t<\/section>\n\t\t\t\t<\/div>\n\t\t","protected":false},"excerpt":{"rendered":"<p>Home Le di\u00e9t\u00e9ticien est un professionnel de la nutrition en charge de l\u2019\u00e9ducation et de la r\u00e9\u00e9ducation des patients souffrants de troubles nutritionnels. Son activit\u00e9 en secteur de canc\u00e9rologie repose principalement sur la pr\u00e9vention, le d\u00e9pistage et la prise en charge de la d\u00e9nutrition pr\u00e9sente, selon certaines \u00e9tudes, dans 40 \u00e0 80% des cas. En [&hellip;]<\/p>\n","protected":false},"author":4,"featured_media":0,"parent":377,"menu_order":0,"comment_status":"closed","ping_status":"closed","template":"","meta":{"_seopress_robots_primary_cat":"","_seopress_titles_title":"CHRU de Tours. Canc\u00e9rologie. Les soins de supports. La di\u00e9t\u00e9tique.","_seopress_titles_desc":"Le di\u00e9t\u00e9ticien est un professionnel de la nutrition en charge de l\u2019\u00e9ducation et de la r\u00e9\u00e9ducation des patients souffrants de troubles nutritionnels.","_seopress_robots_index":"","_exactmetrics_skip_tracking":false,"_exactmetrics_sitenote_active":false,"_exactmetrics_sitenote_note":"","_exactmetrics_sitenote_category":0,"_genesis_hide_title":false,"_genesis_hide_breadcrumbs":false,"_genesis_hide_singular_image":false,"_genesis_hide_footer_widgets":false,"_genesis_custom_body_class":"","_genesis_custom_post_class":"","_genesis_layout":"","footnotes":""},"publishpress_future_action":{"enabled":false,"date":"2026-05-07 11:58:20","action":"change-status","newStatus":"draft","terms":[],"taxonomy":""},"_links":{"self":[{"href":"https:\/\/www.chu-tours.fr\/cancerologie\/wp-json\/wp\/v2\/pages\/450"}],"collection":[{"href":"https:\/\/www.chu-tours.fr\/cancerologie\/wp-json\/wp\/v2\/pages"}],"about":[{"href":"https:\/\/www.chu-tours.fr\/cancerologie\/wp-json\/wp\/v2\/types\/page"}],"author":[{"embeddable":true,"href":"https:\/\/www.chu-tours.fr\/cancerologie\/wp-json\/wp\/v2\/users\/4"}],"replies":[{"embeddable":true,"href":"https:\/\/www.chu-tours.fr\/cancerologie\/wp-json\/wp\/v2\/comments?post=450"}],"version-history":[{"count":3,"href":"https:\/\/www.chu-tours.fr\/cancerologie\/wp-json\/wp\/v2\/pages\/450\/revisions"}],"predecessor-version":[{"id":453,"href":"https:\/\/www.chu-tours.fr\/cancerologie\/wp-json\/wp\/v2\/pages\/450\/revisions\/453"}],"up":[{"embeddable":true,"href":"https:\/\/www.chu-tours.fr\/cancerologie\/wp-json\/wp\/v2\/pages\/377"}],"wp:attachment":[{"href":"https:\/\/www.chu-tours.fr\/cancerologie\/wp-json\/wp\/v2\/media?parent=450"}],"curies":[{"name":"wp","href":"https:\/\/api.w.org\/{rel}","templated":true}]}}