{"id":143,"date":"2020-10-09T16:12:40","date_gmt":"2020-10-09T14:12:40","guid":{"rendered":"https:\/\/www.chu-tours.fr\/cancerologie\/?page_id=143"},"modified":"2020-10-29T09:49:42","modified_gmt":"2020-10-29T08:49:42","slug":"les-cancers-chez-la-personne-agee","status":"publish","type":"page","link":"https:\/\/www.chu-tours.fr\/cancerologie\/les-cancers-chez-la-personne-agee\/","title":{"rendered":"Les cancers chez la personne \u00e2g\u00e9e"},"content":{"rendered":"\t\t<div data-elementor-type=\"wp-page\" data-elementor-id=\"143\" class=\"elementor elementor-143\" data-elementor-post-type=\"page\">\n\t\t\t\t\t\t<section class=\"elementor-section elementor-top-section elementor-element elementor-element-1373887 elementor-section-boxed elementor-section-height-default elementor-section-height-default\" data-id=\"1373887\" data-element_type=\"section\">\n\t\t\t\t\t\t<div class=\"elementor-container elementor-column-gap-default\">\n\t\t\t\t\t<div class=\"elementor-column elementor-col-100 elementor-top-column elementor-element elementor-element-ea3fed7\" data-id=\"ea3fed7\" data-element_type=\"column\">\n\t\t\t<div class=\"elementor-widget-wrap\">\n\t\t\t\t\t\t\t<\/div>\n\t\t<\/div>\n\t\t\t\t\t<\/div>\n\t\t<\/section>\n\t\t\t\t<section class=\"elementor-section elementor-top-section elementor-element elementor-element-55cb4811 elementor-section-boxed elementor-section-height-default elementor-section-height-default\" data-id=\"55cb4811\" data-element_type=\"section\">\n\t\t\t\t\t\t<div class=\"elementor-container elementor-column-gap-default\">\n\t\t\t\t\t<div class=\"elementor-column elementor-col-100 elementor-top-column elementor-element elementor-element-55d22354\" data-id=\"55d22354\" data-element_type=\"column\">\n\t\t\t<div class=\"elementor-widget-wrap elementor-element-populated\">\n\t\t\t\t\t\t<div class=\"elementor-element elementor-element-3bdb5f0f elementor-widget elementor-widget-heading\" data-id=\"3bdb5f0f\" data-element_type=\"widget\" data-widget_type=\"heading.default\">\n\t\t\t\t<div class=\"elementor-widget-container\">\n\t\t\t<h2 class=\"elementor-heading-title elementor-size-default\">Cancer du sujet \u00e2g\u00e9 ou oncog\u00e9riatrie :<br \/> pourquoi ? pour qui ? comment ?<\/h2>\t\t<\/div>\n\t\t\t\t<\/div>\n\t\t\t\t\t<\/div>\n\t\t<\/div>\n\t\t\t\t\t<\/div>\n\t\t<\/section>\n\t\t\t\t<section class=\"elementor-section elementor-top-section elementor-element elementor-element-2339043a elementor-section-boxed elementor-section-height-default elementor-section-height-default\" data-id=\"2339043a\" data-element_type=\"section\">\n\t\t\t\t\t\t<div class=\"elementor-container elementor-column-gap-default\">\n\t\t\t\t\t<div class=\"elementor-column elementor-col-100 elementor-top-column elementor-element elementor-element-442f99c2\" data-id=\"442f99c2\" data-element_type=\"column\">\n\t\t\t<div class=\"elementor-widget-wrap elementor-element-populated\">\n\t\t\t\t\t\t<div class=\"elementor-element elementor-element-39530dd2 elementor-widget elementor-widget-text-editor\" data-id=\"39530dd2\" data-element_type=\"widget\" data-widget_type=\"text-editor.default\">\n\t\t\t\t<div class=\"elementor-widget-container\">\n\t\t\t\t\t\t\t<p>l reste encore beaucoup de pr\u00e9jug\u00e9s et d\u2019id\u00e9es fausses sur la personne \u00e2g\u00e9e atteinte de cancer : \u00ab \u00c7a \u00e9volue lentement \u00e0 son \u00e2ge \u00bb, \u00ab De toute fa\u00e7on, il ne supportera pas le traitement \u00bb, \u00ab En plus les traitements ne marchent pas bien et vont diminuer sa qualit\u00e9 de vie \u00bb, \u00ab Il prend d\u00e9j\u00e0 assez de m\u00e9dicaments \u00bb, \u00ab Il ne faut pas l\u2019emb\u00eater avec \u00e7a \u00bb, \u00ab De toute fa\u00e7on il dira non \u00bb.<\/p><h3>En r\u00e9alit\u00e9\u2026<\/h3><p>Le tiers des patients ayant un cancer a plus de 75 ans.<\/p><p>La mortalit\u00e9 due au cancer augmente malheureusement avec l\u2019\u00e2ge car plus la personne est \u00e2g\u00e9e et moins souvent elle est trait\u00e9e alors que\u00a0:<\/p><ul><li>l\u2019efficacit\u00e9 des traitements de chimioth\u00e9rapie ne diminue pas avec l\u2019\u00e2ge<\/li><li>la toxicit\u00e9 des traitements est parfois un peu plus marqu\u00e9e mais reste \u2018\u2019acceptable\u2019\u2019.<\/li><li>les traitements anticanc\u00e9reux am\u00e9liorent la quantit\u00e9 et la qualit\u00e9 de vie lorsqu\u2019ils sont efficaces. Ce sont les sympt\u00f4mes du cancer qui alt\u00e8rent la qualit\u00e9 de vie et c\u2019est le traitement qui retarde l\u2019apparition et la dur\u00e9e des sympt\u00f4mes.\u00a0<\/li><\/ul><p>L\u2019oncog\u00e9riatrie est une collaboration entre canc\u00e9rologue et g\u00e9riatre qui vise \u00e0\u00a0:<\/p><ul><li>am\u00e9liorer la prise en charge des patients \u00e2g\u00e9s de 75 ans et plus atteints de cancer<\/li><li>proposer des traitements adapt\u00e9s au patient en termes d\u2019efficacit\u00e9 et de tol\u00e9rance afin de pr\u00e9server au mieux sa qualit\u00e9 de vie<\/li><\/ul><p>Gr\u00e2ce \u00e0 une grille de d\u00e9pistage, appel\u00e9e G8, l\u2019oncologue peut identifier les patients \u00e2g\u00e9s fragiles pour lesquels un bilan de sant\u00e9 plus approfondi, appel\u00e9 \u00c9valuation G\u00e9riatrique Personnalis\u00e9e, serait utile.<\/p><p>Cette \u00e9valuation permet de faire un bilan de sant\u00e9 complet et d\u2019identifier les \u00e9l\u00e9ments qui pourraient alt\u00e9rer ou modifier la tol\u00e9rance au traitement oncologique.<\/p><p>Concr\u00e8tement, l\u2019oncologue sollicite le g\u00e9riatre pour l\u2019\u00e9valuation g\u00e9riatrique globale. Le patient re\u00e7oit une convocation. L\u2019\u00e9valuation est r\u00e9alis\u00e9e dans le cadre d\u2019une consultation sp\u00e9cialis\u00e9e, par un g\u00e9riatre ayant une comp\u00e9tence en oncog\u00e9riatrie. D\u2019une dur\u00e9e d\u2019environ 1h30, elle \u00e9value de fa\u00e7on compl\u00e8te le patient \u00e2g\u00e9 sous toutes les dimensions m\u00e9dicale, fonctionnelle, psychologique et sociale.<\/p><p>La pr\u00e9sence d\u2019un proche est souhaitable. De m\u00eame, il est souhaitable que le patient apporte tous les examens dont il dispose et, le cas \u00e9ch\u00e9ant, lunettes et appareils auditifs.<\/p><p>A l\u2019issue de la consultation, <strong>le g\u00e9riatre \u00e9met des recommandations pour le traitement oncologique et la mise en place de soins de support adapt\u00e9s<\/strong>. Le dossier du patient est rediscut\u00e9 avec l\u2019\u00e9quipe pluridisciplinaire oncologique et un programme de soins adapt\u00e9 est propos\u00e9 au patient. Le compte-rendu de la consultation avec les diff\u00e9rentes propositions est \u00e9galement adress\u00e9 au m\u00e9decin traitant, principal coordonnateur de la prise en charge.<\/p><h3>Organisation r\u00e9gionale de l\u2019oncog\u00e9riatrie<\/h3><p>Depuis 2011, un r\u00e9seau de professionnels s\u2019est constitu\u00e9. Ce r\u00e9seau est compos\u00e9 de m\u00e9decins et soignants oncologues et g\u00e9riatres des secteurs priv\u00e9s et publics, repr\u00e9sentant chaque d\u00e9partement de la r\u00e9gion. Il vise \u00e0 faciliter les \u00e9changes entre tous les intervenants, harmoniser les pratiques oncog\u00e9riatriques, et diffuser les recommandations de prise en charge sp\u00e9cifiques des patients \u00e2g\u00e9s.<\/p><p>En 2013 en r\u00e9gion Centre-Val de Loire, une Antenne d\u2019Oncog\u00e9riatrie (AOG) a \u00e9t\u00e9 reconnue par l\u2019Institut National du Cancer et missionn\u00e9e pour am\u00e9liorer la prise en charge des patients \u00e2g\u00e9s ayant un cancer, favoriser l\u2019inclusion des patients \u00e2g\u00e9s dans des protocoles de recherche clinique\u00a0; d\u00e9velopper la formation des professionnels et l\u2019information des patients.<\/p>\t\t\t\t\t\t<\/div>\n\t\t\t\t<\/div>\n\t\t\t\t\t<\/div>\n\t\t<\/div>\n\t\t\t\t\t<\/div>\n\t\t<\/section>\n\t\t\t\t<\/div>\n\t\t","protected":false},"excerpt":{"rendered":"<p>Home Cancer du sujet \u00e2g\u00e9 ou oncog\u00e9riatrie : pourquoi ? pour qui ? comment ? l reste encore beaucoup de pr\u00e9jug\u00e9s et d\u2019id\u00e9es fausses sur la personne \u00e2g\u00e9e atteinte de cancer : \u00ab \u00c7a \u00e9volue lentement \u00e0 son \u00e2ge \u00bb, \u00ab De toute fa\u00e7on, il ne supportera pas le traitement \u00bb, \u00ab En plus les [&hellip;]<\/p>\n","protected":false},"author":4,"featured_media":0,"parent":0,"menu_order":0,"comment_status":"closed","ping_status":"closed","template":"","meta":{"_seopress_robots_primary_cat":"","_seopress_titles_title":"CHRU de Tours. Pr\u00e9sentation des cancers chez la personne \u00e2g\u00e9e.","_seopress_titles_desc":"Cancer du sujet \u00e2g\u00e9 ou oncog\u00e9riatrie : pourquoi ? pour qui ? comment ?","_seopress_robots_index":"","_exactmetrics_skip_tracking":false,"_exactmetrics_sitenote_active":false,"_exactmetrics_sitenote_note":"","_exactmetrics_sitenote_category":0,"_genesis_hide_title":false,"_genesis_hide_breadcrumbs":false,"_genesis_hide_singular_image":false,"_genesis_hide_footer_widgets":false,"_genesis_custom_body_class":"","_genesis_custom_post_class":"","_genesis_layout":"","footnotes":""},"publishpress_future_action":{"enabled":false,"date":"2026-05-07 14:08:42","action":"change-status","newStatus":"draft","terms":[],"taxonomy":""},"_links":{"self":[{"href":"https:\/\/www.chu-tours.fr\/cancerologie\/wp-json\/wp\/v2\/pages\/143"}],"collection":[{"href":"https:\/\/www.chu-tours.fr\/cancerologie\/wp-json\/wp\/v2\/pages"}],"about":[{"href":"https:\/\/www.chu-tours.fr\/cancerologie\/wp-json\/wp\/v2\/types\/page"}],"author":[{"embeddable":true,"href":"https:\/\/www.chu-tours.fr\/cancerologie\/wp-json\/wp\/v2\/users\/4"}],"replies":[{"embeddable":true,"href":"https:\/\/www.chu-tours.fr\/cancerologie\/wp-json\/wp\/v2\/comments?post=143"}],"version-history":[{"count":5,"href":"https:\/\/www.chu-tours.fr\/cancerologie\/wp-json\/wp\/v2\/pages\/143\/revisions"}],"predecessor-version":[{"id":573,"href":"https:\/\/www.chu-tours.fr\/cancerologie\/wp-json\/wp\/v2\/pages\/143\/revisions\/573"}],"wp:attachment":[{"href":"https:\/\/www.chu-tours.fr\/cancerologie\/wp-json\/wp\/v2\/media?parent=143"}],"curies":[{"name":"wp","href":"https:\/\/api.w.org\/{rel}","templated":true}]}}