{"id":13,"date":"2020-10-05T17:03:53","date_gmt":"2020-10-05T15:03:53","guid":{"rendered":"https:\/\/www.chu-tours.fr\/cancerologie\/?page_id=13"},"modified":"2021-07-01T13:50:05","modified_gmt":"2021-07-01T11:50:05","slug":"presentation-du-service-de-cancerologie","status":"publish","type":"page","link":"https:\/\/www.chu-tours.fr\/cancerologie\/","title":{"rendered":"Pr\u00e9sentation du service de Canc\u00e9rologie"},"content":{"rendered":"\t\t<div data-elementor-type=\"wp-page\" data-elementor-id=\"13\" class=\"elementor elementor-13\" data-elementor-post-type=\"page\">\n\t\t\t\t\t\t<section class=\"elementor-section elementor-top-section elementor-element elementor-element-ec06679 elementor-section-boxed elementor-section-height-default elementor-section-height-default\" data-id=\"ec06679\" data-element_type=\"section\">\n\t\t\t\t\t\t<div class=\"elementor-container elementor-column-gap-default\">\n\t\t\t\t\t<div class=\"elementor-column elementor-col-100 elementor-top-column elementor-element elementor-element-9070866\" data-id=\"9070866\" data-element_type=\"column\">\n\t\t\t<div class=\"elementor-widget-wrap elementor-element-populated\">\n\t\t\t\t\t\t<div class=\"elementor-element elementor-element-e6cbfba elementor-widget__width-inherit elementor-widget elementor-widget-image\" data-id=\"e6cbfba\" data-element_type=\"widget\" data-widget_type=\"image.default\">\n\t\t\t\t<div class=\"elementor-widget-container\">\n\t\t\t\t\t\t\t\t\t\t\t\t\t<img fetchpriority=\"high\" decoding=\"async\" width=\"1920\" height=\"464\" src=\"https:\/\/www.chu-tours.fr\/cancerologie\/wp-content\/uploads\/sites\/4\/2020\/10\/ban_kaplan-1920x464-1.jpg\" class=\"attachment-full size-full wp-image-543\" alt=\"\" srcset=\"https:\/\/www.chu-tours.fr\/cancerologie\/wp-content\/uploads\/sites\/4\/2020\/10\/ban_kaplan-1920x464-1.jpg 1920w, https:\/\/www.chu-tours.fr\/cancerologie\/wp-content\/uploads\/sites\/4\/2020\/10\/ban_kaplan-1920x464-1-300x73.jpg 300w, https:\/\/www.chu-tours.fr\/cancerologie\/wp-content\/uploads\/sites\/4\/2020\/10\/ban_kaplan-1920x464-1-1024x247.jpg 1024w, https:\/\/www.chu-tours.fr\/cancerologie\/wp-content\/uploads\/sites\/4\/2020\/10\/ban_kaplan-1920x464-1-768x186.jpg 768w, https:\/\/www.chu-tours.fr\/cancerologie\/wp-content\/uploads\/sites\/4\/2020\/10\/ban_kaplan-1920x464-1-1536x371.jpg 1536w\" sizes=\"(max-width: 1920px) 100vw, 1920px\" \/>\t\t\t\t\t\t\t\t\t\t\t\t\t<\/div>\n\t\t\t\t<\/div>\n\t\t\t\t\t<\/div>\n\t\t<\/div>\n\t\t\t\t\t<\/div>\n\t\t<\/section>\n\t\t\t\t<section class=\"elementor-section elementor-top-section elementor-element elementor-element-c56172f elementor-section-boxed elementor-section-height-default elementor-section-height-default\" data-id=\"c56172f\" data-element_type=\"section\">\n\t\t\t\t\t\t<div class=\"elementor-container elementor-column-gap-default\">\n\t\t\t\t\t<div class=\"elementor-column elementor-col-100 elementor-top-column elementor-element elementor-element-642cab1\" data-id=\"642cab1\" data-element_type=\"column\">\n\t\t\t<div class=\"elementor-widget-wrap elementor-element-populated\">\n\t\t\t\t\t\t<div class=\"elementor-element elementor-element-93f00dc elementor-widget elementor-widget-html\" data-id=\"93f00dc\" data-element_type=\"widget\" data-widget_type=\"html.default\">\n\t\t\t\t<div class=\"elementor-widget-container\">\n\t\t\t<!-- Global site tag (gtag.js) - Google Analytics -->\r\n<script async src=\"https:\/\/www.googletagmanager.com\/gtag\/js?id=G-VF1BNYF7M8\"><\/script>\r\n<script>\r\n  window.dataLayer = window.dataLayer || [];\r\n  function gtag(){dataLayer.push(arguments);}\r\n  gtag('js', new Date());\r\n\r\n  gtag('config', 'G-VF1BNYF7M8');\r\n<\/script>\t\t<\/div>\n\t\t\t\t<\/div>\n\t\t\t\t<div class=\"elementor-element elementor-element-4034a47 elementor-widget elementor-widget-heading\" data-id=\"4034a47\" data-element_type=\"widget\" data-widget_type=\"heading.default\">\n\t\t\t\t<div class=\"elementor-widget-container\">\n\t\t\t<h2 class=\"elementor-heading-title elementor-size-default\">LA CANC\u00c9ROLOGIE AU CHRU DE TOURS<\/h2>\t\t<\/div>\n\t\t\t\t<\/div>\n\t\t\t\t\t<\/div>\n\t\t<\/div>\n\t\t\t\t\t<\/div>\n\t\t<\/section>\n\t\t\t\t<section class=\"elementor-section elementor-top-section elementor-element elementor-element-1f5141ba elementor-section-boxed elementor-section-height-default elementor-section-height-default\" data-id=\"1f5141ba\" data-element_type=\"section\">\n\t\t\t\t\t\t<div class=\"elementor-container elementor-column-gap-default\">\n\t\t\t\t\t<div class=\"elementor-column elementor-col-100 elementor-top-column elementor-element elementor-element-4cb052d2\" data-id=\"4cb052d2\" data-element_type=\"column\">\n\t\t\t<div class=\"elementor-widget-wrap elementor-element-populated\">\n\t\t\t\t\t\t<div class=\"elementor-element elementor-element-3d35ee08 elementor-position-left elementor-vertical-align-top elementor-widget elementor-widget-image-box\" data-id=\"3d35ee08\" data-element_type=\"widget\" data-widget_type=\"image-box.default\">\n\t\t\t\t<div class=\"elementor-widget-container\">\n\t\t\t<div class=\"elementor-image-box-wrapper\"><figure class=\"elementor-image-box-img\"><img decoding=\"async\" width=\"250\" height=\"250\" src=\"https:\/\/www.chu-tours.fr\/cancerologie\/wp-content\/uploads\/sites\/4\/2020\/10\/accueil-img-ronde-cancero-01.png\" class=\"attachment-full size-full wp-image-9\" alt=\"\" srcset=\"https:\/\/www.chu-tours.fr\/cancerologie\/wp-content\/uploads\/sites\/4\/2020\/10\/accueil-img-ronde-cancero-01.png 250w, https:\/\/www.chu-tours.fr\/cancerologie\/wp-content\/uploads\/sites\/4\/2020\/10\/accueil-img-ronde-cancero-01-150x150.png 150w, https:\/\/www.chu-tours.fr\/cancerologie\/wp-content\/uploads\/sites\/4\/2020\/10\/accueil-img-ronde-cancero-01-40x40.png 40w\" sizes=\"(max-width: 250px) 100vw, 250px\" \/><\/figure><div class=\"elementor-image-box-content\"><h5 class=\"elementor-image-box-title\">Tours est l\u2019une des villes qui pr\u00e9sente la particularit\u00e9 de ne pas avoir de Centre de lutte contre le cancer.<br \/>Le CHRU joue donc le r\u00f4le de Centre anticanc\u00e9reux sur la r\u00e9gion Centre.<\/h5><p class=\"elementor-image-box-description\"><hr \/>\n<div style=\"text-align:left;color:#0d3182\"><em>L\u2019activit\u00e9 de canc\u00e9rologie du CHRU est tr\u00e8s importante :<\/em><br \/>\n<strong>7823 patients<\/strong> avec cancer ont \u00e9t\u00e9 accueillis en 2015, ce qui repr\u00e9sente 51 608 s\u00e9jours soit 33,8% de l\u2019activit\u00e9 hospitali\u00e8re.<br \/>\nAu sein du CHRU, le comit\u00e9 de coordination de canc\u00e9rologie (3C) coordonne l\u2019activit\u00e9 de canc\u00e9rologie du CHRU, qu\u2019il s\u2019agisse des 14 r\u00e9unions de concertations pluridisciplinaires (RCP) obligatoires depuis le plan cancer, pour les d\u00e9cisions de traitement, ou de l\u2019activit\u00e9 de soins de support.<\/div><\/p><\/div><\/div>\t\t<\/div>\n\t\t\t\t<\/div>\n\t\t\t\t\t<\/div>\n\t\t<\/div>\n\t\t\t\t\t<\/div>\n\t\t<\/section>\n\t\t\t\t<section class=\"elementor-section elementor-top-section elementor-element elementor-element-71566534 elementor-section-boxed elementor-section-height-default elementor-section-height-default\" data-id=\"71566534\" data-element_type=\"section\">\n\t\t\t\t\t\t<div class=\"elementor-container elementor-column-gap-default\">\n\t\t\t\t\t<div class=\"elementor-column elementor-col-100 elementor-top-column elementor-element elementor-element-61c8146b\" data-id=\"61c8146b\" data-element_type=\"column\">\n\t\t\t<div class=\"elementor-widget-wrap elementor-element-populated\">\n\t\t\t\t\t\t<div class=\"elementor-element elementor-element-7a51621a elementor-position-right elementor-vertical-align-top elementor-widget elementor-widget-image-box\" data-id=\"7a51621a\" data-element_type=\"widget\" data-widget_type=\"image-box.default\">\n\t\t\t\t<div class=\"elementor-widget-container\">\n\t\t\t<div class=\"elementor-image-box-wrapper\"><figure class=\"elementor-image-box-img\"><img decoding=\"async\" width=\"250\" height=\"250\" src=\"https:\/\/www.chu-tours.fr\/cancerologie\/wp-content\/uploads\/sites\/4\/2020\/10\/accueil-img-ronde-cancero-02.png\" class=\"attachment-full size-full wp-image-10\" alt=\"\" srcset=\"https:\/\/www.chu-tours.fr\/cancerologie\/wp-content\/uploads\/sites\/4\/2020\/10\/accueil-img-ronde-cancero-02.png 250w, https:\/\/www.chu-tours.fr\/cancerologie\/wp-content\/uploads\/sites\/4\/2020\/10\/accueil-img-ronde-cancero-02-150x150.png 150w, https:\/\/www.chu-tours.fr\/cancerologie\/wp-content\/uploads\/sites\/4\/2020\/10\/accueil-img-ronde-cancero-02-40x40.png 40w\" sizes=\"(max-width: 250px) 100vw, 250px\" \/><\/figure><div class=\"elementor-image-box-content\"><h5 class=\"elementor-image-box-title\">La canc\u00e9rologie de la r\u00e9gion Centre, c\u2019est \u00e9galement 37 \u00e9tablissements dans les 6 d\u00e9partements accr\u00e9dit\u00e9s pour prendre en charge les patients atteints de cancer.<\/h5><p class=\"elementor-image-box-description\"><hr \/>\n<div style=\"text-align:left;color:#0d3182\">Cela n\u00e9cessite une structuration profonde pour optimiser le parcours de soins des patients et leur proposer la meilleure prise en charge possible. Le r\u00e9seau ONCOCENTRE cr\u00e9\u00e9 en 2000 assure ce r\u00f4le de collaboration inter-\u00e9tablissements.<br \/>\nUn autre enjeu majeur est la coordination entre les \u00e9tablissements et le domicile : coordination du parcours de soins et mise \u00e0 la disposition des soins de supports au domicile (r\u00f4les assur\u00e9 par les r\u00e9seaux territoriaux de canc\u00e9rologie, ONCO 37, ONCO 45, ONCO 28, ONCO 41, ONCO Berry) et transmission des informations m\u00e9dicales au m\u00e9decin traitant, actuellement assur\u00e9e par le Dossier Communicant de Canc\u00e9rologie (DCC) et demain par le Dossier M\u00e9dical Personnalis\u00e9 (DMP).<\/div><\/p><\/div><\/div>\t\t<\/div>\n\t\t\t\t<\/div>\n\t\t\t\t\t<\/div>\n\t\t<\/div>\n\t\t\t\t\t<\/div>\n\t\t<\/section>\n\t\t\t\t<section class=\"elementor-section elementor-top-section elementor-element elementor-element-3980015c elementor-section-boxed elementor-section-height-default elementor-section-height-default\" data-id=\"3980015c\" data-element_type=\"section\">\n\t\t\t\t\t\t<div class=\"elementor-container elementor-column-gap-default\">\n\t\t\t\t\t<div class=\"elementor-column elementor-col-100 elementor-top-column elementor-element elementor-element-2e06272f\" data-id=\"2e06272f\" data-element_type=\"column\">\n\t\t\t<div class=\"elementor-widget-wrap elementor-element-populated\">\n\t\t\t\t\t\t<div class=\"elementor-element elementor-element-18268bf5 elementor-position-left elementor-vertical-align-top elementor-widget elementor-widget-image-box\" data-id=\"18268bf5\" data-element_type=\"widget\" data-widget_type=\"image-box.default\">\n\t\t\t\t<div class=\"elementor-widget-container\">\n\t\t\t<div class=\"elementor-image-box-wrapper\"><figure class=\"elementor-image-box-img\"><img loading=\"lazy\" decoding=\"async\" width=\"250\" height=\"250\" src=\"https:\/\/www.chu-tours.fr\/cancerologie\/wp-content\/uploads\/sites\/4\/2020\/10\/accueil-img-ronde-cancero-05.png\" class=\"attachment-full size-full wp-image-12\" alt=\"\" srcset=\"https:\/\/www.chu-tours.fr\/cancerologie\/wp-content\/uploads\/sites\/4\/2020\/10\/accueil-img-ronde-cancero-05.png 250w, https:\/\/www.chu-tours.fr\/cancerologie\/wp-content\/uploads\/sites\/4\/2020\/10\/accueil-img-ronde-cancero-05-150x150.png 150w, https:\/\/www.chu-tours.fr\/cancerologie\/wp-content\/uploads\/sites\/4\/2020\/10\/accueil-img-ronde-cancero-05-40x40.png 40w\" sizes=\"(max-width: 250px) 100vw, 250px\" \/><\/figure><div class=\"elementor-image-box-content\"><h5 class=\"elementor-image-box-title\">L\u2019un des r\u00f4les majeurs du CHRU est son r\u00f4le dans la recherche fondamentale.<\/h5><p class=\"elementor-image-box-description\"><hr \/>\n<div style=\"text-align:left;color:#0d3182\">Une \u00e9quipe INSERM et une \u00e9quipe CNRS uniquement sur la th\u00e9matique, et deux \u00e9quipes INSERM partiellement sur la th\u00e9matique, recherche translationnelle (qui peut \u00eatre d\u00e9finie comme l\u2019interface entre la recherche clinique et la recherche fondamentale, application des connaissances de la recherche fondamentale au patient), recherche clinique enfin, notamment recherche th\u00e9rapeutique sur de nouveaux m\u00e9dicaments dans le domaine de la canc\u00e9rologie.<\/span><\/div><\/p><\/div><\/div>\t\t<\/div>\n\t\t\t\t<\/div>\n\t\t\t\t\t<\/div>\n\t\t<\/div>\n\t\t\t\t\t<\/div>\n\t\t<\/section>\n\t\t\t\t<section class=\"elementor-section elementor-top-section elementor-element elementor-element-7651124e elementor-section-boxed elementor-section-height-default elementor-section-height-default\" data-id=\"7651124e\" data-element_type=\"section\">\n\t\t\t\t\t\t<div class=\"elementor-container elementor-column-gap-default\">\n\t\t\t\t\t<div class=\"elementor-column elementor-col-100 elementor-top-column elementor-element elementor-element-2a5f307f\" data-id=\"2a5f307f\" data-element_type=\"column\">\n\t\t\t<div class=\"elementor-widget-wrap elementor-element-populated\">\n\t\t\t\t\t\t<div class=\"elementor-element elementor-element-5e4227ca elementor-position-right elementor-vertical-align-top elementor-widget elementor-widget-image-box\" data-id=\"5e4227ca\" data-element_type=\"widget\" data-widget_type=\"image-box.default\">\n\t\t\t\t<div class=\"elementor-widget-container\">\n\t\t\t<div class=\"elementor-image-box-wrapper\"><figure class=\"elementor-image-box-img\"><img loading=\"lazy\" decoding=\"async\" width=\"250\" height=\"250\" src=\"https:\/\/www.chu-tours.fr\/cancerologie\/wp-content\/uploads\/sites\/4\/2020\/10\/accueil-img-ronde-cancero-04.png\" class=\"attachment-full size-full wp-image-11\" alt=\"\" srcset=\"https:\/\/www.chu-tours.fr\/cancerologie\/wp-content\/uploads\/sites\/4\/2020\/10\/accueil-img-ronde-cancero-04.png 250w, https:\/\/www.chu-tours.fr\/cancerologie\/wp-content\/uploads\/sites\/4\/2020\/10\/accueil-img-ronde-cancero-04-150x150.png 150w, https:\/\/www.chu-tours.fr\/cancerologie\/wp-content\/uploads\/sites\/4\/2020\/10\/accueil-img-ronde-cancero-04-40x40.png 40w\" sizes=\"(max-width: 250px) 100vw, 250px\" \/><\/figure><div class=\"elementor-image-box-content\"><h5 class=\"elementor-image-box-title\">Enfin, la r\u00e9gion CENTRE, forte de 2,5 millions d\u2019habitants a d\u00e9cid\u00e9 de coordonner ses forces en canc\u00e9rologie publique et universitaire (offre de soins et recherche) au sein de l\u2019institut universitaire de canc\u00e9rologie Centre Val de Loire (IUC-CVL) regroupant le CHRU de Tours et le CHR d\u2019Orl\u00e9ans.<\/h5><p class=\"elementor-image-box-description\"><hr \/>\n<div style=\"text-align:left;color:#0d3182\">Ce r\u00f4le et cette activit\u00e9 manquent tr\u00e8s clairement de visibilit\u00e9.\nC\u2019est pourquoi il a \u00e9t\u00e9 d\u00e9cid\u00e9 de cr\u00e9er un site \u00ab canc\u00e9rologie \u00bb au sein du site internet du CHRU. Nous nous sommes efforc\u00e9s qu\u2019il soit le plus complet mais \u00e9galement le plus pratique et le plus compr\u00e9hensible possible.<\/div><\/p><\/div><\/div>\t\t<\/div>\n\t\t\t\t<\/div>\n\t\t\t\t\t<\/div>\n\t\t<\/div>\n\t\t\t\t\t<\/div>\n\t\t<\/section>\n\t\t\t\t<section class=\"elementor-section elementor-top-section elementor-element elementor-element-9edbf36 elementor-section-boxed elementor-section-height-default elementor-section-height-default\" data-id=\"9edbf36\" data-element_type=\"section\">\n\t\t\t\t\t\t<div class=\"elementor-container elementor-column-gap-default\">\n\t\t\t\t\t<div class=\"elementor-column elementor-col-100 elementor-top-column elementor-element elementor-element-5f2391e\" data-id=\"5f2391e\" data-element_type=\"column\">\n\t\t\t<div class=\"elementor-widget-wrap elementor-element-populated\">\n\t\t\t\t\t\t<div class=\"elementor-element elementor-element-e90c093 elementor-widget elementor-widget-text-editor\" data-id=\"e90c093\" data-element_type=\"widget\" data-widget_type=\"text-editor.default\">\n\t\t\t\t<div class=\"elementor-widget-container\">\n\t\t\t\t\t\t\t<h3>Ateliers &#8220;<em>Questions d&#8217;enfants<\/em>&#8221; pour parler du cancer au CHRU de Tours<\/h3><p>Etre atteint d&#8217;un cancer alors qu&#8217;on est parent d&#8217;enfants mineur est souvent une lourde \u00e9preuve. Comment en parler aux enfants ? Comment les soutenir, les \u00e9couter, leur permettre de s&#8217;exprimer ?<\/p><p>Afin de proposer un accompagnement aux enfants dont un parent a un cancer, des groupes de paroles appel\u00e9s &#8220;<em>Questions d&#8217;enfants<\/em>&#8221; sont mis en place \u00e0 Bretonneau, dans les locaux de la Ligue contre le Cancer, plusieurs fois dans l&#8217;ann\u00e9e, deux mercredis apr\u00e8s-midi \u00e0 15 jours d&#8217;intervalle. Anim\u00e9s par un bin\u00f4me m\u00e9decin-psychologue, c&#8217;est l&#8217;occasion pour enfants et parents de prendre le temps d&#8217;\u00eatre \u00e9cout\u00e9s, de comprendre, et de trouver des r\u00e9ponses \u00e0 leurs interrogations.<\/p><p><strong>Ces groupes sont gratuits.<\/strong><br \/>Pour s&#8217;inscrire, contacter\u00a0<strong>la Ligue contre le Cancer, Comit\u00e9 d&#8217;Indre-et-Loire au 02 47 39 20 20<\/strong>.<\/p>\t\t\t\t\t\t<\/div>\n\t\t\t\t<\/div>\n\t\t\t\t<div class=\"elementor-element elementor-element-2cd73dd elementor-widget elementor-widget-video\" data-id=\"2cd73dd\" data-element_type=\"widget\" data-settings=\"{&quot;youtube_url&quot;:&quot;&lt;iframe width=\\&quot;560\\&quot; height=\\&quot;315\\&quot; src=\\&quot;https:\\\/\\\/www.youtube.com\\\/embed\\\/8ijaPM9mf2A\\&quot; frameborder=\\&quot;0\\&quot; allow=\\&quot;accelerometer; autoplay; clipboard-write; encrypted-media; gyroscope; picture-in-picture\\&quot; allowfullscreen&gt;&lt;\\\/iframe&gt;&quot;,&quot;video_type&quot;:&quot;youtube&quot;,&quot;controls&quot;:&quot;yes&quot;}\" data-widget_type=\"video.default\">\n\t\t\t\t<div class=\"elementor-widget-container\">\n\t\t\t\t\t<div class=\"elementor-wrapper elementor-open-inline\">\n\t\t\t<div class=\"elementor-video\"><\/div>\t\t<\/div>\n\t\t\t\t<\/div>\n\t\t\t\t<\/div>\n\t\t\t\t\t<\/div>\n\t\t<\/div>\n\t\t\t\t\t<\/div>\n\t\t<\/section>\n\t\t\t\t<\/div>\n\t\t","protected":false},"excerpt":{"rendered":"<p>LA CANC\u00c9ROLOGIE AU CHRU DE TOURS Tours est l\u2019une des villes qui pr\u00e9sente la particularit\u00e9 de ne pas avoir de Centre de lutte contre le cancer.Le CHRU joue donc le r\u00f4le de Centre anticanc\u00e9reux sur la r\u00e9gion Centre. L\u2019activit\u00e9 de canc\u00e9rologie du CHRU est tr\u00e8s importante : 7823 patients avec cancer ont \u00e9t\u00e9 accueillis en [&hellip;]<\/p>\n","protected":false},"author":4,"featured_media":0,"parent":0,"menu_order":0,"comment_status":"closed","ping_status":"closed","template":"","meta":{"_seopress_robots_primary_cat":"","_seopress_titles_title":"CHRU de Tours. Pr\u00e9sentation du service de Canc\u00e9rologie.","_seopress_titles_desc":"Tours est l\u2019une des villes qui pr\u00e9sente la particularit\u00e9 de ne pas avoir de Centre de lutte contre le cancer. Le CHRU joue donc le r\u00f4le de Centre anticanc\u00e9reux sur la r\u00e9gion Centre.","_seopress_robots_index":"","_exactmetrics_skip_tracking":false,"_exactmetrics_sitenote_active":false,"_exactmetrics_sitenote_note":"","_exactmetrics_sitenote_category":0,"_genesis_hide_title":false,"_genesis_hide_breadcrumbs":false,"_genesis_hide_singular_image":false,"_genesis_hide_footer_widgets":false,"_genesis_custom_body_class":"","_genesis_custom_post_class":"","_genesis_layout":"","footnotes":""},"publishpress_future_action":{"enabled":false,"date":"2026-05-09 03:54:07","action":"change-status","newStatus":"draft","terms":[],"taxonomy":""},"_links":{"self":[{"href":"https:\/\/www.chu-tours.fr\/cancerologie\/wp-json\/wp\/v2\/pages\/13"}],"collection":[{"href":"https:\/\/www.chu-tours.fr\/cancerologie\/wp-json\/wp\/v2\/pages"}],"about":[{"href":"https:\/\/www.chu-tours.fr\/cancerologie\/wp-json\/wp\/v2\/types\/page"}],"author":[{"embeddable":true,"href":"https:\/\/www.chu-tours.fr\/cancerologie\/wp-json\/wp\/v2\/users\/4"}],"replies":[{"embeddable":true,"href":"https:\/\/www.chu-tours.fr\/cancerologie\/wp-json\/wp\/v2\/comments?post=13"}],"version-history":[{"count":25,"href":"https:\/\/www.chu-tours.fr\/cancerologie\/wp-json\/wp\/v2\/pages\/13\/revisions"}],"predecessor-version":[{"id":621,"href":"https:\/\/www.chu-tours.fr\/cancerologie\/wp-json\/wp\/v2\/pages\/13\/revisions\/621"}],"wp:attachment":[{"href":"https:\/\/www.chu-tours.fr\/cancerologie\/wp-json\/wp\/v2\/media?parent=13"}],"curies":[{"name":"wp","href":"https:\/\/api.w.org\/{rel}","templated":true}]}}